{"id":9590,"date":"2024-09-20T15:50:53","date_gmt":"2024-09-20T13:50:53","guid":{"rendered":"https:\/\/centre-innovation-sociale-ecologique.essec.edu\/index.php\/social-and-sustainable-innovation-day\/"},"modified":"2025-02-03T11:35:16","modified_gmt":"2025-02-03T10:35:16","slug":"social-and-sustainable-innovation-day","status":"publish","type":"page","link":"https:\/\/centre-innovation-sociale-ecologique.essec.edu\/index.php\/resources-to-act\/social-and-sustainable-innovation-day\/?lang=en","title":{"rendered":"Social and Sustainable Innovation Day"},"content":{"rendered":"<p>[et_pb_section fb_built=\u00a0\u00bb1&Prime; admin_label=\u00a0\u00bbSection\u00a0\u00bb _builder_version=\u00a0\u00bb4.18.0&Prime; min_height=\u00a0\u00bb348.3px\u00a0\u00bb custom_padding=\u00a0\u00bb1px||0px|||\u00a0\u00bb collapsed=\u00a0\u00bboff\u00a0\u00bb global_colors_info=\u00a0\u00bb{}\u00a0\u00bb][et_pb_row _builder_version=\u00a0\u00bb4.18.0&Prime; background_size=\u00a0\u00bbinitial\u00a0\u00bb background_position=\u00a0\u00bbtop_left\u00a0\u00bb background_repeat=\u00a0\u00bbrepeat\u00a0\u00bb custom_padding=\u00a0\u00bb3px|||||\u00a0\u00bb global_colors_info=\u00a0\u00bb{}\u00a0\u00bb][et_pb_column type=\u00a0\u00bb4_4&Prime; _builder_version=\u00a0\u00bb4.16&Prime; custom_padding=\u00a0\u00bb|||\u00a0\u00bb global_colors_info=\u00a0\u00bb{}\u00a0\u00bb custom_padding__hover=\u00a0\u00bb|||\u00a0\u00bb][et_pb_divider show_divider=\u00a0\u00bboff\u00a0\u00bb _builder_version=\u00a0\u00bb4.21.0&Prime; _module_preset=\u00a0\u00bbdefault\u00a0\u00bb global_colors_info=\u00a0\u00bb{}\u00a0\u00bb][\/et_pb_divider][et_pb_text admin_label=\u00a0\u00bbTexte\u00a0\u00bb _builder_version=\u00a0\u00bb4.21.0&Prime; _module_preset=\u00a0\u00bbdefault\u00a0\u00bb header_font=\u00a0\u00bb|700|||||||\u00a0\u00bb header_text_align=\u00a0\u00bbcenter\u00a0\u00bb header_text_color=\u00a0\u00bb#d67e4a\u00a0\u00bb header_font_size=\u00a0\u00bb35px\u00a0\u00bb custom_margin=\u00a0\u00bb1px|||||\u00a0\u00bb custom_padding=\u00a0\u00bb6px||1px|||\u00a0\u00bb global_colors_info=\u00a0\u00bb{}\u00a0\u00bb]<\/p>\n<div id=\"ultimate-heading-22285faff5ae85b84\" class=\"uvc-heading ult-adjust-bottom-margin ultimate-heading-22285faff5ae85b84 uvc-5305 title\" data-hspacer=\"no_spacer\" data-halign=\"center\">\n<div class=\"uvc-main-heading ult-responsive\" data-ultimate-target=\".uvc-heading.ultimate-heading-22285faff5ae85b84 h1\" data-responsive-json-new=\"{\"font-size\":\"\",\"line-height\":\"\"}\">\n<div id=\"ultimate-heading-84695fb01d600aa94\" class=\"uvc-heading ult-adjust-bottom-margin ultimate-heading-84695fb01d600aa94 uvc-3723 \" data-hspacer=\"no_spacer\" data-halign=\"center\">\n<div class=\"uvc-main-heading ult-responsive\" data-ultimate-target=\".uvc-heading.ultimate-heading-84695fb01d600aa94 h1\" data-responsive-json-new=\"{\"font-size\":\"\",\"line-height\":\"\"}\">\n<div id=\"ultimate-heading-25385fb0239c16712\" class=\"uvc-heading ult-adjust-bottom-margin ultimate-heading-25385fb0239c16712 uvc-9846 \" data-hspacer=\"no_spacer\" data-halign=\"center\">\n<div class=\"uvc-main-heading ult-responsive\" data-ultimate-target=\".uvc-heading.ultimate-heading-25385fb0239c16712 h1\" data-responsive-json-new=\"{\"font-size\":\"\",\"line-height\":\"\"}\">\n<div id=\"ultimate-heading-75075fb0ffc201dd0\" class=\"uvc-heading ult-adjust-bottom-margin ultimate-heading-75075fb0ffc201dd0 uvc-3192 \" data-hspacer=\"no_spacer\" data-halign=\"center\">\n<div class=\"uvc-main-heading ult-responsive\" data-ultimate-target=\".uvc-heading.ultimate-heading-75075fb0ffc201dd0 h1\" data-responsive-json-new=\"{\"font-size\":\"\",\"line-height\":\"\"}\">\n<div id=\"ultimate-heading-22375fb163eedcef2\" class=\"uvc-heading ult-adjust-bottom-margin ultimate-heading-22375fb163eedcef2 uvc-4119 \" data-hspacer=\"no_spacer\" data-halign=\"center\">\n<div class=\"uvc-main-heading ult-responsive\" data-ultimate-target=\".uvc-heading.ultimate-heading-22375fb163eedcef2 h1\" data-responsive-json-new=\"{\"font-size\":\"\",\"line-height\":\"\"}\">\n<div id=\"ultimate-heading-83745fb167288909b\" class=\"uvc-heading ult-adjust-bottom-margin ultimate-heading-83745fb167288909b uvc-6574 \" data-hspacer=\"no_spacer\" data-halign=\"center\">\n<div class=\"uvc-main-heading ult-responsive\" data-ultimate-target=\".uvc-heading.ultimate-heading-83745fb167288909b h1\" data-responsive-json-new=\"{\"font-size\":\"\",\"line-height\":\"\"}\">\n<div id=\"ultimate-heading-8865fb173e6ba221\" class=\"uvc-heading ult-adjust-bottom-margin ultimate-heading-8865fb173e6ba221 uvc-4572 \" data-hspacer=\"no_spacer\" data-halign=\"center\">\n<div class=\"uvc-main-heading ult-responsive\" data-ultimate-target=\".uvc-heading.ultimate-heading-8865fb173e6ba221 h1\" data-responsive-json-new=\"{\"font-size\":\"\",\"line-height\":\"\"}\">\n<h1><\/h1>\n<h1 style=\"text-align: left;\"><span style=\"color: #44a2a4;\">Social and Sustainable Innovation Days<\/span><\/h1>\n<\/div>\n<\/div>\n<\/div>\n<\/div>\n<\/div>\n<\/div>\n<\/div>\n<\/div>\n<\/div>\n<\/div>\n<\/div>\n<\/div>\n<\/div>\n<\/div>\n<p>[\/et_pb_text][et_pb_divider show_divider=\u00a0\u00bboff\u00a0\u00bb _builder_version=\u00a0\u00bb4.21.0&Prime; _module_preset=\u00a0\u00bbdefault\u00a0\u00bb global_colors_info=\u00a0\u00bb{}\u00a0\u00bb][\/et_pb_divider][\/et_pb_column][\/et_pb_row][et_pb_row column_structure=\u00a0\u00bb1_5,3_5,1_5&Prime; _builder_version=\u00a0\u00bb4.21.0&Prime; _module_preset=\u00a0\u00bbdefault\u00a0\u00bb custom_margin=\u00a0\u00bb-20px||||false|false\u00a0\u00bb custom_padding=\u00a0\u00bb6px||6px|||\u00a0\u00bb global_colors_info=\u00a0\u00bb{}\u00a0\u00bb][et_pb_column type=\u00a0\u00bb1_5&Prime; _builder_version=\u00a0\u00bb4.18.0&Prime; _module_preset=\u00a0\u00bbdefault\u00a0\u00bb global_colors_info=\u00a0\u00bb{}\u00a0\u00bb][et_pb_image src=\u00a0\u00bbhttps:\/\/centre-innovation-sociale-ecologique.essec.edu\/wp-content\/uploads\/2024\/09\/GettyImages-1414916304_SMLXL-scaled.jpg\u00a0\u00bb alt=\u00a0\u00bbpodcast\u00a0\u00bb title_text=\u00a0\u00bbSustainable development goal (SDGs) concept.Hands holding Global communication network with Environment icon on a green background.Green technology and Environmental technology.ESG\u00a0\u00bb _builder_version=\u00a0\u00bb4.21.0&Prime; _module_preset=\u00a0\u00bbdefault\u00a0\u00bb transform_origin=\u00a0\u00bb100%|50%\u00a0\u00bb width_tablet=\u00a0\u00bb\u00a0\u00bb width_phone=\u00a0\u00bb30%\u00a0\u00bb width_last_edited=\u00a0\u00bbon|phone\u00a0\u00bb custom_margin=\u00a0\u00bb||0px||false|false\u00a0\u00bb custom_margin_tablet=\u00a0\u00bb||0px||false|false\u00a0\u00bb custom_margin_phone=\u00a0\u00bb||-20px||false|false\u00a0\u00bb custom_margin_last_edited=\u00a0\u00bbon|phone\u00a0\u00bb global_colors_info=\u00a0\u00bb{}\u00a0\u00bb][\/et_pb_image][\/et_pb_column][et_pb_column type=\u00a0\u00bb3_5&Prime; _builder_version=\u00a0\u00bb4.18.0&Prime; _module_preset=\u00a0\u00bbdefault\u00a0\u00bb global_colors_info=\u00a0\u00bb{}\u00a0\u00bb][et_pb_text _builder_version=\u00a0\u00bb4.21.0&Prime; _module_preset=\u00a0\u00bbdefault\u00a0\u00bb width=\u00a0\u00bb100%\u00a0\u00bb custom_margin=\u00a0\u00bb|-30px||||\u00a0\u00bb custom_padding=\u00a0\u00bb|0px||||\u00a0\u00bb text_line_height_tablet=\u00a0\u00bb\u00a0\u00bb text_line_height_phone=\u00a0\u00bb1.4em\u00a0\u00bb text_line_height_last_edited=\u00a0\u00bbon|phone\u00a0\u00bb global_colors_info=\u00a0\u00bb{}\u00a0\u00bb]<\/p>\n<div class=\"et_pb_module et_pb_text et_pb_text_1 et_pb_text_align_left et_pb_bg_layout_light\">\n<div class=\"et_pb_text_inner\">\n<div class=\"uvc-main-heading ult-responsive\" data-ultimate-target=\".uvc-heading.ultimate-heading-78675fb0ffc22b2ea h2\" data-responsive-json-new=\"{\"font-size\":\"desktop:30px;\",\"line-height\":\"\"}\">\n<blockquote>\n<div class=\"et_pb_module et_pb_text et_pb_text_1 et_pb_text_align_left et_pb_bg_layout_light\">\n<div class=\"et_pb_text_inner\">\n<div class=\"uvc-main-heading ult-responsive\" data-ultimate-target=\".uvc-heading.ultimate-heading-78675fb0ffc22b2ea h2\" data-responsive-json-new=\"{\"font-size\":\"desktop:30px;\",\"line-height\":\"\"}\">\n<div id=\"ultimate-heading-9655fb2562081615\" class=\"uvc-heading ult-adjust-bottom-margin ultimate-heading-9655fb2562081615 uvc-7440 \" data-hspacer=\"no_spacer\" data-halign=\"center\">\n<div class=\"uvc-main-heading ult-responsive\" data-ultimate-target=\".uvc-heading.ultimate-heading-9655fb2562081615 h1\" data-responsive-json-new=\"{\"font-size\":\"\",\"line-height\":\"\"}\">\n<div class=\"uvc-main-heading ult-responsive\" data-ultimate-target=\".uvc-heading.ultimate-heading-15275fb25620999fc h2\" data-responsive-json-new=\"{\"font-size\":\"desktop:30px;\",\"line-height\":\"\"}\"><\/div>\n<\/div>\n<\/div>\n<\/div>\n<\/div>\n<\/div>\n<\/blockquote>\n<div class=\"et_pb_module et_pb_text et_pb_text_1 et_pb_text_align_left et_pb_bg_layout_light\">\n<div class=\"et_pb_text_inner\">\n<div class=\"uvc-main-heading ult-responsive\" data-ultimate-target=\".uvc-heading.ultimate-heading-78675fb0ffc22b2ea h2\" data-responsive-json-new=\"{\"font-size\":\"desktop:30px;\",\"line-height\":\"\"}\">\n<div id=\"ultimate-heading-9655fb2562081615\" class=\"uvc-heading ult-adjust-bottom-margin ultimate-heading-9655fb2562081615 uvc-7440 \" data-hspacer=\"no_spacer\" data-halign=\"center\">\n<div class=\"uvc-main-heading ult-responsive\" data-ultimate-target=\".uvc-heading.ultimate-heading-9655fb2562081615 h1\" data-responsive-json-new=\"{\"font-size\":\"\",\"line-height\":\"\"}\">\n<div class=\"uvc-main-heading ult-responsive\" data-ultimate-target=\".uvc-heading.ultimate-heading-15275fb25620999fc h2\" data-responsive-json-new=\"{\"font-size\":\"desktop:30px;\",\"line-height\":\"\"}\">\n<blockquote>\n<h3><b><span>650 students<\/span><\/b><span> from ESSEC&rsquo;s specialized master&rsquo;s programs (MS) gathered on the Cergy campus to discuss social innovation.<\/span><\/h3>\n<\/blockquote>\n<\/div>\n<\/div>\n<\/div>\n<\/div>\n<\/div>\n<\/div>\n<div class=\"et_pb_module et_pb_text et_pb_text_1 et_pb_text_align_left et_pb_bg_layout_light\">\n<div class=\"et_pb_text_inner\">\n<div class=\"uvc-main-heading ult-responsive\" data-ultimate-target=\".uvc-heading.ultimate-heading-78675fb0ffc22b2ea h2\" data-responsive-json-new=\"{\"font-size\":\"desktop:30px;\",\"line-height\":\"\"}\">\n<div id=\"ultimate-heading-9655fb2562081615\" class=\"uvc-heading ult-adjust-bottom-margin ultimate-heading-9655fb2562081615 uvc-7440 \" data-hspacer=\"no_spacer\" data-halign=\"center\">\n<div class=\"uvc-main-heading ult-responsive\" data-ultimate-target=\".uvc-heading.ultimate-heading-9655fb2562081615 h1\" data-responsive-json-new=\"{\"font-size\":\"\",\"line-height\":\"\"}\">\n<div class=\"uvc-main-heading ult-responsive\" data-ultimate-target=\".uvc-heading.ultimate-heading-15275fb25620999fc h2\" data-responsive-json-new=\"{\"font-size\":\"desktop:30px;\",\"line-height\":\"\"}\">\n<div id=\"ultimate-heading-96365fb17b1fa3c27\" class=\"uvc-heading ult-adjust-bottom-margin ultimate-heading-96365fb17b1fa3c27 uvc-5006 \" data-hspacer=\"no_spacer\" data-halign=\"left\">\n<div class=\"uvc-sub-heading ult-responsive\" style=\"text-align: justify;\" data-ultimate-target=\".uvc-heading.ultimate-heading-96365fb17b1fa3c27 .uvc-sub-heading  \" data-responsive-json-new=\"{\"font-size\":\"desktop:20px;\",\"line-height\":\"\"}\">\n<h5>ESSEC&rsquo;s <strong>CISE <\/strong>Centre d&rsquo;Innovation Sociale et Ecologique organized the <strong>Social &amp; Sustainable Innovation Days<\/strong> on September 23 and 24, 2024.<\/h5>\n<p>&nbsp;<\/p>\n<p style=\"font-weight: 400;\">As part of this seminar,<strong><span> <\/span>\u00ab\u00a0entrepreneurial challenges\u00a0\u00bb<span> <\/span><\/strong>are organized, during which entrepreneurs from companies and associations involved in social and ecological innovation propose strategic issues to which the students attempt to respond.<\/p>\n<p style=\"font-weight: 400;\">These challenges enable students to become more aware of social and environmental impact issues, and entrepreneurs to benefit from the creativity of this new generation. All the master&rsquo;s degrees are present and mixed in the different groups to get to know each other at the start of the academic year. <\/p>\n<p style=\"font-weight: 400;\"><span>\ud83c\udf0e 2 days, one in French, one in English.<\/span><span><br \/><\/span><span>\ud83c\udf0e 23 engineering entrepreneurs (the partners)<\/span><span><br \/><\/span><span>\ud83c\udf0e 15 talent facilitators (partners)<\/span><span><br \/><\/span><span>\ud83c\udf0e 1 master class on social innovation with Tommaso Ramus<\/span><span><br \/><\/span><span>\ud83c\udf0e 20 creativity workshops enabling students to dive headfirst into the daily lives of social entrepreneurs. <\/span> <\/p>\n<p><span style=\"font-size: 14px;\"><span>\ud83c\udf0e<\/span>2 Keynote speech :  <\/span><\/p>\n<p><span style=\"font-size: 14px;\">with Fran\u00e7ois-Ghislain Morillion<\/span><span style=\"font-size: 14px;\">co-founder of VEJA<\/span><\/p>\n<p>with <span style=\"color: #666666;\"><a href=\"https:\/\/www.linkedin.com\/in\/servane-metzger\/\" id=\"ember881\" class=\"ember-view\" style=\"font-size: 14px; color: #666666;\" target=\"_blank\" rel=\"nofollow\">Servane Metzger-Corrigou<\/a><span class=\"white-space-pre\" style=\"font-size: 14px;\"> <\/span><span style=\"font-size: 14px;\">and<\/span><span class=\"white-space-pre\" style=\"font-size: 14px;\"> <\/span><a class=\"app-aware-link \" target=\"_self\" href=\"https:\/\/www.linkedin.com\/in\/ACoAAAAmtx8BerRowSWyHhI5OcGbRoRaV9EjW8U\" data-test-app-aware-link=\"\" style=\"font-size: 14px; color: #666666;\" rel=\"noopener nofollow\"><\/a><a href=\"https:\/\/www.linkedin.com\/in\/nicolas-celier-393a24\/\" id=\"ember882\" class=\"ember-view\" style=\"font-size: 14px; color: #666666;\" target=\"_blank\" rel=\"nofollow\">Nicolas CELIER<\/a><span style=\"font-size: 14px;\">Chief Impact Officer and General Manager of<\/span><span class=\"white-space-pre\" style=\"font-size: 14px;\"> <\/span><a class=\"app-aware-link \" target=\"_self\" href=\"https:\/\/www.linkedin.com\/company\/ring-cp\/\" data-test-app-aware-link=\"\" style=\"font-size: 14px; color: #666666;\" rel=\"noopener nofollow\">RING CAPITAL<\/a><\/span><\/p>\n<p style=\"font-weight: 400;\"><span style=\"color: #666666;\"><span style=\"font-size: 14px;\">.<\/span><\/span><\/p>\n<\/div>\n<\/div>\n<\/div>\n<\/div>\n<\/div>\n<\/div>\n<\/div>\n<\/div>\n<\/div>\n<\/div>\n<\/div>\n<p>[\/et_pb_text][\/et_pb_column][et_pb_column type=\u00a0\u00bb1_5&Prime; _builder_version=\u00a0\u00bb4.18.0&Prime; _module_preset=\u00a0\u00bbdefault\u00a0\u00bb global_colors_info=\u00a0\u00bb{}\u00a0\u00bb][\/et_pb_column][\/et_pb_row][et_pb_row _builder_version=\u00a0\u00bb4.21.0&Prime; _module_preset=\u00a0\u00bbdefault\u00a0\u00bb][et_pb_column _builder_version=\u00a0\u00bb4.21.0&Prime; _module_preset=\u00a0\u00bbdefault\u00a0\u00bb type=\u00a0\u00bb4_4&Prime;][et_pb_video src=\u00a0\u00bbhttps:\/\/www.youtube.com\/watch?v=F9XGGGEq4dM\u00a0\u00bb _builder_version=\u00a0\u00bb4.21.0&Prime; _module_preset=\u00a0\u00bbdefault\u00a0\u00bb width=\u00a0\u00bb62%\u00a0\u00bb max_width=\u00a0\u00bb62%\u00a0\u00bb module_alignment=\u00a0\u00bbcenter\u00a0\u00bb hover_enabled=\u00a0\u00bb0&Prime; sticky_enabled=\u00a0\u00bb0&Prime;][\/et_pb_video][\/et_pb_column][\/et_pb_row][\/et_pb_section][et_pb_section fb_built=\u00a0\u00bb1&Prime; _builder_version=\u00a0\u00bb4.18.0&Prime; _module_preset=\u00a0\u00bbdefault\u00a0\u00bb custom_padding=\u00a0\u00bb9px||5px|||\u00a0\u00bb global_colors_info=\u00a0\u00bb{}\u00a0\u00bb][et_pb_row column_structure=\u00a0\u00bb1_2,1_2&Prime; _builder_version=\u00a0\u00bb4.21.0&Prime; _module_preset=\u00a0\u00bbdefault\u00a0\u00bb global_colors_info=\u00a0\u00bb{}\u00a0\u00bb][et_pb_column type=\u00a0\u00bb1_2&Prime; _builder_version=\u00a0\u00bb4.21.0&Prime; _module_preset=\u00a0\u00bbdefault\u00a0\u00bb global_colors_info=\u00a0\u00bb{}\u00a0\u00bb][et_pb_image src=\u00a0\u00bbhttps:\/\/centre-innovation-sociale-ecologique.essec.edu\/wp-content\/uploads\/2024\/11\/ssiday_workshops_67-scaled.jpg\u00a0\u00bb title_text=\u00a0\u00bbssiday_workshops_67&Prime; _builder_version=\u00a0\u00bb4.21.0&Prime; _module_preset=\u00a0\u00bbdefault\u00a0\u00bb global_colors_info=\u00a0\u00bb{}\u00a0\u00bb][\/et_pb_image][\/et_pb_column][et_pb_column type=\u00a0\u00bb1_2&Prime; _builder_version=\u00a0\u00bb4.21.0&Prime; _module_preset=\u00a0\u00bbdefault\u00a0\u00bb global_colors_info=\u00a0\u00bb{}\u00a0\u00bb][et_pb_image src=\u00a0\u00bbhttps:\/\/centre-innovation-sociale-ecologique.essec.edu\/wp-content\/uploads\/2024\/11\/ssiday_pleiniere_31-scaled.jpg\u00a0\u00bb title_text=\u00a0\u00bbssiday_pleiniere_31&Prime; _builder_version=\u00a0\u00bb4.21.0&Prime; _module_preset=\u00a0\u00bbdefault\u00a0\u00bb global_colors_info=\u00a0\u00bb{}\u00a0\u00bb][\/et_pb_image][\/et_pb_column][\/et_pb_row][et_pb_row _builder_version=\u00a0\u00bb4.21.0&Prime; _module_preset=\u00a0\u00bbdefault\u00a0\u00bb global_colors_info=\u00a0\u00bb{}\u00a0\u00bb][et_pb_column type=\u00a0\u00bb4_4&Prime; _builder_version=\u00a0\u00bb4.21.0&Prime; _module_preset=\u00a0\u00bbdefault\u00a0\u00bb global_colors_info=\u00a0\u00bb{}\u00a0\u00bb][et_pb_divider color=\u00a0\u00bb#44A2A4&Prime; divider_style=\u00a0\u00bbdashed\u00a0\u00bb divider_weight=\u00a0\u00bb2px\u00a0\u00bb _builder_version=\u00a0\u00bb4.18.0&Prime; _module_preset=\u00a0\u00bbdefault\u00a0\u00bb global_colors_info=\u00a0\u00bb{}\u00a0\u00bb][\/et_pb_divider][et_pb_text admin_label=\u00a0\u00bbTexte\u00a0\u00bb _builder_version=\u00a0\u00bb4.21.0&Prime; _module_preset=\u00a0\u00bbdefault\u00a0\u00bb header_font=\u00a0\u00bb|700|||||||\u00a0\u00bb header_text_align=\u00a0\u00bbcenter\u00a0\u00bb header_text_color=\u00a0\u00bb#d67e4a\u00a0\u00bb header_font_size=\u00a0\u00bb35px\u00a0\u00bb custom_margin=\u00a0\u00bb1px|||||\u00a0\u00bb custom_padding=\u00a0\u00bb6px||1px|||\u00a0\u00bb text_font_size_tablet=\u00a0\u00bb\u00a0\u00bb text_font_size_phone=\u00a0\u00bb14px\u00a0\u00bb text_font_size_last_edited=\u00a0\u00bbon|phone\u00a0\u00bb header_font_size_phone=\u00a0\u00bb15px\u00a0\u00bb header_line_height_tablet=\u00a0\u00bb\u00a0\u00bb header_line_height_phone=\u00a0\u00bb1.4em\u00a0\u00bb header_line_height_last_edited=\u00a0\u00bbon|phone\u00a0\u00bb global_colors_info=\u00a0\u00bb{}\u00a0\u00bb]<\/p>\n<div id=\"ultimate-heading-22285faff5ae85b84\" class=\"uvc-heading ult-adjust-bottom-margin ultimate-heading-22285faff5ae85b84 uvc-5305 title\" data-hspacer=\"no_spacer\" data-halign=\"center\">\n<div class=\"uvc-main-heading ult-responsive\" data-ultimate-target=\".uvc-heading.ultimate-heading-22285faff5ae85b84 h1\" data-responsive-json-new=\"{\"font-size\":\"\",\"line-height\":\"\"}\">\n<div id=\"ultimate-heading-84695fb01d600aa94\" class=\"uvc-heading ult-adjust-bottom-margin ultimate-heading-84695fb01d600aa94 uvc-3723 \" data-hspacer=\"no_spacer\" data-halign=\"center\">\n<div class=\"uvc-main-heading ult-responsive\" data-ultimate-target=\".uvc-heading.ultimate-heading-84695fb01d600aa94 h1\" data-responsive-json-new=\"{\"font-size\":\"\",\"line-height\":\"\"}\">\n<div id=\"ultimate-heading-25385fb0239c16712\" class=\"uvc-heading ult-adjust-bottom-margin ultimate-heading-25385fb0239c16712 uvc-9846 \" data-hspacer=\"no_spacer\" data-halign=\"center\">\n<div class=\"uvc-main-heading ult-responsive\" data-ultimate-target=\".uvc-heading.ultimate-heading-25385fb0239c16712 h1\" data-responsive-json-new=\"{\"font-size\":\"\",\"line-height\":\"\"}\">\n<div id=\"ultimate-heading-75075fb0ffc201dd0\" class=\"uvc-heading ult-adjust-bottom-margin ultimate-heading-75075fb0ffc201dd0 uvc-3192 \" data-hspacer=\"no_spacer\" data-halign=\"center\">\n<div class=\"uvc-main-heading ult-responsive\" data-ultimate-target=\".uvc-heading.ultimate-heading-75075fb0ffc201dd0 h1\" data-responsive-json-new=\"{\"font-size\":\"\",\"line-height\":\"\"}\">\n<div id=\"ultimate-heading-22375fb163eedcef2\" class=\"uvc-heading ult-adjust-bottom-margin ultimate-heading-22375fb163eedcef2 uvc-4119 \" data-hspacer=\"no_spacer\" data-halign=\"center\">\n<div class=\"uvc-main-heading ult-responsive\" data-ultimate-target=\".uvc-heading.ultimate-heading-22375fb163eedcef2 h1\" data-responsive-json-new=\"{\"font-size\":\"\",\"line-height\":\"\"}\">\n<div id=\"ultimate-heading-83745fb167288909b\" class=\"uvc-heading ult-adjust-bottom-margin ultimate-heading-83745fb167288909b uvc-6574 \" data-hspacer=\"no_spacer\" data-halign=\"center\">\n<div class=\"uvc-main-heading ult-responsive\" data-ultimate-target=\".uvc-heading.ultimate-heading-83745fb167288909b h1\" data-responsive-json-new=\"{\"font-size\":\"\",\"line-height\":\"\"}\">\n<div id=\"ultimate-heading-8865fb173e6ba221\" class=\"uvc-heading ult-adjust-bottom-margin ultimate-heading-8865fb173e6ba221 uvc-4572 \" data-hspacer=\"no_spacer\" data-halign=\"center\">\n<div class=\"uvc-main-heading ult-responsive\" data-ultimate-target=\".uvc-heading.ultimate-heading-8865fb173e6ba221 h1\" data-responsive-json-new=\"{\"font-size\":\"\",\"line-height\":\"\"}\">\n<h1 style=\"text-align: left;\"><span style=\"color: #44a2a4; font-size: x-large;\">Photo gallery  <\/span><\/h1>\n<\/div>\n<\/div>\n<\/div>\n<\/div>\n<\/div>\n<\/div>\n<\/div>\n<\/div>\n<\/div>\n<\/div>\n<\/div>\n<\/div>\n<\/div>\n<\/div>\n<p>[\/et_pb_text][\/et_pb_column][\/et_pb_row][et_pb_row column_structure=\u00a0\u00bb1_6,1_6,1_6,1_6,1_6,1_6&Prime; _builder_version=\u00a0\u00bb4.18.0&Prime; _module_preset=\u00a0\u00bbdefault\u00a0\u00bb global_colors_info=\u00a0\u00bb{}\u00a0\u00bb][et_pb_column type=\u00a0\u00bb1_6&Prime; _builder_version=\u00a0\u00bb4.18.0&Prime; _module_preset=\u00a0\u00bbdefault\u00a0\u00bb global_colors_info=\u00a0\u00bb{}\u00a0\u00bb][et_pb_image src=\u00a0\u00bbhttps:\/\/centre-innovation-sociale-ecologique.essec.edu\/wp-content\/uploads\/2024\/11\/ssiday_workshops_1-scaled.jpg\u00a0\u00bb title_text=\u00a0\u00bbssiday_workshops_1&Prime; _builder_version=\u00a0\u00bb4.21.0&Prime; _module_preset=\u00a0\u00bbdefault\u00a0\u00bb global_colors_info=\u00a0\u00bb{}\u00a0\u00bb][\/et_pb_image][\/et_pb_column][et_pb_column type=\u00a0\u00bb1_6&Prime; _builder_version=\u00a0\u00bb4.21.0&Prime; _module_preset=\u00a0\u00bbdefault\u00a0\u00bb global_colors_info=\u00a0\u00bb{}\u00a0\u00bb][et_pb_image src=\u00a0\u00bbhttps:\/\/centre-innovation-sociale-ecologique.essec.edu\/wp-content\/uploads\/2024\/11\/ssiday_workshops_50-scaled.jpg\u00a0\u00bb title_text=\u00a0\u00bbssiday_workshops_50&Prime; _builder_version=\u00a0\u00bb4.21.0&Prime; _module_preset=\u00a0\u00bbdefault\u00a0\u00bb global_colors_info=\u00a0\u00bb{}\u00a0\u00bb][\/et_pb_image][\/et_pb_column][et_pb_column type=\u00a0\u00bb1_6&Prime; _builder_version=\u00a0\u00bb4.21.0&Prime; _module_preset=\u00a0\u00bbdefault\u00a0\u00bb global_colors_info=\u00a0\u00bb{}\u00a0\u00bb][et_pb_image src=\u00a0\u00bbhttps:\/\/centre-innovation-sociale-ecologique.essec.edu\/wp-content\/uploads\/2024\/11\/ssiday_workshops_12-scaled.jpg\u00a0\u00bb title_text=\u00a0\u00bbssiday_workshops_12&Prime; _builder_version=\u00a0\u00bb4.21.0&Prime; _module_preset=\u00a0\u00bbdefault\u00a0\u00bb global_colors_info=\u00a0\u00bb{}\u00a0\u00bb][\/et_pb_image][\/et_pb_column][et_pb_column type=\u00a0\u00bb1_6&Prime; _builder_version=\u00a0\u00bb4.18.0&Prime; _module_preset=\u00a0\u00bbdefault\u00a0\u00bb global_colors_info=\u00a0\u00bb{}\u00a0\u00bb][et_pb_image src=\u00a0\u00bbhttps:\/\/centre-innovation-sociale-ecologique.essec.edu\/wp-content\/uploads\/2024\/11\/ssiday_workshops_54-scaled.jpg\u00a0\u00bb title_text=\u00a0\u00bbssiday_workshops_54&Prime; _builder_version=\u00a0\u00bb4.21.0&Prime; _module_preset=\u00a0\u00bbdefault\u00a0\u00bb global_colors_info=\u00a0\u00bb{}\u00a0\u00bb][\/et_pb_image][\/et_pb_column][et_pb_column type=\u00a0\u00bb1_6&Prime; _builder_version=\u00a0\u00bb4.21.0&Prime; _module_preset=\u00a0\u00bbdefault\u00a0\u00bb global_colors_info=\u00a0\u00bb{}\u00a0\u00bb][et_pb_image src=\u00a0\u00bbhttps:\/\/centre-innovation-sociale-ecologique.essec.edu\/wp-content\/uploads\/2024\/11\/ssiday_pleiniere_23-scaled.jpg\u00a0\u00bb title_text=\u00a0\u00bbssiday_pleiniere_23&Prime; _builder_version=\u00a0\u00bb4.21.0&Prime; _module_preset=\u00a0\u00bbdefault\u00a0\u00bb global_colors_info=\u00a0\u00bb{}\u00a0\u00bb][\/et_pb_image][\/et_pb_column][et_pb_column type=\u00a0\u00bb1_6&Prime; _builder_version=\u00a0\u00bb4.18.0&Prime; _module_preset=\u00a0\u00bbdefault\u00a0\u00bb global_colors_info=\u00a0\u00bb{}\u00a0\u00bb][et_pb_image src=\u00a0\u00bbhttps:\/\/centre-innovation-sociale-ecologique.essec.edu\/wp-content\/uploads\/2024\/11\/ssiday_pleiniere_10-scaled.jpg\u00a0\u00bb title_text=\u00a0\u00bbssiday_pleiniere_10&Prime; _builder_version=\u00a0\u00bb4.21.0&Prime; _module_preset=\u00a0\u00bbdefault\u00a0\u00bb global_colors_info=\u00a0\u00bb{}\u00a0\u00bb][\/et_pb_image][\/et_pb_column][\/et_pb_row][et_pb_row column_structure=\u00a0\u00bb1_6,1_6,1_6,1_6,1_6,1_6&Prime; _builder_version=\u00a0\u00bb4.18.0&Prime; _module_preset=\u00a0\u00bbdefault\u00a0\u00bb global_colors_info=\u00a0\u00bb{}\u00a0\u00bb][et_pb_column type=\u00a0\u00bb1_6&Prime; _builder_version=\u00a0\u00bb4.18.0&Prime; _module_preset=\u00a0\u00bbdefault\u00a0\u00bb global_colors_info=\u00a0\u00bb{}\u00a0\u00bb][et_pb_image src=\u00a0\u00bbhttps:\/\/centre-innovation-sociale-ecologique.essec.edu\/wp-content\/uploads\/2024\/11\/ssiday_workshops_60-scaled.jpg\u00a0\u00bb title_text=\u00a0\u00bbssiday_workshops_60&Prime; _builder_version=\u00a0\u00bb4.21.0&Prime; _module_preset=\u00a0\u00bbdefault\u00a0\u00bb global_colors_info=\u00a0\u00bb{}\u00a0\u00bb][\/et_pb_image][\/et_pb_column][et_pb_column type=\u00a0\u00bb1_6&Prime; _builder_version=\u00a0\u00bb4.21.0&Prime; _module_preset=\u00a0\u00bbdefault\u00a0\u00bb global_colors_info=\u00a0\u00bb{}\u00a0\u00bb][et_pb_image src=\u00a0\u00bbhttps:\/\/centre-innovation-sociale-ecologique.essec.edu\/wp-content\/uploads\/2024\/11\/ssiday_intervenants_1-scaled.jpg\u00a0\u00bb title_text=\u00a0\u00bbssiday_intervenants_1&Prime; _builder_version=\u00a0\u00bb4.21.0&Prime; _module_preset=\u00a0\u00bbdefault\u00a0\u00bb global_colors_info=\u00a0\u00bb{}\u00a0\u00bb][\/et_pb_image][\/et_pb_column][et_pb_column type=\u00a0\u00bb1_6&Prime; _builder_version=\u00a0\u00bb4.21.0&Prime; _module_preset=\u00a0\u00bbdefault\u00a0\u00bb global_colors_info=\u00a0\u00bb{}\u00a0\u00bb][et_pb_image src=\u00a0\u00bbhttps:\/\/centre-innovation-sociale-ecologique.essec.edu\/wp-content\/uploads\/2024\/11\/ssiday_intervenants_8-scaled.jpg\u00a0\u00bb title_text=\u00a0\u00bbssiday_intervenants_8&Prime; _builder_version=\u00a0\u00bb4.21.0&Prime; _module_preset=\u00a0\u00bbdefault\u00a0\u00bb global_colors_info=\u00a0\u00bb{}\u00a0\u00bb][\/et_pb_image][\/et_pb_column][et_pb_column type=\u00a0\u00bb1_6&Prime; _builder_version=\u00a0\u00bb4.18.0&Prime; _module_preset=\u00a0\u00bbdefault\u00a0\u00bb global_colors_info=\u00a0\u00bb{}\u00a0\u00bb][et_pb_image src=\u00a0\u00bbhttps:\/\/centre-innovation-sociale-ecologique.essec.edu\/wp-content\/uploads\/2024\/11\/ssiday_workshops_61-scaled.jpg\u00a0\u00bb title_text=\u00a0\u00bbssiday_workshops_61&Prime; _builder_version=\u00a0\u00bb4.21.0&Prime; _module_preset=\u00a0\u00bbdefault\u00a0\u00bb global_colors_info=\u00a0\u00bb{}\u00a0\u00bb][\/et_pb_image][\/et_pb_column][et_pb_column type=\u00a0\u00bb1_6&Prime; _builder_version=\u00a0\u00bb4.21.0&Prime; _module_preset=\u00a0\u00bbdefault\u00a0\u00bb global_colors_info=\u00a0\u00bb{}\u00a0\u00bb][et_pb_image src=\u00a0\u00bbhttps:\/\/centre-innovation-sociale-ecologique.essec.edu\/wp-content\/uploads\/2024\/11\/ssiday_pleiniere_39-scaled.jpg\u00a0\u00bb title_text=\u00a0\u00bbssiday_pleiniere_39&Prime; _builder_version=\u00a0\u00bb4.21.0&Prime; _module_preset=\u00a0\u00bbdefault\u00a0\u00bb global_colors_info=\u00a0\u00bb{}\u00a0\u00bb][\/et_pb_image][\/et_pb_column][et_pb_column type=\u00a0\u00bb1_6&Prime; _builder_version=\u00a0\u00bb4.18.0&Prime; _module_preset=\u00a0\u00bbdefault\u00a0\u00bb global_colors_info=\u00a0\u00bb{}\u00a0\u00bb][et_pb_image src=\u00a0\u00bbhttps:\/\/centre-innovation-sociale-ecologique.essec.edu\/wp-content\/uploads\/2024\/11\/ssiday_workshops_53-scaled.jpg\u00a0\u00bb title_text=\u00a0\u00bbssiday_workshops_53&Prime; _builder_version=\u00a0\u00bb4.21.0&Prime; _module_preset=\u00a0\u00bbdefault\u00a0\u00bb global_colors_info=\u00a0\u00bb{}\u00a0\u00bb][\/et_pb_image][\/et_pb_column][\/et_pb_row][\/et_pb_section][et_pb_section fb_built=\u00a0\u00bb1&Prime; _builder_version=\u00a0\u00bb4.18.0&Prime; _module_preset=\u00a0\u00bbdefault\u00a0\u00bb custom_padding=\u00a0\u00bb11px|||||\u00a0\u00bb global_colors_info=\u00a0\u00bb{}\u00a0\u00bb][et_pb_row _builder_version=\u00a0\u00bb4.21.0&Prime; _module_preset=\u00a0\u00bbdefault\u00a0\u00bb global_colors_info=\u00a0\u00bb{}\u00a0\u00bb][et_pb_column type=\u00a0\u00bb4_4&Prime; _builder_version=\u00a0\u00bb4.21.0&Prime; _module_preset=\u00a0\u00bbdefault\u00a0\u00bb global_colors_info=\u00a0\u00bb{}\u00a0\u00bb][et_pb_divider color=\u00a0\u00bb#44A2A4&Prime; divider_style=\u00a0\u00bbdashed\u00a0\u00bb divider_weight=\u00a0\u00bb2px\u00a0\u00bb _builder_version=\u00a0\u00bb4.18.0&Prime; _module_preset=\u00a0\u00bbdefault\u00a0\u00bb global_colors_info=\u00a0\u00bb{}\u00a0\u00bb][\/et_pb_divider][et_pb_text admin_label=\u00a0\u00bbTexte\u00a0\u00bb _builder_version=\u00a0\u00bb4.21.0&Prime; _module_preset=\u00a0\u00bbdefault\u00a0\u00bb header_font=\u00a0\u00bb|700|||||||\u00a0\u00bb header_text_align=\u00a0\u00bbcenter\u00a0\u00bb header_text_color=\u00a0\u00bb#d67e4a\u00a0\u00bb header_font_size=\u00a0\u00bb35px\u00a0\u00bb custom_margin=\u00a0\u00bb1px|||||\u00a0\u00bb custom_padding=\u00a0\u00bb6px||1px|||\u00a0\u00bb text_font_size_tablet=\u00a0\u00bb\u00a0\u00bb text_font_size_phone=\u00a0\u00bb14px\u00a0\u00bb text_font_size_last_edited=\u00a0\u00bbon|phone\u00a0\u00bb header_font_size_phone=\u00a0\u00bb15px\u00a0\u00bb header_line_height_tablet=\u00a0\u00bb\u00a0\u00bb header_line_height_phone=\u00a0\u00bb1.4em\u00a0\u00bb header_line_height_last_edited=\u00a0\u00bbon|phone\u00a0\u00bb global_colors_info=\u00a0\u00bb{}\u00a0\u00bb]<\/p>\n<div id=\"ultimate-heading-22285faff5ae85b84\" class=\"uvc-heading ult-adjust-bottom-margin ultimate-heading-22285faff5ae85b84 uvc-5305 title\" data-hspacer=\"no_spacer\" data-halign=\"center\">\n<div class=\"uvc-main-heading ult-responsive\" data-ultimate-target=\".uvc-heading.ultimate-heading-22285faff5ae85b84 h1\" data-responsive-json-new=\"{\"font-size\":\"\",\"line-height\":\"\"}\">\n<div id=\"ultimate-heading-84695fb01d600aa94\" class=\"uvc-heading ult-adjust-bottom-margin ultimate-heading-84695fb01d600aa94 uvc-3723 \" data-hspacer=\"no_spacer\" data-halign=\"center\">\n<div class=\"uvc-main-heading ult-responsive\" data-ultimate-target=\".uvc-heading.ultimate-heading-84695fb01d600aa94 h1\" data-responsive-json-new=\"{\"font-size\":\"\",\"line-height\":\"\"}\">\n<div id=\"ultimate-heading-25385fb0239c16712\" class=\"uvc-heading ult-adjust-bottom-margin ultimate-heading-25385fb0239c16712 uvc-9846 \" data-hspacer=\"no_spacer\" data-halign=\"center\">\n<div class=\"uvc-main-heading ult-responsive\" data-ultimate-target=\".uvc-heading.ultimate-heading-25385fb0239c16712 h1\" data-responsive-json-new=\"{\"font-size\":\"\",\"line-height\":\"\"}\">\n<div id=\"ultimate-heading-75075fb0ffc201dd0\" class=\"uvc-heading ult-adjust-bottom-margin ultimate-heading-75075fb0ffc201dd0 uvc-3192 \" data-hspacer=\"no_spacer\" data-halign=\"center\">\n<div class=\"uvc-main-heading ult-responsive\" data-ultimate-target=\".uvc-heading.ultimate-heading-75075fb0ffc201dd0 h1\" data-responsive-json-new=\"{\"font-size\":\"\",\"line-height\":\"\"}\">\n<div id=\"ultimate-heading-22375fb163eedcef2\" class=\"uvc-heading ult-adjust-bottom-margin ultimate-heading-22375fb163eedcef2 uvc-4119 \" data-hspacer=\"no_spacer\" data-halign=\"center\">\n<div class=\"uvc-main-heading ult-responsive\" data-ultimate-target=\".uvc-heading.ultimate-heading-22375fb163eedcef2 h1\" data-responsive-json-new=\"{\"font-size\":\"\",\"line-height\":\"\"}\">\n<div id=\"ultimate-heading-83745fb167288909b\" class=\"uvc-heading ult-adjust-bottom-margin ultimate-heading-83745fb167288909b uvc-6574 \" data-hspacer=\"no_spacer\" data-halign=\"center\">\n<div class=\"uvc-main-heading ult-responsive\" data-ultimate-target=\".uvc-heading.ultimate-heading-83745fb167288909b h1\" data-responsive-json-new=\"{\"font-size\":\"\",\"line-height\":\"\"}\">\n<div id=\"ultimate-heading-8865fb173e6ba221\" class=\"uvc-heading ult-adjust-bottom-margin ultimate-heading-8865fb173e6ba221 uvc-4572 \" data-hspacer=\"no_spacer\" data-halign=\"center\">\n<div class=\"uvc-main-heading ult-responsive\" data-ultimate-target=\".uvc-heading.ultimate-heading-8865fb173e6ba221 h1\" data-responsive-json-new=\"{\"font-size\":\"\",\"line-height\":\"\"}\">\n<h1 style=\"text-align: left;\"><span style=\"color: #44a2a4; font-size: x-large;\">Partners<\/span><\/h1>\n<\/div>\n<\/div>\n<\/div>\n<\/div>\n<\/div>\n<\/div>\n<\/div>\n<\/div>\n<\/div>\n<\/div>\n<\/div>\n<\/div>\n<\/div>\n<\/div>\n<p>[\/et_pb_text][\/et_pb_column][\/et_pb_row][et_pb_row column_structure=\u00a0\u00bb1_6,1_6,1_6,1_6,1_6,1_6&Prime; _builder_version=\u00a0\u00bb4.21.0&Prime; _module_preset=\u00a0\u00bbdefault\u00a0\u00bb global_colors_info=\u00a0\u00bb{}\u00a0\u00bb][et_pb_column type=\u00a0\u00bb1_6&Prime; _builder_version=\u00a0\u00bb4.21.0&Prime; _module_preset=\u00a0\u00bbdefault\u00a0\u00bb global_colors_info=\u00a0\u00bb{}\u00a0\u00bb][et_pb_image src=\u00a0\u00bbhttps:\/\/centre-innovation-sociale-ecologique.essec.edu\/wp-content\/uploads\/2024\/09\/Annotation-2024-09-17-114733.jpg\u00a0\u00bb title_text=\u00a0\u00bbAnnotation 2024-09-17 114733&Prime; _builder_version=\u00a0\u00bb4.21.0&Prime; _module_preset=\u00a0\u00bbdefault\u00a0\u00bb min_height=\u00a0\u00bb109.6px\u00a0\u00bb global_colors_info=\u00a0\u00bb{}\u00a0\u00bb][\/et_pb_image][et_pb_text _builder_version=\u00a0\u00bb4.21.0&Prime; _module_preset=\u00a0\u00bbdefault\u00a0\u00bb width=\u00a0\u00bb100%\u00a0\u00bb global_colors_info=\u00a0\u00bb{}\u00a0\u00bb]<\/p>\n<p style=\"text-align: center;\"><strong>Aktio<\/strong><\/p>\n<p style=\"text-align: center;\">Laurent Barbezieux<\/p>\n<p style=\"text-align: center;\">\n<p style=\"text-align: center;\">\n<p>[\/et_pb_text][et_pb_image src=\u00a0\u00bbhttps:\/\/centre-innovation-sociale-ecologique.essec.edu\/wp-content\/uploads\/2024\/09\/Annotation-2024-09-17-145001.jpg\u00a0\u00bb title_text=\u00a0\u00bbAnnotation 2024-09-17 145001&Prime; _builder_version=\u00a0\u00bb4.21.0&Prime; _module_preset=\u00a0\u00bbdefault\u00a0\u00bb global_colors_info=\u00a0\u00bb{}\u00a0\u00bb][\/et_pb_image][et_pb_text _builder_version=\u00a0\u00bb4.21.0&Prime; _module_preset=\u00a0\u00bbdefault\u00a0\u00bb width=\u00a0\u00bb100%\u00a0\u00bb custom_padding=\u00a0\u00bb||15px|||\u00a0\u00bb global_colors_info=\u00a0\u00bb{}\u00a0\u00bb]<\/p>\n<p style=\"text-align: center;\"><strong>Granny Geek<\/strong><\/p>\n<p style=\"text-align: center;\">Bruno Guerini<\/p>\n<p>[\/et_pb_text][et_pb_image src=\u00a0\u00bbhttps:\/\/centre-innovation-sociale-ecologique.essec.edu\/wp-content\/uploads\/2024\/09\/Annotation-2024-09-17-153735.jpg\u00a0\u00bb title_text=\u00a0\u00bbAnnotation 2024-09-17 153735&Prime; _builder_version=\u00a0\u00bb4.21.0&Prime; _module_preset=\u00a0\u00bbdefault\u00a0\u00bb custom_margin=\u00a0\u00bb||48px|||\u00a0\u00bb global_colors_info=\u00a0\u00bb{}\u00a0\u00bb][\/et_pb_image][et_pb_text _builder_version=\u00a0\u00bb4.21.0&Prime; _module_preset=\u00a0\u00bbdefault\u00a0\u00bb width=\u00a0\u00bb100%\u00a0\u00bb global_colors_info=\u00a0\u00bb{}\u00a0\u00bb]<\/p>\n<p style=\"text-align: center;\"><strong>Le Papondu<\/strong><\/p>\n<p style=\"text-align: center;\">Sheryline Thavisouk<\/p>\n<p style=\"text-align: center;\">\n<p style=\"text-align: center;\">\n<p>[\/et_pb_text][et_pb_image src=\u00a0\u00bbhttps:\/\/centre-innovation-sociale-ecologique.essec.edu\/wp-content\/uploads\/2024\/09\/Annotation-2024-09-17-155052.jpg\u00a0\u00bb title_text=\u00a0\u00bbAnnotation 2024-09-17 155052&Prime; _builder_version=\u00a0\u00bb4.21.0&Prime; _module_preset=\u00a0\u00bbdefault\u00a0\u00bb custom_margin=\u00a0\u00bb||48px|||\u00a0\u00bb global_colors_info=\u00a0\u00bb{}\u00a0\u00bb][\/et_pb_image][et_pb_text _builder_version=\u00a0\u00bb4.21.0&Prime; _module_preset=\u00a0\u00bbdefault\u00a0\u00bb width=\u00a0\u00bb100%\u00a0\u00bb global_colors_info=\u00a0\u00bb{}\u00a0\u00bb]<\/p>\n<p style=\"text-align: center;\"><strong>Yumaincap<\/strong><\/p>\n<p style=\"text-align: center;\">Sophiatou Ndiaye<\/p>\n<p>[\/et_pb_text][\/et_pb_column][et_pb_column type=\u00a0\u00bb1_6&Prime; _builder_version=\u00a0\u00bb4.21.0&Prime; _module_preset=\u00a0\u00bbdefault\u00a0\u00bb global_colors_info=\u00a0\u00bb{}\u00a0\u00bb][et_pb_image src=\u00a0\u00bbhttps:\/\/centre-innovation-sociale-ecologique.essec.edu\/wp-content\/uploads\/2024\/09\/Annotation-2024-09-17-143731.jpg\u00a0\u00bb title_text=\u00a0\u00bbAnnotation 2024-09-17 143731&Prime; _builder_version=\u00a0\u00bb4.21.0&Prime; _module_preset=\u00a0\u00bbdefault\u00a0\u00bb global_colors_info=\u00a0\u00bb{}\u00a0\u00bb][\/et_pb_image][et_pb_text _builder_version=\u00a0\u00bb4.21.0&Prime; _module_preset=\u00a0\u00bbdefault\u00a0\u00bb width=\u00a0\u00bb100%\u00a0\u00bb global_colors_info=\u00a0\u00bb{}\u00a0\u00bb]<\/p>\n<p style=\"text-align: center;\"><strong>Bellevilles<\/strong><\/p>\n<p style=\"text-align: center;\">S\u00e9bastien de Hulster<\/p>\n<p>[\/et_pb_text][et_pb_image src=\u00a0\u00bbhttps:\/\/centre-innovation-sociale-ecologique.essec.edu\/wp-content\/uploads\/2024\/09\/Annotation-2024-09-17-150554.jpg\u00a0\u00bb title_text=\u00a0\u00bbAnnotation 2024-09-17 150554&Prime; _builder_version=\u00a0\u00bb4.21.0&Prime; _module_preset=\u00a0\u00bbdefault\u00a0\u00bb global_colors_info=\u00a0\u00bb{}\u00a0\u00bb][\/et_pb_image][et_pb_text _builder_version=\u00a0\u00bb4.21.0&Prime; _module_preset=\u00a0\u00bbdefault\u00a0\u00bb width=\u00a0\u00bb100%\u00a0\u00bb custom_padding=\u00a0\u00bb||18px|||\u00a0\u00bb global_colors_info=\u00a0\u00bb{}\u00a0\u00bb]<\/p>\n<p style=\"text-align: center;\"><strong>HASC<\/strong><\/p>\n<p style=\"text-align: center;\">Evelyne Cormier<\/p>\n<p>[\/et_pb_text][et_pb_image src=\u00a0\u00bbhttps:\/\/centre-innovation-sociale-ecologique.essec.edu\/wp-content\/uploads\/2024\/09\/Annotation-2024-09-17-154000.jpg\u00a0\u00bb title_text=\u00a0\u00bbAnnotation 2024-09-17 154000&Prime; _builder_version=\u00a0\u00bb4.21.0&Prime; _module_preset=\u00a0\u00bbdefault\u00a0\u00bb min_height=\u00a0\u00bb115.8px\u00a0\u00bb global_colors_info=\u00a0\u00bb{}\u00a0\u00bb][\/et_pb_image][et_pb_text _builder_version=\u00a0\u00bb4.21.0&Prime; _module_preset=\u00a0\u00bbdefault\u00a0\u00bb width=\u00a0\u00bb100%\u00a0\u00bb min_height=\u00a0\u00bb82.6px\u00a0\u00bb global_colors_info=\u00a0\u00bb{}\u00a0\u00bb]<\/p>\n<p style=\"text-align: center;\"><strong>Lemon Tri<\/strong><\/p>\n<p style=\"text-align: center;\">Laureline Barthez<\/p>\n<p>[\/et_pb_text][et_pb_image src=\u00a0\u00bbhttps:\/\/centre-innovation-sociale-ecologique.essec.edu\/wp-content\/uploads\/2024\/09\/fabian-2024-09-20-153353.jpg\u00a0\u00bb title_text=\u00a0\u00bbfabian 2024-09-20 153353&Prime; _builder_version=\u00a0\u00bb4.21.0&Prime; _module_preset=\u00a0\u00bbdefault\u00a0\u00bb min_height=\u00a0\u00bb102.5px\u00a0\u00bb custom_margin=\u00a0\u00bb||48px|||\u00a0\u00bb global_colors_info=\u00a0\u00bb{}\u00a0\u00bb][\/et_pb_image][et_pb_text _builder_version=\u00a0\u00bb4.21.0&Prime; _module_preset=\u00a0\u00bbdefault\u00a0\u00bb width=\u00a0\u00bb100%\u00a0\u00bb global_colors_info=\u00a0\u00bb{}\u00a0\u00bb]<\/p>\n<p style=\"text-align: center;\"><strong>Ex-Aequo<\/strong><\/p>\n<p style=\"text-align: center;\">Fabian Fabretti<\/p>\n<p>[\/et_pb_text][\/et_pb_column][et_pb_column type=\u00a0\u00bb1_6&Prime; _builder_version=\u00a0\u00bb4.21.0&Prime; _module_preset=\u00a0\u00bbdefault\u00a0\u00bb global_colors_info=\u00a0\u00bb{}\u00a0\u00bb][et_pb_image src=\u00a0\u00bbhttps:\/\/centre-innovation-sociale-ecologique.essec.edu\/wp-content\/uploads\/2024\/09\/Annotation-2024-09-17-143957.jpg\u00a0\u00bb title_text=\u00a0\u00bbAnnotation 2024-09-17 143957&Prime; _builder_version=\u00a0\u00bb4.21.0&Prime; _module_preset=\u00a0\u00bbdefault\u00a0\u00bb global_colors_info=\u00a0\u00bb{}\u00a0\u00bb][\/et_pb_image][et_pb_text _builder_version=\u00a0\u00bb4.21.0&Prime; _module_preset=\u00a0\u00bbdefault\u00a0\u00bb width=\u00a0\u00bb100%\u00a0\u00bb global_colors_info=\u00a0\u00bb{}\u00a0\u00bb]<\/p>\n<p style=\"text-align: center;\"><strong>Bilum<\/strong><\/p>\n<p style=\"text-align: center;\">H\u00e9l\u00e8ne de la Moureyre<\/p>\n<p>[\/et_pb_text][et_pb_image src=\u00a0\u00bbhttps:\/\/centre-innovation-sociale-ecologique.essec.edu\/wp-content\/uploads\/2024\/09\/Annotation-2024-09-17-151603.jpg\u00a0\u00bb title_text=\u00a0\u00bbAnnotation 2024-09-17 151603&Prime; _builder_version=\u00a0\u00bb4.21.0&Prime; _module_preset=\u00a0\u00bbdefault\u00a0\u00bb global_colors_info=\u00a0\u00bb{}\u00a0\u00bb][\/et_pb_image][et_pb_text _builder_version=\u00a0\u00bb4.21.0&Prime; _module_preset=\u00a0\u00bbdefault\u00a0\u00bb width=\u00a0\u00bb100%\u00a0\u00bb min_height=\u00a0\u00bb76.6px\u00a0\u00bb global_colors_info=\u00a0\u00bb{}\u00a0\u00bb]<\/p>\n<p style=\"text-align: center;\"><strong>Kikleo<\/strong><\/p>\n<p style=\"text-align: center;\">Vincent Garcia<\/p>\n<p>[\/et_pb_text][et_pb_image src=\u00a0\u00bbhttps:\/\/centre-innovation-sociale-ecologique.essec.edu\/wp-content\/uploads\/2024\/09\/Yasmine-2024-09-20-153620.jpg\u00a0\u00bb title_text=\u00a0\u00bbYasmine 2024-09-20 153620&Prime; _builder_version=\u00a0\u00bb4.21.0&Prime; _module_preset=\u00a0\u00bbdefault\u00a0\u00bb global_colors_info=\u00a0\u00bb{}\u00a0\u00bb][\/et_pb_image][et_pb_text _builder_version=\u00a0\u00bb4.21.0&Prime; _module_preset=\u00a0\u00bbdefault\u00a0\u00bb width=\u00a0\u00bb100%\u00a0\u00bb custom_padding=\u00a0\u00bb||30px|||\u00a0\u00bb global_colors_info=\u00a0\u00bb{}\u00a0\u00bb]<\/p>\n<p style=\"text-align: center;\"><strong>Mipi<\/strong><\/p>\n<p style=\"text-align: center;\">Yasmine Iamarene<\/p>\n<p>[\/et_pb_text][et_pb_image src=\u00a0\u00bbhttps:\/\/centre-innovation-sociale-ecologique.essec.edu\/wp-content\/uploads\/2024\/09\/Annotation-2024-09-20-153029.jpg\u00a0\u00bb title_text=\u00a0\u00bbAnnotation 2024-09-20 153029&Prime; _builder_version=\u00a0\u00bb4.21.0&Prime; _module_preset=\u00a0\u00bbdefault\u00a0\u00bb min_height=\u00a0\u00bb102.5px\u00a0\u00bb custom_margin=\u00a0\u00bb||48px|||\u00a0\u00bb global_colors_info=\u00a0\u00bb{}\u00a0\u00bb][\/et_pb_image][et_pb_text _builder_version=\u00a0\u00bb4.21.0&Prime; _module_preset=\u00a0\u00bbdefault\u00a0\u00bb width=\u00a0\u00bb100%\u00a0\u00bb global_colors_info=\u00a0\u00bb{}\u00a0\u00bb]<\/p>\n<p style=\"text-align: center;\"><strong>Ex-Aequo<\/strong><\/p>\n<p style=\"text-align: center;\">Marie-Odile Serbin<\/p>\n<p>[\/et_pb_text][\/et_pb_column][et_pb_column type=\u00a0\u00bb1_6&Prime; _builder_version=\u00a0\u00bb4.21.0&Prime; _module_preset=\u00a0\u00bbdefault\u00a0\u00bb global_colors_info=\u00a0\u00bb{}\u00a0\u00bb][et_pb_image src=\u00a0\u00bbhttps:\/\/centre-innovation-sociale-ecologique.essec.edu\/wp-content\/uploads\/2024\/09\/Annotation-2024-09-17-144222.jpg\u00a0\u00bb title_text=\u00a0\u00bbAnnotation 2024-09-17 144222&Prime; admin_label=\u00a0\u00bbImage\u00a0\u00bb _builder_version=\u00a0\u00bb4.21.0&Prime; _module_preset=\u00a0\u00bbdefault\u00a0\u00bb min_height=\u00a0\u00bb108.2px\u00a0\u00bb global_colors_info=\u00a0\u00bb{}\u00a0\u00bb][\/et_pb_image][et_pb_text _builder_version=\u00a0\u00bb4.21.0&Prime; _module_preset=\u00a0\u00bbdefault\u00a0\u00bb width=\u00a0\u00bb100%\u00a0\u00bb custom_padding=\u00a0\u00bb||24px|||\u00a0\u00bb global_colors_info=\u00a0\u00bb{}\u00a0\u00bb]<\/p>\n<p style=\"text-align: center;\"><strong>Cyb\u00e8le Agrocare<\/strong><\/p>\n<p style=\"text-align: center;\">C\u00e9cile Lamoulie<\/p>\n<p>[\/et_pb_text][et_pb_image src=\u00a0\u00bbhttps:\/\/centre-innovation-sociale-ecologique.essec.edu\/wp-content\/uploads\/2024\/09\/Annotation-2024-09-17-151731.jpg\u00a0\u00bb title_text=\u00a0\u00bbAnnotation 2024-09-17 151731&Prime; admin_label=\u00a0\u00bbImage\u00a0\u00bb _builder_version=\u00a0\u00bb4.21.0&Prime; _module_preset=\u00a0\u00bbdefault\u00a0\u00bb custom_margin=\u00a0\u00bb||10px|||\u00a0\u00bb global_colors_info=\u00a0\u00bb{}\u00a0\u00bb][\/et_pb_image][et_pb_text _builder_version=\u00a0\u00bb4.21.0&Prime; _module_preset=\u00a0\u00bbdefault\u00a0\u00bb width=\u00a0\u00bb100%\u00a0\u00bb min_height=\u00a0\u00bb103.4px\u00a0\u00bb custom_padding=\u00a0\u00bb||1px|||\u00a0\u00bb global_colors_info=\u00a0\u00bb{}\u00a0\u00bb]<\/p>\n<p style=\"text-align: center;\"><strong>Kloros<\/strong><\/p>\n<p style=\"text-align: center;\">Margaux Martin P\u00e9ridier<\/p>\n<p>[\/et_pb_text][et_pb_image src=\u00a0\u00bbhttps:\/\/centre-innovation-sociale-ecologique.essec.edu\/wp-content\/uploads\/2024\/09\/Annotation-2024-09-17-154207.jpg\u00a0\u00bb title_text=\u00a0\u00bbAnnotation 2024-09-17 154207&Prime; _builder_version=\u00a0\u00bb4.21.0&Prime; _module_preset=\u00a0\u00bbdefault\u00a0\u00bb global_colors_info=\u00a0\u00bb{}\u00a0\u00bb][\/et_pb_image][et_pb_text _builder_version=\u00a0\u00bb4.21.0&Prime; _module_preset=\u00a0\u00bbdefault\u00a0\u00bb width=\u00a0\u00bb100%\u00a0\u00bb min_height=\u00a0\u00bb91.4px\u00a0\u00bb global_colors_info=\u00a0\u00bb{}\u00a0\u00bb]<\/p>\n<p style=\"text-align: center;\"><strong>Phagos<\/strong><\/p>\n<p style=\"text-align: center;\">Alexandros Pantalis<\/p>\n<p>[\/et_pb_text][et_pb_image src=\u00a0\u00bbhttps:\/\/centre-innovation-sociale-ecologique.essec.edu\/wp-content\/uploads\/2024\/09\/Annotation-2024-09-17-154338.jpg\u00a0\u00bb title_text=\u00a0\u00bbAnnotation 2024-09-17 154338&Prime; admin_label=\u00a0\u00bbImage\u00a0\u00bb _builder_version=\u00a0\u00bb4.21.0&Prime; _module_preset=\u00a0\u00bbdefault\u00a0\u00bb custom_margin=\u00a0\u00bb||10px|||\u00a0\u00bb custom_padding=\u00a0\u00bb||20px|||\u00a0\u00bb global_colors_info=\u00a0\u00bb{}\u00a0\u00bb][\/et_pb_image][et_pb_text _builder_version=\u00a0\u00bb4.21.0&Prime; _module_preset=\u00a0\u00bbdefault\u00a0\u00bb width=\u00a0\u00bb100%\u00a0\u00bb min_height=\u00a0\u00bb93.4px\u00a0\u00bb custom_padding=\u00a0\u00bb||1px|||\u00a0\u00bb global_colors_info=\u00a0\u00bb{}\u00a0\u00bb]<\/p>\n<p style=\"text-align: center;\"><strong>Backup 95<\/strong><\/p>\n<p style=\"text-align: center;\">Jean-Luc Depeyris<\/p>\n<p>[\/et_pb_text][\/et_pb_column][et_pb_column type=\u00a0\u00bb1_6&Prime; _builder_version=\u00a0\u00bb4.21.0&Prime; _module_preset=\u00a0\u00bbdefault\u00a0\u00bb global_colors_info=\u00a0\u00bb{}\u00a0\u00bb][et_pb_image src=\u00a0\u00bbhttps:\/\/centre-innovation-sociale-ecologique.essec.edu\/wp-content\/uploads\/2024\/09\/Annotation-2024-09-17-144415.jpg\u00a0\u00bb title_text=\u00a0\u00bbAnnotation 2024-09-17 144415&Prime; admin_label=\u00a0\u00bbImage\u00a0\u00bb _builder_version=\u00a0\u00bb4.21.0&Prime; _module_preset=\u00a0\u00bbdefault\u00a0\u00bb global_colors_info=\u00a0\u00bb{}\u00a0\u00bb][\/et_pb_image][et_pb_text _builder_version=\u00a0\u00bb4.21.0&Prime; _module_preset=\u00a0\u00bbdefault\u00a0\u00bb width=\u00a0\u00bb100%\u00a0\u00bb custom_padding=\u00a0\u00bb||18px|||\u00a0\u00bb global_colors_info=\u00a0\u00bb{}\u00a0\u00bb]<\/p>\n<p style=\"text-align: center;\"><strong>Dream&rsquo;act<\/strong><\/p>\n<p style=\"text-align: center;\">Claire Chouraqui<\/p>\n<p>[\/et_pb_text][et_pb_image src=\u00a0\u00bbhttps:\/\/centre-innovation-sociale-ecologique.essec.edu\/wp-content\/uploads\/2024\/09\/Annotation-2024-09-17-152000.jpg\u00a0\u00bb title_text=\u00a0\u00bbAnnotation 2024-09-17 152000&Prime; admin_label=\u00a0\u00bbImage\u00a0\u00bb _builder_version=\u00a0\u00bb4.21.0&Prime; _module_preset=\u00a0\u00bbdefault\u00a0\u00bb global_colors_info=\u00a0\u00bb{}\u00a0\u00bb][\/et_pb_image][et_pb_text _builder_version=\u00a0\u00bb4.21.0&Prime; _module_preset=\u00a0\u00bbdefault\u00a0\u00bb width=\u00a0\u00bb100%\u00a0\u00bb custom_padding=\u00a0\u00bb||26px|||\u00a0\u00bb global_colors_info=\u00a0\u00bb{}\u00a0\u00bb]<\/p>\n<p style=\"text-align: center;\"><strong>La P\u00e9piite<\/strong><\/p>\n<p style=\"text-align: center;\">S\u00e9bastien Thierry<\/p>\n<p>[\/et_pb_text][et_pb_image src=\u00a0\u00bbhttps:\/\/centre-innovation-sociale-ecologique.essec.edu\/wp-content\/uploads\/2024\/09\/Annotation-2024-09-17-154516.jpg\u00a0\u00bb title_text=\u00a0\u00bbAnnotation 2024-09-17 154516&Prime; admin_label=\u00a0\u00bbImage\u00a0\u00bb _builder_version=\u00a0\u00bb4.21.0&Prime; _module_preset=\u00a0\u00bbdefault\u00a0\u00bb global_colors_info=\u00a0\u00bb{}\u00a0\u00bb][\/et_pb_image][et_pb_text _builder_version=\u00a0\u00bb4.21.0&Prime; _module_preset=\u00a0\u00bbdefault\u00a0\u00bb width=\u00a0\u00bb100%\u00a0\u00bb custom_padding=\u00a0\u00bb||0px|||\u00a0\u00bb global_colors_info=\u00a0\u00bb{}\u00a0\u00bb]<\/p>\n<p style=\"text-align: center;\"><strong>Smart Back<\/strong><\/p>\n<p style=\"text-align: center;\">Gabriel Andr\u00e9<\/p>\n<p>[\/et_pb_text][\/et_pb_column][et_pb_column type=\u00a0\u00bb1_6&Prime; _builder_version=\u00a0\u00bb4.21.0&Prime; _module_preset=\u00a0\u00bbdefault\u00a0\u00bb global_colors_info=\u00a0\u00bb{}\u00a0\u00bb][et_pb_image src=\u00a0\u00bbhttps:\/\/centre-innovation-sociale-ecologique.essec.edu\/wp-content\/uploads\/2024\/09\/Annotation-2024-09-17-144548.jpg\u00a0\u00bb title_text=\u00a0\u00bbAnnotation 2024-09-17 144548&Prime; admin_label=\u00a0\u00bbImage\u00a0\u00bb _builder_version=\u00a0\u00bb4.21.0&Prime; _module_preset=\u00a0\u00bbdefault\u00a0\u00bb min_height=\u00a0\u00bb106.6px\u00a0\u00bb global_colors_info=\u00a0\u00bb{}\u00a0\u00bb][\/et_pb_image][et_pb_text _builder_version=\u00a0\u00bb4.21.0&Prime; _module_preset=\u00a0\u00bbdefault\u00a0\u00bb width=\u00a0\u00bb100%\u00a0\u00bb min_height=\u00a0\u00bb87.6px\u00a0\u00bb global_colors_info=\u00a0\u00bb{}\u00a0\u00bb]<\/p>\n<p style=\"text-align: center;\"><strong>Ethi&rsquo;Kdo<\/strong><\/p>\n<p style=\"text-align: center;\">S\u00e9verin Prats<\/p>\n<p>[\/et_pb_text][et_pb_image src=\u00a0\u00bbhttps:\/\/centre-innovation-sociale-ecologique.essec.edu\/wp-content\/uploads\/2024\/09\/Annotation-2024-09-17-152150.jpg\u00a0\u00bb title_text=\u00a0\u00bbAnnotation 2024-09-17 152150&Prime; admin_label=\u00a0\u00bbImage\u00a0\u00bb _builder_version=\u00a0\u00bb4.21.0&Prime; _module_preset=\u00a0\u00bbdefault\u00a0\u00bb min_height=\u00a0\u00bb67.9px\u00a0\u00bb global_colors_info=\u00a0\u00bb{}\u00a0\u00bb][\/et_pb_image][et_pb_text _builder_version=\u00a0\u00bb4.21.0&Prime; _module_preset=\u00a0\u00bbdefault\u00a0\u00bb width=\u00a0\u00bb100%\u00a0\u00bb custom_margin=\u00a0\u00bb||28px|||\u00a0\u00bb custom_padding=\u00a0\u00bb||0px|||\u00a0\u00bb global_colors_info=\u00a0\u00bb{}\u00a0\u00bb]<\/p>\n<p style=\"text-align: center;\"><strong>Le Papondu<\/strong><\/p>\n<p style=\"text-align: center;\">Philippine Soul\u00e8res<\/p>\n<p style=\"text-align: center;\">\n<p style=\"text-align: center;\">\n<p>[\/et_pb_text][et_pb_image src=\u00a0\u00bbhttps:\/\/centre-innovation-sociale-ecologique.essec.edu\/wp-content\/uploads\/2024\/09\/Annotation-2024-09-17-154825.jpg\u00a0\u00bb title_text=\u00a0\u00bbAnnotation 2024-09-17 154825&Prime; admin_label=\u00a0\u00bbImage\u00a0\u00bb _builder_version=\u00a0\u00bb4.21.0&Prime; _module_preset=\u00a0\u00bbdefault\u00a0\u00bb min_height=\u00a0\u00bb89.3px\u00a0\u00bb global_colors_info=\u00a0\u00bb{}\u00a0\u00bb][\/et_pb_image][et_pb_text _builder_version=\u00a0\u00bb4.21.0&Prime; _module_preset=\u00a0\u00bbdefault\u00a0\u00bb width=\u00a0\u00bb100%\u00a0\u00bb custom_padding=\u00a0\u00bb||0px|||\u00a0\u00bb global_colors_info=\u00a0\u00bb{}\u00a0\u00bb]<\/p>\n<p style=\"text-align: center;\"><strong>Smart Back<\/strong><\/p>\n<p style=\"text-align: center;\">Laura Medioni<\/p>\n<p>[\/et_pb_text][\/et_pb_column][\/et_pb_row][\/et_pb_section][et_pb_section fb_built=\u00a0\u00bb1&Prime; _builder_version=\u00a0\u00bb4.21.0&Prime; _module_preset=\u00a0\u00bbdefault\u00a0\u00bb global_colors_info=\u00a0\u00bb{}\u00a0\u00bb][et_pb_row _builder_version=\u00a0\u00bb4.21.0&Prime; _module_preset=\u00a0\u00bbdefault\u00a0\u00bb global_colors_info=\u00a0\u00bb{}\u00a0\u00bb][et_pb_column type=\u00a0\u00bb4_4&Prime; _builder_version=\u00a0\u00bb4.21.0&Prime; _module_preset=\u00a0\u00bbdefault\u00a0\u00bb global_colors_info=\u00a0\u00bb{}\u00a0\u00bb][\/et_pb_column][\/et_pb_row][et_pb_row column_structure=\u00a0\u00bb1_6,1_6,1_6,1_6,1_6,1_6&Prime; _builder_version=\u00a0\u00bb4.21.0&Prime; _module_preset=\u00a0\u00bbdefault\u00a0\u00bb global_colors_info=\u00a0\u00bb{}\u00a0\u00bb][et_pb_column type=\u00a0\u00bb1_6&Prime; _builder_version=\u00a0\u00bb4.21.0&Prime; _module_preset=\u00a0\u00bbdefault\u00a0\u00bb global_colors_info=\u00a0\u00bb{}\u00a0\u00bb][et_pb_image src=\u00a0\u00bbhttps:\/\/centre-innovation-sociale-ecologique.essec.edu\/wp-content\/uploads\/2024\/09\/Annotation-2024-09-17-161052.jpg\u00a0\u00bb title_text=\u00a0\u00bbAnnotation 2024-09-17 161052&Prime; _builder_version=\u00a0\u00bb4.21.0&Prime; _module_preset=\u00a0\u00bbdefault\u00a0\u00bb min_height=\u00a0\u00bb109.6px\u00a0\u00bb global_colors_info=\u00a0\u00bb{}\u00a0\u00bb][\/et_pb_image][et_pb_text _builder_version=\u00a0\u00bb4.21.0&Prime; _module_preset=\u00a0\u00bbdefault\u00a0\u00bb width=\u00a0\u00bb100%\u00a0\u00bb global_colors_info=\u00a0\u00bb{}\u00a0\u00bb]<\/p>\n<p style=\"text-align: center;\"><b>Gabriel Ben David<\/b><\/p>\n<p>[\/et_pb_text][et_pb_image src=\u00a0\u00bbhttps:\/\/centre-innovation-sociale-ecologique.essec.edu\/wp-content\/uploads\/2024\/09\/Annotation-2024-09-17-162201.jpg\u00a0\u00bb title_text=\u00a0\u00bbAnnotation 2024-09-17 162201&Prime; _builder_version=\u00a0\u00bb4.21.0&Prime; _module_preset=\u00a0\u00bbdefault\u00a0\u00bb global_colors_info=\u00a0\u00bb{}\u00a0\u00bb][\/et_pb_image][et_pb_text _builder_version=\u00a0\u00bb4.21.0&Prime; _module_preset=\u00a0\u00bbdefault\u00a0\u00bb width=\u00a0\u00bb100%\u00a0\u00bb min_height=\u00a0\u00bb71.6px\u00a0\u00bb custom_padding=\u00a0\u00bb||15px|||\u00a0\u00bb global_colors_info=\u00a0\u00bb{}\u00a0\u00bb]<\/p>\n<p style=\"text-align: center;\"><b>Oumeima Guessous<\/b><\/p>\n<p>[\/et_pb_text][et_pb_image src=\u00a0\u00bbhttps:\/\/centre-innovation-sociale-ecologique.essec.edu\/wp-content\/uploads\/2024\/09\/Annotation-2024-09-17-163119.jpg\u00a0\u00bb title_text=\u00a0\u00bbAnnotation 2024-09-17 163119&Prime; _builder_version=\u00a0\u00bb4.21.0&Prime; _module_preset=\u00a0\u00bbdefault\u00a0\u00bb custom_margin=\u00a0\u00bb||48px|||\u00a0\u00bb global_colors_info=\u00a0\u00bb{}\u00a0\u00bb][\/et_pb_image][et_pb_text _builder_version=\u00a0\u00bb4.21.0&Prime; _module_preset=\u00a0\u00bbdefault\u00a0\u00bb width=\u00a0\u00bb100%\u00a0\u00bb global_colors_info=\u00a0\u00bb{}\u00a0\u00bb]<\/p>\n<p style=\"text-align: center;\"><b>St\u00e9phane Petitjean<\/b><\/p>\n<p>[\/et_pb_text][\/et_pb_column][et_pb_column type=\u00a0\u00bb1_6&Prime; _builder_version=\u00a0\u00bb4.21.0&Prime; _module_preset=\u00a0\u00bbdefault\u00a0\u00bb global_colors_info=\u00a0\u00bb{}\u00a0\u00bb][et_pb_image src=\u00a0\u00bbhttps:\/\/centre-innovation-sociale-ecologique.essec.edu\/wp-content\/uploads\/2024\/09\/Annotation-2024-09-20-151559.jpg\u00a0\u00bb title_text=\u00a0\u00bbAnnotation 2024-09-20 151559&Prime; _builder_version=\u00a0\u00bb4.21.0&Prime; _module_preset=\u00a0\u00bbdefault\u00a0\u00bb min_height=\u00a0\u00bb109.1px\u00a0\u00bb custom_margin=\u00a0\u00bb||7px|||\u00a0\u00bb custom_padding=\u00a0\u00bb||0px|||\u00a0\u00bb global_colors_info=\u00a0\u00bb{}\u00a0\u00bb][\/et_pb_image][et_pb_text _builder_version=\u00a0\u00bb4.21.0&Prime; _module_preset=\u00a0\u00bbdefault\u00a0\u00bb width=\u00a0\u00bb100%\u00a0\u00bb custom_padding=\u00a0\u00bb||6px|||\u00a0\u00bb global_colors_info=\u00a0\u00bb{}\u00a0\u00bb]<\/p>\n<p style=\"text-align: center;\"><b>Alexandra Bordes<\/b><\/p>\n<p>[\/et_pb_text][et_pb_image src=\u00a0\u00bbhttps:\/\/centre-innovation-sociale-ecologique.essec.edu\/wp-content\/uploads\/2024\/09\/Annotation-2024-09-17-162412.jpg\u00a0\u00bb title_text=\u00a0\u00bbAnnotation 2024-09-17 162412&Prime; _builder_version=\u00a0\u00bb4.21.0&Prime; _module_preset=\u00a0\u00bbdefault\u00a0\u00bb global_colors_info=\u00a0\u00bb{}\u00a0\u00bb][\/et_pb_image][et_pb_text _builder_version=\u00a0\u00bb4.21.0&Prime; _module_preset=\u00a0\u00bbdefault\u00a0\u00bb width=\u00a0\u00bb100%\u00a0\u00bb min_height=\u00a0\u00bb73.6px\u00a0\u00bb custom_padding=\u00a0\u00bb||23px|||\u00a0\u00bb global_colors_info=\u00a0\u00bb{}\u00a0\u00bb]<\/p>\n<p style=\"text-align: center;\"><b>B\u00e9r\u00e9nice Ha\u00ebntjens<\/b><\/p>\n<p>[\/et_pb_text][et_pb_image src=\u00a0\u00bbhttps:\/\/centre-innovation-sociale-ecologique.essec.edu\/wp-content\/uploads\/2024\/09\/Annotation-2024-09-17-163204.jpg\u00a0\u00bb title_text=\u00a0\u00bbAnnotation 2024-09-17 163204&Prime; _builder_version=\u00a0\u00bb4.21.0&Prime; _module_preset=\u00a0\u00bbdefault\u00a0\u00bb min_height=\u00a0\u00bb115.8px\u00a0\u00bb global_colors_info=\u00a0\u00bb{}\u00a0\u00bb][\/et_pb_image][et_pb_text _builder_version=\u00a0\u00bb4.21.0&Prime; _module_preset=\u00a0\u00bbdefault\u00a0\u00bb width=\u00a0\u00bb100%\u00a0\u00bb global_colors_info=\u00a0\u00bb{}\u00a0\u00bb]<\/p>\n<p style=\"text-align: center;\"><b>Lydia Seyler<\/b><\/p>\n<p>[\/et_pb_text][\/et_pb_column][et_pb_column type=\u00a0\u00bb1_6&Prime; _builder_version=\u00a0\u00bb4.21.0&Prime; _module_preset=\u00a0\u00bbdefault\u00a0\u00bb global_colors_info=\u00a0\u00bb{}\u00a0\u00bb][et_pb_image src=\u00a0\u00bbhttps:\/\/centre-innovation-sociale-ecologique.essec.edu\/wp-content\/uploads\/2024\/09\/Annotation-2024-09-17-161448.jpg\u00a0\u00bb title_text=\u00a0\u00bbAnnotation 2024-09-17 161448&Prime; _builder_version=\u00a0\u00bb4.21.0&Prime; _module_preset=\u00a0\u00bbdefault\u00a0\u00bb custom_margin=\u00a0\u00bb||30px|||\u00a0\u00bb custom_padding=\u00a0\u00bb||16px|||\u00a0\u00bb global_colors_info=\u00a0\u00bb{}\u00a0\u00bb][\/et_pb_image][et_pb_text _builder_version=\u00a0\u00bb4.21.0&Prime; _module_preset=\u00a0\u00bbdefault\u00a0\u00bb width=\u00a0\u00bb100%\u00a0\u00bb min_height=\u00a0\u00bb43.8px\u00a0\u00bb global_colors_info=\u00a0\u00bb{}\u00a0\u00bb]<\/p>\n<p style=\"text-align: center;\"><b>Elsa Curassier<\/b><\/p>\n<p>[\/et_pb_text][et_pb_image src=\u00a0\u00bbhttps:\/\/centre-innovation-sociale-ecologique.essec.edu\/wp-content\/uploads\/2024\/09\/Annotation-2024-09-20-151719.jpg\u00a0\u00bb title_text=\u00a0\u00bbAnnotation 2024-09-20 151719&Prime; _builder_version=\u00a0\u00bb4.21.0&Prime; _module_preset=\u00a0\u00bbdefault\u00a0\u00bb global_colors_info=\u00a0\u00bb{}\u00a0\u00bb][\/et_pb_image][et_pb_text _builder_version=\u00a0\u00bb4.21.0&Prime; _module_preset=\u00a0\u00bbdefault\u00a0\u00bb width=\u00a0\u00bb100%\u00a0\u00bb min_height=\u00a0\u00bb31.8px\u00a0\u00bb custom_padding=\u00a0\u00bb||18px|||\u00a0\u00bb global_colors_info=\u00a0\u00bb{}\u00a0\u00bb]<\/p>\n<p style=\"text-align: center;\"><b>Carolina Herrera<\/b><\/p>\n<p>[\/et_pb_text][et_pb_image src=\u00a0\u00bbhttps:\/\/centre-innovation-sociale-ecologique.essec.edu\/wp-content\/uploads\/2024\/09\/Annotation-2024-09-17-163303.jpg\u00a0\u00bb title_text=\u00a0\u00bbAnnotation 2024-09-17 163303&Prime; _builder_version=\u00a0\u00bb4.21.0&Prime; _module_preset=\u00a0\u00bbdefault\u00a0\u00bb global_colors_info=\u00a0\u00bb{}\u00a0\u00bb][\/et_pb_image][et_pb_text _builder_version=\u00a0\u00bb4.21.0&Prime; _module_preset=\u00a0\u00bbdefault\u00a0\u00bb width=\u00a0\u00bb100%\u00a0\u00bb global_colors_info=\u00a0\u00bb{}\u00a0\u00bb]<\/p>\n<p style=\"text-align: center;\"><strong>Ngolen Srun<\/strong><\/p>\n<p>[\/et_pb_text][\/et_pb_column][et_pb_column type=\u00a0\u00bb1_6&Prime; _builder_version=\u00a0\u00bb4.21.0&Prime; _module_preset=\u00a0\u00bbdefault\u00a0\u00bb global_colors_info=\u00a0\u00bb{}\u00a0\u00bb][et_pb_image src=\u00a0\u00bbhttps:\/\/centre-innovation-sociale-ecologique.essec.edu\/wp-content\/uploads\/2024\/09\/Annotation-2024-09-17-161745.jpg\u00a0\u00bb title_text=\u00a0\u00bbAnnotation 2024-09-17 161745&Prime; admin_label=\u00a0\u00bbImage\u00a0\u00bb _builder_version=\u00a0\u00bb4.21.0&Prime; _module_preset=\u00a0\u00bbdefault\u00a0\u00bb min_height=\u00a0\u00bb108.2px\u00a0\u00bb global_colors_info=\u00a0\u00bb{}\u00a0\u00bb][\/et_pb_image][et_pb_text _builder_version=\u00a0\u00bb4.21.0&Prime; _module_preset=\u00a0\u00bbdefault\u00a0\u00bb width=\u00a0\u00bb100%\u00a0\u00bb custom_padding=\u00a0\u00bb||24px|||\u00a0\u00bb global_colors_info=\u00a0\u00bb{}\u00a0\u00bb]<\/p>\n<p style=\"text-align: center;\"><b>Antoine Gillain<\/b><\/p>\n<p>[\/et_pb_text][et_pb_image src=\u00a0\u00bbhttps:\/\/centre-innovation-sociale-ecologique.essec.edu\/wp-content\/uploads\/2024\/09\/Annotation-2024-09-17-162814.jpg\u00a0\u00bb title_text=\u00a0\u00bbAnnotation 2024-09-17 162814&Prime; admin_label=\u00a0\u00bbImage\u00a0\u00bb _builder_version=\u00a0\u00bb4.21.0&Prime; _module_preset=\u00a0\u00bbdefault\u00a0\u00bb min_height=\u00a0\u00bb97.8px\u00a0\u00bb custom_margin=\u00a0\u00bb||10px|||\u00a0\u00bb custom_padding=\u00a0\u00bb||0px|||\u00a0\u00bb global_colors_info=\u00a0\u00bb{}\u00a0\u00bb][\/et_pb_image][et_pb_text _builder_version=\u00a0\u00bb4.21.0&Prime; _module_preset=\u00a0\u00bbdefault\u00a0\u00bb width=\u00a0\u00bb100%\u00a0\u00bb min_height=\u00a0\u00bb41.4px\u00a0\u00bb custom_padding=\u00a0\u00bb||0px|||\u00a0\u00bb global_colors_info=\u00a0\u00bb{}\u00a0\u00bb]<\/p>\n<p style=\"text-align: center;\"><b><\/b><\/p>\n<p style=\"text-align: center;\"><b><\/b><\/p>\n<p style=\"text-align: center;\"><b>Gilles Larvaron<\/b><\/p>\n<p>[\/et_pb_text][et_pb_image src=\u00a0\u00bbhttps:\/\/centre-innovation-sociale-ecologique.essec.edu\/wp-content\/uploads\/2024\/09\/Annotation-2024-09-17-163349.jpg\u00a0\u00bb title_text=\u00a0\u00bbAnnotation 2024-09-17 163349&Prime; admin_label=\u00a0\u00bbImage\u00a0\u00bb _builder_version=\u00a0\u00bb4.21.0&Prime; _module_preset=\u00a0\u00bbdefault\u00a0\u00bb custom_margin=\u00a0\u00bb||10px|||\u00a0\u00bb custom_padding=\u00a0\u00bb||20px|||\u00a0\u00bb global_colors_info=\u00a0\u00bb{}\u00a0\u00bb][\/et_pb_image][et_pb_text _builder_version=\u00a0\u00bb4.21.0&Prime; _module_preset=\u00a0\u00bbdefault\u00a0\u00bb width=\u00a0\u00bb100%\u00a0\u00bb min_height=\u00a0\u00bb93.4px\u00a0\u00bb custom_padding=\u00a0\u00bb||1px|||\u00a0\u00bb global_colors_info=\u00a0\u00bb{}\u00a0\u00bb]<\/p>\n<p style=\"text-align: center;\"><b>Alice Zurcher<\/b><\/p>\n<p>[\/et_pb_text][\/et_pb_column][et_pb_column type=\u00a0\u00bb1_6&Prime; _builder_version=\u00a0\u00bb4.21.0&Prime; _module_preset=\u00a0\u00bbdefault\u00a0\u00bb global_colors_info=\u00a0\u00bb{}\u00a0\u00bb][et_pb_image src=\u00a0\u00bbhttps:\/\/centre-innovation-sociale-ecologique.essec.edu\/wp-content\/uploads\/2024\/09\/Annotation-2024-09-17-161945.jpg\u00a0\u00bb title_text=\u00a0\u00bbAnnotation 2024-09-17 161945&Prime; admin_label=\u00a0\u00bbImage\u00a0\u00bb _builder_version=\u00a0\u00bb4.21.0&Prime; _module_preset=\u00a0\u00bbdefault\u00a0\u00bb global_colors_info=\u00a0\u00bb{}\u00a0\u00bb][\/et_pb_image][et_pb_text _builder_version=\u00a0\u00bb4.21.0&Prime; _module_preset=\u00a0\u00bbdefault\u00a0\u00bb width=\u00a0\u00bb100%\u00a0\u00bb custom_padding=\u00a0\u00bb||32px|||\u00a0\u00bb global_colors_info=\u00a0\u00bb{}\u00a0\u00bb]<\/p>\n<p style=\"text-align: center;\"><b>H\u00e9l\u00e9na Gilton<\/b><\/p>\n<p>[\/et_pb_text][et_pb_image src=\u00a0\u00bbhttps:\/\/centre-innovation-sociale-ecologique.essec.edu\/wp-content\/uploads\/2024\/09\/Annotation-2024-09-17-162930.jpg\u00a0\u00bb title_text=\u00a0\u00bbAnnotation 2024-09-17 162930&Prime; admin_label=\u00a0\u00bbImage\u00a0\u00bb _builder_version=\u00a0\u00bb4.21.0&Prime; _module_preset=\u00a0\u00bbdefault\u00a0\u00bb global_colors_info=\u00a0\u00bb{}\u00a0\u00bb][\/et_pb_image][et_pb_text _builder_version=\u00a0\u00bb4.21.0&Prime; _module_preset=\u00a0\u00bbdefault\u00a0\u00bb width=\u00a0\u00bb100%\u00a0\u00bb custom_padding=\u00a0\u00bb||26px|||\u00a0\u00bb global_colors_info=\u00a0\u00bb{}\u00a0\u00bb]<\/p>\n<p style=\"text-align: center;\"><b>Laura Le Bastard<\/b><\/p>\n<p>[\/et_pb_text][\/et_pb_column][et_pb_column type=\u00a0\u00bb1_6&Prime; _builder_version=\u00a0\u00bb4.21.0&Prime; _module_preset=\u00a0\u00bbdefault\u00a0\u00bb global_colors_info=\u00a0\u00bb{}\u00a0\u00bb][et_pb_image src=\u00a0\u00bbhttps:\/\/centre-innovation-sociale-ecologique.essec.edu\/wp-content\/uploads\/2024\/09\/Annotation-2024-09-17-162034.jpg\u00a0\u00bb title_text=\u00a0\u00bbAnnotation 2024-09-17 162034&Prime; admin_label=\u00a0\u00bbImage\u00a0\u00bb _builder_version=\u00a0\u00bb4.21.0&Prime; _module_preset=\u00a0\u00bbdefault\u00a0\u00bb min_height=\u00a0\u00bb106.6px\u00a0\u00bb global_colors_info=\u00a0\u00bb{}\u00a0\u00bb][\/et_pb_image][et_pb_text _builder_version=\u00a0\u00bb4.21.0&Prime; _module_preset=\u00a0\u00bbdefault\u00a0\u00bb width=\u00a0\u00bb100%\u00a0\u00bb min_height=\u00a0\u00bb60.6px\u00a0\u00bb custom_margin=\u00a0\u00bb||10px|||\u00a0\u00bb custom_padding=\u00a0\u00bb||0px|||\u00a0\u00bb global_colors_info=\u00a0\u00bb{}\u00a0\u00bb]<\/p>\n<p style=\"text-align: center;\"><b>F\u00e9licie Goyet<\/b><\/p>\n<p>[\/et_pb_text][et_pb_image src=\u00a0\u00bbhttps:\/\/centre-innovation-sociale-ecologique.essec.edu\/wp-content\/uploads\/2024\/09\/Annotation-2024-09-20-151805.jpg\u00a0\u00bb title_text=\u00a0\u00bbAnnotation 2024-09-20 151805&Prime; admin_label=\u00a0\u00bbImage\u00a0\u00bb _builder_version=\u00a0\u00bb4.21.0&Prime; _module_preset=\u00a0\u00bbdefault\u00a0\u00bb min_height=\u00a0\u00bb67.9px\u00a0\u00bb global_colors_info=\u00a0\u00bb{}\u00a0\u00bb][\/et_pb_image][et_pb_text _builder_version=\u00a0\u00bb4.21.0&Prime; _module_preset=\u00a0\u00bbdefault\u00a0\u00bb width=\u00a0\u00bb100%\u00a0\u00bb custom_margin=\u00a0\u00bb||28px|||\u00a0\u00bb custom_padding=\u00a0\u00bb||0px|||\u00a0\u00bb global_colors_info=\u00a0\u00bb{}\u00a0\u00bb]<\/p>\n<p style=\"text-align: center;\"><b>Patrick No\u00ebl<\/b><\/p>\n<p>[\/et_pb_text][\/et_pb_column][\/et_pb_row][\/et_pb_section]<\/p>\n","protected":false},"excerpt":{"rendered":"<p>Social and Sustainable Innovation Days 650 students from ESSEC&rsquo;s specialized master&rsquo;s programs (MS) gathered on the Cergy campus to discuss social innovation. ESSEC&rsquo;s CISE Centre d&rsquo;Innovation Sociale et Ecologique organized the Social &amp; Sustainable Innovation Days on September 23 and 24, 2024. &nbsp; As part of this seminar, \u00ab\u00a0entrepreneurial challenges\u00a0\u00bb are organized, during which entrepreneurs [&hellip;]<\/p>\n","protected":false},"author":2,"featured_media":0,"parent":8324,"menu_order":0,"comment_status":"closed","ping_status":"closed","template":"","meta":{"_et_pb_use_builder":"on","_et_pb_old_content":"","_et_gb_content_width":"","inline_featured_image":false},"yoast_head":"<!-- This site is optimized with the Yoast SEO plugin v20.11 - https:\/\/yoast.com\/wordpress\/plugins\/seo\/ -->\n<title>Social and Sustainable Innovation Day - Centre Innovation Sociale et Ecologique<\/title>\n<meta name=\"description\" content=\"Innovation sociale - Entrepreneuriat social - Impact\" \/>\n<meta name=\"robots\" content=\"index, follow, max-snippet:-1, max-image-preview:large, max-video-preview:-1\" \/>\n<link rel=\"canonical\" href=\"https:\/\/centre-innovation-sociale-ecologique.essec.edu\/index.php\/resources-to-act\/social-and-sustainable-innovation-day\/\" \/>\n<meta property=\"og:locale\" content=\"fr_FR\" \/>\n<meta property=\"og:type\" content=\"article\" \/>\n<meta property=\"og:title\" content=\"Social and Sustainable Innovation Day - Centre Innovation Sociale et Ecologique\" \/>\n<meta property=\"og:description\" content=\"Innovation sociale - Entrepreneuriat social - Impact\" \/>\n<meta property=\"og:url\" content=\"https:\/\/centre-innovation-sociale-ecologique.essec.edu\/index.php\/resources-to-act\/social-and-sustainable-innovation-day\/?lang=en\" \/>\n<meta property=\"og:site_name\" content=\"Centre Innovation Sociale et Ecologique\" \/>\n<meta property=\"article:modified_time\" content=\"2025-02-03T10:35:16+00:00\" \/>\n<meta name=\"twitter:card\" content=\"summary_large_image\" \/>\n<meta name=\"twitter:label1\" content=\"Dur\u00e9e de lecture estim\u00e9e\" \/>\n\t<meta name=\"twitter:data1\" content=\"20 minutes\" \/>\n<script type=\"application\/ld+json\" class=\"yoast-schema-graph\">{\"@context\":\"https:\/\/schema.org\",\"@graph\":[{\"@type\":\"WebPage\",\"@id\":\"https:\/\/centre-innovation-sociale-ecologique.essec.edu\/index.php\/resources-to-act\/social-and-sustainable-innovation-day\/?lang=en\",\"url\":\"https:\/\/centre-innovation-sociale-ecologique.essec.edu\/index.php\/resources-to-act\/social-and-sustainable-innovation-day\/?lang=en\",\"name\":\"Social and Sustainable Innovation Day - Centre Innovation Sociale et Ecologique\",\"isPartOf\":{\"@id\":\"https:\/\/centre-innovation-sociale-ecologique.essec.edu\/#website\"},\"datePublished\":\"2024-09-20T13:50:53+00:00\",\"dateModified\":\"2025-02-03T10:35:16+00:00\",\"description\":\"Innovation sociale - Entrepreneuriat social - Impact\",\"breadcrumb\":{\"@id\":\"https:\/\/centre-innovation-sociale-ecologique.essec.edu\/index.php\/resources-to-act\/social-and-sustainable-innovation-day\/?lang=en#breadcrumb\"},\"inLanguage\":\"fr-FR\",\"potentialAction\":[{\"@type\":\"ReadAction\",\"target\":[\"https:\/\/centre-innovation-sociale-ecologique.essec.edu\/index.php\/resources-to-act\/social-and-sustainable-innovation-day\/?lang=en\"]}]},{\"@type\":\"BreadcrumbList\",\"@id\":\"https:\/\/centre-innovation-sociale-ecologique.essec.edu\/index.php\/resources-to-act\/social-and-sustainable-innovation-day\/?lang=en#breadcrumb\",\"itemListElement\":[{\"@type\":\"ListItem\",\"position\":1,\"name\":\"Home\",\"item\":\"https:\/\/centre-innovation-sociale-ecologique.essec.edu\/\"},{\"@type\":\"ListItem\",\"position\":2,\"name\":\"Social and Sustainable Innovation Day\"}]},{\"@type\":\"WebSite\",\"@id\":\"https:\/\/centre-innovation-sociale-ecologique.essec.edu\/#website\",\"url\":\"https:\/\/centre-innovation-sociale-ecologique.essec.edu\/\",\"name\":\"Centre Innovation Sociale et Ecologique\",\"description\":\"\",\"publisher\":{\"@id\":\"https:\/\/centre-innovation-sociale-ecologique.essec.edu\/#organization\"},\"potentialAction\":[{\"@type\":\"SearchAction\",\"target\":{\"@type\":\"EntryPoint\",\"urlTemplate\":\"https:\/\/centre-innovation-sociale-ecologique.essec.edu\/?s={search_term_string}\"},\"query-input\":\"required name=search_term_string\"}],\"inLanguage\":\"fr-FR\"},{\"@type\":\"Organization\",\"@id\":\"https:\/\/centre-innovation-sociale-ecologique.essec.edu\/#organization\",\"name\":\"Essec Business School\",\"url\":\"https:\/\/centre-innovation-sociale-ecologique.essec.edu\/\",\"logo\":{\"@type\":\"ImageObject\",\"inLanguage\":\"fr-FR\",\"@id\":\"https:\/\/centre-innovation-sociale-ecologique.essec.edu\/#\/schema\/logo\/image\/\",\"url\":\"https:\/\/impactinitiative.essec.edu\/wp-content\/uploads\/2020\/11\/ESSEC_BS_logo_BLANC.png\",\"contentUrl\":\"https:\/\/impactinitiative.essec.edu\/wp-content\/uploads\/2020\/11\/ESSEC_BS_logo_BLANC.png\",\"width\":546,\"height\":509,\"caption\":\"Essec Business School\"},\"image\":{\"@id\":\"https:\/\/centre-innovation-sociale-ecologique.essec.edu\/#\/schema\/logo\/image\/\"}}]}<\/script>\n<!-- \/ Yoast SEO plugin. -->","yoast_head_json":{"title":"Social and Sustainable Innovation Day - Centre Innovation Sociale et Ecologique","description":"Innovation sociale - Entrepreneuriat social - Impact","robots":{"index":"index","follow":"follow","max-snippet":"max-snippet:-1","max-image-preview":"max-image-preview:large","max-video-preview":"max-video-preview:-1"},"canonical":"https:\/\/centre-innovation-sociale-ecologique.essec.edu\/index.php\/resources-to-act\/social-and-sustainable-innovation-day\/","og_locale":"fr_FR","og_type":"article","og_title":"Social and Sustainable Innovation Day - Centre Innovation Sociale et Ecologique","og_description":"Innovation sociale - Entrepreneuriat social - Impact","og_url":"https:\/\/centre-innovation-sociale-ecologique.essec.edu\/index.php\/resources-to-act\/social-and-sustainable-innovation-day\/?lang=en","og_site_name":"Centre Innovation Sociale et Ecologique","article_modified_time":"2025-02-03T10:35:16+00:00","twitter_card":"summary_large_image","twitter_misc":{"Dur\u00e9e de lecture estim\u00e9e":"20 minutes"},"schema":{"@context":"https:\/\/schema.org","@graph":[{"@type":"WebPage","@id":"https:\/\/centre-innovation-sociale-ecologique.essec.edu\/index.php\/resources-to-act\/social-and-sustainable-innovation-day\/?lang=en","url":"https:\/\/centre-innovation-sociale-ecologique.essec.edu\/index.php\/resources-to-act\/social-and-sustainable-innovation-day\/?lang=en","name":"Social and Sustainable Innovation Day - Centre Innovation Sociale et Ecologique","isPartOf":{"@id":"https:\/\/centre-innovation-sociale-ecologique.essec.edu\/#website"},"datePublished":"2024-09-20T13:50:53+00:00","dateModified":"2025-02-03T10:35:16+00:00","description":"Innovation sociale - Entrepreneuriat social - Impact","breadcrumb":{"@id":"https:\/\/centre-innovation-sociale-ecologique.essec.edu\/index.php\/resources-to-act\/social-and-sustainable-innovation-day\/?lang=en#breadcrumb"},"inLanguage":"fr-FR","potentialAction":[{"@type":"ReadAction","target":["https:\/\/centre-innovation-sociale-ecologique.essec.edu\/index.php\/resources-to-act\/social-and-sustainable-innovation-day\/?lang=en"]}]},{"@type":"BreadcrumbList","@id":"https:\/\/centre-innovation-sociale-ecologique.essec.edu\/index.php\/resources-to-act\/social-and-sustainable-innovation-day\/?lang=en#breadcrumb","itemListElement":[{"@type":"ListItem","position":1,"name":"Home","item":"https:\/\/centre-innovation-sociale-ecologique.essec.edu\/"},{"@type":"ListItem","position":2,"name":"Social and Sustainable Innovation Day"}]},{"@type":"WebSite","@id":"https:\/\/centre-innovation-sociale-ecologique.essec.edu\/#website","url":"https:\/\/centre-innovation-sociale-ecologique.essec.edu\/","name":"Centre Innovation Sociale et Ecologique","description":"","publisher":{"@id":"https:\/\/centre-innovation-sociale-ecologique.essec.edu\/#organization"},"potentialAction":[{"@type":"SearchAction","target":{"@type":"EntryPoint","urlTemplate":"https:\/\/centre-innovation-sociale-ecologique.essec.edu\/?s={search_term_string}"},"query-input":"required name=search_term_string"}],"inLanguage":"fr-FR"},{"@type":"Organization","@id":"https:\/\/centre-innovation-sociale-ecologique.essec.edu\/#organization","name":"Essec Business School","url":"https:\/\/centre-innovation-sociale-ecologique.essec.edu\/","logo":{"@type":"ImageObject","inLanguage":"fr-FR","@id":"https:\/\/centre-innovation-sociale-ecologique.essec.edu\/#\/schema\/logo\/image\/","url":"https:\/\/impactinitiative.essec.edu\/wp-content\/uploads\/2020\/11\/ESSEC_BS_logo_BLANC.png","contentUrl":"https:\/\/impactinitiative.essec.edu\/wp-content\/uploads\/2020\/11\/ESSEC_BS_logo_BLANC.png","width":546,"height":509,"caption":"Essec Business School"},"image":{"@id":"https:\/\/centre-innovation-sociale-ecologique.essec.edu\/#\/schema\/logo\/image\/"}}]}},"_links":{"self":[{"href":"https:\/\/centre-innovation-sociale-ecologique.essec.edu\/index.php\/wp-json\/wp\/v2\/pages\/9590"}],"collection":[{"href":"https:\/\/centre-innovation-sociale-ecologique.essec.edu\/index.php\/wp-json\/wp\/v2\/pages"}],"about":[{"href":"https:\/\/centre-innovation-sociale-ecologique.essec.edu\/index.php\/wp-json\/wp\/v2\/types\/page"}],"author":[{"embeddable":true,"href":"https:\/\/centre-innovation-sociale-ecologique.essec.edu\/index.php\/wp-json\/wp\/v2\/users\/2"}],"replies":[{"embeddable":true,"href":"https:\/\/centre-innovation-sociale-ecologique.essec.edu\/index.php\/wp-json\/wp\/v2\/comments?post=9590"}],"version-history":[{"count":5,"href":"https:\/\/centre-innovation-sociale-ecologique.essec.edu\/index.php\/wp-json\/wp\/v2\/pages\/9590\/revisions"}],"predecessor-version":[{"id":9597,"href":"https:\/\/centre-innovation-sociale-ecologique.essec.edu\/index.php\/wp-json\/wp\/v2\/pages\/9590\/revisions\/9597"}],"up":[{"embeddable":true,"href":"https:\/\/centre-innovation-sociale-ecologique.essec.edu\/index.php\/wp-json\/wp\/v2\/pages\/8324"}],"wp:attachment":[{"href":"https:\/\/centre-innovation-sociale-ecologique.essec.edu\/index.php\/wp-json\/wp\/v2\/media?parent=9590"}],"curies":[{"name":"wp","href":"https:\/\/api.w.org\/{rel}","templated":true}]}}