{"id":644,"date":"2020-11-16T13:31:25","date_gmt":"2020-11-16T12:31:25","guid":{"rendered":"https:\/\/www.impactinitiative.essec.edu\/?page_id=644"},"modified":"2021-05-25T15:42:42","modified_gmt":"2021-05-25T13:42:42","slug":"developpement-local","status":"publish","type":"page","link":"https:\/\/centre-innovation-sociale-ecologique.essec.edu\/index.php\/developpement-local\/","title":{"rendered":"Les alliances qui changent les territoires"},"content":{"rendered":"<p>[et_pb_section fb_built=\u00a0\u00bb1&Prime; _builder_version=\u00a0\u00bb4.7.0&Prime; _module_preset=\u00a0\u00bbdefault\u00a0\u00bb][et_pb_row _builder_version=\u00a0\u00bb4.7.0&Prime; _module_preset=\u00a0\u00bbdefault\u00a0\u00bb max_width=\u00a0\u00bb100%\u00a0\u00bb][et_pb_column type=\u00a0\u00bb4_4&Prime; _builder_version=\u00a0\u00bb4.7.0&Prime; _module_preset=\u00a0\u00bbdefault\u00a0\u00bb][et_pb_text _builder_version=\u00a0\u00bb4.7.1&Prime; _module_preset=\u00a0\u00bbdefault\u00a0\u00bb header_font=\u00a0\u00bb|700|||||||\u00a0\u00bb header_text_align=\u00a0\u00bbcenter\u00a0\u00bb header_text_color=\u00a0\u00bb#d67e4a\u00a0\u00bb header_font_size=\u00a0\u00bb60px\u00a0\u00bb custom_margin=\u00a0\u00bb||0px|||\u00a0\u00bb]<\/p>\n<div id=\"ultimate-heading-66195fb2b39fb1d0a\" class=\"uvc-heading ult-adjust-bottom-margin ultimate-heading-66195fb2b39fb1d0a uvc-5966 \" data-hspacer=\"no_spacer\" data-halign=\"center\">\n<div class=\"uvc-main-heading ult-responsive\" data-ultimate-target=\".uvc-heading.ultimate-heading-66195fb2b39fb1d0a h1\" data-responsive-json-new=\"{&quot;font-size&quot;:&quot;&quot;,&quot;line-height&quot;:&quot;&quot;}\">\n<div id=\"ultimate-heading-43795fb6c2e9c2e51\" class=\"uvc-heading ult-adjust-bottom-margin ultimate-heading-43795fb6c2e9c2e51 uvc-856 \" data-hspacer=\"no_spacer\" data-halign=\"center\">\n<div class=\"uvc-main-heading ult-responsive\" data-ultimate-target=\".uvc-heading.ultimate-heading-43795fb6c2e9c2e51 h1\" data-responsive-json-new=\"{&quot;font-size&quot;:&quot;&quot;,&quot;line-height&quot;:&quot;&quot;}\">\n<div id=\"ultimate-heading-61915fb6c40e0c7e1\" class=\"uvc-heading ult-adjust-bottom-margin ultimate-heading-61915fb6c40e0c7e1 uvc-541 \" data-hspacer=\"no_spacer\" data-halign=\"center\">\n<div class=\"uvc-main-heading ult-responsive\" data-ultimate-target=\".uvc-heading.ultimate-heading-61915fb6c40e0c7e1 h1\" data-responsive-json-new=\"{&quot;font-size&quot;:&quot;&quot;,&quot;line-height&quot;:&quot;&quot;}\">\n<h1>Les alliances qui changent les territoires :<\/h1>\n<\/div>\n<\/div>\n<\/div>\n<\/div>\n<\/div>\n<\/div>\n<p>[\/et_pb_text][et_pb_text _builder_version=\u00a0\u00bb4.7.1&Prime; _module_preset=\u00a0\u00bbdefault\u00a0\u00bb text_font=\u00a0\u00bb|700|||||||\u00a0\u00bb text_text_color=\u00a0\u00bb#d67e4a\u00a0\u00bb text_font_size=\u00a0\u00bb27px\u00a0\u00bb header_font=\u00a0\u00bb|700|||||||\u00a0\u00bb header_text_align=\u00a0\u00bbcenter\u00a0\u00bb header_text_color=\u00a0\u00bb#d67e4a\u00a0\u00bb header_font_size=\u00a0\u00bb60px\u00a0\u00bb]<\/p>\n<div id=\"ultimate-heading-66195fb2b39fb1d0a\" class=\"uvc-heading ult-adjust-bottom-margin ultimate-heading-66195fb2b39fb1d0a uvc-5966 \" data-hspacer=\"no_spacer\" data-halign=\"center\">\n<div class=\"uvc-main-heading ult-responsive\" data-ultimate-target=\".uvc-heading.ultimate-heading-66195fb2b39fb1d0a h1\" data-responsive-json-new=\"{&quot;font-size&quot;:&quot;&quot;,&quot;line-height&quot;:&quot;&quot;}\">\n<div id=\"ultimate-heading-43795fb6c2e9c2e51\" class=\"uvc-heading ult-adjust-bottom-margin ultimate-heading-43795fb6c2e9c2e51 uvc-856 \" data-hspacer=\"no_spacer\" data-halign=\"center\">\n<div class=\"uvc-main-heading ult-responsive\" data-ultimate-target=\".uvc-heading.ultimate-heading-43795fb6c2e9c2e51 h1\" data-responsive-json-new=\"{&quot;font-size&quot;:&quot;&quot;,&quot;line-height&quot;:&quot;&quot;}\">\n<div id=\"ultimate-heading-61915fb6c40e0c7e1\" class=\"uvc-heading ult-adjust-bottom-margin ultimate-heading-61915fb6c40e0c7e1 uvc-541 \" data-hspacer=\"no_spacer\" data-halign=\"center\">\n<div class=\"uvc-main-heading ult-responsive\" data-ultimate-target=\".uvc-heading.ultimate-heading-61915fb6c40e0c7e1 h1\" data-responsive-json-new=\"{&quot;font-size&quot;:&quot;&quot;,&quot;line-height&quot;:&quot;&quot;}\">\n<p style=\"text-align: center;\">partenariats entre acteurs publics, acteurs priv\u00e9s et structures d&rsquo;int\u00e9r\u00eat g\u00e9n\u00e9ral pour le bien commun<\/p>\n<\/div>\n<\/div>\n<\/div>\n<\/div>\n<\/div>\n<\/div>\n<p>[\/et_pb_text][et_pb_code _builder_version=\u00a0\u00bb4.7.3&Prime; _module_preset=\u00a0\u00bbdefault\u00a0\u00bb]<html><!-- [et_pb_line_break_holder] -->  <head><!-- [et_pb_line_break_holder] -->    <title> D\u00e9veloppement local : les alliances territoriales <\/title><!-- [et_pb_line_break_holder] -->    <script type=\"application\/ld+json\"><!-- [et_pb_line_break_holder] -->    {<!-- [et_pb_line_break_holder] -->\t\"@context\": \"https:\/\/schema.org\",<!-- [et_pb_line_break_holder] -->\t\"@type\": \"Course\",<!-- [et_pb_line_break_holder] -->\t\"name\": \"D\u00e9veloppement local : les alliances territoriales \",<!-- [et_pb_line_break_holder] -->\t\"description\": \"D\u00e9couvrez les alliances territoriales : partenariats entre acteurs publics, acteurs priv\u00e9s et structures d'int\u00e9r\u00eat g\u00e9n\u00e9ral pour le d\u00e9veloppement local.\",<!-- [et_pb_line_break_holder] -->\t\"provider\" : {<!-- [et_pb_line_break_holder] -->\t  \"@type\": \"Organization\",<!-- [et_pb_line_break_holder] -->\t  \"name\": \"ESSEC Business School\",<!-- [et_pb_line_break_holder] -->\t  \"sameAs\": \"https:\/\/www.essec.edu\/\"<!-- [et_pb_line_break_holder] -->\t}<!-- [et_pb_line_break_holder] -->    }<!-- [et_pb_line_break_holder] -->    <\/script><!-- [et_pb_line_break_holder] -->  <\/head><!-- [et_pb_line_break_holder] --><\/html>[\/et_pb_code][\/et_pb_column][\/et_pb_row][et_pb_row column_structure=\u00a0\u00bb1_2,1_2&Prime; make_equal=\u00a0\u00bbon\u00a0\u00bb _builder_version=\u00a0\u00bb4.7.1&Prime; _module_preset=\u00a0\u00bbdefault\u00a0\u00bb max_width=\u00a0\u00bb100%\u00a0\u00bb custom_css_main_element=\u00a0\u00bbalign-items:center\u00a0\u00bb][et_pb_column type=\u00a0\u00bb1_2&Prime; _builder_version=\u00a0\u00bb4.7.0&Prime; _module_preset=\u00a0\u00bbdefault\u00a0\u00bb][et_pb_video src=\u00a0\u00bbhttps:\/\/youtu.be\/I4uf-bu9x-k\u00a0\u00bb _builder_version=\u00a0\u00bb4.7.1&Prime; _module_preset=\u00a0\u00bbdefault\u00a0\u00bb][\/et_pb_video][\/et_pb_column][et_pb_column type=\u00a0\u00bb1_2&Prime; _builder_version=\u00a0\u00bb4.7.0&Prime; _module_preset=\u00a0\u00bbdefault\u00a0\u00bb][et_pb_testimonial author=\u00a0\u00bbBIH D\u00a0\u00bb quote_icon_color=\u00a0\u00bb#d67e4a\u00a0\u00bb portrait_width=\u00a0\u00bb1px\u00a0\u00bb portrait_height=\u00a0\u00bb1px\u00a0\u00bb use_icon_font_size=\u00a0\u00bbon\u00a0\u00bb icon_font_size=\u00a0\u00bb43px\u00a0\u00bb quote_icon_last_edited=\u00a0\u00bboff|desktop\u00a0\u00bb _builder_version=\u00a0\u00bb4.7.1&Prime; _module_preset=\u00a0\u00bbdefault\u00a0\u00bb]<\/p>\n<p style=\"text-align: justify;\"><strong><span>\u00ab\u00a0<\/span>Vous avez fait un travail de synth\u00e8se et de p\u00e9dagogie excellent. J&rsquo;ai trouv\u00e9 le premier module plut\u00f4t facile, formation de juriste oblige \u00e0 mon avis, mais ensuite j&rsquo;ai \u00e0 chaque module appris de nouvelles choses. Les rubriques Prenons du Recul et Allons plus loin, sont, \u00e0 chaque fois, pertinentes. Merci pour votre travail !\u00a0<span>\u00bb<\/span><\/strong><\/p>\n<p>[\/et_pb_testimonial][et_pb_text _builder_version=\u00a0\u00bb4.7.1&Prime; _module_preset=\u00a0\u00bbdefault\u00a0\u00bb]<\/p>\n<div class=\"vc_custom_heading\">\n<p class=\"vc_custom_heading\" style=\"text-align: justify;\"><strong>Si vous voulez cr\u00e9er une alliance territoriale pour r\u00e9pondre \u00e0 des besoins sociaux et environnementaux, en rejoindre une, ou d\u00e9multiplier l\u2019impact d&rsquo;une alliance d\u00e9j\u00e0 existante, ce MOOC est pour vous !<\/strong><\/p>\n<p class=\"vc_custom_heading\" style=\"text-align: justify;\">Au travers de plus de 30 t\u00e9moignages d\u2019acteurs engag\u00e9s, ce MOOC cr\u00e9\u00e9 en partenariat avec <a href=\"https:\/\/www.lerameau.fr\/\" target=\"_blank\" rel=\"nofollow\">Le RAMEAU<\/a> vous partage les facteurs cl\u00e9s et les outils de financement \u00e0 mettre en place pour r\u00e9ussir une alliance territoriale.<\/p>\n<\/div>\n<p>[\/et_pb_text][et_pb_button button_url=\u00a0\u00bbhttps:\/\/www.coursera.org\/learn\/les-alliances-qui-changent-les-territoires?\u00a0\u00bb url_new_window=\u00a0\u00bbon\u00a0\u00bb button_text=\u00a0\u00bb S\u2019inscrire gratuitement\u00a0\u00bb _builder_version=\u00a0\u00bb4.7.1&Prime; _module_preset=\u00a0\u00bbdefault\u00a0\u00bb custom_button=\u00a0\u00bbon\u00a0\u00bb button_text_size=\u00a0\u00bb17px\u00a0\u00bb button_text_color=\u00a0\u00bb#ffffff\u00a0\u00bb button_bg_color=\u00a0\u00bb#00b2e8&Prime; button_border_radius=\u00a0\u00bb11px\u00a0\u00bb button_font=\u00a0\u00bb|600|||||||\u00a0\u00bb button_rel=\u00a0\u00bboff|off|on|off|off\u00a0\u00bb custom_padding=\u00a0\u00bb10px||10px||true|false\u00a0\u00bb][\/et_pb_button][\/et_pb_column][\/et_pb_row][\/et_pb_section][et_pb_section fb_built=\u00a0\u00bb1&Prime; _builder_version=\u00a0\u00bb4.7.0&Prime; _module_preset=\u00a0\u00bbdefault\u00a0\u00bb][et_pb_row _builder_version=\u00a0\u00bb4.7.0&Prime; _module_preset=\u00a0\u00bbdefault\u00a0\u00bb max_width=\u00a0\u00bb100%\u00a0\u00bb][et_pb_column type=\u00a0\u00bb4_4&Prime; _builder_version=\u00a0\u00bb4.7.0&Prime; _module_preset=\u00a0\u00bbdefault\u00a0\u00bb][et_pb_text _builder_version=\u00a0\u00bb4.7.7&Prime; _module_preset=\u00a0\u00bbdefault\u00a0\u00bb header_2_font=\u00a0\u00bb|700|||||||\u00a0\u00bb header_2_text_color=\u00a0\u00bb#00b2e8&Prime; header_2_font_size=\u00a0\u00bb28px\u00a0\u00bb]<\/p>\n<div id=\"ultimate-heading-54085fb2b39fbfa41\" class=\"uvc-heading ult-adjust-bottom-margin ultimate-heading-54085fb2b39fbfa41 uvc-8713 \" data-hspacer=\"no_spacer\" data-halign=\"left\">\n<div class=\"uvc-main-heading ult-responsive\" data-ultimate-target=\".uvc-heading.ultimate-heading-54085fb2b39fbfa41 h2\" data-responsive-json-new=\"{&quot;font-size&quot;:&quot;desktop:22px;&quot;,&quot;line-height&quot;:&quot;&quot;}\">\n<div id=\"ultimate-heading-42345fb6c2e9c631d\" class=\"uvc-heading ult-adjust-bottom-margin ultimate-heading-42345fb6c2e9c631d uvc-5287 \" data-hspacer=\"no_spacer\" data-halign=\"left\">\n<div class=\"uvc-main-heading ult-responsive\" data-ultimate-target=\".uvc-heading.ultimate-heading-42345fb6c2e9c631d h2\" data-responsive-json-new=\"{&quot;font-size&quot;:&quot;desktop:22px;&quot;,&quot;line-height&quot;:&quot;&quot;}\">\n<div id=\"ultimate-heading-39105fb6c40e0f9f1\" class=\"uvc-heading ult-adjust-bottom-margin ultimate-heading-39105fb6c40e0f9f1 uvc-3615 \" data-hspacer=\"no_spacer\" data-halign=\"left\">\n<div class=\"uvc-main-heading ult-responsive\" data-ultimate-target=\".uvc-heading.ultimate-heading-39105fb6c40e0f9f1 h2\" data-responsive-json-new=\"{&quot;font-size&quot;:&quot;desktop:22px;&quot;,&quot;line-height&quot;:&quot;&quot;}\">\n<h2>D\u00e9veloppement local : pourquoi co-construire en territoire ?<\/h2>\n<p>&nbsp;<\/p>\n<\/div>\n<\/div>\n<div class=\"wpb_text_column wpb_content_element \">\n<div class=\"wpb_wrapper\">\n<p style=\"text-align: justify;\">Les<span>\u00a0<\/span><a href=\"https:\/\/impactinitiative.essec.edu\/index.php\/action-publique\/\" target=\"_blank\" rel=\"nofollow\">acteurs publics<\/a><span>\u00a0<\/span>sont historiquement en charge du d\u00e9veloppement \u00e9conomique local, mais plusieurs ph\u00e9nom\u00e8nes comme une plus grande exigence des habitants, l\u2019\u00e9volution des besoins des entreprises face au d\u00e9veloppement durable, les lois de d\u00e9centralisation et surtout la baisse des dotations publiques, transforment le r\u00f4le des acteurs publics. D\u2019un statut de <span>\u00ab <\/span>gouverneurs\u00a0<span>\u00bb<\/span> \u00e0 celui de partenaires d\u2019actions collectives. Collectivit\u00e9s,<span>\u00a0<\/span><a href=\"https:\/\/impactinitiative.essec.edu\/index.php\/responsabilite-sociale-de-lentreprise\/\" target=\"_blank\" rel=\"nofollow\">entreprises<\/a>,<span>\u00a0<\/span><a href=\"https:\/\/impactinitiative.essec.edu\/index.php\/nouveaux-modeles-economiques-des-associations\/\" target=\"_blank\" rel=\"nofollow\">associations<\/a>, services d\u00e9concentr\u00e9s de l\u2019Etat\u2026, tous impact\u00e9s par les enjeux du territoire, vont donc se mobiliser ensembles pour le d\u00e9veloppement local<\/p>\n<p style=\"text-align: justify;\">Le vieillissement de la population en zone rurale par exemple va toucher \u00e0 la fois les associations aidant les personnes \u00e2g\u00e9es, les entreprises, pour qui le recrutement va devenir plus complexe, les commerces et entreprises de service dont le chiffre d\u2019affaires va baisser, et bien s\u00fbr les acteurs publics, pour qui la baisse de la population active repr\u00e9sente une charge financi\u00e8re accrue. C\u2019est finalement le fait de partager le m\u00eame territoire, et d\u2019\u00eatre soumis aux m\u00eames enjeux territoriaux, qui va \u00eatre le facteur d\u00e9clencheur d\u2019alliances innovantes.<\/p>\n<p style=\"text-align: justify;\">Bien s\u00fbr les objectifs individuels ne disparaissent pas, mais c\u2019est l\u2019enjeu propre au territoire qui pr\u00e9domine : dans l\u2019exemple de projet d\u2019action sociale de<span>\u00a0<\/span><a href=\"https:\/\/silver-geek.org\/\" target=\"_blank\" rel=\"nofollow noopener noreferrer\">Silver Geek<\/a>, l\u2019association<span>\u00a0<\/span><a href=\"https:\/\/www.solidatech.fr\/\" target=\"_blank\" rel=\"nofollow noopener noreferrer\">ADB Solidatech<\/a><span>\u00a0<\/span>souhaitait rendre accessible des outils num\u00e9riques aux publics qui en sont \u00e9loign\u00e9s,<span>\u00a0<\/span><a href=\"https:\/\/www.uniscite.fr\/\" target=\"_blank\" rel=\"nofollow noopener noreferrer\">Unis-cit\u00e9<\/a><span>\u00a0<\/span>voulait d\u00e9velopper des opportunit\u00e9s pour les jeunes souhaitant s\u2019engager, la<span>\u00a0<\/span><a href=\"https:\/\/www.fondation-macif.org\/\" target=\"_blank\" rel=\"nofollow noopener noreferrer\">Fondation MACIF<\/a><span>\u00a0<\/span>agir pour l\u2019innovation sociale<span>\u00a0<\/span>et l\u2019entreprise<span>\u00a0<\/span><a href=\"https:\/\/www.orange.fr\/portail\" target=\"_blank\" rel=\"nofollow noopener noreferrer\">Orange<\/a><span>\u00a0<\/span>mieux se positionner dans la <em>silver economy<\/em>. Autant d\u2019objectifs diff\u00e9rents, mais qui se sont cristallis\u00e9s autour d\u2019un enjeu commun : le d\u00e9veloppement local du territoire de Poitou-Charentes, et en particulier le lien inter-g\u00e9n\u00e9rationnel entre les jeunes et les seniors au travers du num\u00e9rique.<\/p>\n<p>&nbsp;<\/p>\n<p style=\"text-align: justify;\">Les alliances territoriales peuvent ainsi r\u00e9pondre \u00e0 quatre enjeux de d\u00e9veloppement local du territoire :<\/p>\n<ol>\n<li style=\"text-align: justify;\"><strong>Son d\u00e9veloppement \u00e9conomique<\/strong>, puisque ces alliances donnent lieu \u00e0 de nouvelles opportunit\u00e9s pour les acteurs du territoire qui peuvent se traduire par la cr\u00e9ation d\u2019emplois .<\/li>\n<li style=\"text-align: justify;\"><strong>L\u2019attractivit\u00e9 du territoire,<\/strong>\u00a0ces alliances redynamisent les territoires et les rendent donc plus attractifs pour leurs acteurs, tout en renfor\u00e7ant \u00e9galement l\u2019attractivit\u00e9 du territoire depuis l\u2019ext\u00e9rieur.<\/li>\n<li style=\"text-align: justify;\"><strong>La coh\u00e9sion sociale<\/strong>, puisque <span>\u00ab <\/span>les alliances am\u00e8nent des acteurs de mondes diff\u00e9rents, parfois cloisonn\u00e9s, \u00e0 se conna\u00eetre, \u00e0 comprendre leurs enjeux respectifs et \u00e0 travailler ensemble pour construire de nouvelles solutions pour le territoire, cr\u00e9ant ainsi des \u00ab communaut\u00e9s d\u2019action \u00bb.<span>\u00bb<\/span><\/li>\n<li style=\"text-align: justify;\"><strong>La qualit\u00e9 de vie<\/strong>, puisque ces alliances sont source de projets am\u00e9liorant \u00e0 la fois le cadre et les conditions de vie de ses habitants.<\/li>\n<\/ol>\n<p style=\"text-align: justify;\">La raison derri\u00e8re ces ph\u00e9nom\u00e8nes de co-construction en territoire est donc simple : les alliances territoriales permettent de r\u00e9pondre \u00e0 la fois aux enjeux du territoire, mais aussi aux enjeux propres de chacun de ses acteurs.<\/p>\n<\/div>\n<\/div>\n<\/div>\n<\/div>\n<\/div>\n<\/div>\n<p>[\/et_pb_text][et_pb_text _builder_version=\u00a0\u00bb4.7.4&Prime; _module_preset=\u00a0\u00bbdefault\u00a0\u00bb header_2_font=\u00a0\u00bb|700|||||||\u00a0\u00bb header_2_text_color=\u00a0\u00bb#00b2e8&Prime; header_2_font_size=\u00a0\u00bb28px\u00a0\u00bb]<\/p>\n<div id=\"ultimate-heading-54085fb2b39fbfa41\" class=\"uvc-heading ult-adjust-bottom-margin ultimate-heading-54085fb2b39fbfa41 uvc-8713 \" data-hspacer=\"no_spacer\" data-halign=\"left\">\n<div class=\"uvc-main-heading ult-responsive\" data-ultimate-target=\".uvc-heading.ultimate-heading-54085fb2b39fbfa41 h2\" data-responsive-json-new=\"{&quot;font-size&quot;:&quot;desktop:22px;&quot;,&quot;line-height&quot;:&quot;&quot;}\">\n<div id=\"ultimate-heading-49185fb2b39fc0ebe\" class=\"uvc-heading ult-adjust-bottom-margin ultimate-heading-49185fb2b39fc0ebe uvc-164 \" data-hspacer=\"no_spacer\" data-halign=\"left\">\n<div class=\"uvc-main-heading ult-responsive\" data-ultimate-target=\".uvc-heading.ultimate-heading-49185fb2b39fc0ebe h2\" data-responsive-json-new=\"{&quot;font-size&quot;:&quot;desktop:22px;&quot;,&quot;line-height&quot;:&quot;&quot;}\">\n<div id=\"ultimate-heading-49185fb2b39fc0ebe\" class=\"uvc-heading ult-adjust-bottom-margin ultimate-heading-49185fb2b39fc0ebe uvc-164 \" data-hspacer=\"no_spacer\" data-halign=\"left\">\n<div class=\"uvc-main-heading ult-responsive\" data-ultimate-target=\".uvc-heading.ultimate-heading-49185fb2b39fc0ebe h2\" data-responsive-json-new=\"{&quot;font-size&quot;:&quot;desktop:22px;&quot;,&quot;line-height&quot;:&quot;&quot;}\">\n<div id=\"ultimate-heading-10315fb6c2e9c6a8c\" class=\"uvc-heading ult-adjust-bottom-margin ultimate-heading-10315fb6c2e9c6a8c uvc-1581 \" data-hspacer=\"no_spacer\" data-halign=\"left\">\n<div class=\"uvc-main-heading ult-responsive\" data-ultimate-target=\".uvc-heading.ultimate-heading-10315fb6c2e9c6a8c h2\" data-responsive-json-new=\"{&quot;font-size&quot;:&quot;desktop:22px;&quot;,&quot;line-height&quot;:&quot;&quot;}\">\n<div id=\"ultimate-heading-80565fb6c40e101ba\" class=\"uvc-heading ult-adjust-bottom-margin ultimate-heading-80565fb6c40e101ba uvc-1466 \" data-hspacer=\"no_spacer\" data-halign=\"left\">\n<div class=\"uvc-main-heading ult-responsive\" data-ultimate-target=\".uvc-heading.ultimate-heading-80565fb6c40e101ba h2\" data-responsive-json-new=\"{&quot;font-size&quot;:&quot;desktop:22px;&quot;,&quot;line-height&quot;:&quot;&quot;}\">\n<h2>Partenariat entreprise &#8211; association et alliance territoriale, quelle diff\u00e9rence ?<\/h2>\n<p>&nbsp;<\/p>\n<\/div>\n<\/div>\n<div class=\"vc_empty_space\"><span class=\"vc_empty_space_inner\"><\/span><\/div>\n<div class=\"wpb_text_column wpb_content_element \">\n<div class=\"wpb_wrapper\">\n<p style=\"text-align: justify;\">Depuis une petite d\u00e9cennie, le mouvement de co-construction dans les territoires est en marche. Il s\u2019incarne pour l\u2019instant principalement dans des partenariats innovants entre entreprises et associations. Comme nous l\u2019avons vu dans le <a href=\"https:\/\/impactinitiative.essec.edu\/index.php\/les-partenariats-qui-changent-le-monde-alliances-innovantes-entre-entreprises-et-associations\/\" target=\"_blank\" rel=\"nofollow\"><strong>MOOC\u00a0\u00ab Les partenariats qui changent le monde\u00a0\u00a0\u00bb<\/strong><span>,<\/span><\/a>\u00a0ces partenariats sont tr\u00e8s divers :<span>\u00a0<\/span><a href=\"https:\/\/impactinitiative.essec.edu\/index.php\/la-philanthropie-comprendre-et-agir\/\" target=\"_blank\" rel=\"nofollow\">m\u00e9c\u00e9nat<\/a>,<span>\u00a0<\/span><a href=\"https:\/\/impactinitiative.essec.edu\/index.php\/responsabilite-sociale-de-lentreprise\/\" target=\"_blank\" rel=\"nofollow\">pratiques responsables<\/a><span>\u00a0<\/span>avec les entreprises, coop\u00e9ration \u00e9conomique et<span>\u00a0<\/span>innovation soci\u00e9tale.<\/p>\n<p style=\"text-align: justify;\">Aujourd\u2019hui l\u2019\u00e9tude du<span>\u00a0<\/span><a href=\"http:\/\/www.lerameau.fr\/\" target=\"_blank\" rel=\"nofollow noopener noreferrer\">Rameau<\/a><span>\u00a0<\/span>donne les r\u00e9sultats suivants : 38% des<span>\u00a0<\/span><a href=\"https:\/\/impactinitiative.essec.edu\/index.php\/nouveaux-modeles-economiques-des-associations\/\" target=\"_blank\" rel=\"nofollow\">associations<\/a><span>\u00a0<\/span>pratiquent le<span>\u00a0<\/span><a href=\"https:\/\/impactinitiative.essec.edu\/index.php\/les-partenariats-qui-changent-le-monde-alliances-innovantes-entre-entreprises-et-associations\/\" target=\"_blank\" rel=\"nofollow\">partenariat<\/a>, taux qui s\u2019\u00e9l\u00e8ve \u00e0 53% pour les associations employeuses. Parmi ces associations, ce sont les structures d\u2019insertion qui r\u00e9alisent le plus de partenariats. Du c\u00f4t\u00e9 des entreprises 37% des entreprises d\u2019au moins 10 salari\u00e9s d\u00e9veloppent des partenariats, taux qui monte \u00e0 49% pour les entreprises de 1000 salari\u00e9s et plus. En 2015, on d\u00e9nombrait ainsi 1,2 million de partenariats en France.<\/p>\n<p style=\"text-align: justify;\">Notons que les entreprises ne travaillent pas qu\u2019avec les associations pour le d\u00e9veloppement local. Elles d\u00e9clarent \u00e9galement d\u00e9velopper des partenariats avec des \u00e9coles et des universit\u00e9s, ou encore des clubs d\u2019entreprises par exemple. Surtout, 52% d\u2019entre elles d\u00e9veloppent des partenariats avec des collectivit\u00e9s locales.<\/p>\n<p style=\"text-align: justify;\"><strong>Mais alors, qu\u2019est-ce qui diff\u00e9rencie un partenariat entre une entreprise et une association, ou encore un partenariat entre une entreprise et une collectivit\u00e9, d\u2019une v\u00e9ritable alliance territoriale ?<\/strong><\/p>\n<p style=\"text-align: justify;\">Pour reprendre la d\u00e9finition du RAMEAU, <span>\u00ab <\/span>Le terme \u00ab alliance \u00bb d\u00e9signe le rassemblement d\u2019acteurs de mondes diff\u00e9rents \u2013 institutionnels, pouvoirs publics, entreprises, associations, acteurs acad\u00e9miques, experts,\u2026 -, ayant pour objectif d\u2019apporter des nouvelles solutions aux enjeux \u00e9conomiques, sociaux, environnementaux et soci\u00e9taux de leur \u00e9cosyst\u00e8me.\u00a0<span>\u00bb<\/span><\/p>\n<p style=\"text-align: justify;\">Il s\u2019agit donc d\u2019une v\u00e9ritable dynamique entre des acteurs vari\u00e9s qui d\u00e9cident de co-construire de nouvelles solutions au service d\u2019un enjeu territorial, un enjeu externe \u00e0 leurs structures donc. Il ne s\u2019agit pas simplement de mise \u00e0 disposition de moyens, mais bien de r\u00e9fl\u00e9chir et d\u2019agir ensemble afin de trouver des solutions adapt\u00e9es aux besoins identifi\u00e9s, en s\u2019appuyant sur les capacit\u00e9s de chacun. Il peut s\u2019agir de cr\u00e9er une solution innovante ou bien de dupliquer des solutions d\u00e9j\u00e0 existantes dans d\u2019autres territoires.<\/p>\n<\/div>\n<\/div>\n<\/div>\n<\/div>\n<\/div>\n<\/div>\n<\/div>\n<\/div>\n<\/div>\n<\/div>\n<p>[\/et_pb_text][et_pb_button button_url=\u00a0\u00bbhttps:\/\/www.coursera.org\/learn\/les-alliances-qui-changent-les-territoires?\u00a0\u00bb url_new_window=\u00a0\u00bbon\u00a0\u00bb button_text=\u00a0\u00bb S\u2019inscrire gratuitement\u00a0\u00bb _builder_version=\u00a0\u00bb4.7.1&Prime; _module_preset=\u00a0\u00bbdefault\u00a0\u00bb custom_button=\u00a0\u00bbon\u00a0\u00bb button_text_size=\u00a0\u00bb17px\u00a0\u00bb button_text_color=\u00a0\u00bb#ffffff\u00a0\u00bb button_bg_color=\u00a0\u00bb#00b2e8&Prime; button_border_radius=\u00a0\u00bb11px\u00a0\u00bb button_font=\u00a0\u00bb|600|||||||\u00a0\u00bb button_rel=\u00a0\u00bboff|off|on|off|off\u00a0\u00bb custom_padding=\u00a0\u00bb10px||10px||true|false\u00a0\u00bb][\/et_pb_button][\/et_pb_column][\/et_pb_row][\/et_pb_section][et_pb_section fb_built=\u00a0\u00bb1&Prime; _builder_version=\u00a0\u00bb4.7.0&Prime; _module_preset=\u00a0\u00bbdefault\u00a0\u00bb width=\u00a0\u00bb100%\u00a0\u00bb][et_pb_row _builder_version=\u00a0\u00bb4.7.0&Prime; _module_preset=\u00a0\u00bbdefault\u00a0\u00bb max_width=\u00a0\u00bb100%\u00a0\u00bb][et_pb_column type=\u00a0\u00bb4_4&Prime; _builder_version=\u00a0\u00bb4.7.0&Prime; _module_preset=\u00a0\u00bbdefault\u00a0\u00bb][et_pb_text _builder_version=\u00a0\u00bb4.7.0&Prime; _module_preset=\u00a0\u00bbdefault\u00a0\u00bb header_2_font=\u00a0\u00bb|700|||||||\u00a0\u00bb header_2_text_color=\u00a0\u00bb#00b2e8&Prime; header_2_font_size=\u00a0\u00bb28px\u00a0\u00bb]<\/p>\n<div id=\"ultimate-heading-54085fb2b39fbfa41\" class=\"uvc-heading ult-adjust-bottom-margin ultimate-heading-54085fb2b39fbfa41 uvc-8713 \" data-hspacer=\"no_spacer\" data-halign=\"left\">\n<div class=\"uvc-main-heading ult-responsive\" data-ultimate-target=\".uvc-heading.ultimate-heading-54085fb2b39fbfa41 h2\" data-responsive-json-new=\"{&quot;font-size&quot;:&quot;desktop:22px;&quot;,&quot;line-height&quot;:&quot;&quot;}\">\n<div id=\"ultimate-heading-49185fb2b39fc0ebe\" class=\"uvc-heading ult-adjust-bottom-margin ultimate-heading-49185fb2b39fc0ebe uvc-164 \" data-hspacer=\"no_spacer\" data-halign=\"left\">\n<div class=\"uvc-main-heading ult-responsive\" data-ultimate-target=\".uvc-heading.ultimate-heading-49185fb2b39fc0ebe h2\" data-responsive-json-new=\"{&quot;font-size&quot;:&quot;desktop:22px;&quot;,&quot;line-height&quot;:&quot;&quot;}\">\n<div id=\"ultimate-heading-49185fb2b39fc0ebe\" class=\"uvc-heading ult-adjust-bottom-margin ultimate-heading-49185fb2b39fc0ebe uvc-164 \" data-hspacer=\"no_spacer\" data-halign=\"left\">\n<div class=\"uvc-main-heading ult-responsive\" data-ultimate-target=\".uvc-heading.ultimate-heading-49185fb2b39fc0ebe h2\" data-responsive-json-new=\"{&quot;font-size&quot;:&quot;desktop:22px;&quot;,&quot;line-height&quot;:&quot;&quot;}\">\n<div id=\"ultimate-heading-95555fb2b39fc1b17\" class=\"uvc-heading ult-adjust-bottom-margin ultimate-heading-95555fb2b39fc1b17 uvc-1801 \" data-hspacer=\"no_spacer\" data-halign=\"left\">\n<div class=\"uvc-main-heading ult-responsive\" data-ultimate-target=\".uvc-heading.ultimate-heading-95555fb2b39fc1b17 h2\" data-responsive-json-new=\"{&quot;font-size&quot;:&quot;desktop:22px;&quot;,&quot;line-height&quot;:&quot;&quot;}\">\n<h2>Au programme du MOOC<\/h2>\n<\/div>\n<\/div>\n<\/div>\n<\/div>\n<\/div>\n<\/div>\n<\/div>\n<\/div>\n<p>[\/et_pb_text][\/et_pb_column][\/et_pb_row][et_pb_row column_structure=\u00a0\u00bb1_2,1_2&Prime; make_equal=\u00a0\u00bbon\u00a0\u00bb module_class=\u00a0\u00bbalign-bottom-column\u00a0\u00bb _builder_version=\u00a0\u00bb4.7.1&Prime; _module_preset=\u00a0\u00bbdefault\u00a0\u00bb max_width=\u00a0\u00bb100%\u00a0\u00bb][et_pb_column type=\u00a0\u00bb1_2&Prime; _builder_version=\u00a0\u00bb4.7.1&Prime; _module_preset=\u00a0\u00bbdefault\u00a0\u00bb custom_padding=\u00a0\u00bb20px|20px|20px|20px|true|true\u00a0\u00bb custom_css_main_element=\u00a0\u00bbdisplay: flex;||flex-flow: column;\u00a0\u00bb box_shadow_style=\u00a0\u00bbpreset1&Prime; box_shadow_color=\u00a0\u00bb#ececec\u00a0\u00bb][et_pb_text _builder_version=\u00a0\u00bb4.7.1&Prime; _module_preset=\u00a0\u00bbdefault\u00a0\u00bb header_3_font=\u00a0\u00bb|700|||||||\u00a0\u00bb header_3_font_size=\u00a0\u00bb25px\u00a0\u00bb]<\/p>\n<div id=\"ultimate-heading-27965fb2b39fc2621\" class=\"uvc-heading ult-adjust-bottom-margin ultimate-heading-27965fb2b39fc2621 uvc-1925 titre_episode\" data-hspacer=\"no_spacer\" data-halign=\"center\">\n<div class=\"uvc-main-heading ult-responsive\" data-ultimate-target=\".uvc-heading.ultimate-heading-27965fb2b39fc2621 h3\" data-responsive-json-new=\"{&quot;font-size&quot;:&quot;&quot;,&quot;line-height&quot;:&quot;&quot;}\">\n<div id=\"ultimate-heading-67865fb6c2e9c7c45\" class=\"uvc-heading ult-adjust-bottom-margin ultimate-heading-67865fb6c2e9c7c45 uvc-1324 titre_episode\" data-hspacer=\"no_spacer\" data-halign=\"center\">\n<div class=\"uvc-main-heading ult-responsive\" data-ultimate-target=\".uvc-heading.ultimate-heading-67865fb6c2e9c7c45 h3\" data-responsive-json-new=\"{&quot;font-size&quot;:&quot;&quot;,&quot;line-height&quot;:&quot;&quot;}\">\n<div id=\"ultimate-heading-1795fb6c40e111e2\" class=\"uvc-heading ult-adjust-bottom-margin ultimate-heading-1795fb6c40e111e2 uvc-2154 titre_episode\" data-hspacer=\"no_spacer\" data-halign=\"center\">\n<div class=\"uvc-main-heading ult-responsive\" data-ultimate-target=\".uvc-heading.ultimate-heading-1795fb6c40e111e2 h3\" data-responsive-json-new=\"{&quot;font-size&quot;:&quot;&quot;,&quot;line-height&quot;:&quot;&quot;}\">\n<h3>Episode 1 : Qu\u2019est-ce que le territoire et \u00e0 quels enjeux les alliances territoriales permettent-elles de r\u00e9pondre ?<\/h3>\n<p>&nbsp;<\/p>\n<\/div>\n<\/div>\n<div class=\"vc_empty_space\"><span class=\"vc_empty_space_inner\"><\/span><\/div>\n<div class=\"wpb_text_column wpb_content_element  texte_episode\">\n<div class=\"wpb_wrapper\">\n<p style=\"text-align: justify;\">Qu\u2019est-ce que le territoire, et quels en sont les acteurs principaux ? Quels enjeux le territoire repr\u00e9sente-t-il pour ses acteurs ? Pourquoi co-construire en territoire ?<\/p>\n<\/div>\n<\/div>\n<\/div>\n<\/div>\n<\/div>\n<\/div>\n<p>[\/et_pb_text][et_pb_video src=\u00a0\u00bbhttps:\/\/youtu.be\/M1MZTlTsy1w\u00a0\u00bb _builder_version=\u00a0\u00bb4.7.1&Prime; _module_preset=\u00a0\u00bbdefault\u00a0\u00bb custom_margin=\u00a0\u00bb||2px|||\u00a0\u00bb custom_css_main_element=\u00a0\u00bbmargin-top: auto;||||\u00a0\u00bb][\/et_pb_video][\/et_pb_column][et_pb_column type=\u00a0\u00bb1_2&Prime; _builder_version=\u00a0\u00bb4.7.1&Prime; _module_preset=\u00a0\u00bbdefault\u00a0\u00bb custom_padding=\u00a0\u00bb20px|20px|20px|20px|true|true\u00a0\u00bb custom_css_main_element=\u00a0\u00bbdisplay: flex;||flex-flow: column;\u00a0\u00bb box_shadow_style=\u00a0\u00bbpreset1&Prime; box_shadow_color=\u00a0\u00bb#ececec\u00a0\u00bb][et_pb_text _builder_version=\u00a0\u00bb4.7.1&Prime; _module_preset=\u00a0\u00bbdefault\u00a0\u00bb header_3_font=\u00a0\u00bb|700|||||||\u00a0\u00bb header_3_font_size=\u00a0\u00bb25px\u00a0\u00bb]<\/p>\n<div id=\"ultimate-heading-27965fb2b39fc2621\" class=\"uvc-heading ult-adjust-bottom-margin ultimate-heading-27965fb2b39fc2621 uvc-1925 titre_episode\" data-hspacer=\"no_spacer\" data-halign=\"center\">\n<div class=\"uvc-main-heading ult-responsive\" data-ultimate-target=\".uvc-heading.ultimate-heading-27965fb2b39fc2621 h3\" data-responsive-json-new=\"{&quot;font-size&quot;:&quot;&quot;,&quot;line-height&quot;:&quot;&quot;}\">\n<div id=\"ultimate-heading-4305fb2b39fc3c69\" class=\"uvc-heading ult-adjust-bottom-margin ultimate-heading-4305fb2b39fc3c69 uvc-5522 titre_episode\" data-hspacer=\"no_spacer\" data-halign=\"center\">\n<div class=\"uvc-main-heading ult-responsive\" data-ultimate-target=\".uvc-heading.ultimate-heading-4305fb2b39fc3c69 h3\" data-responsive-json-new=\"{&quot;font-size&quot;:&quot;&quot;,&quot;line-height&quot;:&quot;&quot;}\">\n<div id=\"ultimate-heading-6245fb6c2e9c8adf\" class=\"uvc-heading ult-adjust-bottom-margin ultimate-heading-6245fb6c2e9c8adf uvc-4981 titre_episode\" data-hspacer=\"no_spacer\" data-halign=\"center\">\n<div class=\"uvc-main-heading ult-responsive\" data-ultimate-target=\".uvc-heading.ultimate-heading-6245fb6c2e9c8adf h3\" data-responsive-json-new=\"{&quot;font-size&quot;:&quot;&quot;,&quot;line-height&quot;:&quot;&quot;}\">\n<div id=\"ultimate-heading-22435fb6c40e12471\" class=\"uvc-heading ult-adjust-bottom-margin ultimate-heading-22435fb6c40e12471 uvc-6018 titre_episode\" data-hspacer=\"no_spacer\" data-halign=\"center\">\n<div class=\"uvc-main-heading ult-responsive\" data-ultimate-target=\".uvc-heading.ultimate-heading-22435fb6c40e12471 h3\" data-responsive-json-new=\"{&quot;font-size&quot;:&quot;&quot;,&quot;line-height&quot;:&quot;&quot;}\">\n<h3>Episode 2 : Quelles sont les alliances \u00e0 l\u2019\u0153uvre dans les territoires ?<\/h3>\n<p>&nbsp;<\/p>\n<\/div>\n<\/div>\n<div class=\"vc_empty_space\"><span class=\"vc_empty_space_inner\"><\/span><\/div>\n<div class=\"wpb_text_column wpb_content_element  texte_episode\">\n<div class=\"wpb_wrapper\">\n<p style=\"text-align: justify;\">Quels sont les diff\u00e9rents types d\u2019alliances pouvant \u00e9clore sur le territoire, et quelles sont leurs particularit\u00e9s ? Quels sont les \u00ab\u00a0\u00e9cosyst\u00e8mes\u00a0\u00bb existants qui favorisent ces alliances en termes d\u2019animation du territoire, d\u2019accompagnement des exp\u00e9rimentations collectives et d\u2019accompagnement des partenariats ? Quel est le r\u00f4le de chacun des acteurs dans cette dynamique, et quelle est sa contribution aux enjeux du territoire ?<\/p>\n<\/div>\n<\/div>\n<\/div>\n<\/div>\n<\/div>\n<\/div>\n<\/div>\n<\/div>\n<p>[\/et_pb_text][et_pb_video src=\u00a0\u00bbhttps:\/\/youtu.be\/hehBZ1ijtio\u00a0\u00bb _builder_version=\u00a0\u00bb4.7.1&Prime; _module_preset=\u00a0\u00bbdefault\u00a0\u00bb custom_css_main_element=\u00a0\u00bbmargin-top: auto;\u00a0\u00bb][\/et_pb_video][\/et_pb_column][\/et_pb_row][et_pb_row column_structure=\u00a0\u00bb1_2,1_2&Prime; make_equal=\u00a0\u00bbon\u00a0\u00bb module_class=\u00a0\u00bbalign-bottom-column\u00a0\u00bb _builder_version=\u00a0\u00bb4.7.1&Prime; _module_preset=\u00a0\u00bbdefault\u00a0\u00bb max_width=\u00a0\u00bb100%\u00a0\u00bb][et_pb_column type=\u00a0\u00bb1_2&Prime; _builder_version=\u00a0\u00bb4.7.1&Prime; _module_preset=\u00a0\u00bbdefault\u00a0\u00bb custom_padding=\u00a0\u00bb20px|20px|20px|20px|true|true\u00a0\u00bb custom_css_main_element=\u00a0\u00bbdisplay: flex;||flex-flow: column;\u00a0\u00bb box_shadow_style=\u00a0\u00bbpreset1&Prime; box_shadow_color=\u00a0\u00bb#ececec\u00a0\u00bb][et_pb_text _builder_version=\u00a0\u00bb4.7.1&Prime; _module_preset=\u00a0\u00bbdefault\u00a0\u00bb header_3_font=\u00a0\u00bb|700|||||||\u00a0\u00bb header_3_font_size=\u00a0\u00bb25px\u00a0\u00bb]<\/p>\n<div id=\"ultimate-heading-27965fb2b39fc2621\" class=\"uvc-heading ult-adjust-bottom-margin ultimate-heading-27965fb2b39fc2621 uvc-1925 titre_episode\" data-hspacer=\"no_spacer\" data-halign=\"center\">\n<div class=\"uvc-main-heading ult-responsive\" data-ultimate-target=\".uvc-heading.ultimate-heading-27965fb2b39fc2621 h3\" data-responsive-json-new=\"{&quot;font-size&quot;:&quot;&quot;,&quot;line-height&quot;:&quot;&quot;}\">\n<div id=\"ultimate-heading-27965fb2b39fc2621\" class=\"uvc-heading ult-adjust-bottom-margin ultimate-heading-27965fb2b39fc2621 uvc-1925 titre_episode\" data-hspacer=\"no_spacer\" data-halign=\"center\">\n<div class=\"uvc-main-heading ult-responsive\" data-ultimate-target=\".uvc-heading.ultimate-heading-27965fb2b39fc2621 h3\" data-responsive-json-new=\"{&quot;font-size&quot;:&quot;&quot;,&quot;line-height&quot;:&quot;&quot;}\">\n<div id=\"ultimate-heading-44635fb2b39fc53dd\" class=\"uvc-heading ult-adjust-bottom-margin ultimate-heading-44635fb2b39fc53dd uvc-3912 titre_episode\" data-hspacer=\"no_spacer\" data-halign=\"center\">\n<div class=\"uvc-main-heading ult-responsive\" data-ultimate-target=\".uvc-heading.ultimate-heading-44635fb2b39fc53dd h3\" data-responsive-json-new=\"{&quot;font-size&quot;:&quot;&quot;,&quot;line-height&quot;:&quot;&quot;}\">\n<div id=\"ultimate-heading-54225fb6c2e9c9aef\" class=\"uvc-heading ult-adjust-bottom-margin ultimate-heading-54225fb6c2e9c9aef uvc-856 titre_episode\" data-hspacer=\"no_spacer\" data-halign=\"center\">\n<div class=\"uvc-main-heading ult-responsive\" data-ultimate-target=\".uvc-heading.ultimate-heading-54225fb6c2e9c9aef h3\" data-responsive-json-new=\"{&quot;font-size&quot;:&quot;&quot;,&quot;line-height&quot;:&quot;&quot;}\">\n<div id=\"ultimate-heading-48375fb6c40e137cd\" class=\"uvc-heading ult-adjust-bottom-margin ultimate-heading-48375fb6c40e137cd uvc-3667 titre_episode\" data-hspacer=\"no_spacer\" data-halign=\"center\">\n<div class=\"uvc-main-heading ult-responsive\" data-ultimate-target=\".uvc-heading.ultimate-heading-48375fb6c40e137cd h3\" data-responsive-json-new=\"{&quot;font-size&quot;:&quot;&quot;,&quot;line-height&quot;:&quot;&quot;}\">\n<h3>Episode 3 : Comment co-construire des alliances innovantes dans les territoires ?<\/h3>\n<p>&nbsp;<\/p>\n<\/div>\n<\/div>\n<div class=\"wpb_text_column wpb_content_element  texte_episode\">\n<div class=\"wpb_wrapper\">\n<p style=\"text-align: justify;\">Comment identifier les enjeux propres \u00e0 un territoire et adapter les alliances \u00e0 ces enjeux? Quels sont les dispositifs permettant de soutenir ces alliances ? Pourquoi et comment les \u00e9valuer ?<\/p>\n<\/div>\n<\/div>\n<\/div>\n<\/div>\n<\/div>\n<\/div>\n<\/div>\n<\/div>\n<\/div>\n<\/div>\n<p>[\/et_pb_text][et_pb_video src=\u00a0\u00bbhttps:\/\/youtu.be\/xDE8UUgh814&Prime; _builder_version=\u00a0\u00bb4.7.1&Prime; _module_preset=\u00a0\u00bbdefault\u00a0\u00bb custom_margin=\u00a0\u00bb||2px|||\u00a0\u00bb custom_css_main_element=\u00a0\u00bbmargin-top: auto;||||\u00a0\u00bb][\/et_pb_video][\/et_pb_column][et_pb_column type=\u00a0\u00bb1_2&Prime; _builder_version=\u00a0\u00bb4.7.1&Prime; _module_preset=\u00a0\u00bbdefault\u00a0\u00bb custom_padding=\u00a0\u00bb20px|20px|20px|20px|true|true\u00a0\u00bb custom_css_main_element=\u00a0\u00bbdisplay: flex;||flex-flow: column;\u00a0\u00bb box_shadow_style=\u00a0\u00bbpreset1&Prime; box_shadow_color=\u00a0\u00bb#ececec\u00a0\u00bb][et_pb_text _builder_version=\u00a0\u00bb4.7.1&Prime; _module_preset=\u00a0\u00bbdefault\u00a0\u00bb header_3_font=\u00a0\u00bb|700|||||||\u00a0\u00bb header_3_font_size=\u00a0\u00bb25px\u00a0\u00bb]<\/p>\n<div id=\"ultimate-heading-27965fb2b39fc2621\" class=\"uvc-heading ult-adjust-bottom-margin ultimate-heading-27965fb2b39fc2621 uvc-1925 titre_episode\" data-hspacer=\"no_spacer\" data-halign=\"center\">\n<div class=\"uvc-main-heading ult-responsive\" data-ultimate-target=\".uvc-heading.ultimate-heading-27965fb2b39fc2621 h3\" data-responsive-json-new=\"{&quot;font-size&quot;:&quot;&quot;,&quot;line-height&quot;:&quot;&quot;}\">\n<div id=\"ultimate-heading-4305fb2b39fc3c69\" class=\"uvc-heading ult-adjust-bottom-margin ultimate-heading-4305fb2b39fc3c69 uvc-5522 titre_episode\" data-hspacer=\"no_spacer\" data-halign=\"center\">\n<div class=\"uvc-main-heading ult-responsive\" data-ultimate-target=\".uvc-heading.ultimate-heading-4305fb2b39fc3c69 h3\" data-responsive-json-new=\"{&quot;font-size&quot;:&quot;&quot;,&quot;line-height&quot;:&quot;&quot;}\">\n<div id=\"ultimate-heading-27965fb2b39fc2621\" class=\"uvc-heading ult-adjust-bottom-margin ultimate-heading-27965fb2b39fc2621 uvc-1925 titre_episode\" data-hspacer=\"no_spacer\" data-halign=\"center\">\n<div class=\"uvc-main-heading ult-responsive\" data-ultimate-target=\".uvc-heading.ultimate-heading-27965fb2b39fc2621 h3\" data-responsive-json-new=\"{&quot;font-size&quot;:&quot;&quot;,&quot;line-height&quot;:&quot;&quot;}\">\n<div id=\"ultimate-heading-4305fb2b39fc3c69\" class=\"uvc-heading ult-adjust-bottom-margin ultimate-heading-4305fb2b39fc3c69 uvc-5522 titre_episode\" data-hspacer=\"no_spacer\" data-halign=\"center\">\n<div class=\"uvc-main-heading ult-responsive\" data-ultimate-target=\".uvc-heading.ultimate-heading-4305fb2b39fc3c69 h3\" data-responsive-json-new=\"{&quot;font-size&quot;:&quot;&quot;,&quot;line-height&quot;:&quot;&quot;}\">\n<div id=\"ultimate-heading-97465fb2b39fc6922\" class=\"uvc-heading ult-adjust-bottom-margin ultimate-heading-97465fb2b39fc6922 uvc-6180 titre_episode\" data-hspacer=\"no_spacer\" data-halign=\"center\">\n<div class=\"uvc-main-heading ult-responsive\" data-ultimate-target=\".uvc-heading.ultimate-heading-97465fb2b39fc6922 h3\" data-responsive-json-new=\"{&quot;font-size&quot;:&quot;&quot;,&quot;line-height&quot;:&quot;&quot;}\">\n<div id=\"ultimate-heading-83265fb6c2e9ca9a6\" class=\"uvc-heading ult-adjust-bottom-margin ultimate-heading-83265fb6c2e9ca9a6 uvc-6532 titre_episode\" data-hspacer=\"no_spacer\" data-halign=\"center\">\n<div class=\"uvc-main-heading ult-responsive\" data-ultimate-target=\".uvc-heading.ultimate-heading-83265fb6c2e9ca9a6 h3\" data-responsive-json-new=\"{&quot;font-size&quot;:&quot;&quot;,&quot;line-height&quot;:&quot;&quot;}\">\n<div id=\"ultimate-heading-61715fb6c40e149be\" class=\"uvc-heading ult-adjust-bottom-margin ultimate-heading-61715fb6c40e149be uvc-5365 titre_episode\" data-hspacer=\"no_spacer\" data-halign=\"center\">\n<div class=\"uvc-main-heading ult-responsive\" data-ultimate-target=\".uvc-heading.ultimate-heading-61715fb6c40e149be h3\" data-responsive-json-new=\"{&quot;font-size&quot;:&quot;&quot;,&quot;line-height&quot;:&quot;&quot;}\">\n<h3>Episode 4 : Comment d\u00e9multiplier l\u2019impact de ces alliances territoriales ?<\/h3>\n<p>&nbsp;<\/p>\n<\/div>\n<\/div>\n<div class=\"vc_empty_space\"><span class=\"vc_empty_space_inner\"><\/span><\/div>\n<div class=\"wpb_text_column wpb_content_element  texte_episode\">\n<div class=\"wpb_wrapper\">\n<p style=\"text-align: justify;\">Quels sont les facteurs cl\u00e9s de succ\u00e8s de ces alliances ? Pourquoi et comment faire changer d\u2019\u00e9chelle les innovations sociales en territoire ? Quels instruments et outils de financement existent-t-ils pour d\u00e9multiplier ces alliances ?<\/p>\n<\/div>\n<\/div>\n<\/div>\n<\/div>\n<\/div>\n<\/div>\n<\/div>\n<\/div>\n<\/div>\n<\/div>\n<\/div>\n<\/div>\n<\/div>\n<\/div>\n<p>[\/et_pb_text][et_pb_video src=\u00a0\u00bbhttps:\/\/youtu.be\/AfmSwzzl0ws\u00a0\u00bb _builder_version=\u00a0\u00bb4.7.1&Prime; _module_preset=\u00a0\u00bbdefault\u00a0\u00bb custom_css_main_element=\u00a0\u00bbmargin-top: auto;\u00a0\u00bb][\/et_pb_video][\/et_pb_column][\/et_pb_row][\/et_pb_section][et_pb_section fb_built=\u00a0\u00bb1&Prime; admin_label=\u00a0\u00bbNos autres MOOCs\u00a0\u00bb _builder_version=\u00a0\u00bb4.7.7&Prime; _module_preset=\u00a0\u00bbdefault\u00a0\u00bb custom_padding=\u00a0\u00bb||0px|||\u00a0\u00bb global_module=\u00a0\u00bb821&Prime; saved_tabs=\u00a0\u00bball\u00a0\u00bb][et_pb_row admin_label=\u00a0\u00bbNos autres MOOCs\u00a0\u00bb _builder_version=\u00a0\u00bb4.7.0&Prime; _module_preset=\u00a0\u00bbdefault\u00a0\u00bb max_width=\u00a0\u00bb100%\u00a0\u00bb custom_margin=\u00a0\u00bb0px|auto||auto||\u00a0\u00bb custom_padding=\u00a0\u00bb||0px|||\u00a0\u00bb][et_pb_column type=\u00a0\u00bb4_4&Prime; _builder_version=\u00a0\u00bb4.7.0&Prime; _module_preset=\u00a0\u00bbdefault\u00a0\u00bb][et_pb_code _builder_version=\u00a0\u00bb4.7.7&Prime; _module_preset=\u00a0\u00bbdefault\u00a0\u00bb]<script><!-- [et_pb_line_break_holder] -->jQuery(function($){<!-- [et_pb_line_break_holder] -->var backButton = $('.back-button');<!-- [et_pb_line_break_holder] -->var nextButton = $('.next-button');<!-- [et_pb_line_break_holder] -->$('.trombi-items').slick({<!-- [et_pb_line_break_holder] -->slidesToShow: 4,<!-- [et_pb_line_break_holder] -->slidesToScroll: 1,<!-- [et_pb_line_break_holder] -->autoplay: true,<!-- [et_pb_line_break_holder] -->autoplaySpeed: 1500,<!-- [et_pb_line_break_holder] -->prevArrow: backButton,<!-- [et_pb_line_break_holder] -->nextArrow: nextButton,<!-- [et_pb_line_break_holder] -->pauseOnHover: true,<!-- [et_pb_line_break_holder] -->responsive: [{<!-- [et_pb_line_break_holder] -->breakpoint: 1079,<!-- [et_pb_line_break_holder] -->settings: {<!-- [et_pb_line_break_holder] -->slidesToShow: 2<!-- [et_pb_line_break_holder] -->}<!-- [et_pb_line_break_holder] -->}]<!-- [et_pb_line_break_holder] -->});<!-- [et_pb_line_break_holder] -->});<!-- [et_pb_line_break_holder] --><\/script>[\/et_pb_code][et_pb_code _builder_version=\u00a0\u00bb4.7.7&Prime; _module_preset=\u00a0\u00bbdefault\u00a0\u00bb]<\/p>\n<style> <!-- [et_pb_line_break_holder] -->.slick-slide<!-- [et_pb_line_break_holder] -->{<!-- [et_pb_line_break_holder] -->float: left;<!-- [et_pb_line_break_holder] -->}<!-- [et_pb_line_break_holder] --><\/style>\n<p>[\/et_pb_code][\/et_pb_column][\/et_pb_row][et_pb_row admin_label=\u00a0\u00bbCarrousel nos autres MOOCs\u00a0\u00bb _builder_version=\u00a0\u00bb4.7.7&Prime; _module_preset=\u00a0\u00bbdefault\u00a0\u00bb width=\u00a0\u00bb90%\u00a0\u00bb max_width=\u00a0\u00bb100%\u00a0\u00bb custom_padding=\u00a0\u00bb||0px|||\u00a0\u00bb][et_pb_column type=\u00a0\u00bb4_4&Prime; module_class=\u00a0\u00bbtrombi-items slider\u00a0\u00bb _builder_version=\u00a0\u00bb4.7.0&Prime; _module_preset=\u00a0\u00bbdefault\u00a0\u00bb overflow-x=\u00a0\u00bbhidden\u00a0\u00bb overflow-y=\u00a0\u00bbhidden\u00a0\u00bb][et_pb_text admin_label=\u00a0\u00bbL&rsquo;entrepreneuriat social : de l&rsquo;envie au projet\u00a0\u00bb _builder_version=\u00a0\u00bb4.7.7&Prime; _dynamic_attributes=\u00a0\u00bblink_option_url\u00a0\u00bb _module_preset=\u00a0\u00bbdefault\u00a0\u00bb header_3_font=\u00a0\u00bb|700|||||||\u00a0\u00bb header_4_font=\u00a0\u00bb|700|||||||\u00a0\u00bb header_4_text_color=\u00a0\u00bb#44a2a4&Prime; header_4_font_size=\u00a0\u00bb16px\u00a0\u00bb background_enable_color=\u00a0\u00bboff\u00a0\u00bb width=\u00a0\u00bb21vw\u00a0\u00bb custom_margin=\u00a0\u00bb0px|1vw|0px|1vw|true|true\u00a0\u00bb link_option_url=\u00a0\u00bb@ET-DC@eyJkeW5hbWljIjp0cnVlLCJjb250ZW50IjoicG9zdF9saW5rX3VybF9wYWdlIiwic2V0dGluZ3MiOnsicG9zdF9pZCI6IjUzMiJ9fQ==@\u00a0\u00bb background__hover_enabled=\u00a0\u00bbon|hover\u00a0\u00bb background_color__hover=\u00a0\u00bb#ececec\u00a0\u00bb background_enable_color__hover=\u00a0\u00bbon\u00a0\u00bb]<\/p>\n<p style=\"text-align: justify;\"><img decoding=\"async\" loading=\"lazy\" class=\"wp-image-662 alignnone size-medium\" src=\"https:\/\/www.impactinitiative.essec.edu\/wp-content\/uploads\/2020\/11\/ES-De-lenvie-au-projet-346x346-1-300x300.png\" alt=\"\" width=\"300\" height=\"300\" srcset=\"https:\/\/centre-innovation-sociale-ecologique.essec.edu\/wp-content\/uploads\/2020\/11\/ES-De-lenvie-au-projet-346x346-1-300x300.png 300w, https:\/\/centre-innovation-sociale-ecologique.essec.edu\/wp-content\/uploads\/2020\/11\/ES-De-lenvie-au-projet-346x346-1-150x150.png 150w, https:\/\/centre-innovation-sociale-ecologique.essec.edu\/wp-content\/uploads\/2020\/11\/ES-De-lenvie-au-projet-346x346-1.png 346w\" sizes=\"(max-width: 300px) 100vw, 300px\" \/><\/p>\n<h3 style=\"text-align: center;\">L&rsquo;entrepreneuriat social : de l&rsquo;envie au projet<\/h3>\n<p style=\"text-align: justify;\">4 ans apr\u00e8s sa premi\u00e8re \u00e9dition, le MOOC fait peau neuve et revient avec une vingtaine de nouveaux t\u00e9moignages inspirants !<\/p>\n<p>[\/et_pb_text][et_pb_text admin_label=\u00a0\u00bbL&rsquo;entrepreneuriat social : faire son business plan\u00a0\u00bb _builder_version=\u00a0\u00bb4.7.7&Prime; _dynamic_attributes=\u00a0\u00bblink_option_url\u00a0\u00bb _module_preset=\u00a0\u00bbdefault\u00a0\u00bb header_3_font=\u00a0\u00bb|700|||||||\u00a0\u00bb header_4_font=\u00a0\u00bb|700|||||||\u00a0\u00bb header_4_text_color=\u00a0\u00bb#44a2a4&Prime; header_4_font_size=\u00a0\u00bb16px\u00a0\u00bb background_enable_color=\u00a0\u00bboff\u00a0\u00bb width=\u00a0\u00bb21vw\u00a0\u00bb custom_margin=\u00a0\u00bb0px|1vw|0px|1vw|true|true\u00a0\u00bb link_option_url=\u00a0\u00bb@ET-DC@eyJkeW5hbWljIjp0cnVlLCJjb250ZW50IjoicG9zdF9saW5rX3VybF9wYWdlIiwic2V0dGluZ3MiOnsicG9zdF9pZCI6IjUzNCJ9fQ==@\u00a0\u00bb background_color__hover=\u00a0\u00bb#ececec\u00a0\u00bb background_enable_color__hover=\u00a0\u00bbon\u00a0\u00bb background__hover_enabled=\u00a0\u00bbon|hover\u00a0\u00bb]<\/p>\n<p><img decoding=\"async\" loading=\"lazy\" class=\"wp-image-661 alignnone size-medium\" style=\"display: block; margin-left: auto; margin-right: auto;\" src=\"https:\/\/www.impactinitiative.essec.edu\/wp-content\/uploads\/2020\/11\/MOOC-changer-le-monde-1-e1595322902763-346x346-1-300x300.png\" alt=\"\" width=\"300\" height=\"300\" srcset=\"https:\/\/centre-innovation-sociale-ecologique.essec.edu\/wp-content\/uploads\/2020\/11\/MOOC-changer-le-monde-1-e1595322902763-346x346-1-300x300.png 300w, https:\/\/centre-innovation-sociale-ecologique.essec.edu\/wp-content\/uploads\/2020\/11\/MOOC-changer-le-monde-1-e1595322902763-346x346-1-150x150.png 150w, https:\/\/centre-innovation-sociale-ecologique.essec.edu\/wp-content\/uploads\/2020\/11\/MOOC-changer-le-monde-1-e1595322902763-346x346-1.png 346w\" sizes=\"(max-width: 300px) 100vw, 300px\" \/><\/p>\n<h3 style=\"text-align: center;\">L&rsquo;entrepreneuriat social : faire son business plan<\/h3>\n<p>D\u00e9couvrez l\u2019outil du Business Plan Social formalis\u00e9 par l\u2019ESSEC en partenariat avec Ashoka et McKinsey.<\/p>\n<p>[\/et_pb_text][et_pb_text admin_label=\u00a0\u00bbL&rsquo;entrepreneuriat social : changer d&rsquo;\u00e9chelle\u00a0\u00bb _builder_version=\u00a0\u00bb4.7.7&Prime; _dynamic_attributes=\u00a0\u00bblink_option_url\u00a0\u00bb _module_preset=\u00a0\u00bbdefault\u00a0\u00bb header_3_font=\u00a0\u00bb|700|||||||\u00a0\u00bb header_4_font=\u00a0\u00bb|700|||||||\u00a0\u00bb header_4_text_color=\u00a0\u00bb#44a2a4&Prime; header_4_font_size=\u00a0\u00bb16px\u00a0\u00bb background_enable_color=\u00a0\u00bboff\u00a0\u00bb width=\u00a0\u00bb21vw\u00a0\u00bb custom_margin=\u00a0\u00bb0px|1vw|0px|1vw|true|true\u00a0\u00bb link_option_url=\u00a0\u00bb@ET-DC@eyJkeW5hbWljIjp0cnVlLCJjb250ZW50IjoicG9zdF9saW5rX3VybF9wYWdlIiwic2V0dGluZ3MiOnsicG9zdF9pZCI6IjU0NyJ9fQ==@\u00a0\u00bb background_color__hover=\u00a0\u00bb#ececec\u00a0\u00bb background_enable_color__hover=\u00a0\u00bbon\u00a0\u00bb background__hover_enabled=\u00a0\u00bbon|hover\u00a0\u00bb]<\/p>\n<p><img decoding=\"async\" loading=\"lazy\" class=\"alignnone wp-image-1503 size-medium\" style=\"display: block; margin-left: auto; margin-right: auto;\" src=\"https:\/\/impactinitiative.essec.edu\/wp-content\/uploads\/2021\/04\/visuel_coursera1_changer_echelle-3-346x346-e1618584019419-300x300.png\" alt=\"changer d'\u00e9chelle\" width=\"300\" height=\"300\" srcset=\"https:\/\/centre-innovation-sociale-ecologique.essec.edu\/wp-content\/uploads\/2021\/04\/visuel_coursera1_changer_echelle-3-346x346-e1618584019419-300x300.png 300w, https:\/\/centre-innovation-sociale-ecologique.essec.edu\/wp-content\/uploads\/2021\/04\/visuel_coursera1_changer_echelle-3-346x346-e1618584019419-150x150.png 150w, https:\/\/centre-innovation-sociale-ecologique.essec.edu\/wp-content\/uploads\/2021\/04\/visuel_coursera1_changer_echelle-3-346x346-e1618584019419.png 346w\" sizes=\"(max-width: 300px) 100vw, 300px\" \/><\/p>\n<h3 style=\"text-align: center;\">L&rsquo;entrepreneuriat social : changer d&rsquo;\u00e9chelle<\/h3>\n<p style=\"text-align: justify;\">Si vous cherchez \u00e0 d\u00e9velopper l\u2019activit\u00e9 de votre organisation pour changer d\u2019\u00e9chelle et maximiser son impact social ce MOOC est pour vous !<\/p>\n<p>[\/et_pb_text][et_pb_text admin_label=\u00a0\u00bbL&rsquo;impact investing : comprendre les fondamentaux\u00a0\u00bb _builder_version=\u00a0\u00bb4.7.7&Prime; _dynamic_attributes=\u00a0\u00bblink_option_url\u00a0\u00bb _module_preset=\u00a0\u00bbdefault\u00a0\u00bb header_3_font=\u00a0\u00bb|700|||||||\u00a0\u00bb header_4_font=\u00a0\u00bb|700|||||||\u00a0\u00bb header_4_text_color=\u00a0\u00bb#44a2a4&Prime; header_4_font_size=\u00a0\u00bb16px\u00a0\u00bb background_enable_color=\u00a0\u00bboff\u00a0\u00bb width=\u00a0\u00bb21vw\u00a0\u00bb custom_margin=\u00a0\u00bb0px|1vw|0px|1vw|true|true\u00a0\u00bb link_option_url=\u00a0\u00bb@ET-DC@eyJkeW5hbWljIjp0cnVlLCJjb250ZW50IjoicG9zdF9saW5rX3VybF9wYWdlIiwic2V0dGluZ3MiOnsicG9zdF9pZCI6IjUzMiJ9fQ==@\u00a0\u00bb background_color__hover=\u00a0\u00bb#ececec\u00a0\u00bb background_enable_color__hover=\u00a0\u00bbon\u00a0\u00bb background__hover_enabled=\u00a0\u00bbon|hover\u00a0\u00bb]<\/p>\n<p><img decoding=\"async\" loading=\"lazy\" src=\"https:\/\/impactinitiative.essec.edu\/wp-content\/uploads\/2020\/11\/Impact-investing-346x346-1-300x300.png\" width=\"300\" height=\"300\" alt=\"Logo MOOC Impact Investing\" class=\"wp-image-663 aligncenter size-medium\" srcset=\"https:\/\/centre-innovation-sociale-ecologique.essec.edu\/wp-content\/uploads\/2020\/11\/Impact-investing-346x346-1-300x300.png 300w, https:\/\/centre-innovation-sociale-ecologique.essec.edu\/wp-content\/uploads\/2020\/11\/Impact-investing-346x346-1-150x150.png 150w, https:\/\/centre-innovation-sociale-ecologique.essec.edu\/wp-content\/uploads\/2020\/11\/Impact-investing-346x346-1.png 346w\" sizes=\"(max-width: 300px) 100vw, 300px\" \/><\/p>\n<h3 style=\"text-align: center;\">L&rsquo;impact investing : comprendre les fondamentaux<\/h3>\n<p style=\"text-align: justify;\">S\u00e9rie de 3 MOOCs sur le th\u00e8me de l\u2019impact investing pour former les entrepreneurs sociaux et financeurs \u201c\u00e0 impact\u201d.<\/p>\n<p>[\/et_pb_text][et_pb_text admin_label=\u00a0\u00bbL&rsquo;impact investing : \u00eatre acteur\u00a0\u00bb _builder_version=\u00a0\u00bb4.7.7&Prime; _dynamic_attributes=\u00a0\u00bblink_option_url\u00a0\u00bb _module_preset=\u00a0\u00bbdefault\u00a0\u00bb header_3_font=\u00a0\u00bb|700|||||||\u00a0\u00bb header_4_font=\u00a0\u00bb|700|||||||\u00a0\u00bb header_4_text_color=\u00a0\u00bb#44a2a4&Prime; header_4_font_size=\u00a0\u00bb16px\u00a0\u00bb background_enable_color=\u00a0\u00bboff\u00a0\u00bb width=\u00a0\u00bb21vw\u00a0\u00bb custom_margin=\u00a0\u00bb0px|1vw|0px|1vw|true|true\u00a0\u00bb link_option_url=\u00a0\u00bb@ET-DC@eyJkeW5hbWljIjp0cnVlLCJjb250ZW50IjoicG9zdF9saW5rX3VybF9wYWdlIiwic2V0dGluZ3MiOnsicG9zdF9pZCI6IjU3MCJ9fQ==@\u00a0\u00bb background_color__hover=\u00a0\u00bb#ececec\u00a0\u00bb background_enable_color__hover=\u00a0\u00bbon\u00a0\u00bb background__hover_enabled=\u00a0\u00bbon|hover\u00a0\u00bb]<\/p>\n<p><img decoding=\"async\" loading=\"lazy\" class=\"wp-image-663 alignnone size-medium\" style=\"display: block; margin-left: auto; margin-right: auto;\" src=\"https:\/\/www.impactinitiative.essec.edu\/wp-content\/uploads\/2020\/11\/Impact-investing-346x346-1-300x300.png\" alt=\"\" width=\"300\" height=\"300\" srcset=\"https:\/\/centre-innovation-sociale-ecologique.essec.edu\/wp-content\/uploads\/2020\/11\/Impact-investing-346x346-1-300x300.png 300w, https:\/\/centre-innovation-sociale-ecologique.essec.edu\/wp-content\/uploads\/2020\/11\/Impact-investing-346x346-1-150x150.png 150w, https:\/\/centre-innovation-sociale-ecologique.essec.edu\/wp-content\/uploads\/2020\/11\/Impact-investing-346x346-1.png 346w\" sizes=\"(max-width: 300px) 100vw, 300px\" \/><\/p>\n<h3 style=\"text-align: center;\">L&rsquo;impact investing : \u00eatre acteur<\/h3>\n<p style=\"text-align: justify;\">Pr\u00e9parez votre lev\u00e9e de fonds \u00e0 impact gr\u00e2ce \u00e0 ce deuxi\u00e8me MOOC indispensable pour les financeurs, entrepreneurs sociaux ou incubateurs !<\/p>\n<p>[\/et_pb_text][et_pb_text admin_label=\u00a0\u00bbL&rsquo;impact investing : innover\u00a0\u00bb _builder_version=\u00a0\u00bb4.7.7&Prime; _dynamic_attributes=\u00a0\u00bblink_option_url\u00a0\u00bb _module_preset=\u00a0\u00bbdefault\u00a0\u00bb header_3_font=\u00a0\u00bb|700|||||||\u00a0\u00bb header_4_font=\u00a0\u00bb|700|||||||\u00a0\u00bb header_4_text_color=\u00a0\u00bb#44a2a4&Prime; header_4_font_size=\u00a0\u00bb16px\u00a0\u00bb background_enable_color=\u00a0\u00bboff\u00a0\u00bb width=\u00a0\u00bb21vw\u00a0\u00bb custom_margin=\u00a0\u00bb0px|1vw|0px|1vw|true|true\u00a0\u00bb link_option_url=\u00a0\u00bb@ET-DC@eyJkeW5hbWljIjp0cnVlLCJjb250ZW50IjoicG9zdF9saW5rX3VybF9wYWdlIiwic2V0dGluZ3MiOnsicG9zdF9pZCI6IjY0MCJ9fQ==@\u00a0\u00bb background_color__hover=\u00a0\u00bb#ececec\u00a0\u00bb background_enable_color__hover=\u00a0\u00bbon\u00a0\u00bb background__hover_enabled=\u00a0\u00bbon|hover\u00a0\u00bb]<\/p>\n<p><img decoding=\"async\" loading=\"lazy\" class=\"wp-image-663 alignnone size-medium\" style=\"display: block; margin-left: auto; margin-right: auto;\" src=\"https:\/\/www.impactinitiative.essec.edu\/wp-content\/uploads\/2020\/11\/Impact-investing-346x346-1-300x300.png\" alt=\"\" width=\"300\" height=\"300\" srcset=\"https:\/\/centre-innovation-sociale-ecologique.essec.edu\/wp-content\/uploads\/2020\/11\/Impact-investing-346x346-1-300x300.png 300w, https:\/\/centre-innovation-sociale-ecologique.essec.edu\/wp-content\/uploads\/2020\/11\/Impact-investing-346x346-1-150x150.png 150w, https:\/\/centre-innovation-sociale-ecologique.essec.edu\/wp-content\/uploads\/2020\/11\/Impact-investing-346x346-1.png 346w\" sizes=\"(max-width: 300px) 100vw, 300px\" \/><\/p>\n<h3 style=\"text-align: center;\">L&rsquo;impact investing : innover<\/h3>\n<p style=\"text-align: justify;\">Ce dernier MOOC sur le th\u00e8me de l\u2019impact investing s\u2019int\u00e9resse au d\u00e9veloppement et au perfectionnement des outils de financement.<\/p>\n<p>[\/et_pb_text][et_pb_text admin_label=\u00a0\u00bbLes partenariats qui changent le monde\u00a0\u00bb _builder_version=\u00a0\u00bb4.7.7&Prime; _dynamic_attributes=\u00a0\u00bblink_option_url\u00a0\u00bb _module_preset=\u00a0\u00bbdefault\u00a0\u00bb header_3_font=\u00a0\u00bb|700|||||||\u00a0\u00bb header_4_font=\u00a0\u00bb|700|||||||\u00a0\u00bb header_4_text_color=\u00a0\u00bb#44a2a4&Prime; header_4_font_size=\u00a0\u00bb16px\u00a0\u00bb background_enable_color=\u00a0\u00bboff\u00a0\u00bb width=\u00a0\u00bb21vw\u00a0\u00bb custom_margin=\u00a0\u00bb0px|1vw|0px|1vw|true|true\u00a0\u00bb link_option_url=\u00a0\u00bb@ET-DC@eyJkeW5hbWljIjp0cnVlLCJjb250ZW50IjoicG9zdF9saW5rX3VybF9wYWdlIiwic2V0dGluZ3MiOnsicG9zdF9pZCI6IjUzMiJ9fQ==@\u00a0\u00bb background_color__hover=\u00a0\u00bb#ececec\u00a0\u00bb background_enable_color__hover=\u00a0\u00bbon\u00a0\u00bb background__hover_enabled=\u00a0\u00bbon|hover\u00a0\u00bb]<\/p>\n<p><img decoding=\"async\" loading=\"lazy\" class=\"wp-image-667 alignnone size-medium\" style=\"display: block; margin-left: auto; margin-right: auto;\" src=\"https:\/\/www.impactinitiative.essec.edu\/wp-content\/uploads\/2020\/11\/Partenariats-qui-changent-le-monde-346x346-1-300x300.png\" alt=\"\" width=\"300\" height=\"300\" srcset=\"https:\/\/centre-innovation-sociale-ecologique.essec.edu\/wp-content\/uploads\/2020\/11\/Partenariats-qui-changent-le-monde-346x346-1-300x300.png 300w, https:\/\/centre-innovation-sociale-ecologique.essec.edu\/wp-content\/uploads\/2020\/11\/Partenariats-qui-changent-le-monde-346x346-1-150x150.png 150w, https:\/\/centre-innovation-sociale-ecologique.essec.edu\/wp-content\/uploads\/2020\/11\/Partenariats-qui-changent-le-monde-346x346-1.png 346w\" sizes=\"(max-width: 300px) 100vw, 300px\" \/><\/p>\n<h3 style=\"text-align: center;\">Les partenariats qui changent le monde<\/h3>\n<p style=\"text-align: justify;\">Cr\u00e9\u00e9 en partenariat avec Le RAMEAU pour appr\u00e9hender la dynamique des partenariats entre entreprises et associations.<\/p>\n<p>[\/et_pb_text][et_pb_text admin_label=\u00a0\u00bbLes alliances qui changent les territoires\u00a0\u00bb _builder_version=\u00a0\u00bb4.7.7&Prime; _dynamic_attributes=\u00a0\u00bblink_option_url\u00a0\u00bb _module_preset=\u00a0\u00bbdefault\u00a0\u00bb header_3_font=\u00a0\u00bb|700|||||||\u00a0\u00bb header_4_font=\u00a0\u00bb|700|||||||\u00a0\u00bb header_4_text_color=\u00a0\u00bb#44a2a4&Prime; header_4_font_size=\u00a0\u00bb16px\u00a0\u00bb background_enable_color=\u00a0\u00bboff\u00a0\u00bb width=\u00a0\u00bb21vw\u00a0\u00bb custom_margin=\u00a0\u00bb0px|1vw|0px|1vw|true|true\u00a0\u00bb link_option_url=\u00a0\u00bb@ET-DC@eyJkeW5hbWljIjp0cnVlLCJjb250ZW50IjoicG9zdF9saW5rX3VybF9wYWdlIiwic2V0dGluZ3MiOnsicG9zdF9pZCI6IjY0NCJ9fQ==@\u00a0\u00bb background_color__hover=\u00a0\u00bb#ececec\u00a0\u00bb background_enable_color__hover=\u00a0\u00bbon\u00a0\u00bb background__hover_enabled=\u00a0\u00bbon|hover\u00a0\u00bb]<\/p>\n<p><img decoding=\"async\" loading=\"lazy\" class=\"wp-image-666 alignnone size-medium\" style=\"display: block; margin-left: auto; margin-right: auto;\" src=\"https:\/\/www.impactinitiative.essec.edu\/wp-content\/uploads\/2020\/11\/Alliances-qui-changent-les-territoires-346x346-1-300x300.png\" alt=\"\" width=\"300\" height=\"300\" srcset=\"https:\/\/centre-innovation-sociale-ecologique.essec.edu\/wp-content\/uploads\/2020\/11\/Alliances-qui-changent-les-territoires-346x346-1-300x300.png 300w, https:\/\/centre-innovation-sociale-ecologique.essec.edu\/wp-content\/uploads\/2020\/11\/Alliances-qui-changent-les-territoires-346x346-1-150x150.png 150w, https:\/\/centre-innovation-sociale-ecologique.essec.edu\/wp-content\/uploads\/2020\/11\/Alliances-qui-changent-les-territoires-346x346-1.png 346w\" sizes=\"(max-width: 300px) 100vw, 300px\" \/><\/p>\n<h3 style=\"text-align: center;\">Les alliances qui changent les territoires<\/h3>\n<p style=\"text-align: justify;\">Instaurez une alliance territoriale pour r\u00e9pondre \u00e0 des besoins sociaux et environnementaux et d\u00e9multiplier votre impact.<\/p>\n<p>[\/et_pb_text][et_pb_text admin_label=\u00a0\u00bbNouveaux mod\u00e8les \u00e9conomiques des associations\u00a0\u00bb _builder_version=\u00a0\u00bb4.7.7&Prime; _dynamic_attributes=\u00a0\u00bblink_option_url\u00a0\u00bb _module_preset=\u00a0\u00bbdefault\u00a0\u00bb header_3_font=\u00a0\u00bb|700|||||||\u00a0\u00bb header_4_font=\u00a0\u00bb|700|||||||\u00a0\u00bb header_4_text_color=\u00a0\u00bb#44a2a4&Prime; header_4_font_size=\u00a0\u00bb16px\u00a0\u00bb background_enable_color=\u00a0\u00bboff\u00a0\u00bb width=\u00a0\u00bb21vw\u00a0\u00bb custom_margin=\u00a0\u00bb0px|1vw|0px|1vw|true|true\u00a0\u00bb link_option_url=\u00a0\u00bb@ET-DC@eyJkeW5hbWljIjp0cnVlLCJjb250ZW50IjoicG9zdF9saW5rX3VybF9wYWdlIiwic2V0dGluZ3MiOnsicG9zdF9pZCI6IjYzNiJ9fQ==@\u00a0\u00bb background_color__hover=\u00a0\u00bb#ececec\u00a0\u00bb background_enable_color__hover=\u00a0\u00bbon\u00a0\u00bb background__hover_enabled=\u00a0\u00bbon|hover\u00a0\u00bb]<\/p>\n<p><img decoding=\"async\" loading=\"lazy\" class=\"wp-image-660 alignnone size-medium\" style=\"display: block; margin-left: auto; margin-right: auto;\" src=\"https:\/\/www.impactinitiative.essec.edu\/wp-content\/uploads\/2020\/11\/Nouveaux-modeles-economiques-346x346-1-300x300.png\" alt=\"\" width=\"300\" height=\"300\" srcset=\"https:\/\/centre-innovation-sociale-ecologique.essec.edu\/wp-content\/uploads\/2020\/11\/Nouveaux-modeles-economiques-346x346-1-300x300.png 300w, https:\/\/centre-innovation-sociale-ecologique.essec.edu\/wp-content\/uploads\/2020\/11\/Nouveaux-modeles-economiques-346x346-1-150x150.png 150w, https:\/\/centre-innovation-sociale-ecologique.essec.edu\/wp-content\/uploads\/2020\/11\/Nouveaux-modeles-economiques-346x346-1.png 346w\" sizes=\"(max-width: 300px) 100vw, 300px\" \/><\/p>\n<h3 style=\"text-align: center;\">Nouveaux mod\u00e8les \u00e9conomiques des associations<\/h3>\n<p style=\"text-align: justify;\">Hybridez le mod\u00e8le \u00e9conomique de votre association pour rendre votre action p\u00e9renne et maximiser votre impact;<\/p>\n<p>[\/et_pb_text][et_pb_text admin_label=\u00a0\u00bbInnovation publique et pens\u00e9e design\u00a0\u00bb _builder_version=\u00a0\u00bb4.7.7&Prime; _dynamic_attributes=\u00a0\u00bblink_option_url\u00a0\u00bb _module_preset=\u00a0\u00bbdefault\u00a0\u00bb header_3_font=\u00a0\u00bb|700|||||||\u00a0\u00bb header_4_font=\u00a0\u00bb|700|||||||\u00a0\u00bb header_4_text_color=\u00a0\u00bb#44a2a4&Prime; header_4_font_size=\u00a0\u00bb16px\u00a0\u00bb background_enable_color=\u00a0\u00bboff\u00a0\u00bb width=\u00a0\u00bb21vw\u00a0\u00bb custom_margin=\u00a0\u00bb0px|1vw|0px|1vw|true|true\u00a0\u00bb link_option_url=\u00a0\u00bb@ET-DC@eyJkeW5hbWljIjp0cnVlLCJjb250ZW50IjoicG9zdF9saW5rX3VybF9wYWdlIiwic2V0dGluZ3MiOnsicG9zdF9pZCI6IjY1MCJ9fQ==@\u00a0\u00bb background_color__hover=\u00a0\u00bb#ececec\u00a0\u00bb background_enable_color__hover=\u00a0\u00bbon\u00a0\u00bb background__hover_enabled=\u00a0\u00bbon|hover\u00a0\u00bb]<\/p>\n<p><img decoding=\"async\" loading=\"lazy\" class=\"wp-image-672 alignnone size-medium\" style=\"display: block; margin-left: auto; margin-right: auto;\" src=\"https:\/\/www.impactinitiative.essec.edu\/wp-content\/uploads\/2020\/11\/MOOC-innovation-publique-et-pense\u0301e-design-e1595324946384-346x346-1-300x300.png\" alt=\"\" width=\"300\" height=\"300\" srcset=\"https:\/\/centre-innovation-sociale-ecologique.essec.edu\/wp-content\/uploads\/2020\/11\/MOOC-innovation-publique-et-pense\u0301e-design-e1595324946384-346x346-1-300x300.png 300w, https:\/\/centre-innovation-sociale-ecologique.essec.edu\/wp-content\/uploads\/2020\/11\/MOOC-innovation-publique-et-pense\u0301e-design-e1595324946384-346x346-1-150x150.png 150w, https:\/\/centre-innovation-sociale-ecologique.essec.edu\/wp-content\/uploads\/2020\/11\/MOOC-innovation-publique-et-pense\u0301e-design-e1595324946384-346x346-1.png 346w\" sizes=\"(max-width: 300px) 100vw, 300px\" \/><\/p>\n<h3 style=\"text-align: center;\">Innovation publique et pens\u00e9e design<\/h3>\n<p style=\"text-align: justify;\">Obtenez les comp\u00e9tences pour coordonner un projet d\u2019innovation s\u2019appuyant sur une approche design de service.<\/p>\n<p>[\/et_pb_text][et_pb_text admin_label=\u00a0\u00bbEvaluation et mesure d&rsquo;impact social\u00a0\u00bb _builder_version=\u00a0\u00bb4.7.7&Prime; _dynamic_attributes=\u00a0\u00bblink_option_url\u00a0\u00bb _module_preset=\u00a0\u00bbdefault\u00a0\u00bb header_3_font=\u00a0\u00bb|700|||||||\u00a0\u00bb header_4_font=\u00a0\u00bb|700|||||||\u00a0\u00bb header_4_text_color=\u00a0\u00bb#44a2a4&Prime; header_4_font_size=\u00a0\u00bb16px\u00a0\u00bb background_enable_color=\u00a0\u00bboff\u00a0\u00bb width=\u00a0\u00bb21vw\u00a0\u00bb custom_margin=\u00a0\u00bb0px|1vw|0px|1vw|true|true\u00a0\u00bb link_option_url=\u00a0\u00bb@ET-DC@eyJkeW5hbWljIjp0cnVlLCJjb250ZW50IjoicG9zdF9saW5rX3VybF9wYWdlIiwic2V0dGluZ3MiOnsicG9zdF9pZCI6IjU1NyJ9fQ==@\u00a0\u00bb background_color__hover=\u00a0\u00bb#ececec\u00a0\u00bb background_enable_color__hover=\u00a0\u00bbon\u00a0\u00bb background__hover_enabled=\u00a0\u00bbon|hover\u00a0\u00bb]<\/p>\n<p><img decoding=\"async\" loading=\"lazy\" class=\"wp-image-668 alignnone size-medium\" style=\"display: block; margin-left: auto; margin-right: auto;\" src=\"https:\/\/www.impactinitiative.essec.edu\/wp-content\/uploads\/2020\/11\/MOOC-Evaluation-et-mesure-dimpact-e1595323928435-300x300.png\" alt=\"\" width=\"300\" height=\"300\" srcset=\"https:\/\/centre-innovation-sociale-ecologique.essec.edu\/wp-content\/uploads\/2020\/11\/MOOC-Evaluation-et-mesure-dimpact-e1595323928435-300x300.png 300w, https:\/\/centre-innovation-sociale-ecologique.essec.edu\/wp-content\/uploads\/2020\/11\/MOOC-Evaluation-et-mesure-dimpact-e1595323928435-150x150.png 150w, https:\/\/centre-innovation-sociale-ecologique.essec.edu\/wp-content\/uploads\/2020\/11\/MOOC-Evaluation-et-mesure-dimpact-e1595323928435.png 346w\" sizes=\"(max-width: 300px) 100vw, 300px\" \/><\/p>\n<h3 style=\"text-align: center;\">Evaluation et mesure d&rsquo;impact social<\/h3>\n<p style=\"text-align: justify;\">D\u00e9couvrez pourquoi et comment utiliser les outils de mesure d&rsquo;impact, et comment en interpr\u00e9ter les r\u00e9sultats.<\/p>\n<p>[\/et_pb_text][et_pb_text admin_label=\u00a0\u00bbReporting extra-financier et strat\u00e9gie RSE\u00a0\u00bb _builder_version=\u00a0\u00bb4.7.7&Prime; _dynamic_attributes=\u00a0\u00bblink_option_url\u00a0\u00bb _module_preset=\u00a0\u00bbdefault\u00a0\u00bb header_3_font=\u00a0\u00bb|700|||||||\u00a0\u00bb header_4_font=\u00a0\u00bb|700|||||||\u00a0\u00bb header_4_text_color=\u00a0\u00bb#44a2a4&Prime; header_4_font_size=\u00a0\u00bb16px\u00a0\u00bb background_enable_color=\u00a0\u00bboff\u00a0\u00bb width=\u00a0\u00bb21vw\u00a0\u00bb custom_margin=\u00a0\u00bb0px|1vw|0px|1vw|true|true\u00a0\u00bb link_option_url=\u00a0\u00bb@ET-DC@eyJkeW5hbWljIjp0cnVlLCJjb250ZW50IjoicG9zdF9saW5rX3VybF9wYWdlIiwic2V0dGluZ3MiOnsicG9zdF9pZCI6IjY0NiJ9fQ==@\u00a0\u00bb background_color__hover=\u00a0\u00bb#ececec\u00a0\u00bb background_enable_color__hover=\u00a0\u00bbon\u00a0\u00bb background__hover_enabled=\u00a0\u00bbon|hover\u00a0\u00bb]<\/p>\n<p><img decoding=\"async\" loading=\"lazy\" class=\"wp-image-669 alignnone size-medium\" style=\"display: block; margin-left: auto; margin-right: auto;\" src=\"https:\/\/www.impactinitiative.essec.edu\/wp-content\/uploads\/2020\/11\/Reporting-extra-financier-346x346-1-300x300.png\" alt=\"\" width=\"300\" height=\"300\" srcset=\"https:\/\/centre-innovation-sociale-ecologique.essec.edu\/wp-content\/uploads\/2020\/11\/Reporting-extra-financier-346x346-1-300x300.png 300w, https:\/\/centre-innovation-sociale-ecologique.essec.edu\/wp-content\/uploads\/2020\/11\/Reporting-extra-financier-346x346-1-150x150.png 150w, https:\/\/centre-innovation-sociale-ecologique.essec.edu\/wp-content\/uploads\/2020\/11\/Reporting-extra-financier-346x346-1.png 346w\" sizes=\"(max-width: 300px) 100vw, 300px\" \/><\/p>\n<h3 style=\"text-align: center;\">Reporting extra-financier et strat\u00e9gie RSE<\/h3>\n<p style=\"text-align: justify;\">S&rsquo;adresse aux salari\u00e9s d\u2019entreprise d\u00e9sireux d&rsquo;obtenir un socle de connaissances solides sur la RSE.<\/p>\n<p>[\/et_pb_text][et_pb_text admin_label=\u00a0\u00bbOriginalit\u00e9 et modernit\u00e9 du mutualisme\u00a0\u00bb _builder_version=\u00a0\u00bb4.7.7&Prime; _dynamic_attributes=\u00a0\u00bblink_option_url\u00a0\u00bb _module_preset=\u00a0\u00bbdefault\u00a0\u00bb header_3_font=\u00a0\u00bb|700|||||||\u00a0\u00bb header_4_font=\u00a0\u00bb|700|||||||\u00a0\u00bb header_4_text_color=\u00a0\u00bb#44a2a4&Prime; header_4_font_size=\u00a0\u00bb16px\u00a0\u00bb background_enable_color=\u00a0\u00bboff\u00a0\u00bb width=\u00a0\u00bb21vw\u00a0\u00bb custom_margin=\u00a0\u00bb0px|1vw|0px|1vw|true|true\u00a0\u00bb link_option_url=\u00a0\u00bb@ET-DC@eyJkeW5hbWljIjp0cnVlLCJjb250ZW50IjoicG9zdF9saW5rX3VybF9wYWdlIiwic2V0dGluZ3MiOnsicG9zdF9pZCI6IjY1MiJ9fQ==@\u00a0\u00bb background_color__hover=\u00a0\u00bb#ececec\u00a0\u00bb background_enable_color__hover=\u00a0\u00bbon\u00a0\u00bb background__hover_enabled=\u00a0\u00bbon|hover\u00a0\u00bb]<\/p>\n<p><img decoding=\"async\" loading=\"lazy\" class=\"wp-image-673 alignnone size-medium\" style=\"display: block; margin-left: auto; margin-right: auto;\" src=\"https:\/\/www.impactinitiative.essec.edu\/wp-content\/uploads\/2020\/11\/Mutualisme-346x346-1-300x300.png\" alt=\"\" width=\"300\" height=\"300\" srcset=\"https:\/\/centre-innovation-sociale-ecologique.essec.edu\/wp-content\/uploads\/2020\/11\/Mutualisme-346x346-1-300x300.png 300w, https:\/\/centre-innovation-sociale-ecologique.essec.edu\/wp-content\/uploads\/2020\/11\/Mutualisme-346x346-1-150x150.png 150w, https:\/\/centre-innovation-sociale-ecologique.essec.edu\/wp-content\/uploads\/2020\/11\/Mutualisme-346x346-1.png 346w\" sizes=\"(max-width: 300px) 100vw, 300px\" \/><\/p>\n<h3 style=\"text-align: center;\">Originalit\u00e9 et modernit\u00e9 du mutualisme<\/h3>\n<p style=\"text-align: justify;\">D\u00e9couvrez les mod\u00e8les des mutuelles qui sont plus que jamais des vecteurs privil\u00e9gi\u00e9s d\u2019innovation sociale.<\/p>\n<p>[\/et_pb_text][et_pb_text admin_label=\u00a0\u00bbPhilanthropie : Comprendre et Agir\u00a0\u00bb _builder_version=\u00a0\u00bb4.7.7&Prime; _dynamic_attributes=\u00a0\u00bblink_option_url\u00a0\u00bb _module_preset=\u00a0\u00bbdefault\u00a0\u00bb header_3_font=\u00a0\u00bb|700|||||||\u00a0\u00bb header_4_font=\u00a0\u00bb|700|||||||\u00a0\u00bb header_4_text_color=\u00a0\u00bb#44a2a4&Prime; header_4_font_size=\u00a0\u00bb16px\u00a0\u00bb background_enable_color=\u00a0\u00bboff\u00a0\u00bb width=\u00a0\u00bb21vw\u00a0\u00bb custom_margin=\u00a0\u00bb0px|1vw|0px|1vw|true|true\u00a0\u00bb link_option_url=\u00a0\u00bb@ET-DC@eyJkeW5hbWljIjp0cnVlLCJjb250ZW50IjoicG9zdF9saW5rX3VybF9wYWdlIiwic2V0dGluZ3MiOnsicG9zdF9pZCI6IjY1NCJ9fQ==@\u00a0\u00bb background_color__hover=\u00a0\u00bb#ececec\u00a0\u00bb background_enable_color__hover=\u00a0\u00bbon\u00a0\u00bb background__hover_enabled=\u00a0\u00bbon|hover\u00a0\u00bb]<\/p>\n<p><img decoding=\"async\" loading=\"lazy\" class=\"wp-image-674 alignnone size-medium\" style=\"display: block; margin-left: auto; margin-right: auto;\" src=\"https:\/\/www.impactinitiative.essec.edu\/wp-content\/uploads\/2020\/11\/MOOC-philanthropie-e1595325280551-346x346-1-300x300.png\" alt=\"\" width=\"300\" height=\"300\" srcset=\"https:\/\/centre-innovation-sociale-ecologique.essec.edu\/wp-content\/uploads\/2020\/11\/MOOC-philanthropie-e1595325280551-346x346-1-300x300.png 300w, https:\/\/centre-innovation-sociale-ecologique.essec.edu\/wp-content\/uploads\/2020\/11\/MOOC-philanthropie-e1595325280551-346x346-1-150x150.png 150w, https:\/\/centre-innovation-sociale-ecologique.essec.edu\/wp-content\/uploads\/2020\/11\/MOOC-philanthropie-e1595325280551-346x346-1.png 346w\" sizes=\"(max-width: 300px) 100vw, 300px\" \/><\/p>\n<h3 style=\"text-align: center;\">Philanthropie : Comprendre et Agir<\/h3>\n<p style=\"text-align: justify;\">R\u00e9alis\u00e9 avec la Fondation de France, ce MOOC vous donne toutes les cl\u00e9s en main pour comprendre et agir en faveur d\u2019un monde meilleur !<\/p>\n<p>[\/et_pb_text][et_pb_text admin_label=\u00a0\u00bbEntreprises et changement climatique\u00a0\u00bb _builder_version=\u00a0\u00bb4.7.7&Prime; _dynamic_attributes=\u00a0\u00bblink_option_url\u00a0\u00bb _module_preset=\u00a0\u00bbdefault\u00a0\u00bb header_3_font=\u00a0\u00bb|700|||||||\u00a0\u00bb header_4_font=\u00a0\u00bb|700|||||||\u00a0\u00bb header_4_text_color=\u00a0\u00bb#44a2a4&Prime; header_4_font_size=\u00a0\u00bb16px\u00a0\u00bb background_enable_color=\u00a0\u00bboff\u00a0\u00bb width=\u00a0\u00bb21vw\u00a0\u00bb custom_margin=\u00a0\u00bb0px|1vw|0px|1vw|true|true\u00a0\u00bb link_option_url=\u00a0\u00bb@ET-DC@eyJkeW5hbWljIjp0cnVlLCJjb250ZW50IjoicG9zdF9saW5rX3VybF9wYWdlIiwic2V0dGluZ3MiOnsicG9zdF9pZCI6IjEzNTYifX0=@\u00a0\u00bb background_color__hover=\u00a0\u00bb#ececec\u00a0\u00bb background_enable_color__hover=\u00a0\u00bbon\u00a0\u00bb background__hover_enabled=\u00a0\u00bbon|hover\u00a0\u00bb]<\/p>\n<p><img decoding=\"async\" loading=\"lazy\" class=\"alignnone wp-image-1479 size-medium\" src=\"https:\/\/impactinitiative.essec.edu\/wp-content\/uploads\/2021\/04\/Climat-300x300.png\" alt=\"Entreprises et changement climatique\" width=\"300\" height=\"300\" srcset=\"https:\/\/centre-innovation-sociale-ecologique.essec.edu\/wp-content\/uploads\/2021\/04\/Climat-300x300.png 300w, https:\/\/centre-innovation-sociale-ecologique.essec.edu\/wp-content\/uploads\/2021\/04\/Climat-150x150.png 150w, https:\/\/centre-innovation-sociale-ecologique.essec.edu\/wp-content\/uploads\/2021\/04\/Climat.png 346w\" sizes=\"(max-width: 300px) 100vw, 300px\" \/><\/p>\n<h3 style=\"text-align: center;\">Entreprise et changement climatique<\/h3>\n<p style=\"text-align: justify;\">Comment les entreprises peuvent-elles agir dans la lutte contre le r\u00e9chauffement climatique ? Voil\u00e0 la question \u00e0 laquelle ce MOOC, r\u00e9alis\u00e9 en collaboration avec Carbone 4, tente de r\u00e9pondre.<\/p>\n<p>[\/et_pb_text][et_pb_text admin_label=\u00a0\u00bbLes Belles Histoires\u00a0\u00bb _builder_version=\u00a0\u00bb4.7.7&Prime; _dynamic_attributes=\u00a0\u00bblink_option_url\u00a0\u00bb _module_preset=\u00a0\u00bbdefault\u00a0\u00bb header_3_font=\u00a0\u00bb|700|||||||\u00a0\u00bb header_4_font=\u00a0\u00bb|700|||||||\u00a0\u00bb header_4_text_color=\u00a0\u00bb#44a2a4&Prime; header_4_font_size=\u00a0\u00bb16px\u00a0\u00bb background_enable_color=\u00a0\u00bboff\u00a0\u00bb width=\u00a0\u00bb21vw\u00a0\u00bb custom_margin=\u00a0\u00bb0px|1vw|0px|1vw|true|true\u00a0\u00bb link_option_url=\u00a0\u00bb@ET-DC@eyJkeW5hbWljIjp0cnVlLCJjb250ZW50IjoicG9zdF9saW5rX3VybF9wYWdlIiwic2V0dGluZ3MiOnsicG9zdF9pZCI6IjEzNjQifX0=@\u00a0\u00bb background_color__hover=\u00a0\u00bb#ececec\u00a0\u00bb background_enable_color__hover=\u00a0\u00bbon\u00a0\u00bb background__hover_enabled=\u00a0\u00bbon|hover\u00a0\u00bb]<\/p>\n<p><img decoding=\"async\" loading=\"lazy\" class=\"alignnone wp-image-1558 size-medium\" style=\"display: block; margin-left: auto; margin-right: auto;\" src=\"https:\/\/impactinitiative.essec.edu\/wp-content\/uploads\/2021\/04\/visuel_belles_histoires_essec-1-300x300.jpeg\" alt=\"Les belles histoires d'entreprises \u00e0 impact\" width=\"300\" height=\"300\" \/><\/p>\n<p style=\"text-align: center;\">\u00a0<span style=\"color: #333333; font-size: 22px; font-weight: bold; text-align: center;\">Belles Histoires d&rsquo;entreprises \u00e0 impact<\/span><\/p>\n<p style=\"text-align: justify;\"><span style=\"font-size: 14px; text-align: justify;\">Prenez une bouff\u00e9e d&rsquo;optimisme et plongez dans des histoires inspirantes d&rsquo;entreprises \u00e0 impact !<\/span><\/p>\n<p>&nbsp;<\/p>\n<p>[\/et_pb_text][\/et_pb_column][\/et_pb_row][et_pb_row column_structure=\u00a0\u00bb1_2,1_2&Prime; admin_label=\u00a0\u00bbFl\u00e8ches\u00a0\u00bb _builder_version=\u00a0\u00bb4.7.1&Prime; _module_preset=\u00a0\u00bbdefault\u00a0\u00bb position_origin_r=\u00a0\u00bbbottom_right\u00a0\u00bb width=\u00a0\u00bb250px\u00a0\u00bb custom_margin=\u00a0\u00bb20px||||false|false\u00a0\u00bb custom_padding=\u00a0\u00bb0px|||||\u00a0\u00bb][et_pb_column type=\u00a0\u00bb1_2&Prime; _builder_version=\u00a0\u00bb4.7.1&Prime; _module_preset=\u00a0\u00bbdefault\u00a0\u00bb][et_pb_blurb use_icon=\u00a0\u00bbon\u00a0\u00bb font_icon=\u00a0\u00bb%%2%%\u00a0\u00bb use_circle=\u00a0\u00bbon\u00a0\u00bb circle_color=\u00a0\u00bb#f2f2f2&Prime; module_class=\u00a0\u00bbback-button\u00a0\u00bb _builder_version=\u00a0\u00bb4.7.7&Prime; _module_preset=\u00a0\u00bbdefault\u00a0\u00bb custom_css_main_element=\u00a0\u00bbcursor: pointer;\u00a0\u00bb][\/et_pb_blurb][\/et_pb_column][et_pb_column type=\u00a0\u00bb1_2&Prime; _builder_version=\u00a0\u00bb4.7.1&Prime; _module_preset=\u00a0\u00bbdefault\u00a0\u00bb][et_pb_blurb use_icon=\u00a0\u00bbon\u00a0\u00bb font_icon=\u00a0\u00bb%%3%%\u00a0\u00bb use_circle=\u00a0\u00bbon\u00a0\u00bb circle_color=\u00a0\u00bb#f2f2f2&Prime; module_class=\u00a0\u00bbnext-button\u00a0\u00bb _builder_version=\u00a0\u00bb4.7.1&Prime; _module_preset=\u00a0\u00bbdefault\u00a0\u00bb custom_css_main_element=\u00a0\u00bbcursor: pointer;\u00a0\u00bb][\/et_pb_blurb][\/et_pb_column][\/et_pb_row][\/et_pb_section]<\/p>\n","protected":false},"excerpt":{"rendered":"<p>Les alliances qui changent les territoires : partenariats entre acteurs publics, acteurs priv\u00e9s et structures d&rsquo;int\u00e9r\u00eat g\u00e9n\u00e9ral pour le bien commun \u00ab\u00a0Vous avez fait un travail de synth\u00e8se et de p\u00e9dagogie excellent. J&rsquo;ai trouv\u00e9 le premier module plut\u00f4t facile, formation de juriste oblige \u00e0 mon avis, mais ensuite j&rsquo;ai \u00e0 chaque module appris de nouvelles [&hellip;]<\/p>\n","protected":false},"author":1,"featured_media":0,"parent":0,"menu_order":0,"comment_status":"closed","ping_status":"closed","template":"","meta":{"_et_pb_use_builder":"on","_et_pb_old_content":"<!-- wp:divi\/placeholder \/-->","_et_gb_content_width":"","inline_featured_image":false},"yoast_head":"<!-- This site is optimized with the Yoast SEO plugin v20.11 - https:\/\/yoast.com\/wordpress\/plugins\/seo\/ -->\n<title>D\u00e9veloppement local : les alliances territoriales - MOOC ESSEC<\/title>\n<meta name=\"description\" content=\"D\u00e9couvrez les alliances territoriales : partenariats entre acteurs publics, acteurs priv\u00e9s et structures d&#039;int\u00e9r\u00eat g\u00e9n\u00e9ral pour le d\u00e9veloppement local.\" \/>\n<meta name=\"robots\" content=\"index, follow, max-snippet:-1, max-image-preview:large, max-video-preview:-1\" \/>\n<link rel=\"canonical\" href=\"https:\/\/centre-innovation-sociale-ecologique.essec.edu\/index.php\/developpement-local\/\" \/>\n<meta property=\"og:locale\" content=\"fr_FR\" \/>\n<meta property=\"og:type\" content=\"article\" \/>\n<meta property=\"og:title\" content=\"D\u00e9veloppement local : les alliances territoriales - MOOC ESSEC\" \/>\n<meta property=\"og:description\" content=\"D\u00e9couvrez les alliances territoriales : partenariats entre acteurs publics, acteurs priv\u00e9s et structures d&#039;int\u00e9r\u00eat g\u00e9n\u00e9ral pour le d\u00e9veloppement local.\" \/>\n<meta property=\"og:url\" content=\"https:\/\/centre-innovation-sociale-ecologique.essec.edu\/index.php\/developpement-local\/\" \/>\n<meta property=\"og:site_name\" content=\"Centre Innovation Sociale et Ecologique\" \/>\n<meta property=\"article:modified_time\" content=\"2021-05-25T13:42:42+00:00\" \/>\n<meta property=\"og:image\" content=\"https:\/\/www.impactinitiative.essec.edu\/wp-content\/uploads\/2020\/11\/ES-De-lenvie-au-projet-346x346-1-300x300.png\" \/>\n<meta name=\"twitter:card\" content=\"summary_large_image\" \/>\n<meta name=\"twitter:label1\" content=\"Dur\u00e9e de lecture estim\u00e9e\" \/>\n\t<meta name=\"twitter:data1\" content=\"21 minutes\" \/>\n<script type=\"application\/ld+json\" class=\"yoast-schema-graph\">{\"@context\":\"https:\/\/schema.org\",\"@graph\":[{\"@type\":\"WebPage\",\"@id\":\"https:\/\/centre-innovation-sociale-ecologique.essec.edu\/index.php\/developpement-local\/\",\"url\":\"https:\/\/centre-innovation-sociale-ecologique.essec.edu\/index.php\/developpement-local\/\",\"name\":\"D\u00e9veloppement local : les alliances territoriales - MOOC ESSEC\",\"isPartOf\":{\"@id\":\"https:\/\/centre-innovation-sociale-ecologique.essec.edu\/#website\"},\"datePublished\":\"2020-11-16T12:31:25+00:00\",\"dateModified\":\"2021-05-25T13:42:42+00:00\",\"description\":\"D\u00e9couvrez les alliances territoriales : partenariats entre acteurs publics, acteurs priv\u00e9s et structures d'int\u00e9r\u00eat g\u00e9n\u00e9ral pour le d\u00e9veloppement local.\",\"breadcrumb\":{\"@id\":\"https:\/\/centre-innovation-sociale-ecologique.essec.edu\/index.php\/developpement-local\/#breadcrumb\"},\"inLanguage\":\"fr-FR\",\"potentialAction\":[{\"@type\":\"ReadAction\",\"target\":[\"https:\/\/centre-innovation-sociale-ecologique.essec.edu\/index.php\/developpement-local\/\"]}]},{\"@type\":\"BreadcrumbList\",\"@id\":\"https:\/\/centre-innovation-sociale-ecologique.essec.edu\/index.php\/developpement-local\/#breadcrumb\",\"itemListElement\":[{\"@type\":\"ListItem\",\"position\":1,\"name\":\"Home\",\"item\":\"https:\/\/centre-innovation-sociale-ecologique.essec.edu\/\"},{\"@type\":\"ListItem\",\"position\":2,\"name\":\"Les alliances qui changent les territoires\"}]},{\"@type\":\"WebSite\",\"@id\":\"https:\/\/centre-innovation-sociale-ecologique.essec.edu\/#website\",\"url\":\"https:\/\/centre-innovation-sociale-ecologique.essec.edu\/\",\"name\":\"Centre Innovation Sociale et Ecologique\",\"description\":\"\",\"publisher\":{\"@id\":\"https:\/\/centre-innovation-sociale-ecologique.essec.edu\/#organization\"},\"potentialAction\":[{\"@type\":\"SearchAction\",\"target\":{\"@type\":\"EntryPoint\",\"urlTemplate\":\"https:\/\/centre-innovation-sociale-ecologique.essec.edu\/?s={search_term_string}\"},\"query-input\":\"required name=search_term_string\"}],\"inLanguage\":\"fr-FR\"},{\"@type\":\"Organization\",\"@id\":\"https:\/\/centre-innovation-sociale-ecologique.essec.edu\/#organization\",\"name\":\"Essec Business School\",\"url\":\"https:\/\/centre-innovation-sociale-ecologique.essec.edu\/\",\"logo\":{\"@type\":\"ImageObject\",\"inLanguage\":\"fr-FR\",\"@id\":\"https:\/\/centre-innovation-sociale-ecologique.essec.edu\/#\/schema\/logo\/image\/\",\"url\":\"https:\/\/impactinitiative.essec.edu\/wp-content\/uploads\/2020\/11\/ESSEC_BS_logo_BLANC.png\",\"contentUrl\":\"https:\/\/impactinitiative.essec.edu\/wp-content\/uploads\/2020\/11\/ESSEC_BS_logo_BLANC.png\",\"width\":546,\"height\":509,\"caption\":\"Essec Business School\"},\"image\":{\"@id\":\"https:\/\/centre-innovation-sociale-ecologique.essec.edu\/#\/schema\/logo\/image\/\"}}]}<\/script>\n<!-- \/ Yoast SEO plugin. -->","yoast_head_json":{"title":"D\u00e9veloppement local : les alliances territoriales - MOOC ESSEC","description":"D\u00e9couvrez les alliances territoriales : partenariats entre acteurs publics, acteurs priv\u00e9s et structures d'int\u00e9r\u00eat g\u00e9n\u00e9ral pour le d\u00e9veloppement local.","robots":{"index":"index","follow":"follow","max-snippet":"max-snippet:-1","max-image-preview":"max-image-preview:large","max-video-preview":"max-video-preview:-1"},"canonical":"https:\/\/centre-innovation-sociale-ecologique.essec.edu\/index.php\/developpement-local\/","og_locale":"fr_FR","og_type":"article","og_title":"D\u00e9veloppement local : les alliances territoriales - MOOC ESSEC","og_description":"D\u00e9couvrez les alliances territoriales : partenariats entre acteurs publics, acteurs priv\u00e9s et structures d'int\u00e9r\u00eat g\u00e9n\u00e9ral pour le d\u00e9veloppement local.","og_url":"https:\/\/centre-innovation-sociale-ecologique.essec.edu\/index.php\/developpement-local\/","og_site_name":"Centre Innovation Sociale et Ecologique","article_modified_time":"2021-05-25T13:42:42+00:00","og_image":[{"url":"https:\/\/www.impactinitiative.essec.edu\/wp-content\/uploads\/2020\/11\/ES-De-lenvie-au-projet-346x346-1-300x300.png"}],"twitter_card":"summary_large_image","twitter_misc":{"Dur\u00e9e de lecture estim\u00e9e":"21 minutes"},"schema":{"@context":"https:\/\/schema.org","@graph":[{"@type":"WebPage","@id":"https:\/\/centre-innovation-sociale-ecologique.essec.edu\/index.php\/developpement-local\/","url":"https:\/\/centre-innovation-sociale-ecologique.essec.edu\/index.php\/developpement-local\/","name":"D\u00e9veloppement local : les alliances territoriales - MOOC ESSEC","isPartOf":{"@id":"https:\/\/centre-innovation-sociale-ecologique.essec.edu\/#website"},"datePublished":"2020-11-16T12:31:25+00:00","dateModified":"2021-05-25T13:42:42+00:00","description":"D\u00e9couvrez les alliances territoriales : partenariats entre acteurs publics, acteurs priv\u00e9s et structures d'int\u00e9r\u00eat g\u00e9n\u00e9ral pour le d\u00e9veloppement local.","breadcrumb":{"@id":"https:\/\/centre-innovation-sociale-ecologique.essec.edu\/index.php\/developpement-local\/#breadcrumb"},"inLanguage":"fr-FR","potentialAction":[{"@type":"ReadAction","target":["https:\/\/centre-innovation-sociale-ecologique.essec.edu\/index.php\/developpement-local\/"]}]},{"@type":"BreadcrumbList","@id":"https:\/\/centre-innovation-sociale-ecologique.essec.edu\/index.php\/developpement-local\/#breadcrumb","itemListElement":[{"@type":"ListItem","position":1,"name":"Home","item":"https:\/\/centre-innovation-sociale-ecologique.essec.edu\/"},{"@type":"ListItem","position":2,"name":"Les alliances qui changent les territoires"}]},{"@type":"WebSite","@id":"https:\/\/centre-innovation-sociale-ecologique.essec.edu\/#website","url":"https:\/\/centre-innovation-sociale-ecologique.essec.edu\/","name":"Centre Innovation Sociale et Ecologique","description":"","publisher":{"@id":"https:\/\/centre-innovation-sociale-ecologique.essec.edu\/#organization"},"potentialAction":[{"@type":"SearchAction","target":{"@type":"EntryPoint","urlTemplate":"https:\/\/centre-innovation-sociale-ecologique.essec.edu\/?s={search_term_string}"},"query-input":"required name=search_term_string"}],"inLanguage":"fr-FR"},{"@type":"Organization","@id":"https:\/\/centre-innovation-sociale-ecologique.essec.edu\/#organization","name":"Essec Business School","url":"https:\/\/centre-innovation-sociale-ecologique.essec.edu\/","logo":{"@type":"ImageObject","inLanguage":"fr-FR","@id":"https:\/\/centre-innovation-sociale-ecologique.essec.edu\/#\/schema\/logo\/image\/","url":"https:\/\/impactinitiative.essec.edu\/wp-content\/uploads\/2020\/11\/ESSEC_BS_logo_BLANC.png","contentUrl":"https:\/\/impactinitiative.essec.edu\/wp-content\/uploads\/2020\/11\/ESSEC_BS_logo_BLANC.png","width":546,"height":509,"caption":"Essec Business School"},"image":{"@id":"https:\/\/centre-innovation-sociale-ecologique.essec.edu\/#\/schema\/logo\/image\/"}}]}},"_links":{"self":[{"href":"https:\/\/centre-innovation-sociale-ecologique.essec.edu\/index.php\/wp-json\/wp\/v2\/pages\/644"}],"collection":[{"href":"https:\/\/centre-innovation-sociale-ecologique.essec.edu\/index.php\/wp-json\/wp\/v2\/pages"}],"about":[{"href":"https:\/\/centre-innovation-sociale-ecologique.essec.edu\/index.php\/wp-json\/wp\/v2\/types\/page"}],"author":[{"embeddable":true,"href":"https:\/\/centre-innovation-sociale-ecologique.essec.edu\/index.php\/wp-json\/wp\/v2\/users\/1"}],"replies":[{"embeddable":true,"href":"https:\/\/centre-innovation-sociale-ecologique.essec.edu\/index.php\/wp-json\/wp\/v2\/comments?post=644"}],"version-history":[{"count":13,"href":"https:\/\/centre-innovation-sociale-ecologique.essec.edu\/index.php\/wp-json\/wp\/v2\/pages\/644\/revisions"}],"predecessor-version":[{"id":2683,"href":"https:\/\/centre-innovation-sociale-ecologique.essec.edu\/index.php\/wp-json\/wp\/v2\/pages\/644\/revisions\/2683"}],"wp:attachment":[{"href":"https:\/\/centre-innovation-sociale-ecologique.essec.edu\/index.php\/wp-json\/wp\/v2\/media?parent=644"}],"curies":[{"name":"wp","href":"https:\/\/api.w.org\/{rel}","templated":true}]}}