{"id":642,"date":"2020-11-16T13:30:55","date_gmt":"2020-11-16T12:30:55","guid":{"rendered":"https:\/\/www.impactinitiative.essec.edu\/?page_id=642"},"modified":"2021-05-25T16:38:26","modified_gmt":"2021-05-25T14:38:26","slug":"les-partenariats-entreprises-associations","status":"publish","type":"page","link":"https:\/\/centre-innovation-sociale-ecologique.essec.edu\/index.php\/les-partenariats-entreprises-associations\/","title":{"rendered":"Les partenariats qui changent le monde : alliances innovantes entre entreprises et associations"},"content":{"rendered":"<p>[et_pb_section fb_built=\u00a0\u00bb1&Prime; _builder_version=\u00a0\u00bb4.7.0&Prime; _module_preset=\u00a0\u00bbdefault\u00a0\u00bb][et_pb_row _builder_version=\u00a0\u00bb4.7.0&Prime; _module_preset=\u00a0\u00bbdefault\u00a0\u00bb max_width=\u00a0\u00bb100%\u00a0\u00bb][et_pb_column type=\u00a0\u00bb4_4&Prime; _builder_version=\u00a0\u00bb4.7.0&Prime; _module_preset=\u00a0\u00bbdefault\u00a0\u00bb][et_pb_text _builder_version=\u00a0\u00bb4.7.1&Prime; _module_preset=\u00a0\u00bbdefault\u00a0\u00bb header_font=\u00a0\u00bb|700|||||||\u00a0\u00bb header_text_align=\u00a0\u00bbcenter\u00a0\u00bb header_text_color=\u00a0\u00bb#d67e4a\u00a0\u00bb header_font_size=\u00a0\u00bb60px\u00a0\u00bb]<\/p>\n<div id=\"ultimate-heading-66195fb2b39fb1d0a\" class=\"uvc-heading ult-adjust-bottom-margin ultimate-heading-66195fb2b39fb1d0a uvc-5966 \" data-hspacer=\"no_spacer\" data-halign=\"center\">\n<div class=\"uvc-main-heading ult-responsive\" data-ultimate-target=\".uvc-heading.ultimate-heading-66195fb2b39fb1d0a h1\" data-responsive-json-new=\"{&quot;font-size&quot;:&quot;&quot;,&quot;line-height&quot;:&quot;&quot;}\">\n<div id=\"ultimate-heading-43795fb6c2e9c2e51\" class=\"uvc-heading ult-adjust-bottom-margin ultimate-heading-43795fb6c2e9c2e51 uvc-856 \" data-hspacer=\"no_spacer\" data-halign=\"center\">\n<div class=\"uvc-main-heading ult-responsive\" data-ultimate-target=\".uvc-heading.ultimate-heading-43795fb6c2e9c2e51 h1\" data-responsive-json-new=\"{&quot;font-size&quot;:&quot;&quot;,&quot;line-height&quot;:&quot;&quot;}\">\n<h1 style=\"text-align: center;\">Les partenariats qui changent le monde : alliances innovantes entre entreprises et associations<\/h1>\n<\/div>\n<\/div>\n<\/div>\n<\/div>\n<p>[\/et_pb_text][et_pb_code _builder_version=\u00a0\u00bb4.7.3&Prime; _module_preset=\u00a0\u00bbdefault\u00a0\u00bb]<html><!-- [et_pb_line_break_holder] -->  <head><!-- [et_pb_line_break_holder] -->    <title> Les partenariats association entreprise <\/title><!-- [et_pb_line_break_holder] -->    <script type=\"application\/ld+json\"><!-- [et_pb_line_break_holder] -->    {<!-- [et_pb_line_break_holder] -->\t\"@context\": \"https:\/\/schema.org\",<!-- [et_pb_line_break_holder] -->\t\"@type\": \"Course\",<!-- [et_pb_line_break_holder] -->\t\"name\": \"Les partenariats association entreprise \",<!-- [et_pb_line_break_holder] -->\t\"description\": \"Appr\u00e9hendez les dynamiques des partenariats entre associations et entreprises : m\u00e9c\u00e9nat, RSE, coop\u00e9rations \u00e9conomiques et innovation sociale.\",<!-- [et_pb_line_break_holder] -->\t\"provider\" : {<!-- [et_pb_line_break_holder] -->\t  \"@type\": \"Organization\",<!-- [et_pb_line_break_holder] -->\t  \"name\": \"ESSEC Business School\",<!-- [et_pb_line_break_holder] -->\t  \"sameAs\": \"https:\/\/www.essec.edu\/\"<!-- [et_pb_line_break_holder] -->\t}<!-- [et_pb_line_break_holder] -->    }<!-- [et_pb_line_break_holder] -->    <\/script><!-- [et_pb_line_break_holder] -->  <\/head><!-- [et_pb_line_break_holder] --><\/html>[\/et_pb_code][\/et_pb_column][\/et_pb_row][et_pb_row column_structure=\u00a0\u00bb1_2,1_2&Prime; make_equal=\u00a0\u00bbon\u00a0\u00bb _builder_version=\u00a0\u00bb4.7.1&Prime; _module_preset=\u00a0\u00bbdefault\u00a0\u00bb max_width=\u00a0\u00bb100%\u00a0\u00bb custom_css_main_element=\u00a0\u00bbalign-items:center\u00a0\u00bb][et_pb_column type=\u00a0\u00bb1_2&Prime; _builder_version=\u00a0\u00bb4.7.0&Prime; _module_preset=\u00a0\u00bbdefault\u00a0\u00bb][et_pb_video src=\u00a0\u00bbhttps:\/\/youtu.be\/mGIOqFvaciU\u00a0\u00bb _builder_version=\u00a0\u00bb4.7.1&Prime; _module_preset=\u00a0\u00bbdefault\u00a0\u00bb][\/et_pb_video][\/et_pb_column][et_pb_column type=\u00a0\u00bb1_2&Prime; _builder_version=\u00a0\u00bb4.7.0&Prime; _module_preset=\u00a0\u00bbdefault\u00a0\u00bb][et_pb_testimonial author=\u00a0\u00bbMarie D\u00a0\u00bb quote_icon_color=\u00a0\u00bb#d67e4a\u00a0\u00bb portrait_width=\u00a0\u00bb1px\u00a0\u00bb portrait_height=\u00a0\u00bb1px\u00a0\u00bb use_icon_font_size=\u00a0\u00bbon\u00a0\u00bb icon_font_size=\u00a0\u00bb43px\u00a0\u00bb quote_icon_last_edited=\u00a0\u00bboff|desktop\u00a0\u00bb _builder_version=\u00a0\u00bb4.7.1&Prime; _module_preset=\u00a0\u00bbdefault\u00a0\u00bb]<\/p>\n<p style=\"text-align: justify;\"><strong><span>\u00ab\u00a0<\/span>Conceptuel et concret, ce cours donne les bases d&rsquo;une alliance r\u00e9ussie \u00e0 travers des exemples inspirants, et donne vraiment envie de passer \u00e0 l&rsquo;action !\u00a0<span> \u00bb<\/span><\/strong><\/p>\n<p>[\/et_pb_testimonial][et_pb_text _builder_version=\u00a0\u00bb4.7.1&Prime; _module_preset=\u00a0\u00bbdefault\u00a0\u00bb]<\/p>\n<div class=\"vc_custom_heading\">\n<p class=\"vc_custom_heading\" style=\"text-align: justify;\"><strong>En quoi consistent les partenariats entreprises-associations ?<\/strong><\/p>\n<p class=\"vc_custom_heading\" style=\"text-align: justify;\"><strong>Entreprise ou association, si vous souhaitez r\u00e9unir vos ressources pour maximiser votre impact social et environnemental, ce MOOC est pour vous !<\/strong><\/p>\n<p class=\"vc_custom_heading\" style=\"text-align: justify;\">Appr\u00e9hendez la dynamique des partenariats entre entreprises et associations, gr\u00e2ce \u00e0 ce MOOC issu d&rsquo;une collaboration avec Le RAMEAU, vous pr\u00e9sentant une trentaine de t\u00e9moignages. Nous vous proposons \u00e9galement de mettre vos nouvelles connaissances en application gr\u00e2ce \u00e0 la Toolbox de la co-construction d\u2019Ashoka.<\/p>\n<\/div>\n<p>[\/et_pb_text][et_pb_button button_url=\u00a0\u00bbhttps:\/\/www.coursera.org\/learn\/partenariats-qui-changent-le-monde?\u00a0\u00bb url_new_window=\u00a0\u00bbon\u00a0\u00bb button_text=\u00a0\u00bb S\u2019inscrire gratuitement\u00a0\u00bb _builder_version=\u00a0\u00bb4.7.1&Prime; _module_preset=\u00a0\u00bbdefault\u00a0\u00bb custom_button=\u00a0\u00bbon\u00a0\u00bb button_text_size=\u00a0\u00bb17px\u00a0\u00bb button_text_color=\u00a0\u00bb#ffffff\u00a0\u00bb button_bg_color=\u00a0\u00bb#00b2e8&Prime; button_border_radius=\u00a0\u00bb11px\u00a0\u00bb button_font=\u00a0\u00bb|600|||||||\u00a0\u00bb button_rel=\u00a0\u00bboff|off|on|off|off\u00a0\u00bb custom_padding=\u00a0\u00bb10px||10px||true|false\u00a0\u00bb][\/et_pb_button][\/et_pb_column][\/et_pb_row][\/et_pb_section][et_pb_section fb_built=\u00a0\u00bb1&Prime; _builder_version=\u00a0\u00bb4.7.0&Prime; _module_preset=\u00a0\u00bbdefault\u00a0\u00bb][et_pb_row _builder_version=\u00a0\u00bb4.7.0&Prime; _module_preset=\u00a0\u00bbdefault\u00a0\u00bb max_width=\u00a0\u00bb100%\u00a0\u00bb][et_pb_column type=\u00a0\u00bb4_4&Prime; _builder_version=\u00a0\u00bb4.7.0&Prime; _module_preset=\u00a0\u00bbdefault\u00a0\u00bb][et_pb_text _builder_version=\u00a0\u00bb4.7.7&Prime; _module_preset=\u00a0\u00bbdefault\u00a0\u00bb header_2_font=\u00a0\u00bb|700|||||||\u00a0\u00bb header_2_text_color=\u00a0\u00bb#00b2e8&Prime; header_2_font_size=\u00a0\u00bb28px\u00a0\u00bb]<\/p>\n<div id=\"ultimate-heading-54085fb2b39fbfa41\" class=\"uvc-heading ult-adjust-bottom-margin ultimate-heading-54085fb2b39fbfa41 uvc-8713 \" data-hspacer=\"no_spacer\" data-halign=\"left\">\n<div class=\"uvc-main-heading ult-responsive\" data-ultimate-target=\".uvc-heading.ultimate-heading-54085fb2b39fbfa41 h2\" data-responsive-json-new=\"{&quot;font-size&quot;:&quot;desktop:22px;&quot;,&quot;line-height&quot;:&quot;&quot;}\">\n<div id=\"ultimate-heading-42345fb6c2e9c631d\" class=\"uvc-heading ult-adjust-bottom-margin ultimate-heading-42345fb6c2e9c631d uvc-5287 \" data-hspacer=\"no_spacer\" data-halign=\"left\">\n<div class=\"uvc-main-heading ult-responsive\" data-ultimate-target=\".uvc-heading.ultimate-heading-42345fb6c2e9c631d h2\" data-responsive-json-new=\"{&quot;font-size&quot;:&quot;desktop:22px;&quot;,&quot;line-height&quot;:&quot;&quot;}\">\n<h2>Les partenariats entreprises &#8211; associations : l&rsquo;exemple de Renault et Wimoov<\/h2>\n<p>&nbsp;<\/p>\n<\/div>\n<\/div>\n<div class=\"wpb_text_column wpb_content_element \">\n<div class=\"wpb_wrapper\">\n<p style=\"text-align: justify;\">Les partenariats entreprises \u2013 associations sont souvent multi-facettes, et r\u00e9pondent \u00e0 un besoin commun identifi\u00e9 par l\u2019entreprise et par l\u2019association. \u00a0Le programme<span>\u00a0<\/span><a href=\"https:\/\/mobilize.groupe.renault.com\/\" target=\"_blank\" rel=\"nofollow noopener noreferrer\">Renault Mobiliz<\/a><span>\u00a0<\/span>cherche ainsi \u00e0 lever les obstacles rencontr\u00e9s par les personnes en situation de pr\u00e9carit\u00e9 pour se d\u00e9placer. L\u2019association<span>\u00a0<\/span><a href=\"https:\/\/www.wimoov.org\/\" target=\"_blank\" rel=\"nofollow noopener noreferrer\">Wimoov<\/a>, quant \u00e0 elle, voyait l\u2019ampleur des probl\u00e8mes li\u00e9s \u00e0 la mobilit\u00e9 des personnes en situation de pr\u00e9carit\u00e9 et l\u2019efficacit\u00e9 de ses plates-formes de mobilit\u00e9 pour y r\u00e9pondre.<\/p>\n<p style=\"text-align: justify;\">Wimoov a donc sollicit\u00e9 Renault pour que le groupe lui apporte deux ressources cruciales : de l\u2019investissement financier, et le r\u00e9seau n\u00e9cessaire pour essaimer sa solution. Renault avait de son c\u00f4t\u00e9 la volont\u00e9 d\u2019impliquer ses \u00e9quipes au travers du programme Renault Mobilize, mais ne savait pas comment atteindre des populations n\u2019ayant pas les moyens de faire appel aux services de l\u2019entreprise. L\u2019expertise de Wimoov \u00e9tait donc pr\u00e9cieuse pour prescrire les services offerts par Renault \u00e0 cette cat\u00e9gorie de population, c\u2019est-\u00e0-dire rediriger certains de leurs b\u00e9n\u00e9ficiaires vers le dispositif garages Renault Solidaires par exemple !<\/p>\n<p>Dans ce cadre, le partenariat avec l\u2019association Wimoov a pris trois formes :<\/p>\n<p>&nbsp;<\/p>\n<ul>\n<li>De l\u2019investissement (et non pas du m\u00e9c\u00e9nat) financier, au travers de la soci\u00e9t\u00e9 d\u2019investissements Mobilize Invest du groupe Renault,<\/li>\n<li>Du m\u00e9c\u00e9nat de comp\u00e9tences : Renault a partag\u00e9 son expertise pour aider Wimoov \u00e0 essaimer ses plates-formes de mobilit\u00e9,<\/li>\n<li>La cr\u00e9ation de solutions de mobilit\u00e9 innovantes, comme les garages Renault solidaires, o\u00f9 les b\u00e9n\u00e9ficiaires de Wimoov peuvent faire r\u00e9parer leur voiture \u00e0 prix co\u00fbtant ou acheter un v\u00e9hicule d\u2019occasion \u00e0 bas prix.<\/li>\n<\/ul>\n<\/div>\n<\/div>\n<\/div>\n<\/div>\n<p>[\/et_pb_text][et_pb_text _builder_version=\u00a0\u00bb4.7.4&Prime; _module_preset=\u00a0\u00bbdefault\u00a0\u00bb header_2_font=\u00a0\u00bb|700|||||||\u00a0\u00bb header_2_text_color=\u00a0\u00bb#00b2e8&Prime; header_2_font_size=\u00a0\u00bb28px\u00a0\u00bb]<\/p>\n<div id=\"ultimate-heading-54085fb2b39fbfa41\" class=\"uvc-heading ult-adjust-bottom-margin ultimate-heading-54085fb2b39fbfa41 uvc-8713 \" data-hspacer=\"no_spacer\" data-halign=\"left\">\n<div class=\"uvc-main-heading ult-responsive\" data-ultimate-target=\".uvc-heading.ultimate-heading-54085fb2b39fbfa41 h2\" data-responsive-json-new=\"{&quot;font-size&quot;:&quot;desktop:22px;&quot;,&quot;line-height&quot;:&quot;&quot;}\">\n<div id=\"ultimate-heading-49185fb2b39fc0ebe\" class=\"uvc-heading ult-adjust-bottom-margin ultimate-heading-49185fb2b39fc0ebe uvc-164 \" data-hspacer=\"no_spacer\" data-halign=\"left\">\n<div class=\"uvc-main-heading ult-responsive\" data-ultimate-target=\".uvc-heading.ultimate-heading-49185fb2b39fc0ebe h2\" data-responsive-json-new=\"{&quot;font-size&quot;:&quot;desktop:22px;&quot;,&quot;line-height&quot;:&quot;&quot;}\">\n<div id=\"ultimate-heading-49185fb2b39fc0ebe\" class=\"uvc-heading ult-adjust-bottom-margin ultimate-heading-49185fb2b39fc0ebe uvc-164 \" data-hspacer=\"no_spacer\" data-halign=\"left\">\n<div class=\"uvc-main-heading ult-responsive\" data-ultimate-target=\".uvc-heading.ultimate-heading-49185fb2b39fc0ebe h2\" data-responsive-json-new=\"{&quot;font-size&quot;:&quot;desktop:22px;&quot;,&quot;line-height&quot;:&quot;&quot;}\">\n<div id=\"ultimate-heading-10315fb6c2e9c6a8c\" class=\"uvc-heading ult-adjust-bottom-margin ultimate-heading-10315fb6c2e9c6a8c uvc-1581 \" data-hspacer=\"no_spacer\" data-halign=\"left\">\n<div class=\"uvc-main-heading ult-responsive\" data-ultimate-target=\".uvc-heading.ultimate-heading-10315fb6c2e9c6a8c h2\" data-responsive-json-new=\"{&quot;font-size&quot;:&quot;desktop:22px;&quot;,&quot;line-height&quot;:&quot;&quot;}\">\n<h2>Objectifs et enjeux de ces alliances : pourquoi travailler ensemble ?<\/h2>\n<p>&nbsp;<\/p>\n<\/div>\n<\/div>\n<div class=\"wpb_text_column wpb_content_element \">\n<div class=\"wpb_wrapper\">\n<p style=\"text-align: justify;\">Les besoins sociaux ou environnementaux auxquels les<span>\u00a0<\/span><a href=\"https:\/\/impactinitiative.essec.edu\/index.php\/nouveaux-modeles-economiques-des-associations\/\" target=\"_blank\" rel=\"nofollow\">associations<\/a><span>\u00a0<\/span>doivent r\u00e9pondre explosent, tandis que les financements publics diminuent face \u00e0 l\u2019augmentation de la dette publique. Cet effet ciseau pousse donc les associations \u00e0 augmenter et diversifier les financements priv\u00e9s, au travers de la finance solidaire par exemple, qui permet aux associations ayant un fort besoin d\u2019investissements structurels de b\u00e9n\u00e9ficier d\u2019investissements avantageux. Si vous \u00eates int\u00e9ress\u00e9s par ce sujet, vous pouvez suivre nos <strong><a href=\"https:\/\/impactinitiative.essec.edu\/index.php\/limpact-investing-comprendre-les-fondamentaux\/\" target=\"_blank\" rel=\"nofollow\">3 MOOC sur\u00a0\u00ab La finance qui change le monde\u00a0\u00bb\u00a0<\/a><\/strong>! Les associations cherchent \u00e9galement des<span>\u00a0<\/span><a href=\"https:\/\/impactinitiative.essec.edu\/index.php\/nouveaux-modeles-economiques-des-associations\/\" target=\"_blank\" rel=\"nofollow\">mod\u00e8les plus novateurs<\/a><span>\u00a0<\/span>comme la co-construction, dans leurs partenariats avec l\u2019entreprise. C\u2019est ce sur quoi nous nous concentrerons dans ce MOOC.<\/p>\n<p style=\"text-align: justify;\">Concernant les entreprises,<span>\u00a0<\/span><a href=\"http:\/\/www.lerameau.fr\/\" target=\"_blank\" rel=\"nofollow noopener noreferrer\">Le RAMEAU<\/a><span>\u00a0<\/span>a distingu\u00e9 trois grandes motivations apr\u00e8s de nombreuses ann\u00e9es d\u2019\u00e9tude sur ces alliances : une volont\u00e9 de \u00ab give back \u00bb proche de la<span>\u00a0<\/span><a href=\"https:\/\/impactinitiative.essec.edu\/index.php\/la-philanthropie-comprendre-et-agir\/\" target=\"_blank\" rel=\"nofollow\">philanthropie<\/a><span>\u00a0<\/span>classique, une approche de<span>\u00a0<\/span><a href=\"https:\/\/impactinitiative.essec.edu\/index.php\/responsabilite-sociale-de-lentreprise\/\" target=\"_blank\" rel=\"nofollow\">responsabilit\u00e9 soci\u00e9tale de l\u2019entreprise<\/a><span>\u00a0<\/span>(RSE), ou un besoin de s\u2019ouvrir ou se maintenir sur des march\u00e9s, faisant souvent partie de l\u2019<a href=\"https:\/\/impactinitiative.essec.edu\/index.php\/economie-sociale-et-solidaire-et-entrepreneuriat-a-impact\/\" target=\"_blank\" rel=\"nofollow\">\u00e9conomie inclusive<\/a>.<\/p>\n<p>&nbsp;<\/p>\n<p style=\"text-align: justify;\">Les objectifs des entreprises et des associations sont finalement assez similaires et peuvent \u00eatre r\u00e9sum\u00e9s dans un carr\u00e9 magique qui comprend :<\/p>\n<p style=\"text-align: justify;\"><strong>Les enjeux RH<\/strong><span>\u00a0<\/span>: pour une entreprise, il s\u2019agira de motiver et f\u00e9d\u00e9rer les \u00e9quipes autour de projets porteurs de sens ; pour une association, d\u2019avoir acc\u00e8s \u00e0 des expertises compl\u00e9mentaires ou \u00e0 des b\u00e9n\u00e9voles en mobilisant les salari\u00e9s de l\u2019entreprise partenaire.<\/p>\n<p style=\"text-align: justify;\"><strong>L\u2019implication des parties prenantes<\/strong><span>\u00a0<\/span>: pour les entreprises, il s\u2019agit de mieux comprendre les besoins de son territoire en dialoguant avec des acteurs plus vari\u00e9s. Pour les associations, de tels partenariats permettent notamment d\u2019accro\u00eetre la port\u00e9e de leurs messages, en p\u00e9n\u00e9trant de nouveaux r\u00e9seaux.<\/p>\n<p style=\"text-align: justify;\"><strong>La performance \u00e9conomique<\/strong><span>\u00a0<\/span>: nous approfondirons cet aspect dans la partie \u00ab allons plus loin \u00bb, mais pour r\u00e9sumer, un partenariat avec une association peut notamment permettre \u00e0 une entreprise d\u2019avoir acc\u00e8s \u00e0 de nouveaux march\u00e9s. Du c\u00f4t\u00e9 associatif, de tels partenariats permettent de b\u00e9n\u00e9ficier de ressources financi\u00e8res pr\u00e9cieuses, et \u00e9ventuellement d\u2019exercer un effet de levier sur d\u2019autres partenaires.<\/p>\n<p><strong>L\u2019innovation<span>\u00a0<\/span><\/strong>: le secteur associatif est souvent reconnu comme \u00e9tant source d\u2019innovation : face \u00e0 des besoins importants mais avec des ressources limit\u00e9es, il faut en effet savoir \u00eatre cr\u00e9atif ! Les associations rencontrent cependant des difficult\u00e9s pour d\u00e9ployer les exp\u00e9rimentations qu\u2019elles engagent \u00e0 grande \u00e9chelle : c\u2019est l\u00e0 que des capacit\u00e9s industrielles deviennent utiles !<\/p>\n<p>&nbsp;<\/p>\n<\/div>\n<\/div>\n<\/div>\n<\/div>\n<\/div>\n<\/div>\n<\/div>\n<\/div>\n<p>[\/et_pb_text][et_pb_text _builder_version=\u00a0\u00bb4.7.7&Prime; _module_preset=\u00a0\u00bbdefault\u00a0\u00bb header_2_font=\u00a0\u00bb|700|||||||\u00a0\u00bb header_2_text_color=\u00a0\u00bb#00b2e8&Prime; header_2_font_size=\u00a0\u00bb28px\u00a0\u00bb]<\/p>\n<div id=\"ultimate-heading-54085fb2b39fbfa41\" class=\"uvc-heading ult-adjust-bottom-margin ultimate-heading-54085fb2b39fbfa41 uvc-8713 \" data-hspacer=\"no_spacer\" data-halign=\"left\">\n<div class=\"uvc-main-heading ult-responsive\" data-ultimate-target=\".uvc-heading.ultimate-heading-54085fb2b39fbfa41 h2\" data-responsive-json-new=\"{&quot;font-size&quot;:&quot;desktop:22px;&quot;,&quot;line-height&quot;:&quot;&quot;}\">\n<div id=\"ultimate-heading-49185fb2b39fc0ebe\" class=\"uvc-heading ult-adjust-bottom-margin ultimate-heading-49185fb2b39fc0ebe uvc-164 \" data-hspacer=\"no_spacer\" data-halign=\"left\">\n<div class=\"uvc-main-heading ult-responsive\" data-ultimate-target=\".uvc-heading.ultimate-heading-49185fb2b39fc0ebe h2\" data-responsive-json-new=\"{&quot;font-size&quot;:&quot;desktop:22px;&quot;,&quot;line-height&quot;:&quot;&quot;}\">\n<div id=\"ultimate-heading-49185fb2b39fc0ebe\" class=\"uvc-heading ult-adjust-bottom-margin ultimate-heading-49185fb2b39fc0ebe uvc-164 \" data-hspacer=\"no_spacer\" data-halign=\"left\">\n<div class=\"uvc-main-heading ult-responsive\" data-ultimate-target=\".uvc-heading.ultimate-heading-49185fb2b39fc0ebe h2\" data-responsive-json-new=\"{&quot;font-size&quot;:&quot;desktop:22px;&quot;,&quot;line-height&quot;:&quot;&quot;}\">\n<div id=\"ultimate-heading-10315fb6c2e9c6a8c\" class=\"uvc-heading ult-adjust-bottom-margin ultimate-heading-10315fb6c2e9c6a8c uvc-1581 \" data-hspacer=\"no_spacer\" data-halign=\"left\">\n<div class=\"uvc-main-heading ult-responsive\" data-ultimate-target=\".uvc-heading.ultimate-heading-10315fb6c2e9c6a8c h2\" data-responsive-json-new=\"{&quot;font-size&quot;:&quot;desktop:22px;&quot;,&quot;line-height&quot;:&quot;&quot;}\">\n<div id=\"ultimate-heading-91495fb6c2e9c6ca1\" class=\"uvc-heading ult-adjust-bottom-margin ultimate-heading-91495fb6c2e9c6ca1 uvc-5688 \" data-hspacer=\"no_spacer\" data-halign=\"left\">\n<div class=\"uvc-main-heading ult-responsive\" data-ultimate-target=\".uvc-heading.ultimate-heading-91495fb6c2e9c6ca1 h2\" data-responsive-json-new=\"{&quot;font-size&quot;:&quot;desktop:22px;&quot;,&quot;line-height&quot;:&quot;&quot;}\">\n<h2>Quelles formes prennent les partenariats entreprises- associations ?<\/h2>\n<p>&nbsp;<\/p>\n<\/div>\n<\/div>\n<div class=\"wpb_text_column wpb_content_element \">\n<div class=\"wpb_wrapper\">\n<p>Les partenariats entreprises \u2013 associations rev\u00eatent de nombreuses formes comme vous pourrez le d\u00e9couvrir au travers des 30 t\u00e9moignages de ce MOOC. Nous pouvons tout de m\u00eame les regrouper en 4 grandes cat\u00e9gories de partenariats :<\/p>\n<p style=\"text-align: justify;\"><strong>Le m\u00e9c\u00e9nat<\/strong><span>\u00a0<\/span>: Il s\u2019agit d\u2019un soutien de l\u2019entreprise \u00e0 l\u2019<a href=\"https:\/\/impactinitiative.essec.edu\/index.php\/nouveaux-modeles-economiques-des-associations\/\" target=\"_blank\" rel=\"nofollow\">association<\/a><span>\u00a0<\/span>qui peut prendre plusieurs formes. Vous avez certainement entendu parler du m\u00e9c\u00e9nat financier, et peut-\u00eatre du m\u00e9c\u00e9nat de comp\u00e9tences, qui consiste \u00e0 mettre \u00e0 disposition gratuitement des employ\u00e9s de l\u2019entreprise au b\u00e9n\u00e9fice de l\u2019association. Les entreprises peuvent aussi mettre en place du m\u00e9c\u00e9nat de mat\u00e9riel et de logistique. Par exemple, l\u2019entreprise<span>\u00a0<\/span><a href=\"https:\/\/www.lesaffre.com\/\" target=\"_blank\" rel=\"nofollow noopener noreferrer\">Lessaffre<\/a><span>\u00a0<\/span>couvre gratuitement les besoins en levure de l\u2019association des jeunes boulangers en insertion qu\u2019elle soutient.<\/p>\n<p style=\"text-align: justify;\"><strong>Les pratiques responsables<\/strong><span>\u00a0<\/span>: L\u2019entreprise va aller chercher l\u2019expertise de l\u2019association afin d\u2019avoir des pratiques plus responsables : mieux int\u00e9grer les personnes en situation de handicap au sein de l\u2019entreprise par exemple, ou mettre en place une politique d\u2019achats responsables. L\u2019association est ainsi un v\u00e9ritable soutien dans la conduite du changement de l\u2019entreprise. Pour illustrer cette cat\u00e9gorie, nous pouvons prendre l\u2019exemple de <a href=\"https:\/\/cafesati.com\/\" target=\"_blank\" rel=\"nofollow\">Sati<\/a>, une PME alsacienne de torr\u00e9faction, qui a modifi\u00e9 sa gestion des d\u00e9chets de caf\u00e9 avec une association d\u2019insertion locale, les<span>\u00a0<\/span><a href=\"https:\/\/www.jardins-montagne-verte.com\/\" target=\"_blank\" rel=\"nofollow noopener noreferrer\">Jardins de la Montagne Verte<\/a>, qui s\u2019en sert comme engrais pour son activit\u00e9.<\/p>\n<p style=\"text-align: justify;\"><strong>La coop\u00e9ration \u00e9conomique\u00a0:<\/strong><span>\u00a0<\/span>Encore \u00e9mergente en France, elle signifie soit que chaque partenaire contribue \u00e0 l\u2019offre de l\u2019autre, soit qu\u2019ils \u00e9laborent une offre commune. C\u2019est le cas de<span>\u00a0<\/span><a href=\"https:\/\/www.restoria.fr\/\" target=\"_blank\" rel=\"nofollow noopener noreferrer\">Restoria<\/a><span>\u00a0<\/span>et l\u2019<a href=\"https:\/\/www.adapei49.asso.fr\/\" target=\"_blank\" rel=\"nofollow noopener noreferrer\">ADAPEI 49<\/a><span>\u00a0<\/span>qui se sont alli\u00e9s pour cr\u00e9er une entreprise commune, Poivre et Sel.<\/p>\n<p style=\"text-align: justify;\"><strong>L\u2019innovation soci\u00e9tale\u00a0:<span>\u00a0<\/span><\/strong>qui consiste \u00e0 faire de la recherche et d\u00e9veloppement ensemble afin de co-construire une solution \u00e0 une probl\u00e9matique particuli\u00e8re. Les t\u00e9moignages que vous verrez dans ce MOOC sont repr\u00e9sentatifs de la richesse de cette typologie, m\u00eame si tous n\u2019utilisent pas les m\u00eames mots pour d\u00e9crire leur partenariat !<\/p>\n<p>&nbsp;<\/p>\n<\/div>\n<\/div>\n<div class=\" ubtn-ctn-left \"><\/div>\n<\/div>\n<\/div>\n<\/div>\n<\/div>\n<\/div>\n<\/div>\n<\/div>\n<\/div>\n<p>[\/et_pb_text][et_pb_button button_url=\u00a0\u00bbhttps:\/\/www.coursera.org\/learn\/partenariats-qui-changent-le-monde?\u00a0\u00bb url_new_window=\u00a0\u00bbon\u00a0\u00bb button_text=\u00a0\u00bb S\u2019inscrire gratuitement\u00a0\u00bb _builder_version=\u00a0\u00bb4.7.1&Prime; _module_preset=\u00a0\u00bbdefault\u00a0\u00bb custom_button=\u00a0\u00bbon\u00a0\u00bb button_text_size=\u00a0\u00bb17px\u00a0\u00bb button_text_color=\u00a0\u00bb#ffffff\u00a0\u00bb button_bg_color=\u00a0\u00bb#00b2e8&Prime; button_border_radius=\u00a0\u00bb11px\u00a0\u00bb button_font=\u00a0\u00bb|600|||||||\u00a0\u00bb button_rel=\u00a0\u00bboff|off|on|off|off\u00a0\u00bb custom_padding=\u00a0\u00bb10px||10px||true|false\u00a0\u00bb][\/et_pb_button][\/et_pb_column][\/et_pb_row][\/et_pb_section][et_pb_section fb_built=\u00a0\u00bb1&Prime; _builder_version=\u00a0\u00bb4.7.0&Prime; _module_preset=\u00a0\u00bbdefault\u00a0\u00bb width=\u00a0\u00bb100%\u00a0\u00bb][et_pb_row _builder_version=\u00a0\u00bb4.7.0&Prime; _module_preset=\u00a0\u00bbdefault\u00a0\u00bb max_width=\u00a0\u00bb100%\u00a0\u00bb][et_pb_column type=\u00a0\u00bb4_4&Prime; _builder_version=\u00a0\u00bb4.7.0&Prime; _module_preset=\u00a0\u00bbdefault\u00a0\u00bb][et_pb_text _builder_version=\u00a0\u00bb4.7.0&Prime; _module_preset=\u00a0\u00bbdefault\u00a0\u00bb header_2_font=\u00a0\u00bb|700|||||||\u00a0\u00bb header_2_text_color=\u00a0\u00bb#00b2e8&Prime; header_2_font_size=\u00a0\u00bb28px\u00a0\u00bb]<\/p>\n<div id=\"ultimate-heading-54085fb2b39fbfa41\" class=\"uvc-heading ult-adjust-bottom-margin ultimate-heading-54085fb2b39fbfa41 uvc-8713 \" data-hspacer=\"no_spacer\" data-halign=\"left\">\n<div class=\"uvc-main-heading ult-responsive\" data-ultimate-target=\".uvc-heading.ultimate-heading-54085fb2b39fbfa41 h2\" data-responsive-json-new=\"{&quot;font-size&quot;:&quot;desktop:22px;&quot;,&quot;line-height&quot;:&quot;&quot;}\">\n<div id=\"ultimate-heading-49185fb2b39fc0ebe\" class=\"uvc-heading ult-adjust-bottom-margin ultimate-heading-49185fb2b39fc0ebe uvc-164 \" data-hspacer=\"no_spacer\" data-halign=\"left\">\n<div class=\"uvc-main-heading ult-responsive\" data-ultimate-target=\".uvc-heading.ultimate-heading-49185fb2b39fc0ebe h2\" data-responsive-json-new=\"{&quot;font-size&quot;:&quot;desktop:22px;&quot;,&quot;line-height&quot;:&quot;&quot;}\">\n<div id=\"ultimate-heading-49185fb2b39fc0ebe\" class=\"uvc-heading ult-adjust-bottom-margin ultimate-heading-49185fb2b39fc0ebe uvc-164 \" data-hspacer=\"no_spacer\" data-halign=\"left\">\n<div class=\"uvc-main-heading ult-responsive\" data-ultimate-target=\".uvc-heading.ultimate-heading-49185fb2b39fc0ebe h2\" data-responsive-json-new=\"{&quot;font-size&quot;:&quot;desktop:22px;&quot;,&quot;line-height&quot;:&quot;&quot;}\">\n<div id=\"ultimate-heading-95555fb2b39fc1b17\" class=\"uvc-heading ult-adjust-bottom-margin ultimate-heading-95555fb2b39fc1b17 uvc-1801 \" data-hspacer=\"no_spacer\" data-halign=\"left\">\n<div class=\"uvc-main-heading ult-responsive\" data-ultimate-target=\".uvc-heading.ultimate-heading-95555fb2b39fc1b17 h2\" data-responsive-json-new=\"{&quot;font-size&quot;:&quot;desktop:22px;&quot;,&quot;line-height&quot;:&quot;&quot;}\">\n<h2>Au programme du MOOC<\/h2>\n<\/div>\n<\/div>\n<\/div>\n<\/div>\n<\/div>\n<\/div>\n<\/div>\n<\/div>\n<p>[\/et_pb_text][\/et_pb_column][\/et_pb_row][et_pb_row column_structure=\u00a0\u00bb1_2,1_2&Prime; make_equal=\u00a0\u00bbon\u00a0\u00bb module_class=\u00a0\u00bbalign-bottom-column\u00a0\u00bb _builder_version=\u00a0\u00bb4.7.1&Prime; _module_preset=\u00a0\u00bbdefault\u00a0\u00bb max_width=\u00a0\u00bb100%\u00a0\u00bb][et_pb_column type=\u00a0\u00bb1_2&Prime; _builder_version=\u00a0\u00bb4.7.1&Prime; _module_preset=\u00a0\u00bbdefault\u00a0\u00bb custom_padding=\u00a0\u00bb20px|20px|20px|20px|true|true\u00a0\u00bb custom_css_main_element=\u00a0\u00bbdisplay: flex;||flex-flow: column;\u00a0\u00bb box_shadow_style=\u00a0\u00bbpreset1&Prime; box_shadow_color=\u00a0\u00bb#ececec\u00a0\u00bb][et_pb_text _builder_version=\u00a0\u00bb4.7.1&Prime; _module_preset=\u00a0\u00bbdefault\u00a0\u00bb header_3_font=\u00a0\u00bb|700|||||||\u00a0\u00bb header_3_font_size=\u00a0\u00bb25px\u00a0\u00bb]<\/p>\n<div id=\"ultimate-heading-27965fb2b39fc2621\" class=\"uvc-heading ult-adjust-bottom-margin ultimate-heading-27965fb2b39fc2621 uvc-1925 titre_episode\" data-hspacer=\"no_spacer\" data-halign=\"center\">\n<div class=\"uvc-main-heading ult-responsive\" data-ultimate-target=\".uvc-heading.ultimate-heading-27965fb2b39fc2621 h3\" data-responsive-json-new=\"{&quot;font-size&quot;:&quot;&quot;,&quot;line-height&quot;:&quot;&quot;}\">\n<div id=\"ultimate-heading-67865fb6c2e9c7c45\" class=\"uvc-heading ult-adjust-bottom-margin ultimate-heading-67865fb6c2e9c7c45 uvc-1324 titre_episode\" data-hspacer=\"no_spacer\" data-halign=\"center\">\n<div class=\"uvc-main-heading ult-responsive\" data-ultimate-target=\".uvc-heading.ultimate-heading-67865fb6c2e9c7c45 h3\" data-responsive-json-new=\"{&quot;font-size&quot;:&quot;&quot;,&quot;line-height&quot;:&quot;&quot;}\">\n<h3 style=\"text-align: left;\">Episode 1 : Un partenariat innovant entre entreprise responsable et structure d&rsquo;int\u00e9r\u00eat g\u00e9n\u00e9ral : qu\u2019est-ce que c&rsquo;est ?<\/h3>\n<p>&nbsp;<\/p>\n<\/div>\n<\/div>\n<div class=\"wpb_text_column wpb_content_element  texte_episode\">\n<div class=\"wpb_wrapper\">\n<p style=\"text-align: justify;\">Quelle forme peut rev\u00eatir une alliance entre une entreprise et une association ? Quelle est la diff\u00e9rence entre m\u00e9c\u00e9nat, innovation soci\u00e9tale, coop\u00e9ration \u00e9conomique et pratiques responsables ? Pourquoi assiste-t-on \u00e0 l\u2019\u00e9mergence et au d\u00e9veloppement de nouveaux types d\u2019alliances ?<\/p>\n<\/div>\n<\/div>\n<\/div>\n<\/div>\n<p>[\/et_pb_text][et_pb_video src=\u00a0\u00bbhttps:\/\/youtu.be\/WGG-0rIzV9M\u00a0\u00bb _builder_version=\u00a0\u00bb4.7.1&Prime; _module_preset=\u00a0\u00bbdefault\u00a0\u00bb custom_margin=\u00a0\u00bb||2px|||\u00a0\u00bb custom_css_main_element=\u00a0\u00bbmargin-top: auto;||||\u00a0\u00bb][\/et_pb_video][\/et_pb_column][et_pb_column type=\u00a0\u00bb1_2&Prime; _builder_version=\u00a0\u00bb4.7.1&Prime; _module_preset=\u00a0\u00bbdefault\u00a0\u00bb custom_padding=\u00a0\u00bb20px|20px|20px|20px|true|true\u00a0\u00bb custom_css_main_element=\u00a0\u00bbdisplay: flex;||flex-flow: column;\u00a0\u00bb box_shadow_style=\u00a0\u00bbpreset1&Prime; box_shadow_color=\u00a0\u00bb#ececec\u00a0\u00bb][et_pb_text _builder_version=\u00a0\u00bb4.7.1&Prime; _module_preset=\u00a0\u00bbdefault\u00a0\u00bb header_3_font=\u00a0\u00bb|700|||||||\u00a0\u00bb header_3_font_size=\u00a0\u00bb25px\u00a0\u00bb]<\/p>\n<div id=\"ultimate-heading-27965fb2b39fc2621\" class=\"uvc-heading ult-adjust-bottom-margin ultimate-heading-27965fb2b39fc2621 uvc-1925 titre_episode\" data-hspacer=\"no_spacer\" data-halign=\"center\">\n<div class=\"uvc-main-heading ult-responsive\" data-ultimate-target=\".uvc-heading.ultimate-heading-27965fb2b39fc2621 h3\" data-responsive-json-new=\"{&quot;font-size&quot;:&quot;&quot;,&quot;line-height&quot;:&quot;&quot;}\">\n<div id=\"ultimate-heading-4305fb2b39fc3c69\" class=\"uvc-heading ult-adjust-bottom-margin ultimate-heading-4305fb2b39fc3c69 uvc-5522 titre_episode\" data-hspacer=\"no_spacer\" data-halign=\"center\">\n<div class=\"uvc-main-heading ult-responsive\" data-ultimate-target=\".uvc-heading.ultimate-heading-4305fb2b39fc3c69 h3\" data-responsive-json-new=\"{&quot;font-size&quot;:&quot;&quot;,&quot;line-height&quot;:&quot;&quot;}\">\n<div id=\"ultimate-heading-6245fb6c2e9c8adf\" class=\"uvc-heading ult-adjust-bottom-margin ultimate-heading-6245fb6c2e9c8adf uvc-4981 titre_episode\" data-hspacer=\"no_spacer\" data-halign=\"center\">\n<div class=\"uvc-main-heading ult-responsive\" data-ultimate-target=\".uvc-heading.ultimate-heading-6245fb6c2e9c8adf h3\" data-responsive-json-new=\"{&quot;font-size&quot;:&quot;&quot;,&quot;line-height&quot;:&quot;&quot;}\">\n<h3>Episode 2 : Objectifs et enjeux de ces alliances: pourquoi travailler ensemble ?<\/h3>\n<p>&nbsp;<\/p>\n<\/div>\n<\/div>\n<div class=\"wpb_text_column wpb_content_element  texte_episode\">\n<div class=\"wpb_wrapper\">\n<p style=\"text-align: justify;\">Quels sont les enjeux humains, \u00e9conomiques et financiers pour l\u2019entreprise et pour l\u2019association ? Pourquoi ces partenariats permettent-ils d\u2019augmenter l\u2019impact des structures ? Comment un partenariat peut-il satisfaire les int\u00e9r\u00eats strat\u00e9giques des deux structures ?<\/p>\n<\/div>\n<\/div>\n<\/div>\n<\/div>\n<\/div>\n<\/div>\n<p>[\/et_pb_text][et_pb_video src=\u00a0\u00bbhttps:\/\/youtu.be\/Tw354L_K8Ds\u00a0\u00bb _builder_version=\u00a0\u00bb4.7.1&Prime; _module_preset=\u00a0\u00bbdefault\u00a0\u00bb custom_css_main_element=\u00a0\u00bbmargin-top: auto;\u00a0\u00bb][\/et_pb_video][\/et_pb_column][\/et_pb_row][et_pb_row column_structure=\u00a0\u00bb1_2,1_2&Prime; make_equal=\u00a0\u00bbon\u00a0\u00bb module_class=\u00a0\u00bbalign-bottom-column\u00a0\u00bb _builder_version=\u00a0\u00bb4.7.1&Prime; _module_preset=\u00a0\u00bbdefault\u00a0\u00bb max_width=\u00a0\u00bb100%\u00a0\u00bb][et_pb_column type=\u00a0\u00bb1_2&Prime; _builder_version=\u00a0\u00bb4.7.1&Prime; _module_preset=\u00a0\u00bbdefault\u00a0\u00bb custom_padding=\u00a0\u00bb20px|20px|20px|20px|true|true\u00a0\u00bb custom_css_main_element=\u00a0\u00bbdisplay: flex;||flex-flow: column;\u00a0\u00bb box_shadow_style=\u00a0\u00bbpreset1&Prime; box_shadow_color=\u00a0\u00bb#ececec\u00a0\u00bb][et_pb_text _builder_version=\u00a0\u00bb4.7.1&Prime; _module_preset=\u00a0\u00bbdefault\u00a0\u00bb header_3_font=\u00a0\u00bb|700|||||||\u00a0\u00bb header_3_font_size=\u00a0\u00bb25px\u00a0\u00bb]<\/p>\n<div id=\"ultimate-heading-27965fb2b39fc2621\" class=\"uvc-heading ult-adjust-bottom-margin ultimate-heading-27965fb2b39fc2621 uvc-1925 titre_episode\" data-hspacer=\"no_spacer\" data-halign=\"center\">\n<div class=\"uvc-main-heading ult-responsive\" data-ultimate-target=\".uvc-heading.ultimate-heading-27965fb2b39fc2621 h3\" data-responsive-json-new=\"{&quot;font-size&quot;:&quot;&quot;,&quot;line-height&quot;:&quot;&quot;}\">\n<div id=\"ultimate-heading-27965fb2b39fc2621\" class=\"uvc-heading ult-adjust-bottom-margin ultimate-heading-27965fb2b39fc2621 uvc-1925 titre_episode\" data-hspacer=\"no_spacer\" data-halign=\"center\">\n<div class=\"uvc-main-heading ult-responsive\" data-ultimate-target=\".uvc-heading.ultimate-heading-27965fb2b39fc2621 h3\" data-responsive-json-new=\"{&quot;font-size&quot;:&quot;&quot;,&quot;line-height&quot;:&quot;&quot;}\">\n<div id=\"ultimate-heading-44635fb2b39fc53dd\" class=\"uvc-heading ult-adjust-bottom-margin ultimate-heading-44635fb2b39fc53dd uvc-3912 titre_episode\" data-hspacer=\"no_spacer\" data-halign=\"center\">\n<div class=\"uvc-main-heading ult-responsive\" data-ultimate-target=\".uvc-heading.ultimate-heading-44635fb2b39fc53dd h3\" data-responsive-json-new=\"{&quot;font-size&quot;:&quot;&quot;,&quot;line-height&quot;:&quot;&quot;}\">\n<div id=\"ultimate-heading-54225fb6c2e9c9aef\" class=\"uvc-heading ult-adjust-bottom-margin ultimate-heading-54225fb6c2e9c9aef uvc-856 titre_episode\" data-hspacer=\"no_spacer\" data-halign=\"center\">\n<div class=\"uvc-main-heading ult-responsive\" data-ultimate-target=\".uvc-heading.ultimate-heading-54225fb6c2e9c9aef h3\" data-responsive-json-new=\"{&quot;font-size&quot;:&quot;&quot;,&quot;line-height&quot;:&quot;&quot;}\">\n<h3>Episode 3 : Modalit\u00e9s des alliances : comment d\u00e9velopper des partenariats socialement innovants?<\/h3>\n<p>&nbsp;<\/p>\n<\/div>\n<\/div>\n<div class=\"wpb_text_column wpb_content_element  texte_episode\">\n<div class=\"wpb_wrapper\">\n<p style=\"text-align: justify;\">A quels r\u00e9seaux faire appel pour identifier un partenaire ? Quelles sont les \u00e9tapes \u00e0 suivre lors de la cr\u00e9ation d\u2019un partenariat innovant ? Quels sont les points d\u2019attention \u00e0 respecter ?<\/p>\n<\/div>\n<\/div>\n<\/div>\n<\/div>\n<\/div>\n<\/div>\n<\/div>\n<\/div>\n<p>[\/et_pb_text][et_pb_video src=\u00a0\u00bbhttps:\/\/youtu.be\/s-Guj6UpKbo\u00a0\u00bb _builder_version=\u00a0\u00bb4.7.1&Prime; _module_preset=\u00a0\u00bbdefault\u00a0\u00bb custom_margin=\u00a0\u00bb||2px|||\u00a0\u00bb custom_css_main_element=\u00a0\u00bbmargin-top: auto;||||\u00a0\u00bb][\/et_pb_video][\/et_pb_column][et_pb_column type=\u00a0\u00bb1_2&Prime; _builder_version=\u00a0\u00bb4.7.1&Prime; _module_preset=\u00a0\u00bbdefault\u00a0\u00bb custom_padding=\u00a0\u00bb20px|20px|20px|20px|true|true\u00a0\u00bb custom_css_main_element=\u00a0\u00bbdisplay: flex;||flex-flow: column;\u00a0\u00bb box_shadow_style=\u00a0\u00bbpreset1&Prime; box_shadow_color=\u00a0\u00bb#ececec\u00a0\u00bb][et_pb_text _builder_version=\u00a0\u00bb4.7.1&Prime; _module_preset=\u00a0\u00bbdefault\u00a0\u00bb header_3_font=\u00a0\u00bb|700|||||||\u00a0\u00bb header_3_font_size=\u00a0\u00bb25px\u00a0\u00bb]<\/p>\n<div id=\"ultimate-heading-27965fb2b39fc2621\" class=\"uvc-heading ult-adjust-bottom-margin ultimate-heading-27965fb2b39fc2621 uvc-1925 titre_episode\" data-hspacer=\"no_spacer\" data-halign=\"center\">\n<div class=\"uvc-main-heading ult-responsive\" data-ultimate-target=\".uvc-heading.ultimate-heading-27965fb2b39fc2621 h3\" data-responsive-json-new=\"{&quot;font-size&quot;:&quot;&quot;,&quot;line-height&quot;:&quot;&quot;}\">\n<div id=\"ultimate-heading-4305fb2b39fc3c69\" class=\"uvc-heading ult-adjust-bottom-margin ultimate-heading-4305fb2b39fc3c69 uvc-5522 titre_episode\" data-hspacer=\"no_spacer\" data-halign=\"center\">\n<div class=\"uvc-main-heading ult-responsive\" data-ultimate-target=\".uvc-heading.ultimate-heading-4305fb2b39fc3c69 h3\" data-responsive-json-new=\"{&quot;font-size&quot;:&quot;&quot;,&quot;line-height&quot;:&quot;&quot;}\">\n<div id=\"ultimate-heading-27965fb2b39fc2621\" class=\"uvc-heading ult-adjust-bottom-margin ultimate-heading-27965fb2b39fc2621 uvc-1925 titre_episode\" data-hspacer=\"no_spacer\" data-halign=\"center\">\n<div class=\"uvc-main-heading ult-responsive\" data-ultimate-target=\".uvc-heading.ultimate-heading-27965fb2b39fc2621 h3\" data-responsive-json-new=\"{&quot;font-size&quot;:&quot;&quot;,&quot;line-height&quot;:&quot;&quot;}\">\n<div id=\"ultimate-heading-4305fb2b39fc3c69\" class=\"uvc-heading ult-adjust-bottom-margin ultimate-heading-4305fb2b39fc3c69 uvc-5522 titre_episode\" data-hspacer=\"no_spacer\" data-halign=\"center\">\n<div class=\"uvc-main-heading ult-responsive\" data-ultimate-target=\".uvc-heading.ultimate-heading-4305fb2b39fc3c69 h3\" data-responsive-json-new=\"{&quot;font-size&quot;:&quot;&quot;,&quot;line-height&quot;:&quot;&quot;}\">\n<div id=\"ultimate-heading-97465fb2b39fc6922\" class=\"uvc-heading ult-adjust-bottom-margin ultimate-heading-97465fb2b39fc6922 uvc-6180 titre_episode\" data-hspacer=\"no_spacer\" data-halign=\"center\">\n<div class=\"uvc-main-heading ult-responsive\" data-ultimate-target=\".uvc-heading.ultimate-heading-97465fb2b39fc6922 h3\" data-responsive-json-new=\"{&quot;font-size&quot;:&quot;&quot;,&quot;line-height&quot;:&quot;&quot;}\">\n<div id=\"ultimate-heading-83265fb6c2e9ca9a6\" class=\"uvc-heading ult-adjust-bottom-margin ultimate-heading-83265fb6c2e9ca9a6 uvc-6532 titre_episode\" data-hspacer=\"no_spacer\" data-halign=\"center\">\n<div class=\"uvc-main-heading ult-responsive\" data-ultimate-target=\".uvc-heading.ultimate-heading-83265fb6c2e9ca9a6 h3\" data-responsive-json-new=\"{&quot;font-size&quot;:&quot;&quot;,&quot;line-height&quot;:&quot;&quot;}\">\n<h3>Episode 4 : Impact et facteurs-cl\u00e9s de r\u00e9ussite de ces alliances<\/h3>\n<p>&nbsp;<\/p>\n<\/div>\n<\/div>\n<div class=\"wpb_text_column wpb_content_element  texte_episode\">\n<div class=\"wpb_wrapper\">\n<p style=\"text-align: justify;\">Pourquoi \u00e9valuer l\u2019impact d\u2019un partenariat innovant ? Comment proc\u00e9der \u00e0 cette \u00e9valuation ? Quels sont les facteurs cl\u00e9s de succ\u00e8s de ces partenariats ?<\/p>\n<\/div>\n<\/div>\n<\/div>\n<\/div>\n<\/div>\n<\/div>\n<\/div>\n<\/div>\n<\/div>\n<\/div>\n<\/div>\n<\/div>\n<p>[\/et_pb_text][et_pb_video src=\u00a0\u00bbhttps:\/\/youtu.be\/4VGvoaTi4jQ\u00a0\u00bb _builder_version=\u00a0\u00bb4.7.1&Prime; _module_preset=\u00a0\u00bbdefault\u00a0\u00bb custom_css_main_element=\u00a0\u00bbmargin-top: auto;\u00a0\u00bb][\/et_pb_video][\/et_pb_column][\/et_pb_row][\/et_pb_section][et_pb_section fb_built=\u00a0\u00bb1&Prime; admin_label=\u00a0\u00bbNos autres MOOCs\u00a0\u00bb _builder_version=\u00a0\u00bb4.7.7&Prime; _module_preset=\u00a0\u00bbdefault\u00a0\u00bb custom_padding=\u00a0\u00bb||0px|||\u00a0\u00bb global_module=\u00a0\u00bb821&Prime; saved_tabs=\u00a0\u00bball\u00a0\u00bb][et_pb_row admin_label=\u00a0\u00bbNos autres MOOCs\u00a0\u00bb _builder_version=\u00a0\u00bb4.7.0&Prime; _module_preset=\u00a0\u00bbdefault\u00a0\u00bb max_width=\u00a0\u00bb100%\u00a0\u00bb custom_margin=\u00a0\u00bb0px|auto||auto||\u00a0\u00bb custom_padding=\u00a0\u00bb||0px|||\u00a0\u00bb][et_pb_column type=\u00a0\u00bb4_4&Prime; _builder_version=\u00a0\u00bb4.7.0&Prime; _module_preset=\u00a0\u00bbdefault\u00a0\u00bb][et_pb_code _builder_version=\u00a0\u00bb4.7.7&Prime; _module_preset=\u00a0\u00bbdefault\u00a0\u00bb]<script><!-- [et_pb_line_break_holder] -->jQuery(function($){<!-- [et_pb_line_break_holder] -->var backButton = $('.back-button');<!-- [et_pb_line_break_holder] -->var nextButton = $('.next-button');<!-- [et_pb_line_break_holder] -->$('.trombi-items').slick({<!-- [et_pb_line_break_holder] -->slidesToShow: 4,<!-- [et_pb_line_break_holder] -->slidesToScroll: 1,<!-- [et_pb_line_break_holder] -->autoplay: true,<!-- [et_pb_line_break_holder] -->autoplaySpeed: 1500,<!-- [et_pb_line_break_holder] -->prevArrow: backButton,<!-- [et_pb_line_break_holder] -->nextArrow: nextButton,<!-- [et_pb_line_break_holder] -->pauseOnHover: true,<!-- [et_pb_line_break_holder] -->responsive: [{<!-- [et_pb_line_break_holder] -->breakpoint: 1079,<!-- [et_pb_line_break_holder] -->settings: {<!-- [et_pb_line_break_holder] -->slidesToShow: 2<!-- [et_pb_line_break_holder] -->}<!-- [et_pb_line_break_holder] -->}]<!-- [et_pb_line_break_holder] -->});<!-- [et_pb_line_break_holder] -->});<!-- [et_pb_line_break_holder] --><\/script>[\/et_pb_code][et_pb_code _builder_version=\u00a0\u00bb4.7.7&Prime; _module_preset=\u00a0\u00bbdefault\u00a0\u00bb]<\/p>\n<style> <!-- [et_pb_line_break_holder] -->.slick-slide<!-- [et_pb_line_break_holder] -->{<!-- [et_pb_line_break_holder] -->float: left;<!-- [et_pb_line_break_holder] -->}<!-- [et_pb_line_break_holder] --><\/style>\n<p>[\/et_pb_code][\/et_pb_column][\/et_pb_row][et_pb_row admin_label=\u00a0\u00bbCarrousel nos autres MOOCs\u00a0\u00bb _builder_version=\u00a0\u00bb4.7.7&Prime; _module_preset=\u00a0\u00bbdefault\u00a0\u00bb width=\u00a0\u00bb90%\u00a0\u00bb max_width=\u00a0\u00bb100%\u00a0\u00bb custom_padding=\u00a0\u00bb||0px|||\u00a0\u00bb][et_pb_column type=\u00a0\u00bb4_4&Prime; module_class=\u00a0\u00bbtrombi-items slider\u00a0\u00bb _builder_version=\u00a0\u00bb4.7.0&Prime; _module_preset=\u00a0\u00bbdefault\u00a0\u00bb overflow-x=\u00a0\u00bbhidden\u00a0\u00bb overflow-y=\u00a0\u00bbhidden\u00a0\u00bb][et_pb_text admin_label=\u00a0\u00bbL&rsquo;entrepreneuriat social : de l&rsquo;envie au projet\u00a0\u00bb _builder_version=\u00a0\u00bb4.7.7&Prime; _dynamic_attributes=\u00a0\u00bblink_option_url\u00a0\u00bb _module_preset=\u00a0\u00bbdefault\u00a0\u00bb header_3_font=\u00a0\u00bb|700|||||||\u00a0\u00bb header_4_font=\u00a0\u00bb|700|||||||\u00a0\u00bb header_4_text_color=\u00a0\u00bb#44a2a4&Prime; header_4_font_size=\u00a0\u00bb16px\u00a0\u00bb background_enable_color=\u00a0\u00bboff\u00a0\u00bb width=\u00a0\u00bb21vw\u00a0\u00bb custom_margin=\u00a0\u00bb0px|1vw|0px|1vw|true|true\u00a0\u00bb link_option_url=\u00a0\u00bb@ET-DC@eyJkeW5hbWljIjp0cnVlLCJjb250ZW50IjoicG9zdF9saW5rX3VybF9wYWdlIiwic2V0dGluZ3MiOnsicG9zdF9pZCI6IjUzMiJ9fQ==@\u00a0\u00bb background__hover_enabled=\u00a0\u00bbon|hover\u00a0\u00bb background_color__hover=\u00a0\u00bb#ececec\u00a0\u00bb background_enable_color__hover=\u00a0\u00bbon\u00a0\u00bb]<\/p>\n<p style=\"text-align: justify;\"><img decoding=\"async\" loading=\"lazy\" class=\"wp-image-662 alignnone size-medium\" src=\"https:\/\/www.impactinitiative.essec.edu\/wp-content\/uploads\/2020\/11\/ES-De-lenvie-au-projet-346x346-1-300x300.png\" alt=\"\" width=\"300\" height=\"300\" srcset=\"https:\/\/centre-innovation-sociale-ecologique.essec.edu\/wp-content\/uploads\/2020\/11\/ES-De-lenvie-au-projet-346x346-1-300x300.png 300w, https:\/\/centre-innovation-sociale-ecologique.essec.edu\/wp-content\/uploads\/2020\/11\/ES-De-lenvie-au-projet-346x346-1-150x150.png 150w, https:\/\/centre-innovation-sociale-ecologique.essec.edu\/wp-content\/uploads\/2020\/11\/ES-De-lenvie-au-projet-346x346-1.png 346w\" sizes=\"(max-width: 300px) 100vw, 300px\" \/><\/p>\n<h3 style=\"text-align: center;\">L&rsquo;entrepreneuriat social : de l&rsquo;envie au projet<\/h3>\n<p style=\"text-align: justify;\">4 ans apr\u00e8s sa premi\u00e8re \u00e9dition, le MOOC fait peau neuve et revient avec une vingtaine de nouveaux t\u00e9moignages inspirants !<\/p>\n<p>[\/et_pb_text][et_pb_text admin_label=\u00a0\u00bbL&rsquo;entrepreneuriat social : faire son business plan\u00a0\u00bb _builder_version=\u00a0\u00bb4.7.7&Prime; _dynamic_attributes=\u00a0\u00bblink_option_url\u00a0\u00bb _module_preset=\u00a0\u00bbdefault\u00a0\u00bb header_3_font=\u00a0\u00bb|700|||||||\u00a0\u00bb header_4_font=\u00a0\u00bb|700|||||||\u00a0\u00bb header_4_text_color=\u00a0\u00bb#44a2a4&Prime; header_4_font_size=\u00a0\u00bb16px\u00a0\u00bb background_enable_color=\u00a0\u00bboff\u00a0\u00bb width=\u00a0\u00bb21vw\u00a0\u00bb custom_margin=\u00a0\u00bb0px|1vw|0px|1vw|true|true\u00a0\u00bb link_option_url=\u00a0\u00bb@ET-DC@eyJkeW5hbWljIjp0cnVlLCJjb250ZW50IjoicG9zdF9saW5rX3VybF9wYWdlIiwic2V0dGluZ3MiOnsicG9zdF9pZCI6IjUzNCJ9fQ==@\u00a0\u00bb background_color__hover=\u00a0\u00bb#ececec\u00a0\u00bb background_enable_color__hover=\u00a0\u00bbon\u00a0\u00bb background__hover_enabled=\u00a0\u00bbon|hover\u00a0\u00bb]<\/p>\n<p><img decoding=\"async\" loading=\"lazy\" class=\"wp-image-661 alignnone size-medium\" style=\"display: block; margin-left: auto; margin-right: auto;\" src=\"https:\/\/www.impactinitiative.essec.edu\/wp-content\/uploads\/2020\/11\/MOOC-changer-le-monde-1-e1595322902763-346x346-1-300x300.png\" alt=\"\" width=\"300\" height=\"300\" srcset=\"https:\/\/centre-innovation-sociale-ecologique.essec.edu\/wp-content\/uploads\/2020\/11\/MOOC-changer-le-monde-1-e1595322902763-346x346-1-300x300.png 300w, https:\/\/centre-innovation-sociale-ecologique.essec.edu\/wp-content\/uploads\/2020\/11\/MOOC-changer-le-monde-1-e1595322902763-346x346-1-150x150.png 150w, https:\/\/centre-innovation-sociale-ecologique.essec.edu\/wp-content\/uploads\/2020\/11\/MOOC-changer-le-monde-1-e1595322902763-346x346-1.png 346w\" sizes=\"(max-width: 300px) 100vw, 300px\" \/><\/p>\n<h3 style=\"text-align: center;\">L&rsquo;entrepreneuriat social : faire son business plan<\/h3>\n<p>D\u00e9couvrez l\u2019outil du Business Plan Social formalis\u00e9 par l\u2019ESSEC en partenariat avec Ashoka et McKinsey.<\/p>\n<p>[\/et_pb_text][et_pb_text admin_label=\u00a0\u00bbL&rsquo;entrepreneuriat social : changer d&rsquo;\u00e9chelle\u00a0\u00bb _builder_version=\u00a0\u00bb4.7.7&Prime; _dynamic_attributes=\u00a0\u00bblink_option_url\u00a0\u00bb _module_preset=\u00a0\u00bbdefault\u00a0\u00bb header_3_font=\u00a0\u00bb|700|||||||\u00a0\u00bb header_4_font=\u00a0\u00bb|700|||||||\u00a0\u00bb header_4_text_color=\u00a0\u00bb#44a2a4&Prime; header_4_font_size=\u00a0\u00bb16px\u00a0\u00bb background_enable_color=\u00a0\u00bboff\u00a0\u00bb width=\u00a0\u00bb21vw\u00a0\u00bb custom_margin=\u00a0\u00bb0px|1vw|0px|1vw|true|true\u00a0\u00bb link_option_url=\u00a0\u00bb@ET-DC@eyJkeW5hbWljIjp0cnVlLCJjb250ZW50IjoicG9zdF9saW5rX3VybF9wYWdlIiwic2V0dGluZ3MiOnsicG9zdF9pZCI6IjU0NyJ9fQ==@\u00a0\u00bb background_color__hover=\u00a0\u00bb#ececec\u00a0\u00bb background_enable_color__hover=\u00a0\u00bbon\u00a0\u00bb background__hover_enabled=\u00a0\u00bbon|hover\u00a0\u00bb]<\/p>\n<p><img decoding=\"async\" loading=\"lazy\" class=\"alignnone wp-image-1503 size-medium\" style=\"display: block; margin-left: auto; margin-right: auto;\" src=\"https:\/\/impactinitiative.essec.edu\/wp-content\/uploads\/2021\/04\/visuel_coursera1_changer_echelle-3-346x346-e1618584019419-300x300.png\" alt=\"changer d'\u00e9chelle\" width=\"300\" height=\"300\" srcset=\"https:\/\/centre-innovation-sociale-ecologique.essec.edu\/wp-content\/uploads\/2021\/04\/visuel_coursera1_changer_echelle-3-346x346-e1618584019419-300x300.png 300w, https:\/\/centre-innovation-sociale-ecologique.essec.edu\/wp-content\/uploads\/2021\/04\/visuel_coursera1_changer_echelle-3-346x346-e1618584019419-150x150.png 150w, https:\/\/centre-innovation-sociale-ecologique.essec.edu\/wp-content\/uploads\/2021\/04\/visuel_coursera1_changer_echelle-3-346x346-e1618584019419.png 346w\" sizes=\"(max-width: 300px) 100vw, 300px\" \/><\/p>\n<h3 style=\"text-align: center;\">L&rsquo;entrepreneuriat social : changer d&rsquo;\u00e9chelle<\/h3>\n<p style=\"text-align: justify;\">Si vous cherchez \u00e0 d\u00e9velopper l\u2019activit\u00e9 de votre organisation pour changer d\u2019\u00e9chelle et maximiser son impact social ce MOOC est pour vous !<\/p>\n<p>[\/et_pb_text][et_pb_text admin_label=\u00a0\u00bbL&rsquo;impact investing : comprendre les fondamentaux\u00a0\u00bb _builder_version=\u00a0\u00bb4.7.7&Prime; _dynamic_attributes=\u00a0\u00bblink_option_url\u00a0\u00bb _module_preset=\u00a0\u00bbdefault\u00a0\u00bb header_3_font=\u00a0\u00bb|700|||||||\u00a0\u00bb header_4_font=\u00a0\u00bb|700|||||||\u00a0\u00bb header_4_text_color=\u00a0\u00bb#44a2a4&Prime; header_4_font_size=\u00a0\u00bb16px\u00a0\u00bb background_enable_color=\u00a0\u00bboff\u00a0\u00bb width=\u00a0\u00bb21vw\u00a0\u00bb custom_margin=\u00a0\u00bb0px|1vw|0px|1vw|true|true\u00a0\u00bb link_option_url=\u00a0\u00bb@ET-DC@eyJkeW5hbWljIjp0cnVlLCJjb250ZW50IjoicG9zdF9saW5rX3VybF9wYWdlIiwic2V0dGluZ3MiOnsicG9zdF9pZCI6IjUzMiJ9fQ==@\u00a0\u00bb background_color__hover=\u00a0\u00bb#ececec\u00a0\u00bb background_enable_color__hover=\u00a0\u00bbon\u00a0\u00bb background__hover_enabled=\u00a0\u00bbon|hover\u00a0\u00bb]<\/p>\n<p><img decoding=\"async\" loading=\"lazy\" src=\"https:\/\/impactinitiative.essec.edu\/wp-content\/uploads\/2020\/11\/Impact-investing-346x346-1-300x300.png\" width=\"300\" height=\"300\" alt=\"Logo MOOC Impact Investing\" class=\"wp-image-663 aligncenter size-medium\" srcset=\"https:\/\/centre-innovation-sociale-ecologique.essec.edu\/wp-content\/uploads\/2020\/11\/Impact-investing-346x346-1-300x300.png 300w, https:\/\/centre-innovation-sociale-ecologique.essec.edu\/wp-content\/uploads\/2020\/11\/Impact-investing-346x346-1-150x150.png 150w, https:\/\/centre-innovation-sociale-ecologique.essec.edu\/wp-content\/uploads\/2020\/11\/Impact-investing-346x346-1.png 346w\" sizes=\"(max-width: 300px) 100vw, 300px\" \/><\/p>\n<h3 style=\"text-align: center;\">L&rsquo;impact investing : comprendre les fondamentaux<\/h3>\n<p style=\"text-align: justify;\">S\u00e9rie de 3 MOOCs sur le th\u00e8me de l\u2019impact investing pour former les entrepreneurs sociaux et financeurs \u201c\u00e0 impact\u201d.<\/p>\n<p>[\/et_pb_text][et_pb_text admin_label=\u00a0\u00bbL&rsquo;impact investing : \u00eatre acteur\u00a0\u00bb _builder_version=\u00a0\u00bb4.7.7&Prime; _dynamic_attributes=\u00a0\u00bblink_option_url\u00a0\u00bb _module_preset=\u00a0\u00bbdefault\u00a0\u00bb header_3_font=\u00a0\u00bb|700|||||||\u00a0\u00bb header_4_font=\u00a0\u00bb|700|||||||\u00a0\u00bb header_4_text_color=\u00a0\u00bb#44a2a4&Prime; header_4_font_size=\u00a0\u00bb16px\u00a0\u00bb background_enable_color=\u00a0\u00bboff\u00a0\u00bb width=\u00a0\u00bb21vw\u00a0\u00bb custom_margin=\u00a0\u00bb0px|1vw|0px|1vw|true|true\u00a0\u00bb link_option_url=\u00a0\u00bb@ET-DC@eyJkeW5hbWljIjp0cnVlLCJjb250ZW50IjoicG9zdF9saW5rX3VybF9wYWdlIiwic2V0dGluZ3MiOnsicG9zdF9pZCI6IjU3MCJ9fQ==@\u00a0\u00bb background_color__hover=\u00a0\u00bb#ececec\u00a0\u00bb background_enable_color__hover=\u00a0\u00bbon\u00a0\u00bb background__hover_enabled=\u00a0\u00bbon|hover\u00a0\u00bb]<\/p>\n<p><img decoding=\"async\" loading=\"lazy\" class=\"wp-image-663 alignnone size-medium\" style=\"display: block; margin-left: auto; margin-right: auto;\" src=\"https:\/\/www.impactinitiative.essec.edu\/wp-content\/uploads\/2020\/11\/Impact-investing-346x346-1-300x300.png\" alt=\"\" width=\"300\" height=\"300\" srcset=\"https:\/\/centre-innovation-sociale-ecologique.essec.edu\/wp-content\/uploads\/2020\/11\/Impact-investing-346x346-1-300x300.png 300w, https:\/\/centre-innovation-sociale-ecologique.essec.edu\/wp-content\/uploads\/2020\/11\/Impact-investing-346x346-1-150x150.png 150w, https:\/\/centre-innovation-sociale-ecologique.essec.edu\/wp-content\/uploads\/2020\/11\/Impact-investing-346x346-1.png 346w\" sizes=\"(max-width: 300px) 100vw, 300px\" \/><\/p>\n<h3 style=\"text-align: center;\">L&rsquo;impact investing : \u00eatre acteur<\/h3>\n<p style=\"text-align: justify;\">Pr\u00e9parez votre lev\u00e9e de fonds \u00e0 impact gr\u00e2ce \u00e0 ce deuxi\u00e8me MOOC indispensable pour les financeurs, entrepreneurs sociaux ou incubateurs !<\/p>\n<p>[\/et_pb_text][et_pb_text admin_label=\u00a0\u00bbL&rsquo;impact investing : innover\u00a0\u00bb _builder_version=\u00a0\u00bb4.7.7&Prime; _dynamic_attributes=\u00a0\u00bblink_option_url\u00a0\u00bb _module_preset=\u00a0\u00bbdefault\u00a0\u00bb header_3_font=\u00a0\u00bb|700|||||||\u00a0\u00bb header_4_font=\u00a0\u00bb|700|||||||\u00a0\u00bb header_4_text_color=\u00a0\u00bb#44a2a4&Prime; header_4_font_size=\u00a0\u00bb16px\u00a0\u00bb background_enable_color=\u00a0\u00bboff\u00a0\u00bb width=\u00a0\u00bb21vw\u00a0\u00bb custom_margin=\u00a0\u00bb0px|1vw|0px|1vw|true|true\u00a0\u00bb link_option_url=\u00a0\u00bb@ET-DC@eyJkeW5hbWljIjp0cnVlLCJjb250ZW50IjoicG9zdF9saW5rX3VybF9wYWdlIiwic2V0dGluZ3MiOnsicG9zdF9pZCI6IjY0MCJ9fQ==@\u00a0\u00bb background_color__hover=\u00a0\u00bb#ececec\u00a0\u00bb background_enable_color__hover=\u00a0\u00bbon\u00a0\u00bb background__hover_enabled=\u00a0\u00bbon|hover\u00a0\u00bb]<\/p>\n<p><img decoding=\"async\" loading=\"lazy\" class=\"wp-image-663 alignnone size-medium\" style=\"display: block; margin-left: auto; margin-right: auto;\" src=\"https:\/\/www.impactinitiative.essec.edu\/wp-content\/uploads\/2020\/11\/Impact-investing-346x346-1-300x300.png\" alt=\"\" width=\"300\" height=\"300\" srcset=\"https:\/\/centre-innovation-sociale-ecologique.essec.edu\/wp-content\/uploads\/2020\/11\/Impact-investing-346x346-1-300x300.png 300w, https:\/\/centre-innovation-sociale-ecologique.essec.edu\/wp-content\/uploads\/2020\/11\/Impact-investing-346x346-1-150x150.png 150w, https:\/\/centre-innovation-sociale-ecologique.essec.edu\/wp-content\/uploads\/2020\/11\/Impact-investing-346x346-1.png 346w\" sizes=\"(max-width: 300px) 100vw, 300px\" \/><\/p>\n<h3 style=\"text-align: center;\">L&rsquo;impact investing : innover<\/h3>\n<p style=\"text-align: justify;\">Ce dernier MOOC sur le th\u00e8me de l\u2019impact investing s\u2019int\u00e9resse au d\u00e9veloppement et au perfectionnement des outils de financement.<\/p>\n<p>[\/et_pb_text][et_pb_text admin_label=\u00a0\u00bbLes partenariats qui changent le monde\u00a0\u00bb _builder_version=\u00a0\u00bb4.7.7&Prime; _dynamic_attributes=\u00a0\u00bblink_option_url\u00a0\u00bb _module_preset=\u00a0\u00bbdefault\u00a0\u00bb header_3_font=\u00a0\u00bb|700|||||||\u00a0\u00bb header_4_font=\u00a0\u00bb|700|||||||\u00a0\u00bb header_4_text_color=\u00a0\u00bb#44a2a4&Prime; header_4_font_size=\u00a0\u00bb16px\u00a0\u00bb background_enable_color=\u00a0\u00bboff\u00a0\u00bb width=\u00a0\u00bb21vw\u00a0\u00bb custom_margin=\u00a0\u00bb0px|1vw|0px|1vw|true|true\u00a0\u00bb link_option_url=\u00a0\u00bb@ET-DC@eyJkeW5hbWljIjp0cnVlLCJjb250ZW50IjoicG9zdF9saW5rX3VybF9wYWdlIiwic2V0dGluZ3MiOnsicG9zdF9pZCI6IjUzMiJ9fQ==@\u00a0\u00bb background_color__hover=\u00a0\u00bb#ececec\u00a0\u00bb background_enable_color__hover=\u00a0\u00bbon\u00a0\u00bb background__hover_enabled=\u00a0\u00bbon|hover\u00a0\u00bb]<\/p>\n<p><img decoding=\"async\" loading=\"lazy\" class=\"wp-image-667 alignnone size-medium\" style=\"display: block; margin-left: auto; margin-right: auto;\" src=\"https:\/\/www.impactinitiative.essec.edu\/wp-content\/uploads\/2020\/11\/Partenariats-qui-changent-le-monde-346x346-1-300x300.png\" alt=\"\" width=\"300\" height=\"300\" srcset=\"https:\/\/centre-innovation-sociale-ecologique.essec.edu\/wp-content\/uploads\/2020\/11\/Partenariats-qui-changent-le-monde-346x346-1-300x300.png 300w, https:\/\/centre-innovation-sociale-ecologique.essec.edu\/wp-content\/uploads\/2020\/11\/Partenariats-qui-changent-le-monde-346x346-1-150x150.png 150w, https:\/\/centre-innovation-sociale-ecologique.essec.edu\/wp-content\/uploads\/2020\/11\/Partenariats-qui-changent-le-monde-346x346-1.png 346w\" sizes=\"(max-width: 300px) 100vw, 300px\" \/><\/p>\n<h3 style=\"text-align: center;\">Les partenariats qui changent le monde<\/h3>\n<p style=\"text-align: justify;\">Cr\u00e9\u00e9 en partenariat avec Le RAMEAU pour appr\u00e9hender la dynamique des partenariats entre entreprises et associations.<\/p>\n<p>[\/et_pb_text][et_pb_text admin_label=\u00a0\u00bbLes alliances qui changent les territoires\u00a0\u00bb _builder_version=\u00a0\u00bb4.7.7&Prime; _dynamic_attributes=\u00a0\u00bblink_option_url\u00a0\u00bb _module_preset=\u00a0\u00bbdefault\u00a0\u00bb header_3_font=\u00a0\u00bb|700|||||||\u00a0\u00bb header_4_font=\u00a0\u00bb|700|||||||\u00a0\u00bb header_4_text_color=\u00a0\u00bb#44a2a4&Prime; header_4_font_size=\u00a0\u00bb16px\u00a0\u00bb background_enable_color=\u00a0\u00bboff\u00a0\u00bb width=\u00a0\u00bb21vw\u00a0\u00bb custom_margin=\u00a0\u00bb0px|1vw|0px|1vw|true|true\u00a0\u00bb link_option_url=\u00a0\u00bb@ET-DC@eyJkeW5hbWljIjp0cnVlLCJjb250ZW50IjoicG9zdF9saW5rX3VybF9wYWdlIiwic2V0dGluZ3MiOnsicG9zdF9pZCI6IjY0NCJ9fQ==@\u00a0\u00bb background_color__hover=\u00a0\u00bb#ececec\u00a0\u00bb background_enable_color__hover=\u00a0\u00bbon\u00a0\u00bb background__hover_enabled=\u00a0\u00bbon|hover\u00a0\u00bb]<\/p>\n<p><img decoding=\"async\" loading=\"lazy\" class=\"wp-image-666 alignnone size-medium\" style=\"display: block; margin-left: auto; margin-right: auto;\" src=\"https:\/\/www.impactinitiative.essec.edu\/wp-content\/uploads\/2020\/11\/Alliances-qui-changent-les-territoires-346x346-1-300x300.png\" alt=\"\" width=\"300\" height=\"300\" srcset=\"https:\/\/centre-innovation-sociale-ecologique.essec.edu\/wp-content\/uploads\/2020\/11\/Alliances-qui-changent-les-territoires-346x346-1-300x300.png 300w, https:\/\/centre-innovation-sociale-ecologique.essec.edu\/wp-content\/uploads\/2020\/11\/Alliances-qui-changent-les-territoires-346x346-1-150x150.png 150w, https:\/\/centre-innovation-sociale-ecologique.essec.edu\/wp-content\/uploads\/2020\/11\/Alliances-qui-changent-les-territoires-346x346-1.png 346w\" sizes=\"(max-width: 300px) 100vw, 300px\" \/><\/p>\n<h3 style=\"text-align: center;\">Les alliances qui changent les territoires<\/h3>\n<p style=\"text-align: justify;\">Instaurez une alliance territoriale pour r\u00e9pondre \u00e0 des besoins sociaux et environnementaux et d\u00e9multiplier votre impact.<\/p>\n<p>[\/et_pb_text][et_pb_text admin_label=\u00a0\u00bbNouveaux mod\u00e8les \u00e9conomiques des associations\u00a0\u00bb _builder_version=\u00a0\u00bb4.7.7&Prime; _dynamic_attributes=\u00a0\u00bblink_option_url\u00a0\u00bb _module_preset=\u00a0\u00bbdefault\u00a0\u00bb header_3_font=\u00a0\u00bb|700|||||||\u00a0\u00bb header_4_font=\u00a0\u00bb|700|||||||\u00a0\u00bb header_4_text_color=\u00a0\u00bb#44a2a4&Prime; header_4_font_size=\u00a0\u00bb16px\u00a0\u00bb background_enable_color=\u00a0\u00bboff\u00a0\u00bb width=\u00a0\u00bb21vw\u00a0\u00bb custom_margin=\u00a0\u00bb0px|1vw|0px|1vw|true|true\u00a0\u00bb link_option_url=\u00a0\u00bb@ET-DC@eyJkeW5hbWljIjp0cnVlLCJjb250ZW50IjoicG9zdF9saW5rX3VybF9wYWdlIiwic2V0dGluZ3MiOnsicG9zdF9pZCI6IjYzNiJ9fQ==@\u00a0\u00bb background_color__hover=\u00a0\u00bb#ececec\u00a0\u00bb background_enable_color__hover=\u00a0\u00bbon\u00a0\u00bb background__hover_enabled=\u00a0\u00bbon|hover\u00a0\u00bb]<\/p>\n<p><img decoding=\"async\" loading=\"lazy\" class=\"wp-image-660 alignnone size-medium\" style=\"display: block; margin-left: auto; margin-right: auto;\" src=\"https:\/\/www.impactinitiative.essec.edu\/wp-content\/uploads\/2020\/11\/Nouveaux-modeles-economiques-346x346-1-300x300.png\" alt=\"\" width=\"300\" height=\"300\" srcset=\"https:\/\/centre-innovation-sociale-ecologique.essec.edu\/wp-content\/uploads\/2020\/11\/Nouveaux-modeles-economiques-346x346-1-300x300.png 300w, https:\/\/centre-innovation-sociale-ecologique.essec.edu\/wp-content\/uploads\/2020\/11\/Nouveaux-modeles-economiques-346x346-1-150x150.png 150w, https:\/\/centre-innovation-sociale-ecologique.essec.edu\/wp-content\/uploads\/2020\/11\/Nouveaux-modeles-economiques-346x346-1.png 346w\" sizes=\"(max-width: 300px) 100vw, 300px\" \/><\/p>\n<h3 style=\"text-align: center;\">Nouveaux mod\u00e8les \u00e9conomiques des associations<\/h3>\n<p style=\"text-align: justify;\">Hybridez le mod\u00e8le \u00e9conomique de votre association pour rendre votre action p\u00e9renne et maximiser votre impact;<\/p>\n<p>[\/et_pb_text][et_pb_text admin_label=\u00a0\u00bbInnovation publique et pens\u00e9e design\u00a0\u00bb _builder_version=\u00a0\u00bb4.7.7&Prime; _dynamic_attributes=\u00a0\u00bblink_option_url\u00a0\u00bb _module_preset=\u00a0\u00bbdefault\u00a0\u00bb header_3_font=\u00a0\u00bb|700|||||||\u00a0\u00bb header_4_font=\u00a0\u00bb|700|||||||\u00a0\u00bb header_4_text_color=\u00a0\u00bb#44a2a4&Prime; header_4_font_size=\u00a0\u00bb16px\u00a0\u00bb background_enable_color=\u00a0\u00bboff\u00a0\u00bb width=\u00a0\u00bb21vw\u00a0\u00bb custom_margin=\u00a0\u00bb0px|1vw|0px|1vw|true|true\u00a0\u00bb link_option_url=\u00a0\u00bb@ET-DC@eyJkeW5hbWljIjp0cnVlLCJjb250ZW50IjoicG9zdF9saW5rX3VybF9wYWdlIiwic2V0dGluZ3MiOnsicG9zdF9pZCI6IjY1MCJ9fQ==@\u00a0\u00bb background_color__hover=\u00a0\u00bb#ececec\u00a0\u00bb background_enable_color__hover=\u00a0\u00bbon\u00a0\u00bb background__hover_enabled=\u00a0\u00bbon|hover\u00a0\u00bb]<\/p>\n<p><img decoding=\"async\" loading=\"lazy\" class=\"wp-image-672 alignnone size-medium\" style=\"display: block; margin-left: auto; margin-right: auto;\" src=\"https:\/\/www.impactinitiative.essec.edu\/wp-content\/uploads\/2020\/11\/MOOC-innovation-publique-et-pense\u0301e-design-e1595324946384-346x346-1-300x300.png\" alt=\"\" width=\"300\" height=\"300\" srcset=\"https:\/\/centre-innovation-sociale-ecologique.essec.edu\/wp-content\/uploads\/2020\/11\/MOOC-innovation-publique-et-pense\u0301e-design-e1595324946384-346x346-1-300x300.png 300w, https:\/\/centre-innovation-sociale-ecologique.essec.edu\/wp-content\/uploads\/2020\/11\/MOOC-innovation-publique-et-pense\u0301e-design-e1595324946384-346x346-1-150x150.png 150w, https:\/\/centre-innovation-sociale-ecologique.essec.edu\/wp-content\/uploads\/2020\/11\/MOOC-innovation-publique-et-pense\u0301e-design-e1595324946384-346x346-1.png 346w\" sizes=\"(max-width: 300px) 100vw, 300px\" \/><\/p>\n<h3 style=\"text-align: center;\">Innovation publique et pens\u00e9e design<\/h3>\n<p style=\"text-align: justify;\">Obtenez les comp\u00e9tences pour coordonner un projet d\u2019innovation s\u2019appuyant sur une approche design de service.<\/p>\n<p>[\/et_pb_text][et_pb_text admin_label=\u00a0\u00bbEvaluation et mesure d&rsquo;impact social\u00a0\u00bb _builder_version=\u00a0\u00bb4.7.7&Prime; _dynamic_attributes=\u00a0\u00bblink_option_url\u00a0\u00bb _module_preset=\u00a0\u00bbdefault\u00a0\u00bb header_3_font=\u00a0\u00bb|700|||||||\u00a0\u00bb header_4_font=\u00a0\u00bb|700|||||||\u00a0\u00bb header_4_text_color=\u00a0\u00bb#44a2a4&Prime; header_4_font_size=\u00a0\u00bb16px\u00a0\u00bb background_enable_color=\u00a0\u00bboff\u00a0\u00bb width=\u00a0\u00bb21vw\u00a0\u00bb custom_margin=\u00a0\u00bb0px|1vw|0px|1vw|true|true\u00a0\u00bb link_option_url=\u00a0\u00bb@ET-DC@eyJkeW5hbWljIjp0cnVlLCJjb250ZW50IjoicG9zdF9saW5rX3VybF9wYWdlIiwic2V0dGluZ3MiOnsicG9zdF9pZCI6IjU1NyJ9fQ==@\u00a0\u00bb background_color__hover=\u00a0\u00bb#ececec\u00a0\u00bb background_enable_color__hover=\u00a0\u00bbon\u00a0\u00bb background__hover_enabled=\u00a0\u00bbon|hover\u00a0\u00bb]<\/p>\n<p><img decoding=\"async\" loading=\"lazy\" class=\"wp-image-668 alignnone size-medium\" style=\"display: block; margin-left: auto; margin-right: auto;\" src=\"https:\/\/www.impactinitiative.essec.edu\/wp-content\/uploads\/2020\/11\/MOOC-Evaluation-et-mesure-dimpact-e1595323928435-300x300.png\" alt=\"\" width=\"300\" height=\"300\" srcset=\"https:\/\/centre-innovation-sociale-ecologique.essec.edu\/wp-content\/uploads\/2020\/11\/MOOC-Evaluation-et-mesure-dimpact-e1595323928435-300x300.png 300w, https:\/\/centre-innovation-sociale-ecologique.essec.edu\/wp-content\/uploads\/2020\/11\/MOOC-Evaluation-et-mesure-dimpact-e1595323928435-150x150.png 150w, https:\/\/centre-innovation-sociale-ecologique.essec.edu\/wp-content\/uploads\/2020\/11\/MOOC-Evaluation-et-mesure-dimpact-e1595323928435.png 346w\" sizes=\"(max-width: 300px) 100vw, 300px\" \/><\/p>\n<h3 style=\"text-align: center;\">Evaluation et mesure d&rsquo;impact social<\/h3>\n<p style=\"text-align: justify;\">D\u00e9couvrez pourquoi et comment utiliser les outils de mesure d&rsquo;impact, et comment en interpr\u00e9ter les r\u00e9sultats.<\/p>\n<p>[\/et_pb_text][et_pb_text admin_label=\u00a0\u00bbReporting extra-financier et strat\u00e9gie RSE\u00a0\u00bb _builder_version=\u00a0\u00bb4.7.7&Prime; _dynamic_attributes=\u00a0\u00bblink_option_url\u00a0\u00bb _module_preset=\u00a0\u00bbdefault\u00a0\u00bb header_3_font=\u00a0\u00bb|700|||||||\u00a0\u00bb header_4_font=\u00a0\u00bb|700|||||||\u00a0\u00bb header_4_text_color=\u00a0\u00bb#44a2a4&Prime; header_4_font_size=\u00a0\u00bb16px\u00a0\u00bb background_enable_color=\u00a0\u00bboff\u00a0\u00bb width=\u00a0\u00bb21vw\u00a0\u00bb custom_margin=\u00a0\u00bb0px|1vw|0px|1vw|true|true\u00a0\u00bb link_option_url=\u00a0\u00bb@ET-DC@eyJkeW5hbWljIjp0cnVlLCJjb250ZW50IjoicG9zdF9saW5rX3VybF9wYWdlIiwic2V0dGluZ3MiOnsicG9zdF9pZCI6IjY0NiJ9fQ==@\u00a0\u00bb background_color__hover=\u00a0\u00bb#ececec\u00a0\u00bb background_enable_color__hover=\u00a0\u00bbon\u00a0\u00bb background__hover_enabled=\u00a0\u00bbon|hover\u00a0\u00bb]<\/p>\n<p><img decoding=\"async\" loading=\"lazy\" class=\"wp-image-669 alignnone size-medium\" style=\"display: block; margin-left: auto; margin-right: auto;\" src=\"https:\/\/www.impactinitiative.essec.edu\/wp-content\/uploads\/2020\/11\/Reporting-extra-financier-346x346-1-300x300.png\" alt=\"\" width=\"300\" height=\"300\" srcset=\"https:\/\/centre-innovation-sociale-ecologique.essec.edu\/wp-content\/uploads\/2020\/11\/Reporting-extra-financier-346x346-1-300x300.png 300w, https:\/\/centre-innovation-sociale-ecologique.essec.edu\/wp-content\/uploads\/2020\/11\/Reporting-extra-financier-346x346-1-150x150.png 150w, https:\/\/centre-innovation-sociale-ecologique.essec.edu\/wp-content\/uploads\/2020\/11\/Reporting-extra-financier-346x346-1.png 346w\" sizes=\"(max-width: 300px) 100vw, 300px\" \/><\/p>\n<h3 style=\"text-align: center;\">Reporting extra-financier et strat\u00e9gie RSE<\/h3>\n<p style=\"text-align: justify;\">S&rsquo;adresse aux salari\u00e9s d\u2019entreprise d\u00e9sireux d&rsquo;obtenir un socle de connaissances solides sur la RSE.<\/p>\n<p>[\/et_pb_text][et_pb_text admin_label=\u00a0\u00bbOriginalit\u00e9 et modernit\u00e9 du mutualisme\u00a0\u00bb _builder_version=\u00a0\u00bb4.7.7&Prime; _dynamic_attributes=\u00a0\u00bblink_option_url\u00a0\u00bb _module_preset=\u00a0\u00bbdefault\u00a0\u00bb header_3_font=\u00a0\u00bb|700|||||||\u00a0\u00bb header_4_font=\u00a0\u00bb|700|||||||\u00a0\u00bb header_4_text_color=\u00a0\u00bb#44a2a4&Prime; header_4_font_size=\u00a0\u00bb16px\u00a0\u00bb background_enable_color=\u00a0\u00bboff\u00a0\u00bb width=\u00a0\u00bb21vw\u00a0\u00bb custom_margin=\u00a0\u00bb0px|1vw|0px|1vw|true|true\u00a0\u00bb link_option_url=\u00a0\u00bb@ET-DC@eyJkeW5hbWljIjp0cnVlLCJjb250ZW50IjoicG9zdF9saW5rX3VybF9wYWdlIiwic2V0dGluZ3MiOnsicG9zdF9pZCI6IjY1MiJ9fQ==@\u00a0\u00bb background_color__hover=\u00a0\u00bb#ececec\u00a0\u00bb background_enable_color__hover=\u00a0\u00bbon\u00a0\u00bb background__hover_enabled=\u00a0\u00bbon|hover\u00a0\u00bb]<\/p>\n<p><img decoding=\"async\" loading=\"lazy\" class=\"wp-image-673 alignnone size-medium\" style=\"display: block; margin-left: auto; margin-right: auto;\" src=\"https:\/\/www.impactinitiative.essec.edu\/wp-content\/uploads\/2020\/11\/Mutualisme-346x346-1-300x300.png\" alt=\"\" width=\"300\" height=\"300\" srcset=\"https:\/\/centre-innovation-sociale-ecologique.essec.edu\/wp-content\/uploads\/2020\/11\/Mutualisme-346x346-1-300x300.png 300w, https:\/\/centre-innovation-sociale-ecologique.essec.edu\/wp-content\/uploads\/2020\/11\/Mutualisme-346x346-1-150x150.png 150w, https:\/\/centre-innovation-sociale-ecologique.essec.edu\/wp-content\/uploads\/2020\/11\/Mutualisme-346x346-1.png 346w\" sizes=\"(max-width: 300px) 100vw, 300px\" \/><\/p>\n<h3 style=\"text-align: center;\">Originalit\u00e9 et modernit\u00e9 du mutualisme<\/h3>\n<p style=\"text-align: justify;\">D\u00e9couvrez les mod\u00e8les des mutuelles qui sont plus que jamais des vecteurs privil\u00e9gi\u00e9s d\u2019innovation sociale.<\/p>\n<p>[\/et_pb_text][et_pb_text admin_label=\u00a0\u00bbPhilanthropie : Comprendre et Agir\u00a0\u00bb _builder_version=\u00a0\u00bb4.7.7&Prime; _dynamic_attributes=\u00a0\u00bblink_option_url\u00a0\u00bb _module_preset=\u00a0\u00bbdefault\u00a0\u00bb header_3_font=\u00a0\u00bb|700|||||||\u00a0\u00bb header_4_font=\u00a0\u00bb|700|||||||\u00a0\u00bb header_4_text_color=\u00a0\u00bb#44a2a4&Prime; header_4_font_size=\u00a0\u00bb16px\u00a0\u00bb background_enable_color=\u00a0\u00bboff\u00a0\u00bb width=\u00a0\u00bb21vw\u00a0\u00bb custom_margin=\u00a0\u00bb0px|1vw|0px|1vw|true|true\u00a0\u00bb link_option_url=\u00a0\u00bb@ET-DC@eyJkeW5hbWljIjp0cnVlLCJjb250ZW50IjoicG9zdF9saW5rX3VybF9wYWdlIiwic2V0dGluZ3MiOnsicG9zdF9pZCI6IjY1NCJ9fQ==@\u00a0\u00bb background_color__hover=\u00a0\u00bb#ececec\u00a0\u00bb background_enable_color__hover=\u00a0\u00bbon\u00a0\u00bb background__hover_enabled=\u00a0\u00bbon|hover\u00a0\u00bb]<\/p>\n<p><img decoding=\"async\" loading=\"lazy\" class=\"wp-image-674 alignnone size-medium\" style=\"display: block; margin-left: auto; margin-right: auto;\" src=\"https:\/\/www.impactinitiative.essec.edu\/wp-content\/uploads\/2020\/11\/MOOC-philanthropie-e1595325280551-346x346-1-300x300.png\" alt=\"\" width=\"300\" height=\"300\" srcset=\"https:\/\/centre-innovation-sociale-ecologique.essec.edu\/wp-content\/uploads\/2020\/11\/MOOC-philanthropie-e1595325280551-346x346-1-300x300.png 300w, https:\/\/centre-innovation-sociale-ecologique.essec.edu\/wp-content\/uploads\/2020\/11\/MOOC-philanthropie-e1595325280551-346x346-1-150x150.png 150w, https:\/\/centre-innovation-sociale-ecologique.essec.edu\/wp-content\/uploads\/2020\/11\/MOOC-philanthropie-e1595325280551-346x346-1.png 346w\" sizes=\"(max-width: 300px) 100vw, 300px\" \/><\/p>\n<h3 style=\"text-align: center;\">Philanthropie : Comprendre et Agir<\/h3>\n<p style=\"text-align: justify;\">R\u00e9alis\u00e9 avec la Fondation de France, ce MOOC vous donne toutes les cl\u00e9s en main pour comprendre et agir en faveur d\u2019un monde meilleur !<\/p>\n<p>[\/et_pb_text][et_pb_text admin_label=\u00a0\u00bbEntreprises et changement climatique\u00a0\u00bb _builder_version=\u00a0\u00bb4.7.7&Prime; _dynamic_attributes=\u00a0\u00bblink_option_url\u00a0\u00bb _module_preset=\u00a0\u00bbdefault\u00a0\u00bb header_3_font=\u00a0\u00bb|700|||||||\u00a0\u00bb header_4_font=\u00a0\u00bb|700|||||||\u00a0\u00bb header_4_text_color=\u00a0\u00bb#44a2a4&Prime; header_4_font_size=\u00a0\u00bb16px\u00a0\u00bb background_enable_color=\u00a0\u00bboff\u00a0\u00bb width=\u00a0\u00bb21vw\u00a0\u00bb custom_margin=\u00a0\u00bb0px|1vw|0px|1vw|true|true\u00a0\u00bb link_option_url=\u00a0\u00bb@ET-DC@eyJkeW5hbWljIjp0cnVlLCJjb250ZW50IjoicG9zdF9saW5rX3VybF9wYWdlIiwic2V0dGluZ3MiOnsicG9zdF9pZCI6IjEzNTYifX0=@\u00a0\u00bb background_color__hover=\u00a0\u00bb#ececec\u00a0\u00bb background_enable_color__hover=\u00a0\u00bbon\u00a0\u00bb background__hover_enabled=\u00a0\u00bbon|hover\u00a0\u00bb]<\/p>\n<p><img decoding=\"async\" loading=\"lazy\" class=\"alignnone wp-image-1479 size-medium\" src=\"https:\/\/impactinitiative.essec.edu\/wp-content\/uploads\/2021\/04\/Climat-300x300.png\" alt=\"Entreprises et changement climatique\" width=\"300\" height=\"300\" srcset=\"https:\/\/centre-innovation-sociale-ecologique.essec.edu\/wp-content\/uploads\/2021\/04\/Climat-300x300.png 300w, https:\/\/centre-innovation-sociale-ecologique.essec.edu\/wp-content\/uploads\/2021\/04\/Climat-150x150.png 150w, https:\/\/centre-innovation-sociale-ecologique.essec.edu\/wp-content\/uploads\/2021\/04\/Climat.png 346w\" sizes=\"(max-width: 300px) 100vw, 300px\" \/><\/p>\n<h3 style=\"text-align: center;\">Entreprise et changement climatique<\/h3>\n<p style=\"text-align: justify;\">Comment les entreprises peuvent-elles agir dans la lutte contre le r\u00e9chauffement climatique ? Voil\u00e0 la question \u00e0 laquelle ce MOOC, r\u00e9alis\u00e9 en collaboration avec Carbone 4, tente de r\u00e9pondre.<\/p>\n<p>[\/et_pb_text][et_pb_text admin_label=\u00a0\u00bbLes Belles Histoires\u00a0\u00bb _builder_version=\u00a0\u00bb4.7.7&Prime; _dynamic_attributes=\u00a0\u00bblink_option_url\u00a0\u00bb _module_preset=\u00a0\u00bbdefault\u00a0\u00bb header_3_font=\u00a0\u00bb|700|||||||\u00a0\u00bb header_4_font=\u00a0\u00bb|700|||||||\u00a0\u00bb header_4_text_color=\u00a0\u00bb#44a2a4&Prime; header_4_font_size=\u00a0\u00bb16px\u00a0\u00bb background_enable_color=\u00a0\u00bboff\u00a0\u00bb width=\u00a0\u00bb21vw\u00a0\u00bb custom_margin=\u00a0\u00bb0px|1vw|0px|1vw|true|true\u00a0\u00bb link_option_url=\u00a0\u00bb@ET-DC@eyJkeW5hbWljIjp0cnVlLCJjb250ZW50IjoicG9zdF9saW5rX3VybF9wYWdlIiwic2V0dGluZ3MiOnsicG9zdF9pZCI6IjEzNjQifX0=@\u00a0\u00bb background_color__hover=\u00a0\u00bb#ececec\u00a0\u00bb background_enable_color__hover=\u00a0\u00bbon\u00a0\u00bb background__hover_enabled=\u00a0\u00bbon|hover\u00a0\u00bb]<\/p>\n<p><img decoding=\"async\" loading=\"lazy\" class=\"alignnone wp-image-1558 size-medium\" style=\"display: block; margin-left: auto; margin-right: auto;\" src=\"https:\/\/impactinitiative.essec.edu\/wp-content\/uploads\/2021\/04\/visuel_belles_histoires_essec-1-300x300.jpeg\" alt=\"Les belles histoires d'entreprises \u00e0 impact\" width=\"300\" height=\"300\" \/><\/p>\n<p style=\"text-align: center;\">\u00a0<span style=\"color: #333333; font-size: 22px; font-weight: bold; text-align: center;\">Belles Histoires d&rsquo;entreprises \u00e0 impact<\/span><\/p>\n<p style=\"text-align: justify;\"><span style=\"font-size: 14px; text-align: justify;\">Prenez une bouff\u00e9e d&rsquo;optimisme et plongez dans des histoires inspirantes d&rsquo;entreprises \u00e0 impact !<\/span><\/p>\n<p>&nbsp;<\/p>\n<p>[\/et_pb_text][\/et_pb_column][\/et_pb_row][et_pb_row column_structure=\u00a0\u00bb1_2,1_2&Prime; admin_label=\u00a0\u00bbFl\u00e8ches\u00a0\u00bb _builder_version=\u00a0\u00bb4.7.1&Prime; _module_preset=\u00a0\u00bbdefault\u00a0\u00bb position_origin_r=\u00a0\u00bbbottom_right\u00a0\u00bb width=\u00a0\u00bb250px\u00a0\u00bb custom_margin=\u00a0\u00bb20px||||false|false\u00a0\u00bb custom_padding=\u00a0\u00bb0px|||||\u00a0\u00bb][et_pb_column type=\u00a0\u00bb1_2&Prime; _builder_version=\u00a0\u00bb4.7.1&Prime; _module_preset=\u00a0\u00bbdefault\u00a0\u00bb][et_pb_blurb use_icon=\u00a0\u00bbon\u00a0\u00bb font_icon=\u00a0\u00bb%%2%%\u00a0\u00bb use_circle=\u00a0\u00bbon\u00a0\u00bb circle_color=\u00a0\u00bb#f2f2f2&Prime; module_class=\u00a0\u00bbback-button\u00a0\u00bb _builder_version=\u00a0\u00bb4.7.7&Prime; _module_preset=\u00a0\u00bbdefault\u00a0\u00bb custom_css_main_element=\u00a0\u00bbcursor: pointer;\u00a0\u00bb][\/et_pb_blurb][\/et_pb_column][et_pb_column type=\u00a0\u00bb1_2&Prime; _builder_version=\u00a0\u00bb4.7.1&Prime; _module_preset=\u00a0\u00bbdefault\u00a0\u00bb][et_pb_blurb use_icon=\u00a0\u00bbon\u00a0\u00bb font_icon=\u00a0\u00bb%%3%%\u00a0\u00bb use_circle=\u00a0\u00bbon\u00a0\u00bb circle_color=\u00a0\u00bb#f2f2f2&Prime; module_class=\u00a0\u00bbnext-button\u00a0\u00bb _builder_version=\u00a0\u00bb4.7.1&Prime; _module_preset=\u00a0\u00bbdefault\u00a0\u00bb custom_css_main_element=\u00a0\u00bbcursor: pointer;\u00a0\u00bb][\/et_pb_blurb][\/et_pb_column][\/et_pb_row][\/et_pb_section]<\/p>\n","protected":false},"excerpt":{"rendered":"<p>Les partenariats qui changent le monde : alliances innovantes entre entreprises et associations \u00ab\u00a0Conceptuel et concret, ce cours donne les bases d&rsquo;une alliance r\u00e9ussie \u00e0 travers des exemples inspirants, et donne vraiment envie de passer \u00e0 l&rsquo;action !\u00a0 \u00bb En quoi consistent les partenariats entreprises-associations ? Entreprise ou association, si vous souhaitez r\u00e9unir vos ressources [&hellip;]<\/p>\n","protected":false},"author":1,"featured_media":0,"parent":0,"menu_order":0,"comment_status":"closed","ping_status":"closed","template":"","meta":{"_et_pb_use_builder":"on","_et_pb_old_content":"<!-- wp:divi\/placeholder \/-->","_et_gb_content_width":"","inline_featured_image":false},"yoast_head":"<!-- This site is optimized with the Yoast SEO plugin v20.11 - https:\/\/yoast.com\/wordpress\/plugins\/seo\/ -->\n<title>Les partenariats entreprises associations - MOOC ESSEC<\/title>\n<meta name=\"description\" content=\"Les partenariats entreprises-associations permettent aux organisations de maximiser leur impact. Plus de d\u00e9tails dans notre MOOC sur le sujet\" \/>\n<meta name=\"robots\" content=\"index, follow, max-snippet:-1, max-image-preview:large, max-video-preview:-1\" \/>\n<link rel=\"canonical\" href=\"https:\/\/centre-innovation-sociale-ecologique.essec.edu\/index.php\/les-partenariats-entreprises-associations\/\" \/>\n<meta property=\"og:locale\" content=\"fr_FR\" \/>\n<meta property=\"og:type\" content=\"article\" \/>\n<meta property=\"og:title\" content=\"Les partenariats entreprises associations - MOOC ESSEC\" \/>\n<meta property=\"og:description\" content=\"Les partenariats entreprises-associations permettent aux organisations de maximiser leur impact. Plus de d\u00e9tails dans notre MOOC sur le sujet\" \/>\n<meta property=\"og:url\" content=\"https:\/\/centre-innovation-sociale-ecologique.essec.edu\/index.php\/les-partenariats-entreprises-associations\/\" \/>\n<meta property=\"og:site_name\" content=\"Centre Innovation Sociale et Ecologique\" \/>\n<meta property=\"article:modified_time\" content=\"2021-05-25T14:38:26+00:00\" \/>\n<meta property=\"og:image\" content=\"https:\/\/www.impactinitiative.essec.edu\/wp-content\/uploads\/2020\/11\/ES-De-lenvie-au-projet-346x346-1-300x300.png\" \/>\n<meta name=\"twitter:card\" content=\"summary_large_image\" \/>\n<meta name=\"twitter:label1\" content=\"Dur\u00e9e de lecture estim\u00e9e\" \/>\n\t<meta name=\"twitter:data1\" content=\"21 minutes\" \/>\n<script type=\"application\/ld+json\" class=\"yoast-schema-graph\">{\"@context\":\"https:\/\/schema.org\",\"@graph\":[{\"@type\":\"WebPage\",\"@id\":\"https:\/\/centre-innovation-sociale-ecologique.essec.edu\/index.php\/les-partenariats-entreprises-associations\/\",\"url\":\"https:\/\/centre-innovation-sociale-ecologique.essec.edu\/index.php\/les-partenariats-entreprises-associations\/\",\"name\":\"Les partenariats entreprises associations - MOOC ESSEC\",\"isPartOf\":{\"@id\":\"https:\/\/centre-innovation-sociale-ecologique.essec.edu\/#website\"},\"datePublished\":\"2020-11-16T12:30:55+00:00\",\"dateModified\":\"2021-05-25T14:38:26+00:00\",\"description\":\"Les partenariats entreprises-associations permettent aux organisations de maximiser leur impact. Plus de d\u00e9tails dans notre MOOC sur le sujet\",\"breadcrumb\":{\"@id\":\"https:\/\/centre-innovation-sociale-ecologique.essec.edu\/index.php\/les-partenariats-entreprises-associations\/#breadcrumb\"},\"inLanguage\":\"fr-FR\",\"potentialAction\":[{\"@type\":\"ReadAction\",\"target\":[\"https:\/\/centre-innovation-sociale-ecologique.essec.edu\/index.php\/les-partenariats-entreprises-associations\/\"]}]},{\"@type\":\"BreadcrumbList\",\"@id\":\"https:\/\/centre-innovation-sociale-ecologique.essec.edu\/index.php\/les-partenariats-entreprises-associations\/#breadcrumb\",\"itemListElement\":[{\"@type\":\"ListItem\",\"position\":1,\"name\":\"Home\",\"item\":\"https:\/\/centre-innovation-sociale-ecologique.essec.edu\/\"},{\"@type\":\"ListItem\",\"position\":2,\"name\":\"Les partenariats qui changent le monde : alliances innovantes entre entreprises et associations\"}]},{\"@type\":\"WebSite\",\"@id\":\"https:\/\/centre-innovation-sociale-ecologique.essec.edu\/#website\",\"url\":\"https:\/\/centre-innovation-sociale-ecologique.essec.edu\/\",\"name\":\"Centre Innovation Sociale et Ecologique\",\"description\":\"\",\"publisher\":{\"@id\":\"https:\/\/centre-innovation-sociale-ecologique.essec.edu\/#organization\"},\"potentialAction\":[{\"@type\":\"SearchAction\",\"target\":{\"@type\":\"EntryPoint\",\"urlTemplate\":\"https:\/\/centre-innovation-sociale-ecologique.essec.edu\/?s={search_term_string}\"},\"query-input\":\"required name=search_term_string\"}],\"inLanguage\":\"fr-FR\"},{\"@type\":\"Organization\",\"@id\":\"https:\/\/centre-innovation-sociale-ecologique.essec.edu\/#organization\",\"name\":\"Essec Business School\",\"url\":\"https:\/\/centre-innovation-sociale-ecologique.essec.edu\/\",\"logo\":{\"@type\":\"ImageObject\",\"inLanguage\":\"fr-FR\",\"@id\":\"https:\/\/centre-innovation-sociale-ecologique.essec.edu\/#\/schema\/logo\/image\/\",\"url\":\"https:\/\/impactinitiative.essec.edu\/wp-content\/uploads\/2020\/11\/ESSEC_BS_logo_BLANC.png\",\"contentUrl\":\"https:\/\/impactinitiative.essec.edu\/wp-content\/uploads\/2020\/11\/ESSEC_BS_logo_BLANC.png\",\"width\":546,\"height\":509,\"caption\":\"Essec Business School\"},\"image\":{\"@id\":\"https:\/\/centre-innovation-sociale-ecologique.essec.edu\/#\/schema\/logo\/image\/\"}}]}<\/script>\n<!-- \/ Yoast SEO plugin. -->","yoast_head_json":{"title":"Les partenariats entreprises associations - MOOC ESSEC","description":"Les partenariats entreprises-associations permettent aux organisations de maximiser leur impact. Plus de d\u00e9tails dans notre MOOC sur le sujet","robots":{"index":"index","follow":"follow","max-snippet":"max-snippet:-1","max-image-preview":"max-image-preview:large","max-video-preview":"max-video-preview:-1"},"canonical":"https:\/\/centre-innovation-sociale-ecologique.essec.edu\/index.php\/les-partenariats-entreprises-associations\/","og_locale":"fr_FR","og_type":"article","og_title":"Les partenariats entreprises associations - MOOC ESSEC","og_description":"Les partenariats entreprises-associations permettent aux organisations de maximiser leur impact. Plus de d\u00e9tails dans notre MOOC sur le sujet","og_url":"https:\/\/centre-innovation-sociale-ecologique.essec.edu\/index.php\/les-partenariats-entreprises-associations\/","og_site_name":"Centre Innovation Sociale et Ecologique","article_modified_time":"2021-05-25T14:38:26+00:00","og_image":[{"url":"https:\/\/www.impactinitiative.essec.edu\/wp-content\/uploads\/2020\/11\/ES-De-lenvie-au-projet-346x346-1-300x300.png"}],"twitter_card":"summary_large_image","twitter_misc":{"Dur\u00e9e de lecture estim\u00e9e":"21 minutes"},"schema":{"@context":"https:\/\/schema.org","@graph":[{"@type":"WebPage","@id":"https:\/\/centre-innovation-sociale-ecologique.essec.edu\/index.php\/les-partenariats-entreprises-associations\/","url":"https:\/\/centre-innovation-sociale-ecologique.essec.edu\/index.php\/les-partenariats-entreprises-associations\/","name":"Les partenariats entreprises associations - MOOC ESSEC","isPartOf":{"@id":"https:\/\/centre-innovation-sociale-ecologique.essec.edu\/#website"},"datePublished":"2020-11-16T12:30:55+00:00","dateModified":"2021-05-25T14:38:26+00:00","description":"Les partenariats entreprises-associations permettent aux organisations de maximiser leur impact. Plus de d\u00e9tails dans notre MOOC sur le sujet","breadcrumb":{"@id":"https:\/\/centre-innovation-sociale-ecologique.essec.edu\/index.php\/les-partenariats-entreprises-associations\/#breadcrumb"},"inLanguage":"fr-FR","potentialAction":[{"@type":"ReadAction","target":["https:\/\/centre-innovation-sociale-ecologique.essec.edu\/index.php\/les-partenariats-entreprises-associations\/"]}]},{"@type":"BreadcrumbList","@id":"https:\/\/centre-innovation-sociale-ecologique.essec.edu\/index.php\/les-partenariats-entreprises-associations\/#breadcrumb","itemListElement":[{"@type":"ListItem","position":1,"name":"Home","item":"https:\/\/centre-innovation-sociale-ecologique.essec.edu\/"},{"@type":"ListItem","position":2,"name":"Les partenariats qui changent le monde : alliances innovantes entre entreprises et associations"}]},{"@type":"WebSite","@id":"https:\/\/centre-innovation-sociale-ecologique.essec.edu\/#website","url":"https:\/\/centre-innovation-sociale-ecologique.essec.edu\/","name":"Centre Innovation Sociale et Ecologique","description":"","publisher":{"@id":"https:\/\/centre-innovation-sociale-ecologique.essec.edu\/#organization"},"potentialAction":[{"@type":"SearchAction","target":{"@type":"EntryPoint","urlTemplate":"https:\/\/centre-innovation-sociale-ecologique.essec.edu\/?s={search_term_string}"},"query-input":"required name=search_term_string"}],"inLanguage":"fr-FR"},{"@type":"Organization","@id":"https:\/\/centre-innovation-sociale-ecologique.essec.edu\/#organization","name":"Essec Business School","url":"https:\/\/centre-innovation-sociale-ecologique.essec.edu\/","logo":{"@type":"ImageObject","inLanguage":"fr-FR","@id":"https:\/\/centre-innovation-sociale-ecologique.essec.edu\/#\/schema\/logo\/image\/","url":"https:\/\/impactinitiative.essec.edu\/wp-content\/uploads\/2020\/11\/ESSEC_BS_logo_BLANC.png","contentUrl":"https:\/\/impactinitiative.essec.edu\/wp-content\/uploads\/2020\/11\/ESSEC_BS_logo_BLANC.png","width":546,"height":509,"caption":"Essec Business School"},"image":{"@id":"https:\/\/centre-innovation-sociale-ecologique.essec.edu\/#\/schema\/logo\/image\/"}}]}},"_links":{"self":[{"href":"https:\/\/centre-innovation-sociale-ecologique.essec.edu\/index.php\/wp-json\/wp\/v2\/pages\/642"}],"collection":[{"href":"https:\/\/centre-innovation-sociale-ecologique.essec.edu\/index.php\/wp-json\/wp\/v2\/pages"}],"about":[{"href":"https:\/\/centre-innovation-sociale-ecologique.essec.edu\/index.php\/wp-json\/wp\/v2\/types\/page"}],"author":[{"embeddable":true,"href":"https:\/\/centre-innovation-sociale-ecologique.essec.edu\/index.php\/wp-json\/wp\/v2\/users\/1"}],"replies":[{"embeddable":true,"href":"https:\/\/centre-innovation-sociale-ecologique.essec.edu\/index.php\/wp-json\/wp\/v2\/comments?post=642"}],"version-history":[{"count":12,"href":"https:\/\/centre-innovation-sociale-ecologique.essec.edu\/index.php\/wp-json\/wp\/v2\/pages\/642\/revisions"}],"predecessor-version":[{"id":2706,"href":"https:\/\/centre-innovation-sociale-ecologique.essec.edu\/index.php\/wp-json\/wp\/v2\/pages\/642\/revisions\/2706"}],"wp:attachment":[{"href":"https:\/\/centre-innovation-sociale-ecologique.essec.edu\/index.php\/wp-json\/wp\/v2\/media?parent=642"}],"curies":[{"name":"wp","href":"https:\/\/api.w.org\/{rel}","templated":true}]}}