{"id":547,"date":"2020-11-15T18:31:40","date_gmt":"2020-11-15T17:31:40","guid":{"rendered":"https:\/\/www.impactinitiative.essec.edu\/?page_id=547"},"modified":"2023-01-31T13:54:07","modified_gmt":"2023-01-31T12:54:07","slug":"entrepreneuriat-social-changer-dechelle","status":"publish","type":"page","link":"https:\/\/centre-innovation-sociale-ecologique.essec.edu\/index.php\/entrepreneuriat-social-changer-dechelle\/","title":{"rendered":"L&rsquo;entrepreneuriat social : changer d&rsquo;\u00e9chelle"},"content":{"rendered":"<p>[et_pb_section fb_built=\u00a0\u00bb1&Prime; _builder_version=\u00a0\u00bb4.16&Prime; _module_preset=\u00a0\u00bbdefault\u00a0\u00bb custom_padding=\u00a0\u00bb4px|||||\u00a0\u00bb global_colors_info=\u00a0\u00bb{}\u00a0\u00bb][et_pb_row _builder_version=\u00a0\u00bb4.16&Prime; _module_preset=\u00a0\u00bbdefault\u00a0\u00bb max_width=\u00a0\u00bb100%\u00a0\u00bb custom_padding=\u00a0\u00bb4px|||||\u00a0\u00bb global_colors_info=\u00a0\u00bb{}\u00a0\u00bb][et_pb_column type=\u00a0\u00bb4_4&Prime; _builder_version=\u00a0\u00bb4.16&Prime; _module_preset=\u00a0\u00bbdefault\u00a0\u00bb global_colors_info=\u00a0\u00bb{}\u00a0\u00bb][et_pb_text _builder_version=\u00a0\u00bb4.18.0&Prime; _module_preset=\u00a0\u00bbdefault\u00a0\u00bb header_font=\u00a0\u00bb|700|||||||\u00a0\u00bb header_text_align=\u00a0\u00bbcenter\u00a0\u00bb header_text_color=\u00a0\u00bb#d67e4a\u00a0\u00bb header_font_size=\u00a0\u00bb35px\u00a0\u00bb custom_margin=\u00a0\u00bb||5px|||\u00a0\u00bb header_letter_spacing_tablet=\u00a0\u00bb\u00a0\u00bb header_letter_spacing_phone=\u00a0\u00bb\u00a0\u00bb header_letter_spacing_last_edited=\u00a0\u00bbon|desktop\u00a0\u00bb global_colors_info=\u00a0\u00bb{}\u00a0\u00bb]<\/p>\n<div id=\"ultimate-heading-66195fb2b39fb1d0a\" class=\"uvc-heading ult-adjust-bottom-margin ultimate-heading-66195fb2b39fb1d0a uvc-5966 \" data-hspacer=\"no_spacer\" data-halign=\"center\">\n<div class=\"uvc-main-heading ult-responsive\" data-ultimate-target=\".uvc-heading.ultimate-heading-66195fb2b39fb1d0a h1\" data-responsive-json-new=\"{&quot;font-size&quot;:&quot;&quot;,&quot;line-height&quot;:&quot;&quot;}\">\n<div id=\"ultimate-heading-47985fb6ba6f1ca38\" class=\"uvc-heading ult-adjust-bottom-margin ultimate-heading-47985fb6ba6f1ca38 uvc-4221 \" data-hspacer=\"no_spacer\" data-halign=\"center\">\n<div class=\"uvc-main-heading ult-responsive\" data-ultimate-target=\".uvc-heading.ultimate-heading-47985fb6ba6f1ca38 h1\" data-responsive-json-new=\"{&quot;font-size&quot;:&quot;&quot;,&quot;line-height&quot;:&quot;&quot;}\">\n<div id=\"ultimate-heading-33465fbe9b753fd7c\" class=\"uvc-heading ult-adjust-bottom-margin ultimate-heading-33465fbe9b753fd7c uvc-1811 \" data-hspacer=\"no_spacer\" data-halign=\"center\">\n<div class=\"uvc-main-heading ult-responsive\" data-ultimate-target=\".uvc-heading.ultimate-heading-33465fbe9b753fd7c h1\" data-responsive-json-new=\"{&quot;font-size&quot;:&quot;&quot;,&quot;line-height&quot;:&quot;&quot;}\">\n<h1 style=\"text-align: left;\">L&rsquo;entrepreneuriat social : changer d&rsquo;\u00e9chelle<\/h1>\n<\/div>\n<\/div>\n<\/div>\n<\/div>\n<\/div>\n<\/div>\n<p>[\/et_pb_text][et_pb_code _builder_version=\u00a0\u00bb4.16&Prime; _module_preset=\u00a0\u00bbdefault\u00a0\u00bb global_colors_info=\u00a0\u00bb{}\u00a0\u00bb]<html><!-- [et_pb_line_break_holder] -->  <head><!-- [et_pb_line_break_holder] -->    <title> Business Plan Social : Comment se lancer dans l\u2019ESS ? <\/title><!-- [et_pb_line_break_holder] -->    <script type=\"application\/ld+json\"><!-- [et_pb_line_break_holder] -->    {<!-- [et_pb_line_break_holder] -->\t\"@context\": \"https:\/\/schema.org\",<!-- [et_pb_line_break_holder] -->\t\"@type\": \"Course\",<!-- [et_pb_line_break_holder] -->\t\"name\": \"Business Plan Social : Comment se lancer dans l\u2019ESS ?\",<!-- [et_pb_line_break_holder] -->\t\"description\": \"Lancez-vous dans la cr\u00e9ation d\u2019une entreprise sociale : les cl\u00e9s du business plan social, du financement de l\u2019action sociale et de la mesure d\u2019impact.\",<!-- [et_pb_line_break_holder] -->\t\"provider\" : {<!-- [et_pb_line_break_holder] -->\t  \"@type\": \"Organization\",<!-- [et_pb_line_break_holder] -->\t  \"name\": \"ESSEC Business School\",<!-- [et_pb_line_break_holder] -->\t  \"sameAs\": \"https:\/\/www.essec.edu\/\"<!-- [et_pb_line_break_holder] -->\t}<!-- [et_pb_line_break_holder] -->    }<!-- [et_pb_line_break_holder] -->    <\/script><!-- [et_pb_line_break_holder] -->  <\/head><!-- [et_pb_line_break_holder] --><\/html>[\/et_pb_code][\/et_pb_column][\/et_pb_row][et_pb_row column_structure=\u00a0\u00bb1_2,1_2&Prime; make_equal=\u00a0\u00bbon\u00a0\u00bb _builder_version=\u00a0\u00bb4.16&Prime; _module_preset=\u00a0\u00bbdefault\u00a0\u00bb max_width=\u00a0\u00bb100%\u00a0\u00bb custom_css_main_element=\u00a0\u00bbalign-items:center\u00a0\u00bb global_colors_info=\u00a0\u00bb{}\u00a0\u00bb][et_pb_column type=\u00a0\u00bb1_2&Prime; _builder_version=\u00a0\u00bb4.16&Prime; _module_preset=\u00a0\u00bbdefault\u00a0\u00bb global_colors_info=\u00a0\u00bb{}\u00a0\u00bb][et_pb_video src=\u00a0\u00bbhttps:\/\/youtu.be\/9b8XU9u9L1E\u00a0\u00bb _builder_version=\u00a0\u00bb4.16&Prime; _module_preset=\u00a0\u00bbdefault\u00a0\u00bb global_colors_info=\u00a0\u00bb{}\u00a0\u00bb][\/et_pb_video][\/et_pb_column][et_pb_column type=\u00a0\u00bb1_2&Prime; _builder_version=\u00a0\u00bb4.16&Prime; _module_preset=\u00a0\u00bbdefault\u00a0\u00bb global_colors_info=\u00a0\u00bb{}\u00a0\u00bb][et_pb_text _builder_version=\u00a0\u00bb4.16&Prime; _module_preset=\u00a0\u00bbdefault\u00a0\u00bb global_colors_info=\u00a0\u00bb{}\u00a0\u00bb]<\/p>\n<div class=\"vc_custom_heading\">\n<div class=\"vc_custom_heading\" style=\"text-align: justify;\"><strong>Si vous cherchez \u00e0 d\u00e9velopper l\u2019activit\u00e9 de votre organisation pour changer d&rsquo;\u00e9chelle et maximiser son impact social ce MOOC est pour vous !<\/strong><\/div>\n<div class=\"vc_custom_heading\" style=\"text-align: justify;\">Comprenez ainsi ce qu\u2019est le changement d\u2019\u00e9chelle d\u2019une structure, quels sont les pr\u00e9requis avant de se lancer dans un tel projet, comment le r\u00e9aliser et comment faire en sorte que le changement obtenu soit durable. A travers des t\u00e9moignages, des cas fils rouge et l\u2019intervention d\u2019experts, offrez-vous toutes les cl\u00e9s afin de r\u00e9ussir le changement d\u2019\u00e9chelle de votre structure et ainsi de maximiser votre impact social.<\/div>\n<\/div>\n<p>[\/et_pb_text][et_pb_button button_url=\u00a0\u00bbhttps:\/\/www.coursera.org\/learn\/entrepreneuriatquichangelemonde\u00a0\u00bb url_new_window=\u00a0\u00bbon\u00a0\u00bb button_text=\u00a0\u00bb S\u2019inscrire gratuitement\u00a0\u00bb button_alignment=\u00a0\u00bbcenter\u00a0\u00bb _builder_version=\u00a0\u00bb4.18.0&Prime; _module_preset=\u00a0\u00bbdefault\u00a0\u00bb custom_button=\u00a0\u00bbon\u00a0\u00bb button_text_color=\u00a0\u00bb#FFFFFF\u00a0\u00bb button_bg_use_color_gradient=\u00a0\u00bbon\u00a0\u00bb button_bg_color_gradient_direction=\u00a0\u00bb304deg\u00a0\u00bb button_bg_color_gradient_stops=\u00a0\u00bb#3b57a1 0%|#29c4a9 100%\u00a0\u00bb button_border_width=\u00a0\u00bb0px\u00a0\u00bb button_border_radius=\u00a0\u00bb23px\u00a0\u00bb button_rel=\u00a0\u00bboff|off|off|off|off\u00a0\u00bb box_shadow_style=\u00a0\u00bbpreset6&Prime; global_colors_info=\u00a0\u00bb{}\u00a0\u00bb][\/et_pb_button][\/et_pb_column][\/et_pb_row][\/et_pb_section][et_pb_section fb_built=\u00a0\u00bb1&Prime; _builder_version=\u00a0\u00bb4.16&Prime; _module_preset=\u00a0\u00bbdefault\u00a0\u00bb global_colors_info=\u00a0\u00bb{}\u00a0\u00bb][et_pb_row _builder_version=\u00a0\u00bb4.16&Prime; _module_preset=\u00a0\u00bbdefault\u00a0\u00bb max_width=\u00a0\u00bb100%\u00a0\u00bb global_colors_info=\u00a0\u00bb{}\u00a0\u00bb][et_pb_column type=\u00a0\u00bb4_4&Prime; _builder_version=\u00a0\u00bb4.16&Prime; _module_preset=\u00a0\u00bbdefault\u00a0\u00bb global_colors_info=\u00a0\u00bb{}\u00a0\u00bb][et_pb_text _builder_version=\u00a0\u00bb4.16&Prime; _module_preset=\u00a0\u00bbdefault\u00a0\u00bb header_2_font=\u00a0\u00bb|700|||||||\u00a0\u00bb header_2_text_color=\u00a0\u00bb#00b2e8&Prime; header_2_font_size=\u00a0\u00bb28px\u00a0\u00bb global_colors_info=\u00a0\u00bb{}\u00a0\u00bb]<\/p>\n<div id=\"ultimate-heading-54085fb2b39fbfa41\" class=\"uvc-heading ult-adjust-bottom-margin ultimate-heading-54085fb2b39fbfa41 uvc-8713 \" data-hspacer=\"no_spacer\" data-halign=\"left\">\n<div class=\"uvc-main-heading ult-responsive\" data-ultimate-target=\".uvc-heading.ultimate-heading-54085fb2b39fbfa41 h2\" data-responsive-json-new=\"{&quot;font-size&quot;:&quot;desktop:22px;&quot;,&quot;line-height&quot;:&quot;&quot;}\">\n<div id=\"ultimate-heading-35425fb6ba6f23b3b\" class=\"uvc-heading ult-adjust-bottom-margin ultimate-heading-35425fb6ba6f23b3b uvc-4195 \" data-hspacer=\"no_spacer\" data-halign=\"left\">\n<div class=\"uvc-main-heading ult-responsive\" data-ultimate-target=\".uvc-heading.ultimate-heading-35425fb6ba6f23b3b h2\" data-responsive-json-new=\"{&quot;font-size&quot;:&quot;desktop:22px;&quot;,&quot;line-height&quot;:&quot;&quot;}\">\n<div id=\"ultimate-heading-90985fbe9b7553178\" class=\"uvc-heading ult-adjust-bottom-margin ultimate-heading-90985fbe9b7553178 uvc-8373 \" data-hspacer=\"no_spacer\" data-halign=\"left\">\n<div class=\"uvc-main-heading ult-responsive\" data-ultimate-target=\".uvc-heading.ultimate-heading-90985fbe9b7553178 h2\" data-responsive-json-new=\"{&quot;font-size&quot;:&quot;desktop:22px;&quot;,&quot;line-height&quot;:&quot;&quot;}\">\n<h2>Qu&rsquo;appelle-t-on le changement d&rsquo;\u00e9chelle ?<\/h2>\n<\/div>\n<\/div>\n<div class=\"vc_empty_space\"><span class=\"vc_empty_space_inner\"><\/span><\/div>\n<div class=\"wpb_text_column wpb_content_element \">\n<div class=\"wpb_wrapper\">\n<p style=\"text-align: justify;\"><span><\/span><\/p>\n<p style=\"text-align: justify;\"><span>Le changement d\u2019\u00e9chelle est la strat\u00e9gie mise en place par une entreprise sociale pour am\u00e9liorer, accro\u00eetre, approfondir, dupliquer ou encore optimiser son impact social. Il s\u2019agit donc d\u2019un processus observable dans le temps. Similairement \u00e0 une entreprise qui souhaite cro\u00eetre pour am\u00e9liorer ses profits, l\u2019entreprise sociale change d\u2019\u00e9chelle pour maximiser son impact. L\u2019am\u00e9lioration de l\u2019utilit\u00e9 sociale g\u00e9n\u00e9r\u00e9e par les activit\u00e9s de l\u2019entreprise sociale doit \u00eatre le seul moteur au changement d\u2019\u00e9chelle.\u00a0<\/span><\/p>\n<p style=\"text-align: justify;\"><span>Parfois, le changement d\u2019\u00e9chelle s\u2019av\u00e8re \u00eatre une d\u00e9marche \u00e0 engranger n\u00e9cessaire pour la survie de l\u2019entreprise sociale. Il se peut que l\u2019organisation ait \u00e0 p\u00e9renniser son mod\u00e8le \u00e9conomique ainsi qu\u2019\u00e0 accro\u00eetre son efficience, et que le changement d\u2019\u00e9chelle lui permette de se faire.\u00a0<\/span><\/p>\n<p style=\"text-align: justify;\"><span>Enfin, souvent, le changement d\u2019\u00e9chelle peut \u00eatre initi\u00e9 par une opportunit\u00e9 \u00e0 saisir qui se pr\u00e9sente dans la vie d\u2019une entreprise sociale. L\u2019entreprise est sollicit\u00e9e pour s\u2019implanter sur de nouveaux territoires, un nouvel acteur souhaite rejoindre l\u2019aventure, une bourse a \u00e9t\u00e9 gagn\u00e9e\u2026 les raisons peuvent \u00eatre nombreuses, mais toutes ont pour effet d\u2019\u00eatre un nouveau point de d\u00e9part dans le d\u00e9veloppement des activit\u00e9s de l\u2019entreprise sociale.<\/span><\/p>\n<p style=\"text-align: justify;\"><span>Le changement d\u2019\u00e9chelle na\u00eet souvent de la rencontre entre une volont\u00e9 interne de maximisation d\u2019impact et un \u00e9v\u00e9nement externe, opportunit\u00e9 ou contrainte, qui enclenche le processus. Cette rencontre permet de minimiser les r\u00e9sistances et d\u2019officialiser l\u2019entr\u00e9e dans une nouvelle phase de croissance.<\/span><\/p>\n<p style=\"text-align: justify;\"><span><\/span><\/p>\n<\/div>\n<\/div>\n<\/div>\n<\/div>\n<\/div>\n<\/div>\n<p>[\/et_pb_text][et_pb_text _builder_version=\u00a0\u00bb4.16&Prime; _module_preset=\u00a0\u00bbdefault\u00a0\u00bb header_2_font=\u00a0\u00bb|700|||||||\u00a0\u00bb header_2_text_color=\u00a0\u00bb#00b2e8&Prime; header_2_font_size=\u00a0\u00bb28px\u00a0\u00bb global_colors_info=\u00a0\u00bb{}\u00a0\u00bb]<\/p>\n<div id=\"ultimate-heading-54085fb2b39fbfa41\" class=\"uvc-heading ult-adjust-bottom-margin ultimate-heading-54085fb2b39fbfa41 uvc-8713 \" data-hspacer=\"no_spacer\" data-halign=\"left\">\n<div class=\"uvc-main-heading ult-responsive\" data-ultimate-target=\".uvc-heading.ultimate-heading-54085fb2b39fbfa41 h2\" data-responsive-json-new=\"{&quot;font-size&quot;:&quot;desktop:22px;&quot;,&quot;line-height&quot;:&quot;&quot;}\">\n<div id=\"ultimate-heading-49185fb2b39fc0ebe\" class=\"uvc-heading ult-adjust-bottom-margin ultimate-heading-49185fb2b39fc0ebe uvc-164 \" data-hspacer=\"no_spacer\" data-halign=\"left\">\n<div class=\"uvc-main-heading ult-responsive\" data-ultimate-target=\".uvc-heading.ultimate-heading-49185fb2b39fc0ebe h2\" data-responsive-json-new=\"{&quot;font-size&quot;:&quot;desktop:22px;&quot;,&quot;line-height&quot;:&quot;&quot;}\">\n<div id=\"ultimate-heading-49185fb2b39fc0ebe\" class=\"uvc-heading ult-adjust-bottom-margin ultimate-heading-49185fb2b39fc0ebe uvc-164 \" data-hspacer=\"no_spacer\" data-halign=\"left\">\n<div class=\"uvc-main-heading ult-responsive\" data-ultimate-target=\".uvc-heading.ultimate-heading-49185fb2b39fc0ebe h2\" data-responsive-json-new=\"{&quot;font-size&quot;:&quot;desktop:22px;&quot;,&quot;line-height&quot;:&quot;&quot;}\">\n<div id=\"ultimate-heading-81915fb6ba6f23e7a\" class=\"uvc-heading ult-adjust-bottom-margin ultimate-heading-81915fb6ba6f23e7a uvc-7014 \" data-hspacer=\"no_spacer\" data-halign=\"left\">\n<div class=\"uvc-main-heading ult-responsive\" data-ultimate-target=\".uvc-heading.ultimate-heading-81915fb6ba6f23e7a h2\" data-responsive-json-new=\"{&quot;font-size&quot;:&quot;desktop:22px;&quot;,&quot;line-height&quot;:&quot;&quot;}\">\n<div id=\"ultimate-heading-58455fbe9b7556c43\" class=\"uvc-heading ult-adjust-bottom-margin ultimate-heading-58455fbe9b7556c43 uvc-3404 \" data-hspacer=\"no_spacer\" data-halign=\"left\">\n<div class=\"uvc-main-heading ult-responsive\" data-ultimate-target=\".uvc-heading.ultimate-heading-58455fbe9b7556c43 h2\" data-responsive-json-new=\"{&quot;font-size&quot;:&quot;desktop:22px;&quot;,&quot;line-height&quot;:&quot;&quot;}\">\n<h2>Les diff\u00e9rentes approches pour changer d&rsquo;\u00e9chelle<\/h2>\n<\/div>\n<\/div>\n<div class=\"vc_empty_space\"><span class=\"vc_empty_space_inner\"><\/span><\/div>\n<div class=\"wpb_text_column wpb_content_element \">\n<div class=\"wpb_wrapper\">\n<p><span><\/span><\/p>\n<p><span>Le changement d\u2019\u00e9chelle dans l\u2019objectif de maximiser son impact social se d\u00e9cline en trois approches :<\/span><\/p>\n<p><span><\/span><\/p>\n<p>\u00a0 \u00a0 1. <strong>Augmenter l\u2019impact sur chaque b\u00e9n\u00e9ficiaire<\/strong><\/p>\n<p style=\"text-align: justify;\"><span style=\"font-size: 14px; text-align: justify;\">L\u2019objectif, contre-intuitif, n\u2019est plus d\u2019augmenter le nombre de b\u00e9n\u00e9ficiaires mais bien de faire mieux pour chacun des b\u00e9n\u00e9ficiaires d\u00e9j\u00e0 atteints par les activit\u00e9s de l\u2019entreprise sociale. Par exemple, l\u2019entreprise sociale peut int\u00e9grer de nouvelles activit\u00e9s dans sa cha\u00eene de valeur, afin de mieux couvrir les besoins sociaux de ses parties-prenantes ou encore modifier plus ou moins lourdement son positionnement et d\u00e9cider de s\u2019attaquer aux causes plut\u00f4t qu\u2019aux cons\u00e9quences d\u2019un besoin social.\u00a0\u00a0<\/span><\/p>\n<p><span style=\"font-size: 14px; text-align: justify;\"><\/span><\/p>\n<p><span>\u00a0 \u00a0 2.\u00a0<strong>Atteindre plus de b\u00e9n\u00e9ficiaires<\/strong><\/span><\/p>\n<p style=\"text-align: justify;\"><span style=\"font-size: 14px;\">Lorsqu\u2019une entreprise sociale souhaite changer d\u2019\u00e9chelle, le plus souvent elle pense \u00e0 s\u2019\u00e9tendre sur de nouveaux territoires pour atteindre ainsi un nombre plus \u00e9lev\u00e9 de b\u00e9n\u00e9ficiaires. Cependant, pour que cette strat\u00e9gie s\u2019av\u00e8re fructueuse, l\u2019entreprise sociale doit au pr\u00e9alable faire un effort de connaissance et d\u2019analyse du nouveau territoire sur lequel elle souhaite s\u2019implanter : prendre en compte les besoins, les acteurs et l\u2019histoire des nouvelles zones o\u00f9 l\u2019entreprise sociale souhaite s\u2019implanter.\u00a0<\/span><\/p>\n<p style=\"text-align: justify;\"><span style=\"font-size: 14px;\">De plus, l\u2019entreprise sociale doit avant tout s\u2019assurer que son mod\u00e8le est ais\u00e9ment r\u00e9plicable, au sens o\u00f9 sa r\u00e9ussite est ind\u00e9pendante du contexte sp\u00e9cifique o\u00f9 les activit\u00e9s ont \u00e9t\u00e9 lanc\u00e9es. L\u2019enjeu phare d\u2019une approche dite \u00ab expansionniste \u00bb est alors de concilier la standardisation d\u2019un mod\u00e8le fructueux \u00e0 une r\u00e9ponse sociale adapt\u00e9e et calibr\u00e9e aux sp\u00e9cificit\u00e9s d\u2019un territoire nouveau et \u00e0 ses besoins.<\/span><\/p>\n<p>&nbsp;<\/p>\n<p><span>\u00a0 \u00a03.\u00a0<strong>Viser de nouveaux profils de b\u00e9n\u00e9ficiaires<\/strong><\/span><\/p>\n<p style=\"text-align: justify;\"><span style=\"font-size: 14px;\">Enfin, l\u2019entreprise dispose d\u2019une derni\u00e8re strat\u00e9gie pour changer d\u2019\u00e9chelle : elle peut d\u00e9cider d\u2019\u00e9tendre ses innovations et ses m\u00e9thodes \u00e0 de nouveaux types de b\u00e9n\u00e9ficiaires. Ici, le changement d\u2019\u00e9chelle s\u2019applique non pas \u00e0 l\u2019accroissement d\u2019activit\u00e9s similaires mais plut\u00f4t \u00e0 la d\u00e9clinaison d\u2019une m\u00e9thode qui a fait ses preuves \u00e0 des profils qui pourraient eux aussi en b\u00e9n\u00e9ficier. Attention cependant, car l\u2019entreprise sociale doit bien faire attention \u00e0 ne pas d\u00e9naturer sa mission initiale ou \u00e0 trop s\u2019\u00e9loigner de ses activit\u00e9s lorsqu\u2019elle choisit cette strat\u00e9gie. Si l\u2019entreprise sociale change totalement de c\u0153ur de m\u00e9tier, on ne peut plus parler de changement d\u2019\u00e9chelle mais de cr\u00e9ation de nouvelles activit\u00e9s.<\/span><\/p>\n<p style=\"text-align: justify;\"><span style=\"font-size: 14px;\"><\/span><\/p>\n<\/div>\n<\/div>\n<\/div>\n<\/div>\n<\/div>\n<\/div>\n<\/div>\n<\/div>\n<\/div>\n<\/div>\n<p>[\/et_pb_text][et_pb_text _builder_version=\u00a0\u00bb4.16&Prime; _module_preset=\u00a0\u00bbdefault\u00a0\u00bb header_2_font=\u00a0\u00bb|700|||||||\u00a0\u00bb header_2_text_color=\u00a0\u00bb#00b2e8&Prime; header_2_font_size=\u00a0\u00bb28px\u00a0\u00bb global_colors_info=\u00a0\u00bb{}\u00a0\u00bb]<\/p>\n<div id=\"ultimate-heading-54085fb2b39fbfa41\" class=\"uvc-heading ult-adjust-bottom-margin ultimate-heading-54085fb2b39fbfa41 uvc-8713 \" data-hspacer=\"no_spacer\" data-halign=\"left\">\n<div class=\"uvc-main-heading ult-responsive\" data-ultimate-target=\".uvc-heading.ultimate-heading-54085fb2b39fbfa41 h2\" data-responsive-json-new=\"{&quot;font-size&quot;:&quot;desktop:22px;&quot;,&quot;line-height&quot;:&quot;&quot;}\">\n<div id=\"ultimate-heading-49185fb2b39fc0ebe\" class=\"uvc-heading ult-adjust-bottom-margin ultimate-heading-49185fb2b39fc0ebe uvc-164 \" data-hspacer=\"no_spacer\" data-halign=\"left\">\n<div class=\"uvc-main-heading ult-responsive\" data-ultimate-target=\".uvc-heading.ultimate-heading-49185fb2b39fc0ebe h2\" data-responsive-json-new=\"{&quot;font-size&quot;:&quot;desktop:22px;&quot;,&quot;line-height&quot;:&quot;&quot;}\">\n<div id=\"ultimate-heading-49185fb2b39fc0ebe\" class=\"uvc-heading ult-adjust-bottom-margin ultimate-heading-49185fb2b39fc0ebe uvc-164 \" data-hspacer=\"no_spacer\" data-halign=\"left\">\n<div class=\"uvc-main-heading ult-responsive\" data-ultimate-target=\".uvc-heading.ultimate-heading-49185fb2b39fc0ebe h2\" data-responsive-json-new=\"{&quot;font-size&quot;:&quot;desktop:22px;&quot;,&quot;line-height&quot;:&quot;&quot;}\">\n<div id=\"ultimate-heading-81915fb6ba6f23e7a\" class=\"uvc-heading ult-adjust-bottom-margin ultimate-heading-81915fb6ba6f23e7a uvc-7014 \" data-hspacer=\"no_spacer\" data-halign=\"left\">\n<div class=\"uvc-main-heading ult-responsive\" data-ultimate-target=\".uvc-heading.ultimate-heading-81915fb6ba6f23e7a h2\" data-responsive-json-new=\"{&quot;font-size&quot;:&quot;desktop:22px;&quot;,&quot;line-height&quot;:&quot;&quot;}\">\n<div id=\"ultimate-heading-12795fb6ba6f240b2\" class=\"uvc-heading ult-adjust-bottom-margin ultimate-heading-12795fb6ba6f240b2 uvc-2353 \" data-hspacer=\"no_spacer\" data-halign=\"left\">\n<div class=\"uvc-main-heading ult-responsive\" data-ultimate-target=\".uvc-heading.ultimate-heading-12795fb6ba6f240b2 h2\" data-responsive-json-new=\"{&quot;font-size&quot;:&quot;desktop:22px;&quot;,&quot;line-height&quot;:&quot;&quot;}\">\n<div id=\"ultimate-heading-70635fbe9b7556e30\" class=\"uvc-heading ult-adjust-bottom-margin ultimate-heading-70635fbe9b7556e30 uvc-9939 \" data-hspacer=\"no_spacer\" data-halign=\"left\">\n<div class=\"uvc-main-heading ult-responsive\" data-ultimate-target=\".uvc-heading.ultimate-heading-70635fbe9b7556e30 h2\" data-responsive-json-new=\"{&quot;font-size&quot;:&quot;desktop:22px;&quot;,&quot;line-height&quot;:&quot;&quot;}\">\n<h2>Comment changer d&rsquo;\u00e9chelle en entrepreneuriat social ?<\/h2>\n<p>&nbsp;<\/p>\n<p>&nbsp;<\/p>\n<\/div>\n<\/div>\n<p><span style=\"font-size: 14px;\">Plusieurs strat\u00e9gies sont possibles pour r\u00e9aliser un changement d\u2019\u00e9chelle\u00a0:<\/span><\/p>\n<p><span style=\"font-size: 14px;\"><\/span><\/p>\n<p>1.\u00a0<strong style=\"font-size: 14px;\">Dupliquer, r\u00e9pliquer ses activit\u00e9s sur d\u2019autres territoires<\/strong><\/p>\n<p style=\"text-align: justify;\"><span style=\"font-size: 14px;\">La duplication ou la r\u00e9plication sont les premiers processus auxquels l\u2019on pense lorsqu\u2019on \u00e9voque le changement d\u2019\u00e9chelle. Ainsi, la duplication est un copi\u00e9\/coll\u00e9 sur un m\u00eame territoire d\u2019activit\u00e9s qui ont fonctionn\u00e9. En revanche, la r\u00e9plication est un d\u00e9ploiement sur un nouveau p\u00e9rim\u00e8tre d\u2019un pilote qui a fait ses preuves dans un autre contexte. Pour autant, il ne s\u2019agit pas de strat\u00e9gies forc\u00e9ment ais\u00e9es, ce n\u2019est pas parce qu\u2019une solution a fonctionn\u00e9 sur un territoire donn\u00e9 que sa r\u00e9plication exacte sera pertinente autre part.\u00a0<\/span><\/p>\n<p><span style=\"font-size: 14px;\"><\/span><\/p>\n<p><span>\u00a0 \u00a0 2.<strong>\u00a0Diversifier ses activit\u00e9s pour maximiser son impact<\/strong><\/span><\/p>\n<p style=\"text-align: justify;\"><span style=\"font-size: 14px;\">Pour changer d\u2019\u00e9chelle, une entreprise sociale peut aussi tout \u00e0 fait d\u00e9cider d\u2019enrichir son offre en proposant de nouvelles activit\u00e9s, nouveaux biens ou services li\u00e9s au c\u0153ur de m\u00e9tier de la structure. La diversification de ses op\u00e9rations permet d\u2019une part d\u2019accro\u00eetre le potentiel d\u2019<a href=\"https:\/\/impactinitiative.essec.edu\/index.php\/mesurer-son-impact-social\/\" target=\"_blank\" rel=\"nofollow\">impact d\u2019une organisation<\/a> mais aussi parfois de maximiser l\u2019impact existant, notamment lorsque la diversification se fait en remontant la cha\u00eene de valeur des activit\u00e9s de l\u2019entreprise sociale.<\/span><\/p>\n<p><span style=\"font-size: 14px;\"><\/span><\/p>\n<p>3.<strong><span>\u00a0<\/span>Coop\u00e9rer entre structures pour maximiser son impact<\/strong><\/p>\n<p style=\"text-align: justify;\"><span>Une question qui se pose r\u00e9guli\u00e8rement pour tout dirigeant souhaitant entamer une d\u00e9marche de changement d\u2019\u00e9chelle est la question de l\u2019internalisation ou de l\u2019externalisation de ses activit\u00e9s. En effet, pour maximiser son impact, souhaite-t-elle d\u00e9velopper ses activit\u00e9s en interne ou est-ce plus pertinent pour elle de s\u2019associer avec un autre acteur compl\u00e9mentaire pr\u00e9sent sur le secteur ? L\u2019externalisation sous-entend coop\u00e9ration et d\u00e9marche collective. Deux ou plusieurs organisations sociales s\u2019allient alors et d\u00e9cident d\u2019agir ensemble pour maximiser leur impact. La coop\u00e9ration se fait souvent au niveau d\u2019un territoire ou au niveau d\u2019un secteur d\u2019activit\u00e9.<\/span><\/p>\n<\/div>\n<\/div>\n<div class=\"wpb_text_column wpb_content_element \"><\/div>\n<\/div>\n<\/div>\n<\/div>\n<\/div>\n<\/div>\n<\/div>\n<\/div>\n<\/div>\n<p>[\/et_pb_text][et_pb_button button_url=\u00a0\u00bbhttps:\/\/www.coursera.org\/learn\/entrepreneuriat-social-changer-d-echelle\/home\/welcome\u00a0\u00bb url_new_window=\u00a0\u00bbon\u00a0\u00bb button_text=\u00a0\u00bb S\u2019inscrire gratuitement\u00a0\u00bb button_alignment=\u00a0\u00bbcenter\u00a0\u00bb _builder_version=\u00a0\u00bb4.18.0&Prime; _module_preset=\u00a0\u00bbdefault\u00a0\u00bb custom_button=\u00a0\u00bbon\u00a0\u00bb button_text_color=\u00a0\u00bb#FFFFFF\u00a0\u00bb button_bg_use_color_gradient=\u00a0\u00bbon\u00a0\u00bb button_bg_color_gradient_direction=\u00a0\u00bb304deg\u00a0\u00bb button_bg_color_gradient_stops=\u00a0\u00bb#3b57a1 0%|#29c4a9 100%\u00a0\u00bb button_border_width=\u00a0\u00bb0px\u00a0\u00bb button_border_radius=\u00a0\u00bb23px\u00a0\u00bb button_rel=\u00a0\u00bboff|off|off|off|off\u00a0\u00bb box_shadow_style=\u00a0\u00bbpreset6&Prime; global_colors_info=\u00a0\u00bb{}\u00a0\u00bb][\/et_pb_button][\/et_pb_column][\/et_pb_row][\/et_pb_section][et_pb_section fb_built=\u00a0\u00bb1&Prime; _builder_version=\u00a0\u00bb4.16&Prime; _module_preset=\u00a0\u00bbdefault\u00a0\u00bb width=\u00a0\u00bb100%\u00a0\u00bb global_colors_info=\u00a0\u00bb{}\u00a0\u00bb][et_pb_row _builder_version=\u00a0\u00bb4.16&Prime; _module_preset=\u00a0\u00bbdefault\u00a0\u00bb max_width=\u00a0\u00bb100%\u00a0\u00bb global_colors_info=\u00a0\u00bb{}\u00a0\u00bb][et_pb_column type=\u00a0\u00bb4_4&Prime; _builder_version=\u00a0\u00bb4.16&Prime; _module_preset=\u00a0\u00bbdefault\u00a0\u00bb global_colors_info=\u00a0\u00bb{}\u00a0\u00bb][et_pb_text _builder_version=\u00a0\u00bb4.16&Prime; _module_preset=\u00a0\u00bbdefault\u00a0\u00bb header_2_font=\u00a0\u00bb|700|||||||\u00a0\u00bb header_2_text_color=\u00a0\u00bb#00b2e8&Prime; header_2_font_size=\u00a0\u00bb28px\u00a0\u00bb global_colors_info=\u00a0\u00bb{}\u00a0\u00bb]<\/p>\n<div id=\"ultimate-heading-54085fb2b39fbfa41\" class=\"uvc-heading ult-adjust-bottom-margin ultimate-heading-54085fb2b39fbfa41 uvc-8713 \" data-hspacer=\"no_spacer\" data-halign=\"left\">\n<div class=\"uvc-main-heading ult-responsive\" data-ultimate-target=\".uvc-heading.ultimate-heading-54085fb2b39fbfa41 h2\" data-responsive-json-new=\"{&quot;font-size&quot;:&quot;desktop:22px;&quot;,&quot;line-height&quot;:&quot;&quot;}\">\n<div id=\"ultimate-heading-49185fb2b39fc0ebe\" class=\"uvc-heading ult-adjust-bottom-margin ultimate-heading-49185fb2b39fc0ebe uvc-164 \" data-hspacer=\"no_spacer\" data-halign=\"left\">\n<div class=\"uvc-main-heading ult-responsive\" data-ultimate-target=\".uvc-heading.ultimate-heading-49185fb2b39fc0ebe h2\" data-responsive-json-new=\"{&quot;font-size&quot;:&quot;desktop:22px;&quot;,&quot;line-height&quot;:&quot;&quot;}\">\n<div id=\"ultimate-heading-49185fb2b39fc0ebe\" class=\"uvc-heading ult-adjust-bottom-margin ultimate-heading-49185fb2b39fc0ebe uvc-164 \" data-hspacer=\"no_spacer\" data-halign=\"left\">\n<div class=\"uvc-main-heading ult-responsive\" data-ultimate-target=\".uvc-heading.ultimate-heading-49185fb2b39fc0ebe h2\" data-responsive-json-new=\"{&quot;font-size&quot;:&quot;desktop:22px;&quot;,&quot;line-height&quot;:&quot;&quot;}\">\n<div id=\"ultimate-heading-95555fb2b39fc1b17\" class=\"uvc-heading ult-adjust-bottom-margin ultimate-heading-95555fb2b39fc1b17 uvc-1801 \" data-hspacer=\"no_spacer\" data-halign=\"left\">\n<div class=\"uvc-main-heading ult-responsive\" data-ultimate-target=\".uvc-heading.ultimate-heading-95555fb2b39fc1b17 h2\" data-responsive-json-new=\"{&quot;font-size&quot;:&quot;desktop:22px;&quot;,&quot;line-height&quot;:&quot;&quot;}\">\n<h2 style=\"text-align: left;\">Au programme du MOOC <span>\u00ab<\/span>L&rsquo;Entrepreneuriat social : Changer d&rsquo;\u00e9chelle<span>\u00bb<\/span><\/h2>\n<\/div>\n<\/div>\n<\/div>\n<\/div>\n<\/div>\n<\/div>\n<\/div>\n<\/div>\n<p>[\/et_pb_text][\/et_pb_column][\/et_pb_row][et_pb_row column_structure=\u00a0\u00bb1_2,1_2&Prime; make_equal=\u00a0\u00bbon\u00a0\u00bb module_class=\u00a0\u00bbalign-bottom-column\u00a0\u00bb _builder_version=\u00a0\u00bb4.16&Prime; _module_preset=\u00a0\u00bbdefault\u00a0\u00bb max_width=\u00a0\u00bb100%\u00a0\u00bb global_colors_info=\u00a0\u00bb{}\u00a0\u00bb][et_pb_column type=\u00a0\u00bb1_2&Prime; _builder_version=\u00a0\u00bb4.16&Prime; _module_preset=\u00a0\u00bbdefault\u00a0\u00bb custom_padding=\u00a0\u00bb20px|20px|20px|20px|true|true\u00a0\u00bb custom_css_main_element=\u00a0\u00bbdisplay: flex;||flex-flow: column;\u00a0\u00bb box_shadow_style=\u00a0\u00bbpreset1&Prime; box_shadow_color=\u00a0\u00bb#ececec\u00a0\u00bb global_colors_info=\u00a0\u00bb{}\u00a0\u00bb][et_pb_text _builder_version=\u00a0\u00bb4.16&Prime; _module_preset=\u00a0\u00bbdefault\u00a0\u00bb header_3_font=\u00a0\u00bb|700|||||||\u00a0\u00bb header_3_font_size=\u00a0\u00bb25px\u00a0\u00bb global_colors_info=\u00a0\u00bb{}\u00a0\u00bb]<\/p>\n<div id=\"ultimate-heading-27965fb2b39fc2621\" class=\"uvc-heading ult-adjust-bottom-margin ultimate-heading-27965fb2b39fc2621 uvc-1925 titre_episode\" data-hspacer=\"no_spacer\" data-halign=\"center\">\n<div class=\"uvc-main-heading ult-responsive\" data-ultimate-target=\".uvc-heading.ultimate-heading-27965fb2b39fc2621 h3\" data-responsive-json-new=\"{&quot;font-size&quot;:&quot;&quot;,&quot;line-height&quot;:&quot;&quot;}\">\n<div id=\"ultimate-heading-34245fb6ba6f24fdb\" class=\"uvc-heading ult-adjust-bottom-margin ultimate-heading-34245fb6ba6f24fdb uvc-4126 titre_episode\" data-hspacer=\"no_spacer\" data-halign=\"center\">\n<div class=\"uvc-main-heading ult-responsive\" data-ultimate-target=\".uvc-heading.ultimate-heading-34245fb6ba6f24fdb h3\" data-responsive-json-new=\"{&quot;font-size&quot;:&quot;&quot;,&quot;line-height&quot;:&quot;&quot;}\">\n<div id=\"ultimate-heading-31185fbe9b7557d24\" class=\"uvc-heading ult-adjust-bottom-margin ultimate-heading-31185fbe9b7557d24 uvc-5953 titre_episode\" data-hspacer=\"no_spacer\" data-halign=\"center\">\n<div class=\"uvc-main-heading ult-responsive\" data-ultimate-target=\".uvc-heading.ultimate-heading-31185fbe9b7557d24 h3\" data-responsive-json-new=\"{&quot;font-size&quot;:&quot;&quot;,&quot;line-height&quot;:&quot;&quot;}\">\n<h3 style=\"text-align: justify;\">Episode 1 : D\u00e9finitions et enjeux du changement d&rsquo;\u00e9chelle<\/h3>\n<p>&nbsp;<\/p>\n<\/div>\n<\/div>\n<div class=\"wpb_text_column wpb_content_element  texte_episode\">\n<div class=\"wpb_wrapper\">\n<p style=\"text-align: justify;\">Recadrer le changement d\u2019\u00e9chelle avant de se lancer : qu\u2019est-ce que le changement d\u2019\u00e9chelle ? Quels sont les diff\u00e9rentes approches pour changer d\u2019\u00e9chelle ? Quels sont les enjeux du changement d\u2019\u00e9chelle ? Et pourquoi le changement d\u2019\u00e9chelle est-il crucial dans l\u2019ESS ?<\/p>\n<\/div>\n<\/div>\n<\/div>\n<\/div>\n<\/div>\n<\/div>\n<p>[\/et_pb_text][et_pb_video src=\u00a0\u00bbhttps:\/\/youtu.be\/p7vB_2AWhKE\u00a0\u00bb _builder_version=\u00a0\u00bb4.16&Prime; _module_preset=\u00a0\u00bbdefault\u00a0\u00bb custom_margin=\u00a0\u00bb||2px|||\u00a0\u00bb custom_css_main_element=\u00a0\u00bbmargin-top: auto;\u00a0\u00bb global_colors_info=\u00a0\u00bb{}\u00a0\u00bb][\/et_pb_video][\/et_pb_column][et_pb_column type=\u00a0\u00bb1_2&Prime; _builder_version=\u00a0\u00bb4.16&Prime; _module_preset=\u00a0\u00bbdefault\u00a0\u00bb custom_padding=\u00a0\u00bb20px|20px|20px|20px|true|true\u00a0\u00bb custom_css_main_element=\u00a0\u00bbdisplay: flex;||flex-flow: column;\u00a0\u00bb box_shadow_style=\u00a0\u00bbpreset1&Prime; box_shadow_color=\u00a0\u00bb#ececec\u00a0\u00bb global_colors_info=\u00a0\u00bb{}\u00a0\u00bb][et_pb_text _builder_version=\u00a0\u00bb4.16&Prime; _module_preset=\u00a0\u00bbdefault\u00a0\u00bb header_3_font=\u00a0\u00bb|700|||||||\u00a0\u00bb header_3_font_size=\u00a0\u00bb25px\u00a0\u00bb global_colors_info=\u00a0\u00bb{}\u00a0\u00bb]<\/p>\n<div id=\"ultimate-heading-27965fb2b39fc2621\" class=\"uvc-heading ult-adjust-bottom-margin ultimate-heading-27965fb2b39fc2621 uvc-1925 titre_episode\" data-hspacer=\"no_spacer\" data-halign=\"center\">\n<div class=\"uvc-main-heading ult-responsive\" data-ultimate-target=\".uvc-heading.ultimate-heading-27965fb2b39fc2621 h3\" data-responsive-json-new=\"{&quot;font-size&quot;:&quot;&quot;,&quot;line-height&quot;:&quot;&quot;}\">\n<div id=\"ultimate-heading-4305fb2b39fc3c69\" class=\"uvc-heading ult-adjust-bottom-margin ultimate-heading-4305fb2b39fc3c69 uvc-5522 titre_episode\" data-hspacer=\"no_spacer\" data-halign=\"center\">\n<div class=\"uvc-main-heading ult-responsive\" data-ultimate-target=\".uvc-heading.ultimate-heading-4305fb2b39fc3c69 h3\" data-responsive-json-new=\"{&quot;font-size&quot;:&quot;&quot;,&quot;line-height&quot;:&quot;&quot;}\">\n<div id=\"ultimate-heading-21465fb6ba6f260ea\" class=\"uvc-heading ult-adjust-bottom-margin ultimate-heading-21465fb6ba6f260ea uvc-4203 titre_episode\" data-hspacer=\"no_spacer\" data-halign=\"center\">\n<div class=\"uvc-main-heading ult-responsive\" data-ultimate-target=\".uvc-heading.ultimate-heading-21465fb6ba6f260ea h3\" data-responsive-json-new=\"{&quot;font-size&quot;:&quot;&quot;,&quot;line-height&quot;:&quot;&quot;}\">\n<div id=\"ultimate-heading-50265fbe9b7558e12\" class=\"uvc-heading ult-adjust-bottom-margin ultimate-heading-50265fbe9b7558e12 uvc-3682 titre_episode\" data-hspacer=\"no_spacer\" data-halign=\"center\">\n<div class=\"uvc-main-heading ult-responsive\" data-ultimate-target=\".uvc-heading.ultimate-heading-50265fbe9b7558e12 h3\" data-responsive-json-new=\"{&quot;font-size&quot;:&quot;&quot;,&quot;line-height&quot;:&quot;&quot;}\">\n<h3 style=\"text-align: left;\">Episode 2 : Pr\u00e9requis au changement d&rsquo;\u00e9chelle<\/h3>\n<p>&nbsp;<\/p>\n<\/div>\n<\/div>\n<div class=\"wpb_text_column wpb_content_element  texte_episode\">\n<div class=\"wpb_wrapper\">\n<p style=\"text-align: justify;\">Pr\u00e9sentation des pr\u00e9requis au changement d\u2019\u00e9chelle : \u00eates-vous pr\u00eats \u00e0 changer d\u2019\u00e9chelle ? La structure a-t-elle atteint un niveau de maturit\u00e9 n\u00e9cessaire ? L\u2019organisation a-t-elle une d\u00e9finition claire de l\u2019impact social g\u00e9n\u00e9r\u00e9 par ses activit\u00e9s ? Et quelle strat\u00e9gie de changement d\u2019\u00e9chelle choisir ?<\/p>\n<\/div>\n<\/div>\n<\/div>\n<\/div>\n<\/div>\n<\/div>\n<\/div>\n<\/div>\n<p>[\/et_pb_text][et_pb_video src=\u00a0\u00bbhttps:\/\/youtu.be\/Ef6_byAKbD4&Prime; _builder_version=\u00a0\u00bb4.16&Prime; _module_preset=\u00a0\u00bbdefault\u00a0\u00bb custom_css_main_element=\u00a0\u00bbmargin-top: auto;\u00a0\u00bb global_colors_info=\u00a0\u00bb{}\u00a0\u00bb][\/et_pb_video][\/et_pb_column][\/et_pb_row][et_pb_row column_structure=\u00a0\u00bb1_2,1_2&Prime; make_equal=\u00a0\u00bbon\u00a0\u00bb _builder_version=\u00a0\u00bb4.16&Prime; _module_preset=\u00a0\u00bbdefault\u00a0\u00bb max_width=\u00a0\u00bb100%\u00a0\u00bb global_colors_info=\u00a0\u00bb{}\u00a0\u00bb][et_pb_column type=\u00a0\u00bb1_2&Prime; _builder_version=\u00a0\u00bb4.16&Prime; _module_preset=\u00a0\u00bbdefault\u00a0\u00bb custom_padding=\u00a0\u00bb20px|20px|20px|20px|true|true\u00a0\u00bb custom_css_main_element=\u00a0\u00bbdisplay: flex;||flex-flow: column;\u00a0\u00bb box_shadow_style=\u00a0\u00bbpreset1&Prime; box_shadow_color=\u00a0\u00bb#ececec\u00a0\u00bb global_colors_info=\u00a0\u00bb{}\u00a0\u00bb][et_pb_text _builder_version=\u00a0\u00bb4.16&Prime; _module_preset=\u00a0\u00bbdefault\u00a0\u00bb header_3_font=\u00a0\u00bb|700|||||||\u00a0\u00bb header_3_font_size=\u00a0\u00bb25px\u00a0\u00bb global_colors_info=\u00a0\u00bb{}\u00a0\u00bb]<\/p>\n<div id=\"ultimate-heading-27965fb2b39fc2621\" class=\"uvc-heading ult-adjust-bottom-margin ultimate-heading-27965fb2b39fc2621 uvc-1925 titre_episode\" data-hspacer=\"no_spacer\" data-halign=\"center\">\n<div class=\"uvc-main-heading ult-responsive\" data-ultimate-target=\".uvc-heading.ultimate-heading-27965fb2b39fc2621 h3\" data-responsive-json-new=\"{&quot;font-size&quot;:&quot;&quot;,&quot;line-height&quot;:&quot;&quot;}\">\n<div id=\"ultimate-heading-44635fb2b39fc53dd\" class=\"uvc-heading ult-adjust-bottom-margin ultimate-heading-44635fb2b39fc53dd uvc-3912 titre_episode\" data-hspacer=\"no_spacer\" data-halign=\"center\">\n<div class=\"uvc-main-heading ult-responsive\" data-ultimate-target=\".uvc-heading.ultimate-heading-44635fb2b39fc53dd h3\" data-responsive-json-new=\"{&quot;font-size&quot;:&quot;&quot;,&quot;line-height&quot;:&quot;&quot;}\">\n<div id=\"ultimate-heading-75215fb6ba6f272e6\" class=\"uvc-heading ult-adjust-bottom-margin ultimate-heading-75215fb6ba6f272e6 uvc-9272 titre_episode\" data-hspacer=\"no_spacer\" data-halign=\"center\">\n<div class=\"uvc-main-heading ult-responsive\" data-ultimate-target=\".uvc-heading.ultimate-heading-75215fb6ba6f272e6 h3\" data-responsive-json-new=\"{&quot;font-size&quot;:&quot;&quot;,&quot;line-height&quot;:&quot;&quot;}\">\n<div id=\"ultimate-heading-74845fbe9b755a08f\" class=\"uvc-heading ult-adjust-bottom-margin ultimate-heading-74845fbe9b755a08f uvc-8899 titre_episode\" data-hspacer=\"no_spacer\" data-halign=\"center\">\n<div class=\"uvc-main-heading ult-responsive\" data-ultimate-target=\".uvc-heading.ultimate-heading-74845fbe9b755a08f h3\" data-responsive-json-new=\"{&quot;font-size&quot;:&quot;&quot;,&quot;line-height&quot;:&quot;&quot;}\">\n<h3>Episode 3 : Comment changer d&rsquo;\u00e9chelle ?<\/h3>\n<p>&nbsp;<\/p>\n<\/div>\n<\/div>\n<div class=\"wpb_text_column wpb_content_element  texte_episode\">\n<div class=\"wpb_wrapper\">\n<p style=\"text-align: justify;\">Pr\u00e9sentation des diff\u00e9rentes m\u00e9thodes possibles pour changer d\u2019\u00e9chelle : comment dupliquer ou r\u00e9pliquer ses activit\u00e9s sur d\u2019autres territoires ? Comment diversifier ses activit\u00e9s ? Et faut-il coop\u00e9rer avec d\u2019autres structures pour maximiser son impact ?<\/p>\n<\/div>\n<\/div>\n<\/div>\n<\/div>\n<\/div>\n<\/div>\n<\/div>\n<\/div>\n<p>[\/et_pb_text][et_pb_video src=\u00a0\u00bbhttps:\/\/youtu.be\/JaB8N3iZHrU\u00a0\u00bb _builder_version=\u00a0\u00bb4.16&Prime; _module_preset=\u00a0\u00bbdefault\u00a0\u00bb custom_css_main_element=\u00a0\u00bbmargin-top: auto;||||\u00a0\u00bb global_colors_info=\u00a0\u00bb{}\u00a0\u00bb][\/et_pb_video][\/et_pb_column][et_pb_column type=\u00a0\u00bb1_2&Prime; _builder_version=\u00a0\u00bb4.16&Prime; _module_preset=\u00a0\u00bbdefault\u00a0\u00bb custom_padding=\u00a0\u00bb20px|20px|20px|20px|true|true\u00a0\u00bb custom_css_main_element=\u00a0\u00bbdisplay: flex;||flex-flow: column;\u00a0\u00bb box_shadow_style=\u00a0\u00bbpreset1&Prime; box_shadow_color=\u00a0\u00bb#ececec\u00a0\u00bb global_colors_info=\u00a0\u00bb{}\u00a0\u00bb][et_pb_text _builder_version=\u00a0\u00bb4.16&Prime; _module_preset=\u00a0\u00bbdefault\u00a0\u00bb header_3_font=\u00a0\u00bb|700|||||||\u00a0\u00bb header_3_font_size=\u00a0\u00bb25px\u00a0\u00bb global_colors_info=\u00a0\u00bb{}\u00a0\u00bb]<\/p>\n<div id=\"ultimate-heading-27965fb2b39fc2621\" class=\"uvc-heading ult-adjust-bottom-margin ultimate-heading-27965fb2b39fc2621 uvc-1925 titre_episode\" data-hspacer=\"no_spacer\" data-halign=\"center\">\n<div class=\"uvc-main-heading ult-responsive\" data-ultimate-target=\".uvc-heading.ultimate-heading-27965fb2b39fc2621 h3\" data-responsive-json-new=\"{&quot;font-size&quot;:&quot;&quot;,&quot;line-height&quot;:&quot;&quot;}\">\n<div id=\"ultimate-heading-4305fb2b39fc3c69\" class=\"uvc-heading ult-adjust-bottom-margin ultimate-heading-4305fb2b39fc3c69 uvc-5522 titre_episode\" data-hspacer=\"no_spacer\" data-halign=\"center\">\n<div class=\"uvc-main-heading ult-responsive\" data-ultimate-target=\".uvc-heading.ultimate-heading-4305fb2b39fc3c69 h3\" data-responsive-json-new=\"{&quot;font-size&quot;:&quot;&quot;,&quot;line-height&quot;:&quot;&quot;}\">\n<div id=\"ultimate-heading-97465fb2b39fc6922\" class=\"uvc-heading ult-adjust-bottom-margin ultimate-heading-97465fb2b39fc6922 uvc-6180 titre_episode\" data-hspacer=\"no_spacer\" data-halign=\"center\">\n<div class=\"uvc-main-heading ult-responsive\" data-ultimate-target=\".uvc-heading.ultimate-heading-97465fb2b39fc6922 h3\" data-responsive-json-new=\"{&quot;font-size&quot;:&quot;&quot;,&quot;line-height&quot;:&quot;&quot;}\">\n<div id=\"ultimate-heading-25975fb6ba6f28386\" class=\"uvc-heading ult-adjust-bottom-margin ultimate-heading-25975fb6ba6f28386 uvc-2473 titre_episode\" data-hspacer=\"no_spacer\" data-halign=\"center\">\n<div class=\"uvc-main-heading ult-responsive\" data-ultimate-target=\".uvc-heading.ultimate-heading-25975fb6ba6f28386 h3\" data-responsive-json-new=\"{&quot;font-size&quot;:&quot;&quot;,&quot;line-height&quot;:&quot;&quot;}\">\n<div id=\"ultimate-heading-24225fbe9b755b1e1\" class=\"uvc-heading ult-adjust-bottom-margin ultimate-heading-24225fbe9b755b1e1 uvc-3080 titre_episode\" data-hspacer=\"no_spacer\" data-halign=\"center\">\n<div class=\"uvc-main-heading ult-responsive\" data-ultimate-target=\".uvc-heading.ultimate-heading-24225fbe9b755b1e1 h3\" data-responsive-json-new=\"{&quot;font-size&quot;:&quot;&quot;,&quot;line-height&quot;:&quot;&quot;}\">\n<h3 style=\"text-align: left;\">Episode 4 : R\u00e9ussir son changement d&rsquo;\u00e9chelle et le faire durer dans le temps<\/h3>\n<p>&nbsp;<\/p>\n<\/div>\n<\/div>\n<div class=\"wpb_text_column wpb_content_element  texte_episode\">\n<div class=\"wpb_wrapper\">\n<p style=\"text-align: justify;\">Pr\u00e9sentation des principaux \u00e9cueils \u00e0 \u00e9viter afin de mettre en place un changement d\u2019\u00e9chelle r\u00e9ussi : quels sont les facteurs clefs de succ\u00e8s d\u2019un changement d\u2019\u00e9chelle ? Quelles sont les structures permettant d\u2019accompagner un changement d\u2019\u00e9chelle ? Et quels financement est-il possible d\u2019obtenir ?<\/p>\n<\/div>\n<\/div>\n<\/div>\n<\/div>\n<\/div>\n<\/div>\n<\/div>\n<\/div>\n<\/div>\n<\/div>\n<p>[\/et_pb_text][et_pb_video src=\u00a0\u00bbhttps:\/\/youtu.be\/Qrqa4eTixOE\u00a0\u00bb thumbnail_overlay_color=\u00a0\u00bbrgba(0,0,0,0.6)\u00a0\u00bb _builder_version=\u00a0\u00bb4.16&Prime; _module_preset=\u00a0\u00bbdefault\u00a0\u00bb custom_margin=\u00a0\u00bb3px||-3px|||\u00a0\u00bb custom_css_main_element=\u00a0\u00bbmargin-top: auto;\u00a0\u00bb global_colors_info=\u00a0\u00bb{}\u00a0\u00bb][\/et_pb_video][\/et_pb_column][\/et_pb_row][\/et_pb_section][et_pb_section fb_built=\u00a0\u00bb1&Prime; admin_label=\u00a0\u00bbNos autres MOOCs\u00a0\u00bb _builder_version=\u00a0\u00bb4.9.4&Prime; _module_preset=\u00a0\u00bbdefault\u00a0\u00bb custom_padding=\u00a0\u00bb||0px|||\u00a0\u00bb global_module=\u00a0\u00bb821&Prime; saved_tabs=\u00a0\u00bball\u00a0\u00bb global_colors_info=\u00a0\u00bb{}\u00a0\u00bb][et_pb_row admin_label=\u00a0\u00bbNos autres MOOCs\u00a0\u00bb _builder_version=\u00a0\u00bb4.16&Prime; _module_preset=\u00a0\u00bbdefault\u00a0\u00bb max_width=\u00a0\u00bb100%\u00a0\u00bb custom_margin=\u00a0\u00bb0px|auto||auto||\u00a0\u00bb custom_padding=\u00a0\u00bb||0px|||\u00a0\u00bb global_colors_info=\u00a0\u00bb{}\u00a0\u00bb][et_pb_column type=\u00a0\u00bb4_4&Prime; _builder_version=\u00a0\u00bb4.16&Prime; _module_preset=\u00a0\u00bbdefault\u00a0\u00bb global_colors_info=\u00a0\u00bb{}\u00a0\u00bb][et_pb_code _builder_version=\u00a0\u00bb4.16&Prime; _module_preset=\u00a0\u00bbdefault\u00a0\u00bb global_colors_info=\u00a0\u00bb{}\u00a0\u00bb]<script><!-- [et_pb_line_break_holder] -->jQuery(function($){<!-- [et_pb_line_break_holder] -->var backButton = $('.back-button');<!-- [et_pb_line_break_holder] -->var nextButton = $('.next-button');<!-- [et_pb_line_break_holder] -->$('.trombi-items').slick({<!-- [et_pb_line_break_holder] -->slidesToShow: 4,<!-- [et_pb_line_break_holder] -->slidesToScroll: 1,<!-- [et_pb_line_break_holder] -->autoplay: true,<!-- [et_pb_line_break_holder] -->autoplaySpeed: 1500,<!-- [et_pb_line_break_holder] -->prevArrow: backButton,<!-- [et_pb_line_break_holder] -->nextArrow: nextButton,<!-- [et_pb_line_break_holder] -->pauseOnHover: true,<!-- [et_pb_line_break_holder] -->responsive: [{<!-- [et_pb_line_break_holder] -->breakpoint: 1079,<!-- [et_pb_line_break_holder] -->settings: {<!-- [et_pb_line_break_holder] -->slidesToShow: 2<!-- [et_pb_line_break_holder] -->}<!-- [et_pb_line_break_holder] -->}]<!-- [et_pb_line_break_holder] -->});<!-- [et_pb_line_break_holder] -->});<!-- [et_pb_line_break_holder] --><\/script>[\/et_pb_code][et_pb_code _builder_version=\u00a0\u00bb4.16&Prime; _module_preset=\u00a0\u00bbdefault\u00a0\u00bb global_colors_info=\u00a0\u00bb{}\u00a0\u00bb]<\/p>\n<style> <!-- [et_pb_line_break_holder] -->.slick-slide<!-- [et_pb_line_break_holder] -->{<!-- [et_pb_line_break_holder] -->float: left;<!-- [et_pb_line_break_holder] -->}<!-- [et_pb_line_break_holder] --><\/style>\n<p>[\/et_pb_code][\/et_pb_column][\/et_pb_row][et_pb_row admin_label=\u00a0\u00bbCarrousel nos autres MOOCs\u00a0\u00bb _builder_version=\u00a0\u00bb4.16&Prime; _module_preset=\u00a0\u00bbdefault\u00a0\u00bb width=\u00a0\u00bb90%\u00a0\u00bb max_width=\u00a0\u00bb100%\u00a0\u00bb custom_padding=\u00a0\u00bb||0px|||\u00a0\u00bb global_colors_info=\u00a0\u00bb{}\u00a0\u00bb][et_pb_column type=\u00a0\u00bb4_4&Prime; module_class=\u00a0\u00bbtrombi-items slider\u00a0\u00bb _builder_version=\u00a0\u00bb4.16&Prime; _module_preset=\u00a0\u00bbdefault\u00a0\u00bb overflow-x=\u00a0\u00bbhidden\u00a0\u00bb overflow-y=\u00a0\u00bbhidden\u00a0\u00bb global_colors_info=\u00a0\u00bb{}\u00a0\u00bb][et_pb_text admin_label=\u00a0\u00bbL&rsquo;entrepreneuriat social : de l&rsquo;envie au projet\u00a0\u00bb _builder_version=\u00a0\u00bb4.16&Prime; _dynamic_attributes=\u00a0\u00bblink_option_url\u00a0\u00bb _module_preset=\u00a0\u00bbdefault\u00a0\u00bb header_3_font=\u00a0\u00bb|700|||||||\u00a0\u00bb header_4_font=\u00a0\u00bb|700|||||||\u00a0\u00bb header_4_text_color=\u00a0\u00bb#44a2a4&Prime; header_4_font_size=\u00a0\u00bb16px\u00a0\u00bb background_enable_color=\u00a0\u00bboff\u00a0\u00bb width=\u00a0\u00bb21vw\u00a0\u00bb custom_margin=\u00a0\u00bb0px|1vw|0px|1vw|true|true\u00a0\u00bb link_option_url=\u00a0\u00bb@ET-DC@eyJkeW5hbWljIjp0cnVlLCJjb250ZW50IjoicG9zdF9saW5rX3VybF9wYWdlIiwic2V0dGluZ3MiOnsicG9zdF9pZCI6IjUzMiJ9fQ==@\u00a0\u00bb global_colors_info=\u00a0\u00bb{}\u00a0\u00bb background__hover_enabled=\u00a0\u00bbon|hover\u00a0\u00bb background_color__hover=\u00a0\u00bb#ececec\u00a0\u00bb background_enable_color__hover=\u00a0\u00bbon\u00a0\u00bb]<\/p>\n<p style=\"text-align: justify;\"><img decoding=\"async\" loading=\"lazy\" class=\"wp-image-662 alignnone size-medium\" src=\"https:\/\/www.impactinitiative.essec.edu\/wp-content\/uploads\/2020\/11\/ES-De-lenvie-au-projet-346x346-1-300x300.png\" alt=\"\" width=\"300\" height=\"300\" srcset=\"https:\/\/centre-innovation-sociale-ecologique.essec.edu\/wp-content\/uploads\/2020\/11\/ES-De-lenvie-au-projet-346x346-1-300x300.png 300w, https:\/\/centre-innovation-sociale-ecologique.essec.edu\/wp-content\/uploads\/2020\/11\/ES-De-lenvie-au-projet-346x346-1-150x150.png 150w, https:\/\/centre-innovation-sociale-ecologique.essec.edu\/wp-content\/uploads\/2020\/11\/ES-De-lenvie-au-projet-346x346-1.png 346w\" sizes=\"(max-width: 300px) 100vw, 300px\" \/><\/p>\n<h3 style=\"text-align: center;\">L&rsquo;entrepreneuriat social : de l&rsquo;envie au projet<\/h3>\n<p style=\"text-align: justify;\">4 ans apr\u00e8s sa premi\u00e8re \u00e9dition, le MOOC fait peau neuve et revient avec une vingtaine de nouveaux t\u00e9moignages inspirants !<\/p>\n<p>[\/et_pb_text][et_pb_text admin_label=\u00a0\u00bbL&rsquo;entrepreneuriat social : faire son business plan\u00a0\u00bb _builder_version=\u00a0\u00bb4.16&Prime; _dynamic_attributes=\u00a0\u00bblink_option_url\u00a0\u00bb _module_preset=\u00a0\u00bbdefault\u00a0\u00bb header_3_font=\u00a0\u00bb|700|||||||\u00a0\u00bb header_4_font=\u00a0\u00bb|700|||||||\u00a0\u00bb header_4_text_color=\u00a0\u00bb#44a2a4&Prime; header_4_font_size=\u00a0\u00bb16px\u00a0\u00bb background_enable_color=\u00a0\u00bboff\u00a0\u00bb width=\u00a0\u00bb21vw\u00a0\u00bb custom_margin=\u00a0\u00bb0px|1vw|0px|1vw|true|true\u00a0\u00bb link_option_url=\u00a0\u00bb@ET-DC@eyJkeW5hbWljIjp0cnVlLCJjb250ZW50IjoicG9zdF9saW5rX3VybF9wYWdlIiwic2V0dGluZ3MiOnsicG9zdF9pZCI6IjUzNCJ9fQ==@\u00a0\u00bb global_colors_info=\u00a0\u00bb{}\u00a0\u00bb background_color__hover=\u00a0\u00bb#ececec\u00a0\u00bb background_enable_color__hover=\u00a0\u00bbon\u00a0\u00bb background__hover_enabled=\u00a0\u00bbon|hover\u00a0\u00bb]<\/p>\n<p><img decoding=\"async\" loading=\"lazy\" class=\"wp-image-661 alignnone size-medium\" style=\"display: block; margin-left: auto; margin-right: auto;\" src=\"https:\/\/www.impactinitiative.essec.edu\/wp-content\/uploads\/2020\/11\/MOOC-changer-le-monde-1-e1595322902763-346x346-1-300x300.png\" alt=\"\" width=\"300\" height=\"300\" srcset=\"https:\/\/centre-innovation-sociale-ecologique.essec.edu\/wp-content\/uploads\/2020\/11\/MOOC-changer-le-monde-1-e1595322902763-346x346-1-300x300.png 300w, https:\/\/centre-innovation-sociale-ecologique.essec.edu\/wp-content\/uploads\/2020\/11\/MOOC-changer-le-monde-1-e1595322902763-346x346-1-150x150.png 150w, https:\/\/centre-innovation-sociale-ecologique.essec.edu\/wp-content\/uploads\/2020\/11\/MOOC-changer-le-monde-1-e1595322902763-346x346-1.png 346w\" sizes=\"(max-width: 300px) 100vw, 300px\" \/><\/p>\n<h3 style=\"text-align: center;\">L&rsquo;entrepreneuriat social : faire son business plan<\/h3>\n<p>D\u00e9couvrez l\u2019outil du Business Plan Social formalis\u00e9 par l\u2019ESSEC en partenariat avec Ashoka et McKinsey.<\/p>\n<p>[\/et_pb_text][et_pb_text admin_label=\u00a0\u00bbL&rsquo;entrepreneuriat social : changer d&rsquo;\u00e9chelle\u00a0\u00bb _builder_version=\u00a0\u00bb4.16&Prime; _dynamic_attributes=\u00a0\u00bblink_option_url\u00a0\u00bb _module_preset=\u00a0\u00bbdefault\u00a0\u00bb header_3_font=\u00a0\u00bb|700|||||||\u00a0\u00bb header_4_font=\u00a0\u00bb|700|||||||\u00a0\u00bb header_4_text_color=\u00a0\u00bb#44a2a4&Prime; header_4_font_size=\u00a0\u00bb16px\u00a0\u00bb background_enable_color=\u00a0\u00bboff\u00a0\u00bb width=\u00a0\u00bb21vw\u00a0\u00bb custom_margin=\u00a0\u00bb0px|1vw|0px|1vw|true|true\u00a0\u00bb link_option_url=\u00a0\u00bb@ET-DC@eyJkeW5hbWljIjp0cnVlLCJjb250ZW50IjoicG9zdF9saW5rX3VybF9wYWdlIiwic2V0dGluZ3MiOnsicG9zdF9pZCI6IjU0NyJ9fQ==@\u00a0\u00bb global_colors_info=\u00a0\u00bb{}\u00a0\u00bb background_color__hover=\u00a0\u00bb#ececec\u00a0\u00bb background_enable_color__hover=\u00a0\u00bbon\u00a0\u00bb background__hover_enabled=\u00a0\u00bbon|hover\u00a0\u00bb]<\/p>\n<p><img decoding=\"async\" loading=\"lazy\" class=\"alignnone wp-image-1503 size-medium\" style=\"display: block; margin-left: auto; margin-right: auto;\" src=\"https:\/\/impactinitiative.essec.edu\/wp-content\/uploads\/2021\/04\/visuel_coursera1_changer_echelle-3-346x346-e1618584019419-300x300.png\" alt=\"changer d'\u00e9chelle\" width=\"300\" height=\"300\" srcset=\"https:\/\/centre-innovation-sociale-ecologique.essec.edu\/wp-content\/uploads\/2021\/04\/visuel_coursera1_changer_echelle-3-346x346-e1618584019419-300x300.png 300w, https:\/\/centre-innovation-sociale-ecologique.essec.edu\/wp-content\/uploads\/2021\/04\/visuel_coursera1_changer_echelle-3-346x346-e1618584019419-150x150.png 150w, https:\/\/centre-innovation-sociale-ecologique.essec.edu\/wp-content\/uploads\/2021\/04\/visuel_coursera1_changer_echelle-3-346x346-e1618584019419.png 346w\" sizes=\"(max-width: 300px) 100vw, 300px\" \/><\/p>\n<h3 style=\"text-align: center;\">L&rsquo;entrepreneuriat social : changer d&rsquo;\u00e9chelle<\/h3>\n<p style=\"text-align: justify;\">Si vous cherchez \u00e0 d\u00e9velopper l\u2019activit\u00e9 de votre organisation pour changer d\u2019\u00e9chelle et maximiser son impact social ce MOOC est pour vous !<\/p>\n<p>[\/et_pb_text][et_pb_text admin_label=\u00a0\u00bbL&rsquo;impact investing : comprendre les fondamentaux\u00a0\u00bb _builder_version=\u00a0\u00bb4.16&Prime; _dynamic_attributes=\u00a0\u00bblink_option_url\u00a0\u00bb _module_preset=\u00a0\u00bbdefault\u00a0\u00bb header_3_font=\u00a0\u00bb|700|||||||\u00a0\u00bb header_4_font=\u00a0\u00bb|700|||||||\u00a0\u00bb header_4_text_color=\u00a0\u00bb#44a2a4&Prime; header_4_font_size=\u00a0\u00bb16px\u00a0\u00bb background_enable_color=\u00a0\u00bboff\u00a0\u00bb width=\u00a0\u00bb21vw\u00a0\u00bb custom_margin=\u00a0\u00bb0px|1vw|0px|1vw|true|true\u00a0\u00bb link_option_url=\u00a0\u00bb@ET-DC@eyJkeW5hbWljIjp0cnVlLCJjb250ZW50IjoicG9zdF9saW5rX3VybF9wYWdlIiwic2V0dGluZ3MiOnsicG9zdF9pZCI6IjUzMiJ9fQ==@\u00a0\u00bb global_colors_info=\u00a0\u00bb{}\u00a0\u00bb background_color__hover=\u00a0\u00bb#ececec\u00a0\u00bb background_enable_color__hover=\u00a0\u00bbon\u00a0\u00bb background__hover_enabled=\u00a0\u00bbon|hover\u00a0\u00bb]<\/p>\n<p><img decoding=\"async\" loading=\"lazy\" src=\"https:\/\/impactinitiative.essec.edu\/wp-content\/uploads\/2020\/11\/Impact-investing-346x346-1-300x300.png\" width=\"300\" height=\"300\" alt=\"Logo MOOC Impact Investing\" class=\"wp-image-663 aligncenter size-medium\" srcset=\"https:\/\/centre-innovation-sociale-ecologique.essec.edu\/wp-content\/uploads\/2020\/11\/Impact-investing-346x346-1-300x300.png 300w, https:\/\/centre-innovation-sociale-ecologique.essec.edu\/wp-content\/uploads\/2020\/11\/Impact-investing-346x346-1-150x150.png 150w, https:\/\/centre-innovation-sociale-ecologique.essec.edu\/wp-content\/uploads\/2020\/11\/Impact-investing-346x346-1.png 346w\" sizes=\"(max-width: 300px) 100vw, 300px\" \/><\/p>\n<h3 style=\"text-align: center;\">L&rsquo;impact investing : comprendre les fondamentaux<\/h3>\n<p style=\"text-align: justify;\">S\u00e9rie de 3 MOOCs sur le th\u00e8me de l\u2019impact investing pour former les entrepreneurs sociaux et financeurs \u201c\u00e0 impact\u201d.<\/p>\n<p>[\/et_pb_text][et_pb_text admin_label=\u00a0\u00bbL&rsquo;impact investing : \u00eatre acteur\u00a0\u00bb _builder_version=\u00a0\u00bb4.16&Prime; _dynamic_attributes=\u00a0\u00bblink_option_url\u00a0\u00bb _module_preset=\u00a0\u00bbdefault\u00a0\u00bb header_3_font=\u00a0\u00bb|700|||||||\u00a0\u00bb header_4_font=\u00a0\u00bb|700|||||||\u00a0\u00bb header_4_text_color=\u00a0\u00bb#44a2a4&Prime; header_4_font_size=\u00a0\u00bb16px\u00a0\u00bb background_enable_color=\u00a0\u00bboff\u00a0\u00bb width=\u00a0\u00bb21vw\u00a0\u00bb custom_margin=\u00a0\u00bb0px|1vw|0px|1vw|true|true\u00a0\u00bb link_option_url=\u00a0\u00bb@ET-DC@eyJkeW5hbWljIjp0cnVlLCJjb250ZW50IjoicG9zdF9saW5rX3VybF9wYWdlIiwic2V0dGluZ3MiOnsicG9zdF9pZCI6IjU3MCJ9fQ==@\u00a0\u00bb global_colors_info=\u00a0\u00bb{}\u00a0\u00bb background_color__hover=\u00a0\u00bb#ececec\u00a0\u00bb background_enable_color__hover=\u00a0\u00bbon\u00a0\u00bb background__hover_enabled=\u00a0\u00bbon|hover\u00a0\u00bb]<\/p>\n<p><img decoding=\"async\" loading=\"lazy\" class=\"wp-image-663 alignnone size-medium\" style=\"display: block; margin-left: auto; margin-right: auto;\" src=\"https:\/\/www.impactinitiative.essec.edu\/wp-content\/uploads\/2020\/11\/Impact-investing-346x346-1-300x300.png\" alt=\"\" width=\"300\" height=\"300\" srcset=\"https:\/\/centre-innovation-sociale-ecologique.essec.edu\/wp-content\/uploads\/2020\/11\/Impact-investing-346x346-1-300x300.png 300w, https:\/\/centre-innovation-sociale-ecologique.essec.edu\/wp-content\/uploads\/2020\/11\/Impact-investing-346x346-1-150x150.png 150w, https:\/\/centre-innovation-sociale-ecologique.essec.edu\/wp-content\/uploads\/2020\/11\/Impact-investing-346x346-1.png 346w\" sizes=\"(max-width: 300px) 100vw, 300px\" \/><\/p>\n<h3 style=\"text-align: center;\">L&rsquo;impact investing : \u00eatre acteur<\/h3>\n<p style=\"text-align: justify;\">Pr\u00e9parez votre lev\u00e9e de fonds \u00e0 impact gr\u00e2ce \u00e0 ce deuxi\u00e8me MOOC indispensable pour les financeurs, entrepreneurs sociaux ou incubateurs !<\/p>\n<p>[\/et_pb_text][et_pb_text admin_label=\u00a0\u00bbL&rsquo;impact investing : innover\u00a0\u00bb _builder_version=\u00a0\u00bb4.16&Prime; _dynamic_attributes=\u00a0\u00bblink_option_url\u00a0\u00bb _module_preset=\u00a0\u00bbdefault\u00a0\u00bb header_3_font=\u00a0\u00bb|700|||||||\u00a0\u00bb header_4_font=\u00a0\u00bb|700|||||||\u00a0\u00bb header_4_text_color=\u00a0\u00bb#44a2a4&Prime; header_4_font_size=\u00a0\u00bb16px\u00a0\u00bb background_enable_color=\u00a0\u00bboff\u00a0\u00bb width=\u00a0\u00bb21vw\u00a0\u00bb custom_margin=\u00a0\u00bb0px|1vw|0px|1vw|true|true\u00a0\u00bb link_option_url=\u00a0\u00bb@ET-DC@eyJkeW5hbWljIjp0cnVlLCJjb250ZW50IjoicG9zdF9saW5rX3VybF9wYWdlIiwic2V0dGluZ3MiOnsicG9zdF9pZCI6IjY0MCJ9fQ==@\u00a0\u00bb global_colors_info=\u00a0\u00bb{}\u00a0\u00bb background_color__hover=\u00a0\u00bb#ececec\u00a0\u00bb background_enable_color__hover=\u00a0\u00bbon\u00a0\u00bb background__hover_enabled=\u00a0\u00bbon|hover\u00a0\u00bb]<\/p>\n<p><img decoding=\"async\" loading=\"lazy\" class=\"wp-image-663 alignnone size-medium\" style=\"display: block; margin-left: auto; margin-right: auto;\" src=\"https:\/\/www.impactinitiative.essec.edu\/wp-content\/uploads\/2020\/11\/Impact-investing-346x346-1-300x300.png\" alt=\"\" width=\"300\" height=\"300\" srcset=\"https:\/\/centre-innovation-sociale-ecologique.essec.edu\/wp-content\/uploads\/2020\/11\/Impact-investing-346x346-1-300x300.png 300w, https:\/\/centre-innovation-sociale-ecologique.essec.edu\/wp-content\/uploads\/2020\/11\/Impact-investing-346x346-1-150x150.png 150w, https:\/\/centre-innovation-sociale-ecologique.essec.edu\/wp-content\/uploads\/2020\/11\/Impact-investing-346x346-1.png 346w\" sizes=\"(max-width: 300px) 100vw, 300px\" \/><\/p>\n<h3 style=\"text-align: center;\">L&rsquo;impact investing : innover<\/h3>\n<p style=\"text-align: justify;\">Ce dernier MOOC sur le th\u00e8me de l\u2019impact investing s\u2019int\u00e9resse au d\u00e9veloppement et au perfectionnement des outils de financement.<\/p>\n<p>[\/et_pb_text][et_pb_text admin_label=\u00a0\u00bbLes partenariats qui changent le monde\u00a0\u00bb _builder_version=\u00a0\u00bb4.16&Prime; _dynamic_attributes=\u00a0\u00bblink_option_url\u00a0\u00bb _module_preset=\u00a0\u00bbdefault\u00a0\u00bb header_3_font=\u00a0\u00bb|700|||||||\u00a0\u00bb header_4_font=\u00a0\u00bb|700|||||||\u00a0\u00bb header_4_text_color=\u00a0\u00bb#44a2a4&Prime; header_4_font_size=\u00a0\u00bb16px\u00a0\u00bb background_enable_color=\u00a0\u00bboff\u00a0\u00bb width=\u00a0\u00bb21vw\u00a0\u00bb custom_margin=\u00a0\u00bb0px|1vw|0px|1vw|true|true\u00a0\u00bb link_option_url=\u00a0\u00bb@ET-DC@eyJkeW5hbWljIjp0cnVlLCJjb250ZW50IjoicG9zdF9saW5rX3VybF9wYWdlIiwic2V0dGluZ3MiOnsicG9zdF9pZCI6IjUzMiJ9fQ==@\u00a0\u00bb global_colors_info=\u00a0\u00bb{}\u00a0\u00bb background_color__hover=\u00a0\u00bb#ececec\u00a0\u00bb background_enable_color__hover=\u00a0\u00bbon\u00a0\u00bb background__hover_enabled=\u00a0\u00bbon|hover\u00a0\u00bb]<\/p>\n<p><img decoding=\"async\" loading=\"lazy\" class=\"wp-image-667 alignnone size-medium\" style=\"display: block; margin-left: auto; margin-right: auto;\" src=\"https:\/\/www.impactinitiative.essec.edu\/wp-content\/uploads\/2020\/11\/Partenariats-qui-changent-le-monde-346x346-1-300x300.png\" alt=\"\" width=\"300\" height=\"300\" srcset=\"https:\/\/centre-innovation-sociale-ecologique.essec.edu\/wp-content\/uploads\/2020\/11\/Partenariats-qui-changent-le-monde-346x346-1-300x300.png 300w, https:\/\/centre-innovation-sociale-ecologique.essec.edu\/wp-content\/uploads\/2020\/11\/Partenariats-qui-changent-le-monde-346x346-1-150x150.png 150w, https:\/\/centre-innovation-sociale-ecologique.essec.edu\/wp-content\/uploads\/2020\/11\/Partenariats-qui-changent-le-monde-346x346-1.png 346w\" sizes=\"(max-width: 300px) 100vw, 300px\" \/><\/p>\n<h3 style=\"text-align: center;\">Les partenariats qui changent le monde<\/h3>\n<p style=\"text-align: justify;\">Cr\u00e9\u00e9 en partenariat avec Le RAMEAU pour appr\u00e9hender la dynamique des partenariats entre entreprises et associations.<\/p>\n<p>[\/et_pb_text][et_pb_text admin_label=\u00a0\u00bbLes alliances qui changent les territoires\u00a0\u00bb _builder_version=\u00a0\u00bb4.16&Prime; _dynamic_attributes=\u00a0\u00bblink_option_url\u00a0\u00bb _module_preset=\u00a0\u00bbdefault\u00a0\u00bb header_3_font=\u00a0\u00bb|700|||||||\u00a0\u00bb header_4_font=\u00a0\u00bb|700|||||||\u00a0\u00bb header_4_text_color=\u00a0\u00bb#44a2a4&Prime; header_4_font_size=\u00a0\u00bb16px\u00a0\u00bb background_enable_color=\u00a0\u00bboff\u00a0\u00bb width=\u00a0\u00bb21vw\u00a0\u00bb custom_margin=\u00a0\u00bb0px|1vw|0px|1vw|true|true\u00a0\u00bb link_option_url=\u00a0\u00bb@ET-DC@eyJkeW5hbWljIjp0cnVlLCJjb250ZW50IjoicG9zdF9saW5rX3VybF9wYWdlIiwic2V0dGluZ3MiOnsicG9zdF9pZCI6IjY0NCJ9fQ==@\u00a0\u00bb global_colors_info=\u00a0\u00bb{}\u00a0\u00bb background_color__hover=\u00a0\u00bb#ececec\u00a0\u00bb background_enable_color__hover=\u00a0\u00bbon\u00a0\u00bb background__hover_enabled=\u00a0\u00bbon|hover\u00a0\u00bb]<\/p>\n<p><img decoding=\"async\" loading=\"lazy\" class=\"wp-image-666 alignnone size-medium\" style=\"display: block; margin-left: auto; margin-right: auto;\" src=\"https:\/\/www.impactinitiative.essec.edu\/wp-content\/uploads\/2020\/11\/Alliances-qui-changent-les-territoires-346x346-1-300x300.png\" alt=\"\" width=\"300\" height=\"300\" srcset=\"https:\/\/centre-innovation-sociale-ecologique.essec.edu\/wp-content\/uploads\/2020\/11\/Alliances-qui-changent-les-territoires-346x346-1-300x300.png 300w, https:\/\/centre-innovation-sociale-ecologique.essec.edu\/wp-content\/uploads\/2020\/11\/Alliances-qui-changent-les-territoires-346x346-1-150x150.png 150w, https:\/\/centre-innovation-sociale-ecologique.essec.edu\/wp-content\/uploads\/2020\/11\/Alliances-qui-changent-les-territoires-346x346-1.png 346w\" sizes=\"(max-width: 300px) 100vw, 300px\" \/><\/p>\n<h3 style=\"text-align: center;\">Les alliances qui changent les territoires<\/h3>\n<p style=\"text-align: justify;\">Instaurez une alliance territoriale pour r\u00e9pondre \u00e0 des besoins sociaux et environnementaux et d\u00e9multiplier votre impact.<\/p>\n<p>[\/et_pb_text][et_pb_text admin_label=\u00a0\u00bbNouveaux mod\u00e8les \u00e9conomiques des associations\u00a0\u00bb _builder_version=\u00a0\u00bb4.16&Prime; _dynamic_attributes=\u00a0\u00bblink_option_url\u00a0\u00bb _module_preset=\u00a0\u00bbdefault\u00a0\u00bb header_3_font=\u00a0\u00bb|700|||||||\u00a0\u00bb header_4_font=\u00a0\u00bb|700|||||||\u00a0\u00bb header_4_text_color=\u00a0\u00bb#44a2a4&Prime; header_4_font_size=\u00a0\u00bb16px\u00a0\u00bb background_enable_color=\u00a0\u00bboff\u00a0\u00bb width=\u00a0\u00bb21vw\u00a0\u00bb custom_margin=\u00a0\u00bb0px|1vw|0px|1vw|true|true\u00a0\u00bb link_option_url=\u00a0\u00bb@ET-DC@eyJkeW5hbWljIjp0cnVlLCJjb250ZW50IjoicG9zdF9saW5rX3VybF9wYWdlIiwic2V0dGluZ3MiOnsicG9zdF9pZCI6IjYzNiJ9fQ==@\u00a0\u00bb global_colors_info=\u00a0\u00bb{}\u00a0\u00bb background_color__hover=\u00a0\u00bb#ececec\u00a0\u00bb background_enable_color__hover=\u00a0\u00bbon\u00a0\u00bb background__hover_enabled=\u00a0\u00bbon|hover\u00a0\u00bb]<\/p>\n<p><img decoding=\"async\" loading=\"lazy\" class=\"wp-image-660 alignnone size-medium\" style=\"display: block; margin-left: auto; margin-right: auto;\" src=\"https:\/\/www.impactinitiative.essec.edu\/wp-content\/uploads\/2020\/11\/Nouveaux-modeles-economiques-346x346-1-300x300.png\" alt=\"\" width=\"300\" height=\"300\" srcset=\"https:\/\/centre-innovation-sociale-ecologique.essec.edu\/wp-content\/uploads\/2020\/11\/Nouveaux-modeles-economiques-346x346-1-300x300.png 300w, https:\/\/centre-innovation-sociale-ecologique.essec.edu\/wp-content\/uploads\/2020\/11\/Nouveaux-modeles-economiques-346x346-1-150x150.png 150w, https:\/\/centre-innovation-sociale-ecologique.essec.edu\/wp-content\/uploads\/2020\/11\/Nouveaux-modeles-economiques-346x346-1.png 346w\" sizes=\"(max-width: 300px) 100vw, 300px\" \/><\/p>\n<h3 style=\"text-align: center;\">Nouveaux mod\u00e8les \u00e9conomiques des associations<\/h3>\n<p style=\"text-align: justify;\">Hybridez le mod\u00e8le \u00e9conomique de votre association pour rendre votre action p\u00e9renne et maximiser votre impact;<\/p>\n<p>[\/et_pb_text][et_pb_text admin_label=\u00a0\u00bbInnovation publique et pens\u00e9e design\u00a0\u00bb _builder_version=\u00a0\u00bb4.16&Prime; _dynamic_attributes=\u00a0\u00bblink_option_url\u00a0\u00bb _module_preset=\u00a0\u00bbdefault\u00a0\u00bb header_3_font=\u00a0\u00bb|700|||||||\u00a0\u00bb header_4_font=\u00a0\u00bb|700|||||||\u00a0\u00bb header_4_text_color=\u00a0\u00bb#44a2a4&Prime; header_4_font_size=\u00a0\u00bb16px\u00a0\u00bb background_enable_color=\u00a0\u00bboff\u00a0\u00bb width=\u00a0\u00bb21vw\u00a0\u00bb custom_margin=\u00a0\u00bb0px|1vw|0px|1vw|true|true\u00a0\u00bb link_option_url=\u00a0\u00bb@ET-DC@eyJkeW5hbWljIjp0cnVlLCJjb250ZW50IjoicG9zdF9saW5rX3VybF9wYWdlIiwic2V0dGluZ3MiOnsicG9zdF9pZCI6IjY1MCJ9fQ==@\u00a0\u00bb global_colors_info=\u00a0\u00bb{}\u00a0\u00bb background_color__hover=\u00a0\u00bb#ececec\u00a0\u00bb background_enable_color__hover=\u00a0\u00bbon\u00a0\u00bb background__hover_enabled=\u00a0\u00bbon|hover\u00a0\u00bb]<\/p>\n<p><img decoding=\"async\" loading=\"lazy\" class=\"wp-image-672 alignnone size-medium\" style=\"display: block; margin-left: auto; margin-right: auto;\" src=\"https:\/\/www.impactinitiative.essec.edu\/wp-content\/uploads\/2020\/11\/MOOC-innovation-publique-et-pense\u0301e-design-e1595324946384-346x346-1-300x300.png\" alt=\"\" width=\"300\" height=\"300\" srcset=\"https:\/\/centre-innovation-sociale-ecologique.essec.edu\/wp-content\/uploads\/2020\/11\/MOOC-innovation-publique-et-pense\u0301e-design-e1595324946384-346x346-1-300x300.png 300w, https:\/\/centre-innovation-sociale-ecologique.essec.edu\/wp-content\/uploads\/2020\/11\/MOOC-innovation-publique-et-pense\u0301e-design-e1595324946384-346x346-1-150x150.png 150w, https:\/\/centre-innovation-sociale-ecologique.essec.edu\/wp-content\/uploads\/2020\/11\/MOOC-innovation-publique-et-pense\u0301e-design-e1595324946384-346x346-1.png 346w\" sizes=\"(max-width: 300px) 100vw, 300px\" \/><\/p>\n<h3 style=\"text-align: center;\">Innovation publique et pens\u00e9e design<\/h3>\n<p style=\"text-align: justify;\">Obtenez les comp\u00e9tences pour coordonner un projet d\u2019innovation s\u2019appuyant sur une approche design de service.<\/p>\n<p>[\/et_pb_text][et_pb_text admin_label=\u00a0\u00bbEvaluation et mesure d&rsquo;impact social\u00a0\u00bb _builder_version=\u00a0\u00bb4.16&Prime; _dynamic_attributes=\u00a0\u00bblink_option_url\u00a0\u00bb _module_preset=\u00a0\u00bbdefault\u00a0\u00bb header_3_font=\u00a0\u00bb|700|||||||\u00a0\u00bb header_4_font=\u00a0\u00bb|700|||||||\u00a0\u00bb header_4_text_color=\u00a0\u00bb#44a2a4&Prime; header_4_font_size=\u00a0\u00bb16px\u00a0\u00bb background_enable_color=\u00a0\u00bboff\u00a0\u00bb width=\u00a0\u00bb21vw\u00a0\u00bb custom_margin=\u00a0\u00bb0px|1vw|0px|1vw|true|true\u00a0\u00bb link_option_url=\u00a0\u00bb@ET-DC@eyJkeW5hbWljIjp0cnVlLCJjb250ZW50IjoicG9zdF9saW5rX3VybF9wYWdlIiwic2V0dGluZ3MiOnsicG9zdF9pZCI6IjU1NyJ9fQ==@\u00a0\u00bb global_colors_info=\u00a0\u00bb{}\u00a0\u00bb background_color__hover=\u00a0\u00bb#ececec\u00a0\u00bb background_enable_color__hover=\u00a0\u00bbon\u00a0\u00bb background__hover_enabled=\u00a0\u00bbon|hover\u00a0\u00bb]<\/p>\n<p><img decoding=\"async\" loading=\"lazy\" class=\"wp-image-668 alignnone size-medium\" style=\"display: block; margin-left: auto; margin-right: auto;\" src=\"https:\/\/www.impactinitiative.essec.edu\/wp-content\/uploads\/2020\/11\/MOOC-Evaluation-et-mesure-dimpact-e1595323928435-300x300.png\" alt=\"\" width=\"300\" height=\"300\" srcset=\"https:\/\/centre-innovation-sociale-ecologique.essec.edu\/wp-content\/uploads\/2020\/11\/MOOC-Evaluation-et-mesure-dimpact-e1595323928435-300x300.png 300w, https:\/\/centre-innovation-sociale-ecologique.essec.edu\/wp-content\/uploads\/2020\/11\/MOOC-Evaluation-et-mesure-dimpact-e1595323928435-150x150.png 150w, https:\/\/centre-innovation-sociale-ecologique.essec.edu\/wp-content\/uploads\/2020\/11\/MOOC-Evaluation-et-mesure-dimpact-e1595323928435.png 346w\" sizes=\"(max-width: 300px) 100vw, 300px\" \/><\/p>\n<h3 style=\"text-align: center;\">Evaluation et mesure d&rsquo;impact social<\/h3>\n<p style=\"text-align: justify;\">D\u00e9couvrez pourquoi et comment utiliser les outils de mesure d&rsquo;impact, et comment en interpr\u00e9ter les r\u00e9sultats.<\/p>\n<p>[\/et_pb_text][et_pb_text admin_label=\u00a0\u00bbReporting extra-financier et strat\u00e9gie RSE\u00a0\u00bb _builder_version=\u00a0\u00bb4.16&Prime; _dynamic_attributes=\u00a0\u00bblink_option_url\u00a0\u00bb _module_preset=\u00a0\u00bbdefault\u00a0\u00bb header_3_font=\u00a0\u00bb|700|||||||\u00a0\u00bb header_4_font=\u00a0\u00bb|700|||||||\u00a0\u00bb header_4_text_color=\u00a0\u00bb#44a2a4&Prime; header_4_font_size=\u00a0\u00bb16px\u00a0\u00bb background_enable_color=\u00a0\u00bboff\u00a0\u00bb width=\u00a0\u00bb21vw\u00a0\u00bb custom_margin=\u00a0\u00bb0px|1vw|0px|1vw|true|true\u00a0\u00bb link_option_url=\u00a0\u00bb@ET-DC@eyJkeW5hbWljIjp0cnVlLCJjb250ZW50IjoicG9zdF9saW5rX3VybF9wYWdlIiwic2V0dGluZ3MiOnsicG9zdF9pZCI6IjY0NiJ9fQ==@\u00a0\u00bb global_colors_info=\u00a0\u00bb{}\u00a0\u00bb background_color__hover=\u00a0\u00bb#ececec\u00a0\u00bb background_enable_color__hover=\u00a0\u00bbon\u00a0\u00bb background__hover_enabled=\u00a0\u00bbon|hover\u00a0\u00bb]<\/p>\n<p><img decoding=\"async\" loading=\"lazy\" class=\"wp-image-669 alignnone size-medium\" style=\"display: block; margin-left: auto; margin-right: auto;\" src=\"https:\/\/www.impactinitiative.essec.edu\/wp-content\/uploads\/2020\/11\/Reporting-extra-financier-346x346-1-300x300.png\" alt=\"\" width=\"300\" height=\"300\" srcset=\"https:\/\/centre-innovation-sociale-ecologique.essec.edu\/wp-content\/uploads\/2020\/11\/Reporting-extra-financier-346x346-1-300x300.png 300w, https:\/\/centre-innovation-sociale-ecologique.essec.edu\/wp-content\/uploads\/2020\/11\/Reporting-extra-financier-346x346-1-150x150.png 150w, https:\/\/centre-innovation-sociale-ecologique.essec.edu\/wp-content\/uploads\/2020\/11\/Reporting-extra-financier-346x346-1.png 346w\" sizes=\"(max-width: 300px) 100vw, 300px\" \/><\/p>\n<h3 style=\"text-align: center;\">Reporting extra-financier et strat\u00e9gie RSE<\/h3>\n<p style=\"text-align: justify;\">S&rsquo;adresse aux salari\u00e9s d\u2019entreprise d\u00e9sireux d&rsquo;obtenir un socle de connaissances solides sur la RSE.<\/p>\n<p>[\/et_pb_text][et_pb_text admin_label=\u00a0\u00bbOriginalit\u00e9 et modernit\u00e9 du mutualisme\u00a0\u00bb _builder_version=\u00a0\u00bb4.16&Prime; _dynamic_attributes=\u00a0\u00bblink_option_url\u00a0\u00bb _module_preset=\u00a0\u00bbdefault\u00a0\u00bb header_3_font=\u00a0\u00bb|700|||||||\u00a0\u00bb header_4_font=\u00a0\u00bb|700|||||||\u00a0\u00bb header_4_text_color=\u00a0\u00bb#44a2a4&Prime; header_4_font_size=\u00a0\u00bb16px\u00a0\u00bb background_enable_color=\u00a0\u00bboff\u00a0\u00bb width=\u00a0\u00bb21vw\u00a0\u00bb custom_margin=\u00a0\u00bb0px|1vw|0px|1vw|true|true\u00a0\u00bb link_option_url=\u00a0\u00bb@ET-DC@eyJkeW5hbWljIjp0cnVlLCJjb250ZW50IjoicG9zdF9saW5rX3VybF9wYWdlIiwic2V0dGluZ3MiOnsicG9zdF9pZCI6IjY1MiJ9fQ==@\u00a0\u00bb global_colors_info=\u00a0\u00bb{}\u00a0\u00bb background_color__hover=\u00a0\u00bb#ececec\u00a0\u00bb background_enable_color__hover=\u00a0\u00bbon\u00a0\u00bb background__hover_enabled=\u00a0\u00bbon|hover\u00a0\u00bb]<\/p>\n<p><img decoding=\"async\" loading=\"lazy\" class=\"wp-image-673 alignnone size-medium\" style=\"display: block; margin-left: auto; margin-right: auto;\" src=\"https:\/\/www.impactinitiative.essec.edu\/wp-content\/uploads\/2020\/11\/Mutualisme-346x346-1-300x300.png\" alt=\"\" width=\"300\" height=\"300\" srcset=\"https:\/\/centre-innovation-sociale-ecologique.essec.edu\/wp-content\/uploads\/2020\/11\/Mutualisme-346x346-1-300x300.png 300w, https:\/\/centre-innovation-sociale-ecologique.essec.edu\/wp-content\/uploads\/2020\/11\/Mutualisme-346x346-1-150x150.png 150w, https:\/\/centre-innovation-sociale-ecologique.essec.edu\/wp-content\/uploads\/2020\/11\/Mutualisme-346x346-1.png 346w\" sizes=\"(max-width: 300px) 100vw, 300px\" \/><\/p>\n<h3 style=\"text-align: center;\">Originalit\u00e9 et modernit\u00e9 du mutualisme<\/h3>\n<p style=\"text-align: justify;\">D\u00e9couvrez les mod\u00e8les des mutuelles qui sont plus que jamais des vecteurs privil\u00e9gi\u00e9s d\u2019innovation sociale.<\/p>\n<p>[\/et_pb_text][et_pb_text admin_label=\u00a0\u00bbPhilanthropie : Comprendre et Agir\u00a0\u00bb _builder_version=\u00a0\u00bb4.16&Prime; _dynamic_attributes=\u00a0\u00bblink_option_url\u00a0\u00bb _module_preset=\u00a0\u00bbdefault\u00a0\u00bb header_3_font=\u00a0\u00bb|700|||||||\u00a0\u00bb header_4_font=\u00a0\u00bb|700|||||||\u00a0\u00bb header_4_text_color=\u00a0\u00bb#44a2a4&Prime; header_4_font_size=\u00a0\u00bb16px\u00a0\u00bb background_enable_color=\u00a0\u00bboff\u00a0\u00bb width=\u00a0\u00bb21vw\u00a0\u00bb custom_margin=\u00a0\u00bb0px|1vw|0px|1vw|true|true\u00a0\u00bb link_option_url=\u00a0\u00bb@ET-DC@eyJkeW5hbWljIjp0cnVlLCJjb250ZW50IjoicG9zdF9saW5rX3VybF9wYWdlIiwic2V0dGluZ3MiOnsicG9zdF9pZCI6IjY1NCJ9fQ==@\u00a0\u00bb global_colors_info=\u00a0\u00bb{}\u00a0\u00bb background_color__hover=\u00a0\u00bb#ececec\u00a0\u00bb background_enable_color__hover=\u00a0\u00bbon\u00a0\u00bb background__hover_enabled=\u00a0\u00bbon|hover\u00a0\u00bb]<\/p>\n<p><img decoding=\"async\" loading=\"lazy\" class=\"wp-image-674 alignnone size-medium\" style=\"display: block; margin-left: auto; margin-right: auto;\" src=\"https:\/\/www.impactinitiative.essec.edu\/wp-content\/uploads\/2020\/11\/MOOC-philanthropie-e1595325280551-346x346-1-300x300.png\" alt=\"\" width=\"300\" height=\"300\" srcset=\"https:\/\/centre-innovation-sociale-ecologique.essec.edu\/wp-content\/uploads\/2020\/11\/MOOC-philanthropie-e1595325280551-346x346-1-300x300.png 300w, https:\/\/centre-innovation-sociale-ecologique.essec.edu\/wp-content\/uploads\/2020\/11\/MOOC-philanthropie-e1595325280551-346x346-1-150x150.png 150w, https:\/\/centre-innovation-sociale-ecologique.essec.edu\/wp-content\/uploads\/2020\/11\/MOOC-philanthropie-e1595325280551-346x346-1.png 346w\" sizes=\"(max-width: 300px) 100vw, 300px\" \/><\/p>\n<h3 style=\"text-align: center;\">Philanthropie : Comprendre et Agir<\/h3>\n<p style=\"text-align: justify;\">R\u00e9alis\u00e9 avec la Fondation de France, ce MOOC vous donne toutes les cl\u00e9s en main pour comprendre et agir en faveur d\u2019un monde meilleur !<\/p>\n<p>[\/et_pb_text][et_pb_text admin_label=\u00a0\u00bbEntreprises et changement climatique\u00a0\u00bb _builder_version=\u00a0\u00bb4.16&Prime; _dynamic_attributes=\u00a0\u00bblink_option_url\u00a0\u00bb _module_preset=\u00a0\u00bbdefault\u00a0\u00bb header_3_font=\u00a0\u00bb|700|||||||\u00a0\u00bb header_4_font=\u00a0\u00bb|700|||||||\u00a0\u00bb header_4_text_color=\u00a0\u00bb#44a2a4&Prime; header_4_font_size=\u00a0\u00bb16px\u00a0\u00bb background_enable_color=\u00a0\u00bboff\u00a0\u00bb width=\u00a0\u00bb21vw\u00a0\u00bb custom_margin=\u00a0\u00bb0px|1vw|0px|1vw|true|true\u00a0\u00bb link_option_url=\u00a0\u00bb@ET-DC@eyJkeW5hbWljIjp0cnVlLCJjb250ZW50IjoicG9zdF9saW5rX3VybF9wYWdlIiwic2V0dGluZ3MiOnsicG9zdF9pZCI6IjEzNTYifX0=@\u00a0\u00bb global_colors_info=\u00a0\u00bb{}\u00a0\u00bb background_color__hover=\u00a0\u00bb#ececec\u00a0\u00bb background_enable_color__hover=\u00a0\u00bbon\u00a0\u00bb background__hover_enabled=\u00a0\u00bbon|hover\u00a0\u00bb]<\/p>\n<p><img decoding=\"async\" loading=\"lazy\" class=\"alignnone wp-image-1479 size-medium\" src=\"https:\/\/impactinitiative.essec.edu\/wp-content\/uploads\/2021\/04\/Climat-300x300.png\" alt=\"Entreprises et changement climatique\" width=\"300\" height=\"300\" srcset=\"https:\/\/centre-innovation-sociale-ecologique.essec.edu\/wp-content\/uploads\/2021\/04\/Climat-300x300.png 300w, https:\/\/centre-innovation-sociale-ecologique.essec.edu\/wp-content\/uploads\/2021\/04\/Climat-150x150.png 150w, https:\/\/centre-innovation-sociale-ecologique.essec.edu\/wp-content\/uploads\/2021\/04\/Climat.png 346w\" sizes=\"(max-width: 300px) 100vw, 300px\" \/><\/p>\n<h3 style=\"text-align: center;\">Entreprise et changement climatique<\/h3>\n<p style=\"text-align: justify;\">Comment les entreprises peuvent-elles agir dans la lutte contre le r\u00e9chauffement climatique ? Voil\u00e0 la question \u00e0 laquelle ce MOOC, r\u00e9alis\u00e9 en collaboration avec Carbone 4, tente de r\u00e9pondre.<\/p>\n<p>[\/et_pb_text][et_pb_text admin_label=\u00a0\u00bbLes Belles Histoires\u00a0\u00bb _builder_version=\u00a0\u00bb4.16&Prime; _dynamic_attributes=\u00a0\u00bblink_option_url\u00a0\u00bb _module_preset=\u00a0\u00bbdefault\u00a0\u00bb header_3_font=\u00a0\u00bb|700|||||||\u00a0\u00bb header_4_font=\u00a0\u00bb|700|||||||\u00a0\u00bb header_4_text_color=\u00a0\u00bb#44a2a4&Prime; header_4_font_size=\u00a0\u00bb16px\u00a0\u00bb background_enable_color=\u00a0\u00bboff\u00a0\u00bb width=\u00a0\u00bb21vw\u00a0\u00bb custom_margin=\u00a0\u00bb0px|1vw|0px|1vw|true|true\u00a0\u00bb link_option_url=\u00a0\u00bb@ET-DC@eyJkeW5hbWljIjp0cnVlLCJjb250ZW50IjoicG9zdF9saW5rX3VybF9wYWdlIiwic2V0dGluZ3MiOnsicG9zdF9pZCI6IjEzNjQifX0=@\u00a0\u00bb global_colors_info=\u00a0\u00bb{}\u00a0\u00bb background_color__hover=\u00a0\u00bb#ececec\u00a0\u00bb background_enable_color__hover=\u00a0\u00bbon\u00a0\u00bb background__hover_enabled=\u00a0\u00bbon|hover\u00a0\u00bb]<\/p>\n<p><img decoding=\"async\" loading=\"lazy\" class=\"alignnone wp-image-1558 size-medium\" style=\"display: block; margin-left: auto; margin-right: auto;\" src=\"https:\/\/impactinitiative.essec.edu\/wp-content\/uploads\/2021\/04\/visuel_belles_histoires_essec-1-300x300.jpeg\" alt=\"Les belles histoires d'entreprises \u00e0 impact\" width=\"300\" height=\"300\" \/><\/p>\n<p style=\"text-align: center;\">\u00a0<span style=\"color: #333333; font-size: 22px; font-weight: bold; text-align: center;\">Belles Histoires d&rsquo;entreprises \u00e0 impact<\/span><\/p>\n<p style=\"text-align: justify;\"><span style=\"font-size: 14px; text-align: justify;\">Prenez une bouff\u00e9e d&rsquo;optimisme et plongez dans des histoires inspirantes d&rsquo;entreprises \u00e0 impact !<\/span><\/p>\n<p>&nbsp;<\/p>\n<p>[\/et_pb_text][\/et_pb_column][\/et_pb_row][et_pb_row column_structure=\u00a0\u00bb1_2,1_2&Prime; admin_label=\u00a0\u00bbFl\u00e8ches\u00a0\u00bb _builder_version=\u00a0\u00bb4.16&Prime; _module_preset=\u00a0\u00bbdefault\u00a0\u00bb position_origin_r=\u00a0\u00bbbottom_right\u00a0\u00bb width=\u00a0\u00bb250px\u00a0\u00bb custom_margin=\u00a0\u00bb20px||||false|false\u00a0\u00bb custom_padding=\u00a0\u00bb0px|||||\u00a0\u00bb global_colors_info=\u00a0\u00bb{}\u00a0\u00bb][et_pb_column type=\u00a0\u00bb1_2&Prime; _builder_version=\u00a0\u00bb4.16&Prime; _module_preset=\u00a0\u00bbdefault\u00a0\u00bb global_colors_info=\u00a0\u00bb{}\u00a0\u00bb][et_pb_blurb use_icon=\u00a0\u00bbon\u00a0\u00bb font_icon=\u00a0\u00bb&#x23;||divi||400&Prime; image_icon_background_color=\u00a0\u00bb#f2f2f2&Prime; image_icon_width=\u00a0\u00bb48px\u00a0\u00bb module_class=\u00a0\u00bbback-button\u00a0\u00bb _builder_version=\u00a0\u00bb4.16&Prime; _module_preset=\u00a0\u00bbdefault\u00a0\u00bb image_icon_custom_padding=\u00a0\u00bb25px|25px|25px|25px|false|false\u00a0\u00bb custom_css_main_element=\u00a0\u00bbcursor: pointer;\u00a0\u00bb border_radii_image=\u00a0\u00bbon|100%|100%|100%|100%\u00a0\u00bb use_circle=\u00a0\u00bbon\u00a0\u00bb circle_color=\u00a0\u00bb#f2f2f2&Prime; global_colors_info=\u00a0\u00bb{}\u00a0\u00bb image_icon_background_color__sticky_enabled=\u00a0\u00bb#2ea3f2&Prime; image_icon_background_color__sticky=\u00a0\u00bb#2ea3f2&Prime;][\/et_pb_blurb][\/et_pb_column][et_pb_column type=\u00a0\u00bb1_2&Prime; _builder_version=\u00a0\u00bb4.16&Prime; _module_preset=\u00a0\u00bbdefault\u00a0\u00bb global_colors_info=\u00a0\u00bb{}\u00a0\u00bb][et_pb_blurb use_icon=\u00a0\u00bbon\u00a0\u00bb font_icon=\u00a0\u00bb&#x24;||divi||400&Prime; image_icon_background_color=\u00a0\u00bb#f2f2f2&Prime; image_icon_width=\u00a0\u00bb48px\u00a0\u00bb module_class=\u00a0\u00bbnext-button\u00a0\u00bb _builder_version=\u00a0\u00bb4.16&Prime; _module_preset=\u00a0\u00bbdefault\u00a0\u00bb image_icon_custom_padding=\u00a0\u00bb25px|25px|25px|25px|false|false\u00a0\u00bb custom_css_main_element=\u00a0\u00bbcursor: pointer;\u00a0\u00bb border_radii_image=\u00a0\u00bbon|100%|100%|100%|100%\u00a0\u00bb use_circle=\u00a0\u00bbon\u00a0\u00bb circle_color=\u00a0\u00bb#f2f2f2&Prime; global_colors_info=\u00a0\u00bb{}\u00a0\u00bb image_icon_background_color__sticky_enabled=\u00a0\u00bb#2ea3f2&Prime; image_icon_background_color__sticky=\u00a0\u00bb#2ea3f2&Prime;][\/et_pb_blurb][\/et_pb_column][\/et_pb_row][\/et_pb_section]<\/p>\n","protected":false},"excerpt":{"rendered":"<p>L&rsquo;entrepreneuriat social : changer d&rsquo;\u00e9chelle Si vous cherchez \u00e0 d\u00e9velopper l\u2019activit\u00e9 de votre organisation pour changer d&rsquo;\u00e9chelle et maximiser son impact social ce MOOC est pour vous ! Comprenez ainsi ce qu\u2019est le changement d\u2019\u00e9chelle d\u2019une structure, quels sont les pr\u00e9requis avant de se lancer dans un tel projet, comment le r\u00e9aliser et comment faire [&hellip;]<\/p>\n","protected":false},"author":1,"featured_media":0,"parent":0,"menu_order":0,"comment_status":"closed","ping_status":"closed","template":"","meta":{"_et_pb_use_builder":"on","_et_pb_old_content":"<!-- wp:divi\/placeholder \/-->","_et_gb_content_width":"","inline_featured_image":false},"yoast_head":"<!-- This site is optimized with the Yoast SEO plugin v20.11 - https:\/\/yoast.com\/wordpress\/plugins\/seo\/ -->\n<title>L\u2019entrepreneuriat social : changer d\u2019\u00e9chelle - MOOC ESSEC<\/title>\n<meta name=\"description\" content=\"Comment changer d&#039;\u00e9chelle en entrepreneuriat social ? Suivez notre parcours de formation pour le d\u00e9couvrir et maximiser votre impact social\" \/>\n<meta name=\"robots\" content=\"index, follow, max-snippet:-1, max-image-preview:large, max-video-preview:-1\" \/>\n<link rel=\"canonical\" href=\"https:\/\/centre-innovation-sociale-ecologique.essec.edu\/index.php\/entrepreneuriat-social-changer-dechelle\/\" \/>\n<meta property=\"og:locale\" content=\"fr_FR\" \/>\n<meta property=\"og:type\" content=\"article\" \/>\n<meta property=\"og:title\" content=\"L\u2019entrepreneuriat social : changer d\u2019\u00e9chelle - MOOC ESSEC\" \/>\n<meta property=\"og:description\" content=\"Comment changer d&#039;\u00e9chelle en entrepreneuriat social ? Suivez notre parcours de formation pour le d\u00e9couvrir et maximiser votre impact social\" \/>\n<meta property=\"og:url\" content=\"https:\/\/centre-innovation-sociale-ecologique.essec.edu\/index.php\/entrepreneuriat-social-changer-dechelle\/\" \/>\n<meta property=\"og:site_name\" content=\"Centre Innovation Sociale et Ecologique\" \/>\n<meta property=\"article:modified_time\" content=\"2023-01-31T12:54:07+00:00\" \/>\n<meta property=\"og:image\" content=\"https:\/\/www.impactinitiative.essec.edu\/wp-content\/uploads\/2020\/11\/ES-De-lenvie-au-projet-346x346-1-300x300.png\" \/>\n<meta name=\"twitter:card\" content=\"summary_large_image\" \/>\n<meta name=\"twitter:label1\" content=\"Dur\u00e9e de lecture estim\u00e9e\" \/>\n\t<meta name=\"twitter:data1\" content=\"15 minutes\" \/>\n<script type=\"application\/ld+json\" class=\"yoast-schema-graph\">{\"@context\":\"https:\/\/schema.org\",\"@graph\":[{\"@type\":\"WebPage\",\"@id\":\"https:\/\/centre-innovation-sociale-ecologique.essec.edu\/index.php\/entrepreneuriat-social-changer-dechelle\/\",\"url\":\"https:\/\/centre-innovation-sociale-ecologique.essec.edu\/index.php\/entrepreneuriat-social-changer-dechelle\/\",\"name\":\"L\u2019entrepreneuriat social : changer d\u2019\u00e9chelle - MOOC ESSEC\",\"isPartOf\":{\"@id\":\"https:\/\/centre-innovation-sociale-ecologique.essec.edu\/#website\"},\"datePublished\":\"2020-11-15T17:31:40+00:00\",\"dateModified\":\"2023-01-31T12:54:07+00:00\",\"description\":\"Comment changer d'\u00e9chelle en entrepreneuriat social ? Suivez notre parcours de formation pour le d\u00e9couvrir et maximiser votre impact social\",\"breadcrumb\":{\"@id\":\"https:\/\/centre-innovation-sociale-ecologique.essec.edu\/index.php\/entrepreneuriat-social-changer-dechelle\/#breadcrumb\"},\"inLanguage\":\"fr-FR\",\"potentialAction\":[{\"@type\":\"ReadAction\",\"target\":[\"https:\/\/centre-innovation-sociale-ecologique.essec.edu\/index.php\/entrepreneuriat-social-changer-dechelle\/\"]}]},{\"@type\":\"BreadcrumbList\",\"@id\":\"https:\/\/centre-innovation-sociale-ecologique.essec.edu\/index.php\/entrepreneuriat-social-changer-dechelle\/#breadcrumb\",\"itemListElement\":[{\"@type\":\"ListItem\",\"position\":1,\"name\":\"Home\",\"item\":\"https:\/\/centre-innovation-sociale-ecologique.essec.edu\/\"},{\"@type\":\"ListItem\",\"position\":2,\"name\":\"L&rsquo;entrepreneuriat social : changer d&rsquo;\u00e9chelle\"}]},{\"@type\":\"WebSite\",\"@id\":\"https:\/\/centre-innovation-sociale-ecologique.essec.edu\/#website\",\"url\":\"https:\/\/centre-innovation-sociale-ecologique.essec.edu\/\",\"name\":\"Centre Innovation Sociale et Ecologique\",\"description\":\"\",\"publisher\":{\"@id\":\"https:\/\/centre-innovation-sociale-ecologique.essec.edu\/#organization\"},\"potentialAction\":[{\"@type\":\"SearchAction\",\"target\":{\"@type\":\"EntryPoint\",\"urlTemplate\":\"https:\/\/centre-innovation-sociale-ecologique.essec.edu\/?s={search_term_string}\"},\"query-input\":\"required name=search_term_string\"}],\"inLanguage\":\"fr-FR\"},{\"@type\":\"Organization\",\"@id\":\"https:\/\/centre-innovation-sociale-ecologique.essec.edu\/#organization\",\"name\":\"Essec Business School\",\"url\":\"https:\/\/centre-innovation-sociale-ecologique.essec.edu\/\",\"logo\":{\"@type\":\"ImageObject\",\"inLanguage\":\"fr-FR\",\"@id\":\"https:\/\/centre-innovation-sociale-ecologique.essec.edu\/#\/schema\/logo\/image\/\",\"url\":\"https:\/\/impactinitiative.essec.edu\/wp-content\/uploads\/2020\/11\/ESSEC_BS_logo_BLANC.png\",\"contentUrl\":\"https:\/\/impactinitiative.essec.edu\/wp-content\/uploads\/2020\/11\/ESSEC_BS_logo_BLANC.png\",\"width\":546,\"height\":509,\"caption\":\"Essec Business School\"},\"image\":{\"@id\":\"https:\/\/centre-innovation-sociale-ecologique.essec.edu\/#\/schema\/logo\/image\/\"}}]}<\/script>\n<!-- \/ Yoast SEO plugin. -->","yoast_head_json":{"title":"L\u2019entrepreneuriat social : changer d\u2019\u00e9chelle - MOOC ESSEC","description":"Comment changer d'\u00e9chelle en entrepreneuriat social ? Suivez notre parcours de formation pour le d\u00e9couvrir et maximiser votre impact social","robots":{"index":"index","follow":"follow","max-snippet":"max-snippet:-1","max-image-preview":"max-image-preview:large","max-video-preview":"max-video-preview:-1"},"canonical":"https:\/\/centre-innovation-sociale-ecologique.essec.edu\/index.php\/entrepreneuriat-social-changer-dechelle\/","og_locale":"fr_FR","og_type":"article","og_title":"L\u2019entrepreneuriat social : changer d\u2019\u00e9chelle - MOOC ESSEC","og_description":"Comment changer d'\u00e9chelle en entrepreneuriat social ? Suivez notre parcours de formation pour le d\u00e9couvrir et maximiser votre impact social","og_url":"https:\/\/centre-innovation-sociale-ecologique.essec.edu\/index.php\/entrepreneuriat-social-changer-dechelle\/","og_site_name":"Centre Innovation Sociale et Ecologique","article_modified_time":"2023-01-31T12:54:07+00:00","og_image":[{"url":"https:\/\/www.impactinitiative.essec.edu\/wp-content\/uploads\/2020\/11\/ES-De-lenvie-au-projet-346x346-1-300x300.png"}],"twitter_card":"summary_large_image","twitter_misc":{"Dur\u00e9e de lecture estim\u00e9e":"15 minutes"},"schema":{"@context":"https:\/\/schema.org","@graph":[{"@type":"WebPage","@id":"https:\/\/centre-innovation-sociale-ecologique.essec.edu\/index.php\/entrepreneuriat-social-changer-dechelle\/","url":"https:\/\/centre-innovation-sociale-ecologique.essec.edu\/index.php\/entrepreneuriat-social-changer-dechelle\/","name":"L\u2019entrepreneuriat social : changer d\u2019\u00e9chelle - MOOC ESSEC","isPartOf":{"@id":"https:\/\/centre-innovation-sociale-ecologique.essec.edu\/#website"},"datePublished":"2020-11-15T17:31:40+00:00","dateModified":"2023-01-31T12:54:07+00:00","description":"Comment changer d'\u00e9chelle en entrepreneuriat social ? Suivez notre parcours de formation pour le d\u00e9couvrir et maximiser votre impact social","breadcrumb":{"@id":"https:\/\/centre-innovation-sociale-ecologique.essec.edu\/index.php\/entrepreneuriat-social-changer-dechelle\/#breadcrumb"},"inLanguage":"fr-FR","potentialAction":[{"@type":"ReadAction","target":["https:\/\/centre-innovation-sociale-ecologique.essec.edu\/index.php\/entrepreneuriat-social-changer-dechelle\/"]}]},{"@type":"BreadcrumbList","@id":"https:\/\/centre-innovation-sociale-ecologique.essec.edu\/index.php\/entrepreneuriat-social-changer-dechelle\/#breadcrumb","itemListElement":[{"@type":"ListItem","position":1,"name":"Home","item":"https:\/\/centre-innovation-sociale-ecologique.essec.edu\/"},{"@type":"ListItem","position":2,"name":"L&rsquo;entrepreneuriat social : changer d&rsquo;\u00e9chelle"}]},{"@type":"WebSite","@id":"https:\/\/centre-innovation-sociale-ecologique.essec.edu\/#website","url":"https:\/\/centre-innovation-sociale-ecologique.essec.edu\/","name":"Centre Innovation Sociale et Ecologique","description":"","publisher":{"@id":"https:\/\/centre-innovation-sociale-ecologique.essec.edu\/#organization"},"potentialAction":[{"@type":"SearchAction","target":{"@type":"EntryPoint","urlTemplate":"https:\/\/centre-innovation-sociale-ecologique.essec.edu\/?s={search_term_string}"},"query-input":"required name=search_term_string"}],"inLanguage":"fr-FR"},{"@type":"Organization","@id":"https:\/\/centre-innovation-sociale-ecologique.essec.edu\/#organization","name":"Essec Business School","url":"https:\/\/centre-innovation-sociale-ecologique.essec.edu\/","logo":{"@type":"ImageObject","inLanguage":"fr-FR","@id":"https:\/\/centre-innovation-sociale-ecologique.essec.edu\/#\/schema\/logo\/image\/","url":"https:\/\/impactinitiative.essec.edu\/wp-content\/uploads\/2020\/11\/ESSEC_BS_logo_BLANC.png","contentUrl":"https:\/\/impactinitiative.essec.edu\/wp-content\/uploads\/2020\/11\/ESSEC_BS_logo_BLANC.png","width":546,"height":509,"caption":"Essec Business School"},"image":{"@id":"https:\/\/centre-innovation-sociale-ecologique.essec.edu\/#\/schema\/logo\/image\/"}}]}},"_links":{"self":[{"href":"https:\/\/centre-innovation-sociale-ecologique.essec.edu\/index.php\/wp-json\/wp\/v2\/pages\/547"}],"collection":[{"href":"https:\/\/centre-innovation-sociale-ecologique.essec.edu\/index.php\/wp-json\/wp\/v2\/pages"}],"about":[{"href":"https:\/\/centre-innovation-sociale-ecologique.essec.edu\/index.php\/wp-json\/wp\/v2\/types\/page"}],"author":[{"embeddable":true,"href":"https:\/\/centre-innovation-sociale-ecologique.essec.edu\/index.php\/wp-json\/wp\/v2\/users\/1"}],"replies":[{"embeddable":true,"href":"https:\/\/centre-innovation-sociale-ecologique.essec.edu\/index.php\/wp-json\/wp\/v2\/comments?post=547"}],"version-history":[{"count":23,"href":"https:\/\/centre-innovation-sociale-ecologique.essec.edu\/index.php\/wp-json\/wp\/v2\/pages\/547\/revisions"}],"predecessor-version":[{"id":5974,"href":"https:\/\/centre-innovation-sociale-ecologique.essec.edu\/index.php\/wp-json\/wp\/v2\/pages\/547\/revisions\/5974"}],"wp:attachment":[{"href":"https:\/\/centre-innovation-sociale-ecologique.essec.edu\/index.php\/wp-json\/wp\/v2\/media?parent=547"}],"curies":[{"name":"wp","href":"https:\/\/api.w.org\/{rel}","templated":true}]}}