{"id":3093,"date":"2021-08-25T14:28:51","date_gmt":"2021-08-25T12:28:51","guid":{"rendered":"https:\/\/impactinitiative.essec.edu\/?page_id=3093"},"modified":"2023-04-01T12:03:16","modified_gmt":"2023-04-01T10:03:16","slug":"veille-5-edito-lobservatoire-de-levaluation-dimpact-social","status":"publish","type":"page","link":"https:\/\/centre-innovation-sociale-ecologique.essec.edu\/index.php\/observatoire-evaluation-impact-social\/veille-5-edito-lobservatoire-de-levaluation-dimpact-social\/","title":{"rendered":"Veille n\u00b05 &#8211; Edito &#8211; L&rsquo;Observatoire de l&rsquo;Evaluation d&rsquo;Impact Social"},"content":{"rendered":"<p>[et_pb_section fb_built=\u00a0\u00bb1&Prime; _builder_version=\u00a0\u00bb4.16&Prime; _module_preset=\u00a0\u00bbdefault\u00a0\u00bb max_width=\u00a0\u00bb100%\u00a0\u00bb custom_padding=\u00a0\u00bb0px||0px|||\u00a0\u00bb global_colors_info=\u00a0\u00bb{}\u00a0\u00bb][et_pb_row _builder_version=\u00a0\u00bb4.16&Prime; _module_preset=\u00a0\u00bbdefault\u00a0\u00bb custom_padding=\u00a0\u00bb0px||0px|||\u00a0\u00bb global_colors_info=\u00a0\u00bb{}\u00a0\u00bb][et_pb_column type=\u00a0\u00bb4_4&Prime; _builder_version=\u00a0\u00bb4.16&Prime; _module_preset=\u00a0\u00bbdefault\u00a0\u00bb global_colors_info=\u00a0\u00bb{}\u00a0\u00bb][et_pb_text _builder_version=\u00a0\u00bb4.16&Prime; _module_preset=\u00a0\u00bbdefault\u00a0\u00bb header_font=\u00a0\u00bb|700|||||||\u00a0\u00bb header_text_align=\u00a0\u00bbcenter\u00a0\u00bb header_text_color=\u00a0\u00bb#3b57a1&Prime; header_font_size=\u00a0\u00bb60px\u00a0\u00bb global_colors_info=\u00a0\u00bb{}\u00a0\u00bb]<\/p>\n<div id=\"ultimate-heading-22285faff5ae85b84\" class=\"uvc-heading ult-adjust-bottom-margin ultimate-heading-22285faff5ae85b84 uvc-5305 title\" data-hspacer=\"no_spacer\" data-halign=\"center\">\n<div class=\"uvc-main-heading ult-responsive\" data-ultimate-target=\".uvc-heading.ultimate-heading-22285faff5ae85b84 h1\" data-responsive-json-new=\"{&quot;font-size&quot;:&quot;&quot;,&quot;line-height&quot;:&quot;&quot;}\">\n<div id=\"ultimate-heading-84695fb01d600aa94\" class=\"uvc-heading ult-adjust-bottom-margin ultimate-heading-84695fb01d600aa94 uvc-3723 \" data-hspacer=\"no_spacer\" data-halign=\"center\">\n<div class=\"uvc-main-heading ult-responsive\" data-ultimate-target=\".uvc-heading.ultimate-heading-84695fb01d600aa94 h1\" data-responsive-json-new=\"{&quot;font-size&quot;:&quot;&quot;,&quot;line-height&quot;:&quot;&quot;}\">\n<div id=\"ultimate-heading-25385fb0239c16712\" class=\"uvc-heading ult-adjust-bottom-margin ultimate-heading-25385fb0239c16712 uvc-9846 \" data-hspacer=\"no_spacer\" data-halign=\"center\">\n<div class=\"uvc-main-heading ult-responsive\" data-ultimate-target=\".uvc-heading.ultimate-heading-25385fb0239c16712 h1\" data-responsive-json-new=\"{&quot;font-size&quot;:&quot;&quot;,&quot;line-height&quot;:&quot;&quot;}\">\n<div id=\"ultimate-heading-75075fb0ffc201dd0\" class=\"uvc-heading ult-adjust-bottom-margin ultimate-heading-75075fb0ffc201dd0 uvc-3192 \" data-hspacer=\"no_spacer\" data-halign=\"center\">\n<div class=\"uvc-main-heading ult-responsive\" data-ultimate-target=\".uvc-heading.ultimate-heading-75075fb0ffc201dd0 h1\" data-responsive-json-new=\"{&quot;font-size&quot;:&quot;&quot;,&quot;line-height&quot;:&quot;&quot;}\">\n<h1>Veille n\u00b05 : L&rsquo;\u00e9dito du Labo<\/h1>\n<p style=\"text-align: center;\"><span style=\"font-size: large;\"><strong>(Partie 1 sur 3)<\/strong><\/span><\/p>\n<p>&nbsp;<\/p>\n<\/div>\n<\/div>\n<\/div>\n<\/div>\n<\/div>\n<\/div>\n<\/div>\n<\/div>\n<p>[\/et_pb_text][\/et_pb_column][\/et_pb_row][et_pb_row _builder_version=\u00a0\u00bb4.16&Prime; _module_preset=\u00a0\u00bbdefault\u00a0\u00bb max_width=\u00a0\u00bb100%\u00a0\u00bb global_colors_info=\u00a0\u00bb{}\u00a0\u00bb][et_pb_column type=\u00a0\u00bb4_4&Prime; _builder_version=\u00a0\u00bb4.16&Prime; _module_preset=\u00a0\u00bbdefault\u00a0\u00bb global_colors_info=\u00a0\u00bb{}\u00a0\u00bb][et_pb_image src=\u00a0\u00bbhttps:\/\/impactinitiative.essec.edu\/wp-content\/uploads\/2021\/08\/462055235-1024&#215;683.jpg\u00a0\u00bb alt=\u00a0\u00bbveille mensuelle Labo EMISE \/ Observatoire de l&rsquo;impact social\u00a0\u00bb title_text=\u00a0\u00bb462055235&Prime; align=\u00a0\u00bbcenter\u00a0\u00bb force_fullwidth=\u00a0\u00bbon\u00a0\u00bb _builder_version=\u00a0\u00bb4.16&Prime; _module_preset=\u00a0\u00bbdefault\u00a0\u00bb global_colors_info=\u00a0\u00bb{}\u00a0\u00bb][\/et_pb_image][\/et_pb_column][\/et_pb_row][et_pb_row _builder_version=\u00a0\u00bb4.16&Prime; _module_preset=\u00a0\u00bbdefault\u00a0\u00bb max_width=\u00a0\u00bb100%\u00a0\u00bb global_colors_info=\u00a0\u00bb{}\u00a0\u00bb][et_pb_column type=\u00a0\u00bb4_4&Prime; _builder_version=\u00a0\u00bb4.16&Prime; _module_preset=\u00a0\u00bbdefault\u00a0\u00bb global_colors_info=\u00a0\u00bb{}\u00a0\u00bb][et_pb_text _builder_version=\u00a0\u00bb4.16&Prime; _module_preset=\u00a0\u00bbdefault\u00a0\u00bb text_font_size=\u00a0\u00bb20px\u00a0\u00bb header_2_font=\u00a0\u00bb|700|||||||\u00a0\u00bb header_2_text_color=\u00a0\u00bb#00b2e8&Prime; header_3_font=\u00a0\u00bb|700|||||||\u00a0\u00bb header_3_text_color=\u00a0\u00bb#00b2e8&Prime; custom_margin=\u00a0\u00bb22px|||||\u00a0\u00bb global_colors_info=\u00a0\u00bb{}\u00a0\u00bb]<\/p>\n<p style=\"text-align: justify;\">Cette fin d\u2019ann\u00e9e acad\u00e9mique a \u00e9t\u00e9 marqu\u00e9e par deux fusions particuli\u00e8rement int\u00e9ressantes pour l\u2019\u00e9cosyst\u00e8me naissant, en France comme \u00e0 l\u2019\u00e9tranger, de l\u2019investissement \u00e0 impact : la<span>\u00a0<\/span><a href=\"https:\/\/www.eco-business.com\/news\/sasb-and-iirc-merge-to-establish-legitimacy-in-sustainability-reporting\/\" target=\"_blank\" rel=\"nofollow noopener\">fusion du Sustainability Accounting Standards Board (SASB) avec le International Integrated Reporting Council (IIRC)<\/a>et celle de<span>\u00a0<\/span><a href=\"https:\/\/www.finansol.org\/2021\/06\/18\/fusion\/\" target=\"_blank\" rel=\"nofollow noopener\">Finansol avec l\u2019Impact Invest Lab<\/a><span>\u00a0<\/span>pour devenir FAIR.<\/p>\n<p style=\"text-align: justify;\">\u00a0Bien que la premi\u00e8re soit une fusion d\u2019entit\u00e9s qui \u00e9voluent principalement dans l\u2019\u00e9cosyst\u00e8me de la RSE et pertinente pour l\u2019Investissement Socialement Responsable (ISR), ces fusions pourraient \u00eatre le signe d\u2019un d\u00e9but d\u2019homog\u00e9n\u00e9isation de l\u2019\u00e9cosyst\u00e8me de l\u2019investissement \u00e0 impact \u00e0 l\u2019international comme en France, et\u00a0soutenir l\u2019id\u00e9e que l\u2019investissement \u00e0 impact, qui est actuellement encore un champ \u00e9mergent (c\u2019est-\u00e0-dire encore fragment\u00e9 selon l\u2019approche institutionnaliste d\u00e9velopp\u00e9e par Powell et DiMaggio ), devient progressivement un\u00a0champ mature (plus stable institutionnellement avec \u00e0 terme des cohabitations organis\u00e9es entre les acteurs, ou du moins peu de logiques institutionnelles contradictoires).<\/p>\n<p style=\"text-align: justify;\">\u00a0La fusion entre le SASB et le IIRC a donc pour objectif la construction de standards globaux de reporting de la durabilit\u00e9 (\u2018sustainability\u2019) et vient renforcer les travaux de l\u2019automne dernier du<span>\u00a0<\/span><a href=\"https:\/\/www.weforum.org\/reports\/measuring-stakeholder-capitalism-towards-common-metrics-and-consistent-reporting-of-sustainable-value-creation\" target=\"_blank\" rel=\"nofollow noopener\">World Economic Forum\u00a0avec le International Business Council<\/a>\u00a0sur des indicateurs communs de reporting, les \u2018<em>stakeholder capitalism metrics<\/em>\u2019. Ces metrics, principalement des metrics ESG pertinents pour l\u2019ISR et identifi\u00e9s par les \u201cBig Four\u201d, repr\u00e9sentent 21 \u2018core metrics\u2019 et 34 \u2018expanded metrics\u2019 bas\u00e9s sur les ODD. On y retrouve trois metrics qui pourraient \u00eatre reli\u00e9s \u00e0 l\u2019\u00e9valuation d\u2019impact : l\u2019intentionnalit\u00e9 des objectifs, l&rsquo;engagement des parties prenantes (Pilier 1: Gouvernance), ainsi que la R&amp;D (Pilier 4: Prosperity), si l\u2019on reprend l\u2019id\u00e9e que l\u2019\u00e9valuation d\u2019impact s\u2019inscrit, et prend tout son sens, dans une d\u00e9marche d\u2019am\u00e9lioration continue pour les parties prenantes.<\/p>\n<p style=\"text-align: justify;\">\u00a0Il serait donc possible de partir des travaux internationaux de standardisation autour de l\u2019ISR pour tendre vers une plus grande structuration du secteur de l\u2019Investissement \u00e0 impact (dans le sens strict de la<span>\u00a0<\/span><a href=\"https:\/\/impactmanagementproject.com\/impact-class-catalogue\/\" target=\"_blank\" rel=\"nofollow noopener\">cat\u00e9gorie C du classement de l\u2019IMP<\/a>), en s\u2019appuyant par exemple sur le d\u00e9sir des entreprises de b\u00e9n\u00e9ficier de la l\u00e9gitimit\u00e9 de ces entit\u00e9s transnationales dans le cadre de ce qui reste une forme de\u00a0r\u00e9gulation<span>\u00a0<\/span><em>soft<\/em>, c\u2019est \u00e0 dire sur leur int\u00e9r\u00eat \u00e0 partager des bonne pratiques tant que le reporting sur l\u2019impact n\u2019est pas obligatoire dans la r\u00e9gulation nationale pour tous les investisseurs.<\/p>\n<p style=\"text-align: justify;\">Le risque d\u2019une standardisation trop rigide de l&rsquo;\u00e9valuation d\u2019un sujet complexe comme celui de l\u2019impact social et environnemental est de d\u00e9naturer la r\u00e9alit\u00e9 de cet impact, au d\u00e9triment des parties prenantes de ce \u2018stakeholder capitalism\u2019, pour lesquels l\u2019impact \u00e9valu\u00e9 risquerait de rester superficiel s\u2019il n\u2019\u00e9tait pas appr\u00e9hend\u00e9 dans toute sa complexit\u00e9. De nombreux chercheurs en appellent ainsi \u00e0 davantage d\u2019\u00e9valuations d\u2019impact\u00a0\u2018sur mesure\u2019 avec des<span>\u00a0<\/span><a href=\"https:\/\/www.tandfonline.com\/doi\/pdf\/10.1080\/14615517.2021.1928425\" target=\"_blank\" rel=\"nofollow noopener\">combinaisons de m\u00e9thodes<\/a><span>\u00a0<\/span>et davantage d\u2019apports<span>\u00a0<\/span><a href=\"https:\/\/probonoaustralia.com.au\/news\/2021\/06\/going-deeper-in-social-impact-assessment-a-focus-on-meaning-rather-than-monetisation\/\" target=\"_blank\" rel=\"nofollow noopener\">qualitatifs<\/a>, la solution reposant sans doute dans une combinaison des deux niveaux de standardisation et de sp\u00e9cificit\u00e9.<\/p>\n<p style=\"text-align: justify;\">\u00a0En France la fusion entre<span>\u00a0<\/span><a href=\"https:\/\/www.finansol.org\/2021\/06\/18\/fusion\/\" target=\"_blank\" rel=\"nofollow noopener\">Finansol et L\u2019Impact Invest Lab<\/a><span>\u00a0<\/span>sous le nom de FAIR,<span>\u00a0<\/span><em>\u00a0<\/em>nouveau<span>\u00a0<\/span><em>\u2018collectif des acteurs de la finance \u00e0 impact social\u2019<\/em>, a pour objectif de \u2018<em>f\u00e9d\u00e9rer les acteurs de la finance \u00e0 impact social et, \u00e0 l\u2019international, d\u2019\u00eatre un p\u00f4le d\u2019expertise fran\u00e7ais dans ce domaine\u2019<\/em>.<\/p>\n<p style=\"text-align: justify;\">En fusionnant et en se dotant d\u2019un nouveau conseil scientifique pr\u00e9sid\u00e9 par Thierry Sibieude et incluant\u00a0un groupe de travail sur l\u2019\u00e9valuation d\u2019impact social, ce nouveau collectif aura un r\u00f4le important \u00e0 jouer dans la structuration internationale des cadres de l\u2019investissement \u00e0 impact gr\u00e2ce \u00e0 son expertise de la finance solidaire (Finansol) et des contrats \u00e0 impact social (II-Lab).<\/p>\n<p style=\"text-align: justify;\">Un nouveau rapport (<a href=\"https:\/\/spainnab.org\/images\/pdf\/Informe_SpainNab_v3.pdf\" target=\"_blank\" rel=\"nofollow noopener\">La Inversi\u00f3n de Impacto en Espa\u00f1a: Oferta de capital, segmentaci\u00f3n y caracter\u00edsticas<\/a>, Juin 2021) vient de<span>\u00a0<\/span><a href=\"https:\/\/www.pioneerspost.com\/news-views\/20210617\/spain-s-impact-investments-reach-23bn-reveals-new-research\" target=\"_blank\" rel=\"nofollow noopener\">chiffrer \u00e0 2,3 milliards d\u2019euros<\/a><span>\u00a0<\/span>le montant d\u2019encours pour l&rsquo;investissement \u00e0 impact sous gestion en Espagne en s&rsquo;appuyant sur une nouvelle m\u00e9thodologie de d\u00e9finition de l\u2019Investissement \u00e0 Impact par nos coll\u00e8gues professeurs chercheurs d\u2019ESADE Business School \u00e0 Barcelone. Il sera donc int\u00e9ressant de travailler avec nos partenaires europ\u00e9ens sur cette structuration de l\u2019\u00e9cosyst\u00e8me, qui passera ind\u00e9niablement par la d\u00e9finition d\u2019un langage commun et des standards (m\u00eame partiels) d\u2019\u00e9valuation partag\u00e9s pour favoriser ce mouvement de maturation du champ. Ce dialogue sera d&rsquo;autant plus riche et int\u00e9ressant que la France est un des pionniers de la Finance solidaire en Europe et dans le monde. Ainsi Sophie Faujour (EVPA) souligne dans la Newsletter de Finansol de Juin que \u2018<em>D\u00e8s les ann\u00e9es 1990, la France a pratiqu\u00e9 la finance \u00e0 impact avant l\u2019heure ! Et ce n\u2019est pas fini. Les pouvoirs publics veulent faire de la France le leader mondial de la finance \u00e0 impact<\/em>.\u2019<\/p>\n<p style=\"text-align: justify;\">Dans le m\u00eame ordre d\u2019id\u00e9e, d\u00e8s 2014<span>\u00a0<\/span><a href=\"https:\/\/www.erudit.org\/fr\/revues\/recma\/2015-n335-recma01695\/1028537ar.pdf\" target=\"_blank\" rel=\"nofollow noopener\">Nicole Alix et Adrien Baudet<\/a><span>\u00a0<\/span>encourageaient les acteurs de l\u2019investissement \u00e0 impact \u00e0 s\u2019appuyer sur la longue exp\u00e9rience de la finance solidaire et ses principes de corrections d\u2019informations par le jugement humain\u00a0(\u2018<em>collaborations entre nuanceurs et nuanc\u00e9s\u2019<\/em>) pour \u2018<em>\u00e9viter un march\u00e9 autonome et fragment\u00e9 d\u2019impacts sociaux\u2019<\/em>.\u00a0<\/p>\n<p style=\"text-align: justify;\">On peut donc esp\u00e9rer que les travaux et les activit\u00e9s de plaidoyer du collectif\u00a0FAIR sur l\u2019investissement \u00e0 impact contribueront \u00e0 concevoir des cadres d\u2019\u00e9valuation d\u2019impact social internationaux qui puissent structurer sans la d\u00e9naturer d\u2019une part,\u00a0ni la brider dans son d\u00e9veloppement avec un cadre qui s\u2019av\u00e9rerait trop\u00a0limitant d\u2019autre part,\u00a0la d\u00e9marche d&rsquo;investissement \u00e0 impact .<\/p>\n<p>[\/et_pb_text][\/et_pb_column][\/et_pb_row][et_pb_row _builder_version=\u00a0\u00bb4.16&Prime; _module_preset=\u00a0\u00bbdefault\u00a0\u00bb max_width=\u00a0\u00bb100%\u00a0\u00bb custom_padding=\u00a0\u00bb50px|||||\u00a0\u00bb global_colors_info=\u00a0\u00bb{}\u00a0\u00bb][et_pb_column type=\u00a0\u00bb4_4&Prime; _builder_version=\u00a0\u00bb4.16&Prime; _module_preset=\u00a0\u00bbdefault\u00a0\u00bb global_colors_info=\u00a0\u00bb{}\u00a0\u00bb][et_pb_text _builder_version=\u00a0\u00bb4.16&Prime; _module_preset=\u00a0\u00bbdefault\u00a0\u00bb header_2_font=\u00a0\u00bb|700|||||||\u00a0\u00bb header_2_text_color=\u00a0\u00bb#3b57a1&Prime; header_2_font_size=\u00a0\u00bb28px\u00a0\u00bb custom_margin=\u00a0\u00bb||0px|||\u00a0\u00bb global_colors_info=\u00a0\u00bb{}\u00a0\u00bb]<\/p>\n<div id=\"ultimate-heading-81375fb0ffc22b3d3\" class=\"uvc-heading ult-adjust-bottom-margin ultimate-heading-81375fb0ffc22b3d3 uvc-100 \" data-hspacer=\"no_spacer\" data-halign=\"left\">\n<div class=\"uvc-main-heading ult-responsive\" data-ultimate-target=\".uvc-heading.ultimate-heading-81375fb0ffc22b3d3 h2\" data-responsive-json-new=\"{&quot;font-size&quot;:&quot;desktop:30px;&quot;,&quot;line-height&quot;:&quot;&quot;}\">\n<h2 style=\"text-align: justify;\">D\u00e9couvrez la suite de la veille :<\/h2>\n<\/div>\n<\/div>\n<p>[\/et_pb_text][et_pb_text _builder_version=\u00a0\u00bb4.16&Prime; _module_preset=\u00a0\u00bbdefault\u00a0\u00bb text_font=\u00a0\u00bb|700|||||||\u00a0\u00bb text_font_size=\u00a0\u00bb18px\u00a0\u00bb global_colors_info=\u00a0\u00bb{}\u00a0\u00bb]<\/p>\n<ul>\n<li style=\"text-align: left;\"><a href=\"https:\/\/impactinitiative.essec.edu\/index.php\/observatoire-evaluation-impact-social\/veille-n5-la-reflexion-du-mois-lobervatoire-de-levaluation-dimpact-social\/\" target=\"_blank\" rel=\"noopener nofollow\">La R\u00e9flexion du mois<\/a><\/li>\n<li style=\"text-align: justify;\"><a href=\"https:\/\/impactinitiative.essec.edu\/index.php\/observatoire-evaluation-impact-social\/veille-n5-les-dernieres-actualites-lobservatoire-devaluation-de-limpact-social\/\" target=\"_blank\" rel=\"noopener nofollow\">Les derni\u00e8res actualit\u00e9s<\/a><\/li>\n<\/ul>\n<p>&nbsp;<\/p>\n<p>&nbsp;<\/p>\n<p>[\/et_pb_text][\/et_pb_column][\/et_pb_row][\/et_pb_section]<\/p>\n","protected":false},"excerpt":{"rendered":"<p>Veille n\u00b05 : L&rsquo;\u00e9dito du Labo (Partie 1 sur 3) &nbsp; Cette fin d\u2019ann\u00e9e acad\u00e9mique a \u00e9t\u00e9 marqu\u00e9e par deux fusions particuli\u00e8rement int\u00e9ressantes pour l\u2019\u00e9cosyst\u00e8me naissant, en France comme \u00e0 l\u2019\u00e9tranger, de l\u2019investissement \u00e0 impact : la\u00a0fusion du Sustainability Accounting Standards Board (SASB) avec le International Integrated Reporting Council (IIRC)et celle de\u00a0Finansol avec l\u2019Impact Invest [&hellip;]<\/p>\n","protected":false},"author":2,"featured_media":0,"parent":2277,"menu_order":1,"comment_status":"closed","ping_status":"closed","template":"","meta":{"_et_pb_use_builder":"on","_et_pb_old_content":"","_et_gb_content_width":"","inline_featured_image":false},"yoast_head":"<!-- This site is optimized with the Yoast SEO plugin v20.11 - https:\/\/yoast.com\/wordpress\/plugins\/seo\/ -->\n<title>Veille n\u00b05 - Edito - L&#039;Observatoire de l&#039;Evaluation d&#039;Impact Social<\/title>\n<meta name=\"description\" content=\"D\u00e9couvrez l&#039;\u00e9dito du 5e num\u00e9ro de notre veille mensuelle qui dresse un inventaire des approches de l&#039;\u00e9valuation de l&#039;impact social\" \/>\n<meta name=\"robots\" content=\"index, follow, max-snippet:-1, max-image-preview:large, max-video-preview:-1\" \/>\n<link rel=\"canonical\" href=\"https:\/\/centre-innovation-sociale-ecologique.essec.edu\/index.php\/observatoire-evaluation-impact-social\/veille-5-edito-lobservatoire-de-levaluation-dimpact-social\/\" \/>\n<meta property=\"og:locale\" content=\"fr_FR\" \/>\n<meta property=\"og:type\" content=\"article\" \/>\n<meta property=\"og:title\" content=\"Veille n\u00b05 - Edito - L&#039;Observatoire de l&#039;Evaluation d&#039;Impact Social\" \/>\n<meta property=\"og:description\" content=\"D\u00e9couvrez l&#039;\u00e9dito du 5e num\u00e9ro de notre veille mensuelle qui dresse un inventaire des approches de l&#039;\u00e9valuation de l&#039;impact social\" \/>\n<meta property=\"og:url\" content=\"https:\/\/centre-innovation-sociale-ecologique.essec.edu\/index.php\/observatoire-evaluation-impact-social\/veille-5-edito-lobservatoire-de-levaluation-dimpact-social\/\" \/>\n<meta property=\"og:site_name\" content=\"Centre Innovation Sociale et Ecologique\" \/>\n<meta property=\"article:modified_time\" content=\"2023-04-01T10:03:16+00:00\" \/>\n<meta name=\"twitter:card\" content=\"summary_large_image\" \/>\n<meta name=\"twitter:label1\" content=\"Dur\u00e9e de lecture estim\u00e9e\" \/>\n\t<meta name=\"twitter:data1\" content=\"5 minutes\" \/>\n<script type=\"application\/ld+json\" class=\"yoast-schema-graph\">{\"@context\":\"https:\/\/schema.org\",\"@graph\":[{\"@type\":\"WebPage\",\"@id\":\"https:\/\/centre-innovation-sociale-ecologique.essec.edu\/index.php\/observatoire-evaluation-impact-social\/veille-5-edito-lobservatoire-de-levaluation-dimpact-social\/\",\"url\":\"https:\/\/centre-innovation-sociale-ecologique.essec.edu\/index.php\/observatoire-evaluation-impact-social\/veille-5-edito-lobservatoire-de-levaluation-dimpact-social\/\",\"name\":\"Veille n\u00b05 - Edito - L'Observatoire de l'Evaluation d'Impact Social\",\"isPartOf\":{\"@id\":\"https:\/\/centre-innovation-sociale-ecologique.essec.edu\/#website\"},\"datePublished\":\"2021-08-25T12:28:51+00:00\",\"dateModified\":\"2023-04-01T10:03:16+00:00\",\"description\":\"D\u00e9couvrez l'\u00e9dito du 5e num\u00e9ro de notre veille mensuelle qui dresse un inventaire des approches de l'\u00e9valuation de l'impact social\",\"breadcrumb\":{\"@id\":\"https:\/\/centre-innovation-sociale-ecologique.essec.edu\/index.php\/observatoire-evaluation-impact-social\/veille-5-edito-lobservatoire-de-levaluation-dimpact-social\/#breadcrumb\"},\"inLanguage\":\"fr-FR\",\"potentialAction\":[{\"@type\":\"ReadAction\",\"target\":[\"https:\/\/centre-innovation-sociale-ecologique.essec.edu\/index.php\/observatoire-evaluation-impact-social\/veille-5-edito-lobservatoire-de-levaluation-dimpact-social\/\"]}]},{\"@type\":\"BreadcrumbList\",\"@id\":\"https:\/\/centre-innovation-sociale-ecologique.essec.edu\/index.php\/observatoire-evaluation-impact-social\/veille-5-edito-lobservatoire-de-levaluation-dimpact-social\/#breadcrumb\",\"itemListElement\":[{\"@type\":\"ListItem\",\"position\":1,\"name\":\"Home\",\"item\":\"https:\/\/centre-innovation-sociale-ecologique.essec.edu\/\"},{\"@type\":\"ListItem\",\"position\":2,\"name\":\"L&rsquo;Observatoire de l&rsquo;\u00c9valuation d&rsquo;Impact Social\",\"item\":\"https:\/\/centre-innovation-sociale-ecologique.essec.edu\/index.php\/observatoire-evaluation-impact-social\/\"},{\"@type\":\"ListItem\",\"position\":3,\"name\":\"Veille n\u00b05 &#8211; Edito &#8211; L&rsquo;Observatoire de l&rsquo;Evaluation d&rsquo;Impact Social\"}]},{\"@type\":\"WebSite\",\"@id\":\"https:\/\/centre-innovation-sociale-ecologique.essec.edu\/#website\",\"url\":\"https:\/\/centre-innovation-sociale-ecologique.essec.edu\/\",\"name\":\"Centre Innovation Sociale et Ecologique\",\"description\":\"\",\"publisher\":{\"@id\":\"https:\/\/centre-innovation-sociale-ecologique.essec.edu\/#organization\"},\"potentialAction\":[{\"@type\":\"SearchAction\",\"target\":{\"@type\":\"EntryPoint\",\"urlTemplate\":\"https:\/\/centre-innovation-sociale-ecologique.essec.edu\/?s={search_term_string}\"},\"query-input\":\"required name=search_term_string\"}],\"inLanguage\":\"fr-FR\"},{\"@type\":\"Organization\",\"@id\":\"https:\/\/centre-innovation-sociale-ecologique.essec.edu\/#organization\",\"name\":\"Essec Business School\",\"url\":\"https:\/\/centre-innovation-sociale-ecologique.essec.edu\/\",\"logo\":{\"@type\":\"ImageObject\",\"inLanguage\":\"fr-FR\",\"@id\":\"https:\/\/centre-innovation-sociale-ecologique.essec.edu\/#\/schema\/logo\/image\/\",\"url\":\"https:\/\/impactinitiative.essec.edu\/wp-content\/uploads\/2020\/11\/ESSEC_BS_logo_BLANC.png\",\"contentUrl\":\"https:\/\/impactinitiative.essec.edu\/wp-content\/uploads\/2020\/11\/ESSEC_BS_logo_BLANC.png\",\"width\":546,\"height\":509,\"caption\":\"Essec Business School\"},\"image\":{\"@id\":\"https:\/\/centre-innovation-sociale-ecologique.essec.edu\/#\/schema\/logo\/image\/\"}}]}<\/script>\n<!-- \/ Yoast SEO plugin. -->","yoast_head_json":{"title":"Veille n\u00b05 - Edito - L'Observatoire de l'Evaluation d'Impact Social","description":"D\u00e9couvrez l'\u00e9dito du 5e num\u00e9ro de notre veille mensuelle qui dresse un inventaire des approches de l'\u00e9valuation de l'impact social","robots":{"index":"index","follow":"follow","max-snippet":"max-snippet:-1","max-image-preview":"max-image-preview:large","max-video-preview":"max-video-preview:-1"},"canonical":"https:\/\/centre-innovation-sociale-ecologique.essec.edu\/index.php\/observatoire-evaluation-impact-social\/veille-5-edito-lobservatoire-de-levaluation-dimpact-social\/","og_locale":"fr_FR","og_type":"article","og_title":"Veille n\u00b05 - Edito - L'Observatoire de l'Evaluation d'Impact Social","og_description":"D\u00e9couvrez l'\u00e9dito du 5e num\u00e9ro de notre veille mensuelle qui dresse un inventaire des approches de l'\u00e9valuation de l'impact social","og_url":"https:\/\/centre-innovation-sociale-ecologique.essec.edu\/index.php\/observatoire-evaluation-impact-social\/veille-5-edito-lobservatoire-de-levaluation-dimpact-social\/","og_site_name":"Centre Innovation Sociale et Ecologique","article_modified_time":"2023-04-01T10:03:16+00:00","twitter_card":"summary_large_image","twitter_misc":{"Dur\u00e9e de lecture estim\u00e9e":"5 minutes"},"schema":{"@context":"https:\/\/schema.org","@graph":[{"@type":"WebPage","@id":"https:\/\/centre-innovation-sociale-ecologique.essec.edu\/index.php\/observatoire-evaluation-impact-social\/veille-5-edito-lobservatoire-de-levaluation-dimpact-social\/","url":"https:\/\/centre-innovation-sociale-ecologique.essec.edu\/index.php\/observatoire-evaluation-impact-social\/veille-5-edito-lobservatoire-de-levaluation-dimpact-social\/","name":"Veille n\u00b05 - Edito - L'Observatoire de l'Evaluation d'Impact Social","isPartOf":{"@id":"https:\/\/centre-innovation-sociale-ecologique.essec.edu\/#website"},"datePublished":"2021-08-25T12:28:51+00:00","dateModified":"2023-04-01T10:03:16+00:00","description":"D\u00e9couvrez l'\u00e9dito du 5e num\u00e9ro de notre veille mensuelle qui dresse un inventaire des approches de l'\u00e9valuation de l'impact social","breadcrumb":{"@id":"https:\/\/centre-innovation-sociale-ecologique.essec.edu\/index.php\/observatoire-evaluation-impact-social\/veille-5-edito-lobservatoire-de-levaluation-dimpact-social\/#breadcrumb"},"inLanguage":"fr-FR","potentialAction":[{"@type":"ReadAction","target":["https:\/\/centre-innovation-sociale-ecologique.essec.edu\/index.php\/observatoire-evaluation-impact-social\/veille-5-edito-lobservatoire-de-levaluation-dimpact-social\/"]}]},{"@type":"BreadcrumbList","@id":"https:\/\/centre-innovation-sociale-ecologique.essec.edu\/index.php\/observatoire-evaluation-impact-social\/veille-5-edito-lobservatoire-de-levaluation-dimpact-social\/#breadcrumb","itemListElement":[{"@type":"ListItem","position":1,"name":"Home","item":"https:\/\/centre-innovation-sociale-ecologique.essec.edu\/"},{"@type":"ListItem","position":2,"name":"L&rsquo;Observatoire de l&rsquo;\u00c9valuation d&rsquo;Impact Social","item":"https:\/\/centre-innovation-sociale-ecologique.essec.edu\/index.php\/observatoire-evaluation-impact-social\/"},{"@type":"ListItem","position":3,"name":"Veille n\u00b05 &#8211; Edito &#8211; L&rsquo;Observatoire de l&rsquo;Evaluation d&rsquo;Impact Social"}]},{"@type":"WebSite","@id":"https:\/\/centre-innovation-sociale-ecologique.essec.edu\/#website","url":"https:\/\/centre-innovation-sociale-ecologique.essec.edu\/","name":"Centre Innovation Sociale et Ecologique","description":"","publisher":{"@id":"https:\/\/centre-innovation-sociale-ecologique.essec.edu\/#organization"},"potentialAction":[{"@type":"SearchAction","target":{"@type":"EntryPoint","urlTemplate":"https:\/\/centre-innovation-sociale-ecologique.essec.edu\/?s={search_term_string}"},"query-input":"required name=search_term_string"}],"inLanguage":"fr-FR"},{"@type":"Organization","@id":"https:\/\/centre-innovation-sociale-ecologique.essec.edu\/#organization","name":"Essec Business School","url":"https:\/\/centre-innovation-sociale-ecologique.essec.edu\/","logo":{"@type":"ImageObject","inLanguage":"fr-FR","@id":"https:\/\/centre-innovation-sociale-ecologique.essec.edu\/#\/schema\/logo\/image\/","url":"https:\/\/impactinitiative.essec.edu\/wp-content\/uploads\/2020\/11\/ESSEC_BS_logo_BLANC.png","contentUrl":"https:\/\/impactinitiative.essec.edu\/wp-content\/uploads\/2020\/11\/ESSEC_BS_logo_BLANC.png","width":546,"height":509,"caption":"Essec Business School"},"image":{"@id":"https:\/\/centre-innovation-sociale-ecologique.essec.edu\/#\/schema\/logo\/image\/"}}]}},"_links":{"self":[{"href":"https:\/\/centre-innovation-sociale-ecologique.essec.edu\/index.php\/wp-json\/wp\/v2\/pages\/3093"}],"collection":[{"href":"https:\/\/centre-innovation-sociale-ecologique.essec.edu\/index.php\/wp-json\/wp\/v2\/pages"}],"about":[{"href":"https:\/\/centre-innovation-sociale-ecologique.essec.edu\/index.php\/wp-json\/wp\/v2\/types\/page"}],"author":[{"embeddable":true,"href":"https:\/\/centre-innovation-sociale-ecologique.essec.edu\/index.php\/wp-json\/wp\/v2\/users\/2"}],"replies":[{"embeddable":true,"href":"https:\/\/centre-innovation-sociale-ecologique.essec.edu\/index.php\/wp-json\/wp\/v2\/comments?post=3093"}],"version-history":[{"count":10,"href":"https:\/\/centre-innovation-sociale-ecologique.essec.edu\/index.php\/wp-json\/wp\/v2\/pages\/3093\/revisions"}],"predecessor-version":[{"id":5987,"href":"https:\/\/centre-innovation-sociale-ecologique.essec.edu\/index.php\/wp-json\/wp\/v2\/pages\/3093\/revisions\/5987"}],"up":[{"embeddable":true,"href":"https:\/\/centre-innovation-sociale-ecologique.essec.edu\/index.php\/wp-json\/wp\/v2\/pages\/2277"}],"wp:attachment":[{"href":"https:\/\/centre-innovation-sociale-ecologique.essec.edu\/index.php\/wp-json\/wp\/v2\/media?parent=3093"}],"curies":[{"name":"wp","href":"https:\/\/api.w.org\/{rel}","templated":true}]}}