{"id":1364,"date":"2021-04-23T15:20:04","date_gmt":"2021-04-23T13:20:04","guid":{"rendered":"https:\/\/impactinitiative.essec.edu\/?page_id=1364"},"modified":"2023-01-30T12:34:45","modified_gmt":"2023-01-30T11:34:45","slug":"belles-histoires-d-entreprises-a-impact","status":"publish","type":"page","link":"https:\/\/centre-innovation-sociale-ecologique.essec.edu\/index.php\/belles-histoires-d-entreprises-a-impact\/","title":{"rendered":"Belles Histoires d&rsquo;entreprises \u00e0 impact"},"content":{"rendered":"<p>[et_pb_section fb_built=\u00a0\u00bb1&Prime; _builder_version=\u00a0\u00bb4.16&Prime; _module_preset=\u00a0\u00bbdefault\u00a0\u00bb custom_padding=\u00a0\u00bb||7px|||\u00a0\u00bb global_colors_info=\u00a0\u00bb{}\u00a0\u00bb][et_pb_row _builder_version=\u00a0\u00bb4.16&Prime; _module_preset=\u00a0\u00bbdefault\u00a0\u00bb max_width=\u00a0\u00bb100%\u00a0\u00bb custom_margin=\u00a0\u00bb-78px|auto||auto||\u00a0\u00bb global_colors_info=\u00a0\u00bb{}\u00a0\u00bb][et_pb_column type=\u00a0\u00bb4_4&Prime; _builder_version=\u00a0\u00bb4.16&Prime; _module_preset=\u00a0\u00bbdefault\u00a0\u00bb global_colors_info=\u00a0\u00bb{}\u00a0\u00bb][et_pb_text _builder_version=\u00a0\u00bb4.18.0&Prime; _module_preset=\u00a0\u00bbdefault\u00a0\u00bb header_font=\u00a0\u00bb|700|||||||\u00a0\u00bb header_text_align=\u00a0\u00bbcenter\u00a0\u00bb header_text_color=\u00a0\u00bb#d67e4a\u00a0\u00bb header_font_size=\u00a0\u00bb35px\u00a0\u00bb global_colors_info=\u00a0\u00bb{}\u00a0\u00bb]<\/p>\n<div id=\"ultimate-heading-66195fb2b39fb1d0a\" class=\"uvc-heading ult-adjust-bottom-margin ultimate-heading-66195fb2b39fb1d0a uvc-5966 \" data-hspacer=\"no_spacer\" data-halign=\"center\">\n<div class=\"uvc-main-heading ult-responsive\" data-ultimate-target=\".uvc-heading.ultimate-heading-66195fb2b39fb1d0a h1\" data-responsive-json-new=\"{&quot;font-size&quot;:&quot;&quot;,&quot;line-height&quot;:&quot;&quot;}\">\n<h1 style=\"text-align: left;\">Belles histoires d&rsquo;entreprises \u00e0 impact<\/h1>\n<\/div>\n<\/div>\n<p>[\/et_pb_text][et_pb_code _builder_version=\u00a0\u00bb4.16&Prime; _module_preset=\u00a0\u00bbdefault\u00a0\u00bb global_colors_info=\u00a0\u00bb{}\u00a0\u00bb]<html><!-- [et_pb_line_break_holder] -->  <head><!-- [et_pb_line_break_holder] -->    <title> Belles histoires d&rsquo;entreprises \u00e0 impact &#8211; MOOC ESSEC <\/title><!-- [et_pb_line_break_holder] -->    <script type=\"application\/ld+json\"><!-- [et_pb_line_break_holder] -->    {<!-- [et_pb_line_break_holder] -->\t\"@context\": \"https:\/\/schema.org\",<!-- [et_pb_line_break_holder] -->\t\"@type\": \"Course\",<!-- [et_pb_line_break_holder] -->\t\"name\": \"7 belles histoires - MOOC ESSEC\",<!-- [et_pb_line_break_holder] -->\t\"description\": \"S\u2019inspirer de l\u2019exp\u00e9rience d\u2019entreprises ayant mis l\u2019impact au coeur de leur mod\u00e8le pour accompagner la transformation de son entreprise.\",<!-- [et_pb_line_break_holder] -->\t\"provider\" : {<!-- [et_pb_line_break_holder] -->\t  \"@type\": \"Organization\",<!-- [et_pb_line_break_holder] -->\t  \"name\": \"ESSEC Business School\",<!-- [et_pb_line_break_holder] -->\t  \"sameAs\": \"https:\/\/www.essec.edu\/\"<!-- [et_pb_line_break_holder] -->\t}<!-- [et_pb_line_break_holder] -->    }<!-- [et_pb_line_break_holder] -->    <\/script><!-- [et_pb_line_break_holder] -->  <\/head><!-- [et_pb_line_break_holder] --><\/html>[\/et_pb_code][\/et_pb_column][\/et_pb_row][et_pb_row column_structure=\u00a0\u00bb1_2,1_2&Prime; make_equal=\u00a0\u00bbon\u00a0\u00bb _builder_version=\u00a0\u00bb4.16&Prime; _module_preset=\u00a0\u00bbdefault\u00a0\u00bb max_width=\u00a0\u00bb100%\u00a0\u00bb custom_css_main_element=\u00a0\u00bbalign-items:center\u00a0\u00bb global_colors_info=\u00a0\u00bb{}\u00a0\u00bb][et_pb_column type=\u00a0\u00bb1_2&Prime; _builder_version=\u00a0\u00bb4.16&Prime; _module_preset=\u00a0\u00bbdefault\u00a0\u00bb global_colors_info=\u00a0\u00bb{}\u00a0\u00bb][et_pb_video src=\u00a0\u00bbhttps:\/\/www.youtube.com\/watch?v=PgzVzvzwAqw\u00a0\u00bb thumbnail_overlay_color=\u00a0\u00bbrgba(0,0,0,0.6)\u00a0\u00bb _builder_version=\u00a0\u00bb4.16&Prime; _module_preset=\u00a0\u00bbdefault\u00a0\u00bb global_colors_info=\u00a0\u00bb{}\u00a0\u00bb][\/et_pb_video][\/et_pb_column][et_pb_column type=\u00a0\u00bb1_2&Prime; _builder_version=\u00a0\u00bb4.16&Prime; _module_preset=\u00a0\u00bbdefault\u00a0\u00bb global_colors_info=\u00a0\u00bb{}\u00a0\u00bb][et_pb_testimonial quote_icon_color=\u00a0\u00bb#d67e4a\u00a0\u00bb portrait_width=\u00a0\u00bb1px\u00a0\u00bb portrait_height=\u00a0\u00bb1px\u00a0\u00bb use_icon_font_size=\u00a0\u00bbon\u00a0\u00bb icon_font_size=\u00a0\u00bb43px\u00a0\u00bb quote_icon_last_edited=\u00a0\u00bboff|desktop\u00a0\u00bb _builder_version=\u00a0\u00bb4.16&Prime; _module_preset=\u00a0\u00bbdefault\u00a0\u00bb global_colors_info=\u00a0\u00bb{}\u00a0\u00bb]<\/p>\n<p style=\"text-align: justify;\"><strong>Un MOOC qui permet de faire le plein d\u2019inspiration et de connaissances ! Un parcours bien construit qui permet \u00e0 la fois de d\u00e9couvrir le monde des entreprises \u00e0 impact gr\u00e2ce \u00e0 des t\u00e9moignages d\u00e9taill\u00e9s et enrichissants et d\u2019approfondir les concepts et th\u00e9matiques auxquels ces entreprises sont confront\u00e9es gr\u00e2ce \u00e0 des vid\u00e9os plus th\u00e9oriques.<\/strong><\/p>\n<p>[\/et_pb_testimonial][et_pb_text admin_label=\u00a0\u00bbDescription\u00a0\u00bb _builder_version=\u00a0\u00bb4.16&Prime; _module_preset=\u00a0\u00bbdefault\u00a0\u00bb global_colors_info=\u00a0\u00bb{}\u00a0\u00bb]<\/p>\n<div class=\"vc_custom_heading\">\n<div class=\"et_pb_module et_pb_text et_pb_text_4  et_pb_text_align_left et_pb_bg_layout_light\">\n<div class=\"et_pb_text_inner\">\n<div class=\"uvc-main-heading ult-responsive\" data-ultimate-target=\".uvc-heading.ultimate-heading-78675fb0ffc22b2ea h2\" data-responsive-json-new=\"{&quot;font-size&quot;:&quot;desktop:30px;&quot;,&quot;line-height&quot;:&quot;&quot;}\">\n<div class=\"uvc-main-heading ult-responsive\" data-ultimate-target=\".uvc-heading.ultimate-heading-96365fb17b1fa3c27 h2\" data-responsive-json-new=\"{&quot;font-size&quot;:&quot;desktop:30px;&quot;,&quot;line-height&quot;:&quot;&quot;}\">\n<p style=\"text-align: justify;\"><strong>Prenez une bouff\u00e9e d&rsquo;optimisme et plongez dans des histoires inspirantes d&rsquo;entreprises \u00e0 impact !<\/strong><\/p>\n<\/div>\n<\/div>\n<\/div>\n<\/div>\n<div class=\"et_pb_module et_pb_text et_pb_text_5  et_pb_text_align_left et_pb_bg_layout_light\">\n<div class=\"et_pb_text_inner\">\n<div id=\"ultimate-heading-96365fb17b1fa3c27\" class=\"uvc-heading ult-adjust-bottom-margin ultimate-heading-96365fb17b1fa3c27 uvc-5006 \" data-hspacer=\"no_spacer\" data-halign=\"left\">\n<div class=\"uvc-sub-heading ult-responsive\" data-ultimate-target=\".uvc-heading.ultimate-heading-96365fb17b1fa3c27 .uvc-sub-heading \" data-responsive-json-new=\"{&quot;font-size&quot;:&quot;desktop:20px;&quot;,&quot;line-height&quot;:&quot;&quot;}\">\n<div class=\"wpb_column vc_column_container vc_col-sm-6\" data-apr-column-width=\"yes\">\n<div class=\"vc_column-inner \">\n<div class=\"wpb_wrapper\">\n<div id=\"ultimate-heading-71135fb17b1fa42c6\" class=\"uvc-heading ult-adjust-bottom-margin ultimate-heading-71135fb17b1fa42c6 uvc-4382 \" data-hspacer=\"no_spacer\" data-halign=\"left\">\n<div class=\"et_pb_module et_pb_text et_pb_text_4  et_pb_text_align_left et_pb_bg_layout_light\">\n<div class=\"et_pb_text_inner\">\n<div class=\"uvc-main-heading ult-responsive\" data-ultimate-target=\".uvc-heading.ultimate-heading-78675fb0ffc22b2ea h2\" data-responsive-json-new=\"{&quot;font-size&quot;:&quot;desktop:30px;&quot;,&quot;line-height&quot;:&quot;&quot;}\">\n<div class=\"uvc-main-heading ult-responsive\" data-ultimate-target=\".uvc-heading.ultimate-heading-96365fb17b1fa3c27 h2\" data-responsive-json-new=\"{&quot;font-size&quot;:&quot;desktop:30px;&quot;,&quot;line-height&quot;:&quot;&quot;}\">\n<p style=\"text-align: justify;\">Vous rencontrerez 7 dirigeants et responsables d&rsquo;entreprises engag\u00e9s dans des domaines tr\u00e8s divers : textile, agroalimentaire,\u00a0 \u00e9quipement de la maison ou encore finance. Ils vous montreront que l&rsquo;entreprise de demain existe d\u00e9j\u00e0 ! Leurs t\u00e9moignages seront l&rsquo;occasion d&rsquo;aborder, au travers de quelques vid\u00e9os de cours, des concepts essentiels pour penser des mod\u00e8les d&rsquo;entreprise vertueux : commerce \u00e9quitable, \u00ab\u00a0Tech for good\u00a0\u00bb, \u00e9conomie circulaire ou mesure d\u2019impact social par exemple.<\/p>\n<p>En bref, \u00e0 l&rsquo;issue de ce parcours p\u00e9dagogique, vous serez convaincus que l&rsquo;entreprise du XXI\u00e8me si\u00e8cle existe et vous aurez envie de vous y engager !<\/p>\n<\/div>\n<\/div>\n<\/div>\n<\/div>\n<\/div>\n<\/div>\n<\/div>\n<\/div>\n<\/div>\n<\/div>\n<\/div>\n<\/div>\n<\/div>\n<p>[\/et_pb_text][\/et_pb_column][\/et_pb_row][et_pb_row column_structure=\u00a0\u00bb1_2,1_2&Prime; make_equal=\u00a0\u00bbon\u00a0\u00bb _builder_version=\u00a0\u00bb4.16&Prime; _module_preset=\u00a0\u00bbdefault\u00a0\u00bb max_width=\u00a0\u00bb100%\u00a0\u00bb custom_css_main_element=\u00a0\u00bbalign-items:center\u00a0\u00bb global_colors_info=\u00a0\u00bb{}\u00a0\u00bb][et_pb_column type=\u00a0\u00bb1_2&Prime; _builder_version=\u00a0\u00bb4.16&Prime; _module_preset=\u00a0\u00bbdefault\u00a0\u00bb global_colors_info=\u00a0\u00bb{}\u00a0\u00bb][\/et_pb_column][et_pb_column type=\u00a0\u00bb1_2&Prime; _builder_version=\u00a0\u00bb4.16&Prime; _module_preset=\u00a0\u00bbdefault\u00a0\u00bb global_colors_info=\u00a0\u00bb{}\u00a0\u00bb][et_pb_button button_url=\u00a0\u00bbhttps:\/\/www.coursera.org\/learn\/belles-histoires-d-entreprises-a-impact?\u00a0\u00bb url_new_window=\u00a0\u00bbon\u00a0\u00bb button_text=\u00a0\u00bb S\u2019inscrire gratuitement\u00a0\u00bb button_alignment=\u00a0\u00bbcenter\u00a0\u00bb admin_label=\u00a0\u00bbBouton S&rsquo;inscrire\u00a0\u00bb _builder_version=\u00a0\u00bb4.16&Prime; _module_preset=\u00a0\u00bbdefault\u00a0\u00bb custom_button=\u00a0\u00bbon\u00a0\u00bb button_text_color=\u00a0\u00bb#FFFFFF\u00a0\u00bb button_bg_use_color_gradient=\u00a0\u00bbon\u00a0\u00bb button_bg_color_gradient_direction=\u00a0\u00bb304deg\u00a0\u00bb button_bg_color_gradient_stops=\u00a0\u00bb#3b57a1 0%|#29c4a9 100%\u00a0\u00bb button_border_width=\u00a0\u00bb0px\u00a0\u00bb button_border_radius=\u00a0\u00bb23px\u00a0\u00bb button_rel=\u00a0\u00bboff|off|off|off|off\u00a0\u00bb box_shadow_style=\u00a0\u00bbpreset6&Prime; global_colors_info=\u00a0\u00bb{}\u00a0\u00bb][\/et_pb_button][\/et_pb_column][\/et_pb_row][\/et_pb_section][et_pb_section fb_built=\u00a0\u00bb1&Prime; _builder_version=\u00a0\u00bb4.16&Prime; _module_preset=\u00a0\u00bbdefault\u00a0\u00bb custom_padding=\u00a0\u00bb0px|||||\u00a0\u00bb global_colors_info=\u00a0\u00bb{}\u00a0\u00bb][et_pb_row _builder_version=\u00a0\u00bb4.16&Prime; _module_preset=\u00a0\u00bbdefault\u00a0\u00bb max_width=\u00a0\u00bb100%\u00a0\u00bb global_colors_info=\u00a0\u00bb{}\u00a0\u00bb][et_pb_column type=\u00a0\u00bb4_4&Prime; _builder_version=\u00a0\u00bb4.16&Prime; _module_preset=\u00a0\u00bbdefault\u00a0\u00bb global_colors_info=\u00a0\u00bb{}\u00a0\u00bb][et_pb_text admin_label=\u00a0\u00bbQu&rsquo;est-ce qu&rsquo;une entreprise \u00e0 impact ?\u00a0\u00bb _builder_version=\u00a0\u00bb4.16&Prime; _module_preset=\u00a0\u00bbdefault\u00a0\u00bb header_2_font=\u00a0\u00bb|700|||||||\u00a0\u00bb header_2_text_color=\u00a0\u00bb#00b2e8&Prime; header_2_font_size=\u00a0\u00bb28px\u00a0\u00bb global_colors_info=\u00a0\u00bb{}\u00a0\u00bb]<\/p>\n<div id=\"ultimate-heading-54085fb2b39fbfa41\" class=\"uvc-heading ult-adjust-bottom-margin ultimate-heading-54085fb2b39fbfa41 uvc-8713 \" data-hspacer=\"no_spacer\" data-halign=\"left\">\n<div class=\"uvc-main-heading ult-responsive\" data-ultimate-target=\".uvc-heading.ultimate-heading-54085fb2b39fbfa41 h2\" data-responsive-json-new=\"{&quot;font-size&quot;:&quot;desktop:22px;&quot;,&quot;line-height&quot;:&quot;&quot;}\">\n<div id=\"ultimate-heading-49185fb2b39fc0ebe\" class=\"uvc-heading ult-adjust-bottom-margin ultimate-heading-49185fb2b39fc0ebe uvc-164 \" data-hspacer=\"no_spacer\" data-halign=\"left\">\n<div class=\"uvc-main-heading ult-responsive\" data-ultimate-target=\".uvc-heading.ultimate-heading-49185fb2b39fc0ebe h2\" data-responsive-json-new=\"{&quot;font-size&quot;:&quot;desktop:22px;&quot;,&quot;line-height&quot;:&quot;&quot;}\">\n<div id=\"ultimate-heading-49185fb2b39fc0ebe\" class=\"uvc-heading ult-adjust-bottom-margin ultimate-heading-49185fb2b39fc0ebe uvc-164 \" data-hspacer=\"no_spacer\" data-halign=\"left\">\n<div class=\"uvc-main-heading ult-responsive\" data-ultimate-target=\".uvc-heading.ultimate-heading-49185fb2b39fc0ebe h2\" data-responsive-json-new=\"{&quot;font-size&quot;:&quot;desktop:22px;&quot;,&quot;line-height&quot;:&quot;&quot;}\">\n<h2>Qu\u2019est-ce qu\u2019une entreprise \u00e0 impact ?<\/h2>\n<p>&nbsp;<\/p>\n<\/div>\n<\/div>\n<div class=\"wpb_text_column wpb_content_element \">\n<div class=\"wpb_wrapper\">\n<p style=\"text-align: justify;\">La notion d\u2019entreprise \u00e0 impact ne correspond \u00e0 aucune d\u00e9finition juridique et l\u00e9gale \u00e0 ce jour, mais elle est de plus en plus employ\u00e9e pour d\u00e9crire des entreprises \u00e0 statut commercial classique qui ont mis au centre de leur mod\u00e8le \u00e9conomique un impact social et\/ou environnemental positif sur la soci\u00e9t\u00e9. Ce sont donc des entreprises qui ne cherchent pas seulement \u00e0 diminuer leur impact n\u00e9gatif mais \u00e0 profond\u00e9ment \u201cchanger la donne\u201d dans leur domaine. C\u2019est le prolongement et l\u2019amplification des politiques RSE\u00a0: les entreprises vont un cran plus loin.<\/p>\n<p style=\"text-align: justify;\">Certaines parmi ces entreprises peuvent \u00eatre des <a href=\"https:\/\/impactinitiative.essec.edu\/index.php\/economie-sociale-et-solidaire-et-entrepreneuriat-social\/\" target=\"_blank\" rel=\"nofollow\">entreprises sociales<\/a> b\u00e9n\u00e9ficiant de l\u2019agr\u00e9ment ESUS, d\u2019autres peuvent \u00eatre certifi\u00e9es BCorp, d&rsquo;autres enfin peuvent avoir choisi de devenir entreprises \u00e0 mission. Certaines peuvent n\u2019afficher aucun agr\u00e9ment, label ou certification, d\u2019autres en afficher plusieurs.<\/p>\n<p style=\"text-align: justify;\">Avec les 7 entreprises de ce parcours, nous avons choisi de donner la parole \u00e0 des acteurs dont l\u2019engagement est exemplaire, quel que soit l\u2019impact recherch\u00e9 (social, environnemental, ou les deux), sans exigence de \u201clabel\u201d obtenu. Ces acteurs ont soit d\u00e8s l\u2019origine mis l\u2019impact positif au c\u0153ur de leur mod\u00e8le, soit s\u2019\u00e9tant transform\u00e9s pour le faire.\u00a0<\/p>\n<p style=\"text-align: justify;\">En montrant la diversit\u00e9 des cas de figure, dans des secteurs divers, nous esp\u00e9rons susciter l\u2019inspiration et donner envie d\u2019agir !<\/p>\n<p style=\"text-align: justify;\">La soutenabilit\u00e9 de nos mod\u00e8les de production et de consommation est plus que jamais interrog\u00e9e : leur capacit\u00e9 \u00e0 faire une juste place \u00e0 chacun, \u00e0 \u00eatre \u00abinclusifs\u00bb pour tous, tandis que l\u2019habitabilit\u00e9 de la Terre est menac\u00e9e par le r\u00e9chauffement climatique et par\u00a0<a href=\"https:\/\/ipbes.net\/\" target=\"_blank\" rel=\"nofollow\">une perte massive de biodiversit\u00e9<\/a>. L\u2019entreprise \u00e0 impact est donc dans un tel contexte promise \u00e0 un bel avenir.<\/p>\n<\/div>\n<\/div>\n<\/div>\n<\/div>\n<\/div>\n<\/div>\n<p>[\/et_pb_text][et_pb_text admin_label=\u00a0\u00bbLa responsabilit\u00e9 sociale des entreprises\u00a0\u00bb _builder_version=\u00a0\u00bb4.16&Prime; _module_preset=\u00a0\u00bbdefault\u00a0\u00bb header_2_font=\u00a0\u00bb|700|||||||\u00a0\u00bb header_2_text_color=\u00a0\u00bb#00b2e8&Prime; header_2_font_size=\u00a0\u00bb28px\u00a0\u00bb global_colors_info=\u00a0\u00bb{}\u00a0\u00bb]<\/p>\n<div id=\"ultimate-heading-54085fb2b39fbfa41\" class=\"uvc-heading ult-adjust-bottom-margin ultimate-heading-54085fb2b39fbfa41 uvc-8713 \" data-hspacer=\"no_spacer\" data-halign=\"left\">\n<div class=\"uvc-main-heading ult-responsive\" data-ultimate-target=\".uvc-heading.ultimate-heading-54085fb2b39fbfa41 h2\" data-responsive-json-new=\"{&quot;font-size&quot;:&quot;desktop:22px;&quot;,&quot;line-height&quot;:&quot;&quot;}\">\n<div id=\"ultimate-heading-49185fb2b39fc0ebe\" class=\"uvc-heading ult-adjust-bottom-margin ultimate-heading-49185fb2b39fc0ebe uvc-164 \" data-hspacer=\"no_spacer\" data-halign=\"left\">\n<div class=\"uvc-main-heading ult-responsive\" data-ultimate-target=\".uvc-heading.ultimate-heading-49185fb2b39fc0ebe h2\" data-responsive-json-new=\"{&quot;font-size&quot;:&quot;desktop:22px;&quot;,&quot;line-height&quot;:&quot;&quot;}\">\n<div id=\"ultimate-heading-49185fb2b39fc0ebe\" class=\"uvc-heading ult-adjust-bottom-margin ultimate-heading-49185fb2b39fc0ebe uvc-164 \" data-hspacer=\"no_spacer\" data-halign=\"left\">\n<div class=\"uvc-main-heading ult-responsive\" data-ultimate-target=\".uvc-heading.ultimate-heading-49185fb2b39fc0ebe h2\" data-responsive-json-new=\"{&quot;font-size&quot;:&quot;desktop:22px;&quot;,&quot;line-height&quot;:&quot;&quot;}\">\n<h2>La responsabilit\u00e9 sociale des entreprises<\/h2>\n<p>&nbsp;<\/p>\n<\/div>\n<\/div>\n<div class=\"wpb_text_column wpb_content_element \">\n<div class=\"wpb_wrapper\">\n<p style=\"text-align: justify;\">Depuis 1992, les acteurs \u00e9conomiques sont, chaque jour un peu plus, invit\u00e9s \u00e0 prendre en compte le d\u00e9veloppement durable dans leurs activit\u00e9s, notamment dans le cadre de leur politique de Responsabilit\u00e9 Sociale et Environnementale (RSE). C\u2019est ainsi que de nombreuses r\u00e9glementations ou normes internationales, europ\u00e9ennes et nationales ont \u00e9t\u00e9 \u00e9labor\u00e9es et d\u00e9ploy\u00e9es, couvrant l\u2019ensemble des domaines concern\u00e9s allant de l\u2019\u00e9radication de la pauvret\u00e9 et la lutte contre la faim dans le monde jusqu\u2019\u00e0 la pr\u00e9servation de tous les milieux naturels, en passant par la lutte contre les in\u00e9galit\u00e9s et discriminations de toutes sortes ou bien encore l\u2019acc\u00e8s aux soins ou \u00e0 l\u2019\u00e9ducation et bien s\u00fbr le changement climatique et la transition \u00e9nerg\u00e9tique : le cadre qui s\u2019impose aujourd\u2019hui au plan international est celui des 17 Objectifs du D\u00e9veloppement Durable (ODD) adopt\u00e9s en 2015 par les 193 pays constituant l\u2019assembl\u00e9e g\u00e9n\u00e9rale des Nations Unies. Ces objectifs, d\u00e9clin\u00e9s en 169 cibles ou sous-objectifs avec 244 indicateurs \u00e0 date, constituent l\u2019Agenda 2030.<\/p>\n<p style=\"text-align: justify;\">Au fil des ann\u00e9es, une approche holistique s\u2019impose progressivement : elle repose sur une prise en compte par les entreprises de l\u2019ensemble des probl\u00e8mes sociaux et environnementaux, pour s\u2019interroger sur l\u2019impact que leur activit\u00e9 peut avoir sur l\u2019environnement et la soci\u00e9t\u00e9 au sein desquelles les actions sont d\u00e9ploy\u00e9es. La cr\u00e9ation du label BCorp et celle du statut d\u2019entreprise \u00e0 mission s&rsquo;inscrivent dans ce mouvement.<\/p>\n<\/div>\n<\/div>\n<\/div>\n<\/div>\n<\/div>\n<\/div>\n<p>[\/et_pb_text][\/et_pb_column][\/et_pb_row][et_pb_row column_structure=\u00a0\u00bb3_4,1_4&Prime; _builder_version=\u00a0\u00bb4.18.0&Prime; _module_preset=\u00a0\u00bbdefault\u00a0\u00bb global_colors_info=\u00a0\u00bb{}\u00a0\u00bb][et_pb_column type=\u00a0\u00bb3_4&Prime; _builder_version=\u00a0\u00bb4.18.0&Prime; _module_preset=\u00a0\u00bbdefault\u00a0\u00bb global_colors_info=\u00a0\u00bb{}\u00a0\u00bb][et_pb_text admin_label=\u00a0\u00bbB-Corp\u00a0\u00bb module_id=\u00a0\u00bbbcorp\u00a0\u00bb _builder_version=\u00a0\u00bb4.16&Prime; _module_preset=\u00a0\u00bbdefault\u00a0\u00bb header_2_font=\u00a0\u00bb|700|||||||\u00a0\u00bb header_2_text_color=\u00a0\u00bb#00b2e8&Prime; header_2_font_size=\u00a0\u00bb28px\u00a0\u00bb global_colors_info=\u00a0\u00bb{}\u00a0\u00bb]<\/p>\n<div id=\"ultimate-heading-54085fb2b39fbfa41\" class=\"uvc-heading ult-adjust-bottom-margin ultimate-heading-54085fb2b39fbfa41 uvc-8713 \" data-hspacer=\"no_spacer\" data-halign=\"left\">\n<div class=\"uvc-main-heading ult-responsive\" data-ultimate-target=\".uvc-heading.ultimate-heading-54085fb2b39fbfa41 h2\" data-responsive-json-new=\"{&quot;font-size&quot;:&quot;desktop:22px;&quot;,&quot;line-height&quot;:&quot;&quot;}\">\n<div id=\"ultimate-heading-49185fb2b39fc0ebe\" class=\"uvc-heading ult-adjust-bottom-margin ultimate-heading-49185fb2b39fc0ebe uvc-164 \" data-hspacer=\"no_spacer\" data-halign=\"left\">\n<div class=\"uvc-main-heading ult-responsive\" data-ultimate-target=\".uvc-heading.ultimate-heading-49185fb2b39fc0ebe h2\" data-responsive-json-new=\"{&quot;font-size&quot;:&quot;desktop:22px;&quot;,&quot;line-height&quot;:&quot;&quot;}\">\n<div id=\"ultimate-heading-49185fb2b39fc0ebe\" class=\"uvc-heading ult-adjust-bottom-margin ultimate-heading-49185fb2b39fc0ebe uvc-164 \" data-hspacer=\"no_spacer\" data-halign=\"left\">\n<div class=\"uvc-main-heading ult-responsive\" data-ultimate-target=\".uvc-heading.ultimate-heading-49185fb2b39fc0ebe h2\" data-responsive-json-new=\"{&quot;font-size&quot;:&quot;desktop:22px;&quot;,&quot;line-height&quot;:&quot;&quot;}\">\n<h2>Le Label B-Corp<\/h2>\n<p>&nbsp;<\/p>\n<\/div>\n<\/div>\n<div class=\"wpb_text_column wpb_content_element \">\n<div class=\"wpb_wrapper\">\n<p style=\"text-align: justify;\">Le B-Corp est \u00e0 la fois un label et une communaut\u00e9 de 2 800 entreprises dans 60 pays et 150 secteurs diff\u00e9rents, parmi lesquelles on compte 80 entreprises fran\u00e7aises, start-ups, TPE, PME, ETI, mais aussi des entreprises du CAC40 et des filiales fran\u00e7aises de groupes \u00e9trangers.<\/p>\n<p style=\"text-align: justify;\">N\u00e9 en 2006 sous l\u2019impulsion de trois amis entrepreneurs, B-Corp certifie et r\u00e9unit les entreprises priv\u00e9es \u00e0 but lucratif (<em>for profit<\/em>) qui souhaitent progresser et d\u00e9montrer leur impact positif (<em>for purpose<\/em>) en \u00e9tant \u00e9valu\u00e9es sur leur performance globale tous les 3 ans. Pour \u00eatre labellis\u00e9, il faut r\u00e9pondre \u00e0 200 questions portant sur cinq domaines : la gouvernance, les collaborateurs, les communaut\u00e9s, l&rsquo;environnement et les clients, et obtenir un minimum de 80 points, suivant un processus long et exigeant, contr\u00f4l\u00e9 et valid\u00e9 par B Lab, l\u2019organisation non-gouvernementale qui porte le label. Cette labellisation n\u2019est pas une formalit\u00e9 puisque la note moyenne est de 55 points pour les 80 000 entreprises dans le monde qui ont rempli le questionnaire d\u2019auto-\u00e9valuation ! Ce questionnaire est disponible gratuitement sur Internet. Cette certification permet donc de suivre l\u2019engagement soci\u00e9tal effectif des entreprises.<\/p>\n<\/div>\n<\/div>\n<\/div>\n<\/div>\n<\/div>\n<\/div>\n<p>[\/et_pb_text][\/et_pb_column][et_pb_column type=\u00a0\u00bb1_4&Prime; _builder_version=\u00a0\u00bb4.18.0&Prime; _module_preset=\u00a0\u00bbdefault\u00a0\u00bb global_colors_info=\u00a0\u00bb{}\u00a0\u00bb][et_pb_image src=\u00a0\u00bbhttps:\/\/impactinitiative.essec.edu\/wp-content\/uploads\/2023\/01\/Certified_B_Corporation_B_Corp_Logo_2022_Black_RGB.svg.png\u00a0\u00bb title_text=\u00a0\u00bbCertified_B_Corporation_B_Corp_Logo_2022_Black_RGB.svg\u00a0\u00bb _builder_version=\u00a0\u00bb4.18.0&Prime; _module_preset=\u00a0\u00bbdefault\u00a0\u00bb global_colors_info=\u00a0\u00bb{}\u00a0\u00bb][\/et_pb_image][\/et_pb_column][\/et_pb_row][et_pb_row _builder_version=\u00a0\u00bb4.18.0&Prime; _module_preset=\u00a0\u00bbdefault\u00a0\u00bb global_colors_info=\u00a0\u00bb{}\u00a0\u00bb][et_pb_column type=\u00a0\u00bb4_4&Prime; _builder_version=\u00a0\u00bb4.18.0&Prime; _module_preset=\u00a0\u00bbdefault\u00a0\u00bb global_colors_info=\u00a0\u00bb{}\u00a0\u00bb][et_pb_text admin_label=\u00a0\u00bbEntreprises \u00e0 mission\u00a0\u00bb _builder_version=\u00a0\u00bb4.16&Prime; _module_preset=\u00a0\u00bbdefault\u00a0\u00bb header_2_font=\u00a0\u00bb|700|||||||\u00a0\u00bb header_2_text_color=\u00a0\u00bb#00b2e8&Prime; header_2_font_size=\u00a0\u00bb28px\u00a0\u00bb global_colors_info=\u00a0\u00bb{}\u00a0\u00bb]<\/p>\n<div id=\"ultimate-heading-54085fb2b39fbfa41\" class=\"uvc-heading ult-adjust-bottom-margin ultimate-heading-54085fb2b39fbfa41 uvc-8713 \" data-hspacer=\"no_spacer\" data-halign=\"left\">\n<div class=\"uvc-main-heading ult-responsive\" data-ultimate-target=\".uvc-heading.ultimate-heading-54085fb2b39fbfa41 h2\" data-responsive-json-new=\"{&quot;font-size&quot;:&quot;desktop:22px;&quot;,&quot;line-height&quot;:&quot;&quot;}\">\n<div id=\"ultimate-heading-49185fb2b39fc0ebe\" class=\"uvc-heading ult-adjust-bottom-margin ultimate-heading-49185fb2b39fc0ebe uvc-164 \" data-hspacer=\"no_spacer\" data-halign=\"left\">\n<div class=\"uvc-main-heading ult-responsive\" data-ultimate-target=\".uvc-heading.ultimate-heading-49185fb2b39fc0ebe h2\" data-responsive-json-new=\"{&quot;font-size&quot;:&quot;desktop:22px;&quot;,&quot;line-height&quot;:&quot;&quot;}\">\n<div id=\"ultimate-heading-49185fb2b39fc0ebe\" class=\"uvc-heading ult-adjust-bottom-margin ultimate-heading-49185fb2b39fc0ebe uvc-164 \" data-hspacer=\"no_spacer\" data-halign=\"left\">\n<div class=\"uvc-main-heading ult-responsive\" data-ultimate-target=\".uvc-heading.ultimate-heading-49185fb2b39fc0ebe h2\" data-responsive-json-new=\"{&quot;font-size&quot;:&quot;desktop:22px;&quot;,&quot;line-height&quot;:&quot;&quot;}\">\n<h2>Les entreprises \u00e0 mission<\/h2>\n<p>&nbsp;<\/p>\n<\/div>\n<\/div>\n<div class=\"wpb_text_column wpb_content_element \">\n<div class=\"wpb_wrapper\">\n<p style=\"text-align: justify;\">L\u2019entreprise est d\u00e9finie selon l\u2019article 1832 du Code Civil comme \u00e9tant \u201cun contrat par lequel deux ou plusieurs personnes conviennent de mettre en commun des biens ou leur industrie, en vue de partager le b\u00e9n\u00e9fice ou de profiter de l\u2019\u00e9conomie qui pourra en r\u00e9sulter.\u201d<\/p>\n<p style=\"text-align: justify;\">Cette d\u00e9finition r\u00e9duit la vocation de l\u2019entreprise \u00e0 un objectif purement lucratif. A l\u2019heure des Objectifs du D\u00e9veloppement Durable et des crises \u00e9cologique et sanitaire que nous traversons, cette d\u00e9finition est remise en question. En effet, les imp\u00e9ratifs sociaux et environnementaux rebattent les cartes et interrogent le monde entier sur le r\u00f4le des entreprises dans le bien-\u00eatre de l\u2019humanit\u00e9. Les entreprises \u00e0 mission, introduites par la loi PACTE en avril 2019, seraient-elles les plus \u00e0 m\u00eame de relever les d\u00e9fis de demain ?<\/p>\n<p style=\"text-align: justify;\">La loi Plan d&rsquo;Action pour la Croissance et la Transformation des Entreprises, ou loi PACTE, est un texte l\u00e9gislatif fondateur qui propose une d\u00e9finition contemporaine \u2013 et innovante &#8211; de l\u2019entreprise, en inscrivant dans le droit commun la responsabilit\u00e9 soci\u00e9tale des entreprises (RSE) et les notions de \u00ab\u00a0raison d\u2019\u00eatre\u00a0\u00bb et de \u00ab\u00a0soci\u00e9t\u00e9 \u00e0 mission\u00a0\u00bb.<\/p>\n<p style=\"text-align: justify;\">Ainsi, la loi PACTE vient compl\u00e9ter l\u2019article 1833 du Code Civil en pr\u00e9cisant que \u201cLa soci\u00e9t\u00e9 est g\u00e9r\u00e9e dans son int\u00e9r\u00eat social, en prenant en consid\u00e9ration les enjeux sociaux et environnementaux de son activit\u00e9\u201d. Mieux encore : les entreprises peuvent selon l&rsquo;article 1835 du Code inscrire dans leurs statuts juridiques leur raison d\u2019\u00eatre, c\u2019est-\u00e0-dire leur r\u00f4le dans la soci\u00e9t\u00e9, leur projet collectif de long terme. Ainsi la loi pr\u00e9voit que \u00ab Les statuts peuvent pr\u00e9ciser une raison d&rsquo;\u00eatre, constitu\u00e9e des principes dont la soci\u00e9t\u00e9 se dote et pour le respect desquels elle entend affecter des moyens dans la r\u00e9alisation de son activit\u00e9 \u00bb. Enfin, la loi PACTE permet aux organisations les plus volontaires de devenir entreprises \u00e0 mission pour r\u00e9soudre un probl\u00e8me social ou environnemental identifi\u00e9 : l\u2019entreprise se fixent alors des objectifs dans le cadre d\u2019une mission formalis\u00e9e, qui d\u00e9cline la raison d\u2019\u00eatre et qui est \u00e9galement inscrite dans ses statuts.<\/p>\n<\/div>\n<\/div>\n<\/div>\n<\/div>\n<\/div>\n<\/div>\n<p>[\/et_pb_text][et_pb_button button_url=\u00a0\u00bbhttps:\/\/www.coursera.org\/learn\/belles-histoires-d-entreprises-a-impact?\u00a0\u00bb url_new_window=\u00a0\u00bbon\u00a0\u00bb button_text=\u00a0\u00bb S\u2019inscrire gratuitement\u00a0\u00bb button_alignment=\u00a0\u00bbcenter\u00a0\u00bb admin_label=\u00a0\u00bb S\u2019inscrire gratuitement\u00a0\u00bb _builder_version=\u00a0\u00bb4.16&Prime; _module_preset=\u00a0\u00bbdefault\u00a0\u00bb custom_button=\u00a0\u00bbon\u00a0\u00bb button_text_color=\u00a0\u00bb#FFFFFF\u00a0\u00bb button_bg_use_color_gradient=\u00a0\u00bbon\u00a0\u00bb button_bg_color_gradient_direction=\u00a0\u00bb304deg\u00a0\u00bb button_bg_color_gradient_stops=\u00a0\u00bb#3b57a1 0%|#29c4a9 100%\u00a0\u00bb button_border_width=\u00a0\u00bb0px\u00a0\u00bb button_border_radius=\u00a0\u00bb23px\u00a0\u00bb button_rel=\u00a0\u00bboff|off|off|off|off\u00a0\u00bb box_shadow_style=\u00a0\u00bbpreset6&Prime; global_colors_info=\u00a0\u00bb{}\u00a0\u00bb][\/et_pb_button][\/et_pb_column][\/et_pb_row][\/et_pb_section][et_pb_section fb_built=\u00a0\u00bb1&Prime; admin_label=\u00a0\u00bbSection Au programme du MOOC\u00a0\u00bb _builder_version=\u00a0\u00bb4.16&Prime; _module_preset=\u00a0\u00bbdefault\u00a0\u00bb width=\u00a0\u00bb100%\u00a0\u00bb global_colors_info=\u00a0\u00bb{}\u00a0\u00bb][et_pb_row _builder_version=\u00a0\u00bb4.16&Prime; _module_preset=\u00a0\u00bbdefault\u00a0\u00bb max_width=\u00a0\u00bb100%\u00a0\u00bb global_colors_info=\u00a0\u00bb{}\u00a0\u00bb][et_pb_column type=\u00a0\u00bb4_4&Prime; _builder_version=\u00a0\u00bb4.16&Prime; _module_preset=\u00a0\u00bbdefault\u00a0\u00bb global_colors_info=\u00a0\u00bb{}\u00a0\u00bb][et_pb_text admin_label=\u00a0\u00bbAu programme du MOOC\u00a0\u00bb _builder_version=\u00a0\u00bb4.16&Prime; _module_preset=\u00a0\u00bbdefault\u00a0\u00bb header_2_font=\u00a0\u00bb|700|||||||\u00a0\u00bb header_2_text_color=\u00a0\u00bb#00b2e8&Prime; header_2_font_size=\u00a0\u00bb28px\u00a0\u00bb global_colors_info=\u00a0\u00bb{}\u00a0\u00bb]<\/p>\n<div id=\"ultimate-heading-54085fb2b39fbfa41\" class=\"uvc-heading ult-adjust-bottom-margin ultimate-heading-54085fb2b39fbfa41 uvc-8713 \" data-hspacer=\"no_spacer\" data-halign=\"left\">\n<div class=\"uvc-main-heading ult-responsive\" data-ultimate-target=\".uvc-heading.ultimate-heading-54085fb2b39fbfa41 h2\" data-responsive-json-new=\"{&quot;font-size&quot;:&quot;desktop:22px;&quot;,&quot;line-height&quot;:&quot;&quot;}\">\n<div id=\"ultimate-heading-49185fb2b39fc0ebe\" class=\"uvc-heading ult-adjust-bottom-margin ultimate-heading-49185fb2b39fc0ebe uvc-164 \" data-hspacer=\"no_spacer\" data-halign=\"left\">\n<div class=\"uvc-main-heading ult-responsive\" data-ultimate-target=\".uvc-heading.ultimate-heading-49185fb2b39fc0ebe h2\" data-responsive-json-new=\"{&quot;font-size&quot;:&quot;desktop:22px;&quot;,&quot;line-height&quot;:&quot;&quot;}\">\n<div id=\"ultimate-heading-49185fb2b39fc0ebe\" class=\"uvc-heading ult-adjust-bottom-margin ultimate-heading-49185fb2b39fc0ebe uvc-164 \" data-hspacer=\"no_spacer\" data-halign=\"left\">\n<div class=\"uvc-main-heading ult-responsive\" data-ultimate-target=\".uvc-heading.ultimate-heading-49185fb2b39fc0ebe h2\" data-responsive-json-new=\"{&quot;font-size&quot;:&quot;desktop:22px;&quot;,&quot;line-height&quot;:&quot;&quot;}\">\n<div id=\"ultimate-heading-95555fb2b39fc1b17\" class=\"uvc-heading ult-adjust-bottom-margin ultimate-heading-95555fb2b39fc1b17 uvc-1801 \" data-hspacer=\"no_spacer\" data-halign=\"left\">\n<div class=\"uvc-main-heading ult-responsive\" data-ultimate-target=\".uvc-heading.ultimate-heading-95555fb2b39fc1b17 h2\" data-responsive-json-new=\"{&quot;font-size&quot;:&quot;desktop:22px;&quot;,&quot;line-height&quot;:&quot;&quot;}\">\n<h2>Au programme du MOOC<\/h2>\n<\/div>\n<\/div>\n<\/div>\n<\/div>\n<\/div>\n<\/div>\n<\/div>\n<\/div>\n<p>[\/et_pb_text][\/et_pb_column][\/et_pb_row][et_pb_row column_structure=\u00a0\u00bb1_2,1_2&Prime; make_equal=\u00a0\u00bbon\u00a0\u00bb admin_label=\u00a0\u00bbEpisodes 1 &#038; 2&Prime; module_class=\u00a0\u00bbalign-bottom-column\u00a0\u00bb _builder_version=\u00a0\u00bb4.16&Prime; _module_preset=\u00a0\u00bbdefault\u00a0\u00bb max_width=\u00a0\u00bb100%\u00a0\u00bb global_colors_info=\u00a0\u00bb{}\u00a0\u00bb][et_pb_column type=\u00a0\u00bb1_2&Prime; _builder_version=\u00a0\u00bb4.16&Prime; _module_preset=\u00a0\u00bbdefault\u00a0\u00bb custom_padding=\u00a0\u00bb20px|20px|20px|20px|true|true\u00a0\u00bb custom_css_main_element=\u00a0\u00bbdisplay: flex;||flex-flow: column;\u00a0\u00bb box_shadow_style=\u00a0\u00bbpreset1&Prime; box_shadow_color=\u00a0\u00bb#ececec\u00a0\u00bb global_colors_info=\u00a0\u00bb{}\u00a0\u00bb][et_pb_text admin_label=\u00a0\u00bbBjorg\u00a0\u00bb _builder_version=\u00a0\u00bb4.16&Prime; _module_preset=\u00a0\u00bbdefault\u00a0\u00bb header_3_font=\u00a0\u00bb|700|||||||\u00a0\u00bb header_3_font_size=\u00a0\u00bb25px\u00a0\u00bb global_colors_info=\u00a0\u00bb{}\u00a0\u00bb]<\/p>\n<div id=\"ultimate-heading-27965fb2b39fc2621\" class=\"uvc-heading ult-adjust-bottom-margin ultimate-heading-27965fb2b39fc2621 uvc-1925 titre_episode\" data-hspacer=\"no_spacer\" data-halign=\"center\">\n<div class=\"uvc-main-heading ult-responsive\" data-ultimate-target=\".uvc-heading.ultimate-heading-27965fb2b39fc2621 h3\" data-responsive-json-new=\"{&quot;font-size&quot;:&quot;&quot;,&quot;line-height&quot;:&quot;&quot;}\">\n<h3>Episode 1 : Bjorg, Bonneterre et Compagnie<\/h3>\n<p>&nbsp;<\/p>\n<\/div>\n<\/div>\n<div class=\"wpb_text_column wpb_content_element  texte_episode\">\n<div class=\"wpb_wrapper\">\n<p style=\"text-align: justify;\">Dans cette premi\u00e8re Belle Histoire de la Chaire Entrepreneuriat et Innovation \u00e0 Impact de l\u2019ESSEC, d\u00e9couvrez, \u00e0 travers le t\u00e9moignage inspirant d\u2019Emilie Lowenbach, comment\u00a0 Bjorg, Bonneterre et Compagnie contribue\u00a0 \u00e0 inventer une alimentation durable aux plans social et environnemental.<\/p>\n<\/div>\n<\/div>\n<p>[\/et_pb_text][et_pb_video src=\u00a0\u00bbhttps:\/\/www.youtube.com\/watch?v=WZu4Tj705VM&#038;t=100s\u00a0\u00bb _builder_version=\u00a0\u00bb4.16&Prime; _module_preset=\u00a0\u00bbdefault\u00a0\u00bb custom_margin=\u00a0\u00bb||2px|||\u00a0\u00bb custom_css_main_element=\u00a0\u00bbmargin-top: auto;||||\u00a0\u00bb global_colors_info=\u00a0\u00bb{}\u00a0\u00bb][\/et_pb_video][\/et_pb_column][et_pb_column type=\u00a0\u00bb1_2&Prime; _builder_version=\u00a0\u00bb4.16&Prime; _module_preset=\u00a0\u00bbdefault\u00a0\u00bb custom_padding=\u00a0\u00bb20px|20px|20px|20px|true|true\u00a0\u00bb custom_css_main_element=\u00a0\u00bbdisplay: flex;||flex-flow: column;\u00a0\u00bb box_shadow_style=\u00a0\u00bbpreset1&Prime; box_shadow_color=\u00a0\u00bb#ececec\u00a0\u00bb global_colors_info=\u00a0\u00bb{}\u00a0\u00bb][et_pb_text admin_label=\u00a0\u00bbPhoenix\u00a0\u00bb _builder_version=\u00a0\u00bb4.16&Prime; _module_preset=\u00a0\u00bbdefault\u00a0\u00bb header_3_font=\u00a0\u00bb|700|||||||\u00a0\u00bb header_3_font_size=\u00a0\u00bb25px\u00a0\u00bb global_colors_info=\u00a0\u00bb{}\u00a0\u00bb]<\/p>\n<div id=\"ultimate-heading-27965fb2b39fc2621\" class=\"uvc-heading ult-adjust-bottom-margin ultimate-heading-27965fb2b39fc2621 uvc-1925 titre_episode\" data-hspacer=\"no_spacer\" data-halign=\"center\">\n<div class=\"uvc-main-heading ult-responsive\" data-ultimate-target=\".uvc-heading.ultimate-heading-27965fb2b39fc2621 h3\" data-responsive-json-new=\"{&quot;font-size&quot;:&quot;&quot;,&quot;line-height&quot;:&quot;&quot;}\">\n<div id=\"ultimate-heading-4305fb2b39fc3c69\" class=\"uvc-heading ult-adjust-bottom-margin ultimate-heading-4305fb2b39fc3c69 uvc-5522 titre_episode\" data-hspacer=\"no_spacer\" data-halign=\"center\">\n<div class=\"uvc-main-heading ult-responsive\" data-ultimate-target=\".uvc-heading.ultimate-heading-4305fb2b39fc3c69 h3\" data-responsive-json-new=\"{&quot;font-size&quot;:&quot;&quot;,&quot;line-height&quot;:&quot;&quot;}\">\n<h3>Episode 2 : Ph\u00e9nix<\/h3>\n<p>&nbsp;<\/p>\n<\/div>\n<\/div>\n<div class=\"wpb_text_column wpb_content_element  texte_episode\">\n<div class=\"wpb_wrapper\">\n<p style=\"text-align: justify;\">Dans cette deuxi\u00e8me Belle Histoire de la Chaire Entrepreneuriat et Innovation \u00e0 Impact de l\u2019ESSEC, d\u00e9couvrez, \u00e0 travers le t\u00e9moignage de Jean Moreau, co-fondateur de Phenix, champion de l\u2019\u00e9conomie circulaire, comment l\u2019entreprise peut contribuer \u00e0 la lutte contre le gaspillage alimentaire en Europe.<\/p>\n<\/div>\n<\/div>\n<div class=\"wpb_video_widget wpb_content_element vc_clearfix   vc_video-aspect-ratio-43 vc_video-el-width-80 vc_video-align-center\">\n<div class=\"wpb_wrapper\">\u00a0<\/div>\n<\/div>\n<\/div>\n<\/div>\n<p>[\/et_pb_text][et_pb_video src=\u00a0\u00bbhttps:\/\/www.youtube.com\/watch?v=pr45vdWUNC0&#038;t=7s\u00a0\u00bb _builder_version=\u00a0\u00bb4.16&Prime; _module_preset=\u00a0\u00bbdefault\u00a0\u00bb custom_css_main_element=\u00a0\u00bbmargin-top: auto;\u00a0\u00bb global_colors_info=\u00a0\u00bb{}\u00a0\u00bb][\/et_pb_video][\/et_pb_column][\/et_pb_row][et_pb_row column_structure=\u00a0\u00bb1_2,1_2&Prime; make_equal=\u00a0\u00bbon\u00a0\u00bb module_class=\u00a0\u00bbalign-bottom-column\u00a0\u00bb _builder_version=\u00a0\u00bb4.16&Prime; _module_preset=\u00a0\u00bbdefault\u00a0\u00bb max_width=\u00a0\u00bb100%\u00a0\u00bb global_colors_info=\u00a0\u00bb{}\u00a0\u00bb][et_pb_column type=\u00a0\u00bb1_2&Prime; _builder_version=\u00a0\u00bb4.16&Prime; _module_preset=\u00a0\u00bbdefault\u00a0\u00bb custom_padding=\u00a0\u00bb20px|20px|20px|20px|true|true\u00a0\u00bb custom_css_main_element=\u00a0\u00bbdisplay: flex;||flex-flow: column;\u00a0\u00bb box_shadow_style=\u00a0\u00bbpreset1&Prime; box_shadow_color=\u00a0\u00bb#ececec\u00a0\u00bb global_colors_info=\u00a0\u00bb{}\u00a0\u00bb][et_pb_text admin_label=\u00a0\u00bb1083&Prime; _builder_version=\u00a0\u00bb4.16&Prime; _module_preset=\u00a0\u00bbdefault\u00a0\u00bb header_3_font=\u00a0\u00bb|700|||||||\u00a0\u00bb header_3_font_size=\u00a0\u00bb25px\u00a0\u00bb global_colors_info=\u00a0\u00bb{}\u00a0\u00bb]<\/p>\n<div id=\"ultimate-heading-27965fb2b39fc2621\" class=\"uvc-heading ult-adjust-bottom-margin ultimate-heading-27965fb2b39fc2621 uvc-1925 titre_episode\" data-hspacer=\"no_spacer\" data-halign=\"center\">\n<div class=\"uvc-main-heading ult-responsive\" data-ultimate-target=\".uvc-heading.ultimate-heading-27965fb2b39fc2621 h3\" data-responsive-json-new=\"{&quot;font-size&quot;:&quot;&quot;,&quot;line-height&quot;:&quot;&quot;}\">\n<div id=\"ultimate-heading-27965fb2b39fc2621\" class=\"uvc-heading ult-adjust-bottom-margin ultimate-heading-27965fb2b39fc2621 uvc-1925 titre_episode\" data-hspacer=\"no_spacer\" data-halign=\"center\">\n<div class=\"uvc-main-heading ult-responsive\" data-ultimate-target=\".uvc-heading.ultimate-heading-27965fb2b39fc2621 h3\" data-responsive-json-new=\"{&quot;font-size&quot;:&quot;&quot;,&quot;line-height&quot;:&quot;&quot;}\">\n<div id=\"ultimate-heading-44635fb2b39fc53dd\" class=\"uvc-heading ult-adjust-bottom-margin ultimate-heading-44635fb2b39fc53dd uvc-3912 titre_episode\" data-hspacer=\"no_spacer\" data-halign=\"center\">\n<div class=\"uvc-main-heading ult-responsive\" data-ultimate-target=\".uvc-heading.ultimate-heading-44635fb2b39fc53dd h3\" data-responsive-json-new=\"{&quot;font-size&quot;:&quot;&quot;,&quot;line-height&quot;:&quot;&quot;}\">\n<h3>Episode 3 : 1083<\/h3>\n<p>&nbsp;<\/p>\n<\/div>\n<\/div>\n<div class=\"wpb_text_column wpb_content_element  texte_episode\">\n<div class=\"wpb_wrapper\">\n<p style=\"text-align: justify;\">Dans cette troisi\u00e8me Belle Histoire de la Chaire Entrepreneuriat et Innovation \u00e0 Impact de l\u2019ESSEC, d\u00e9couvrez, \u00e0 travers le t\u00e9moignage de Thomas Huriez, fondateur et pr\u00e9sident de 1083, comment l\u2019entreprise fabrique des jeans et des chaussures \u00e0 moins de 1083 km de chez vous.<\/p>\n<\/div>\n<\/div>\n<\/div>\n<\/div>\n<\/div>\n<\/div>\n<p>[\/et_pb_text][et_pb_video src=\u00a0\u00bbhttps:\/\/www.youtube.com\/watch?v=FBu4D2GUfxw\u00a0\u00bb _builder_version=\u00a0\u00bb4.16&Prime; _module_preset=\u00a0\u00bbdefault\u00a0\u00bb custom_margin=\u00a0\u00bb||2px|||\u00a0\u00bb custom_css_main_element=\u00a0\u00bbmargin-top: auto;||||\u00a0\u00bb global_colors_info=\u00a0\u00bb{}\u00a0\u00bb][\/et_pb_video][\/et_pb_column][et_pb_column type=\u00a0\u00bb1_2&Prime; _builder_version=\u00a0\u00bb4.16&Prime; _module_preset=\u00a0\u00bbdefault\u00a0\u00bb custom_padding=\u00a0\u00bb20px|20px|20px|20px|true|true\u00a0\u00bb custom_css_main_element=\u00a0\u00bbdisplay: flex;||flex-flow: column;\u00a0\u00bb box_shadow_style=\u00a0\u00bbpreset1&Prime; box_shadow_color=\u00a0\u00bb#ececec\u00a0\u00bb global_colors_info=\u00a0\u00bb{}\u00a0\u00bb][et_pb_text admin_label=\u00a0\u00bbInterface\u00a0\u00bb _builder_version=\u00a0\u00bb4.16&Prime; _module_preset=\u00a0\u00bbdefault\u00a0\u00bb header_3_font=\u00a0\u00bb|700|||||||\u00a0\u00bb header_3_font_size=\u00a0\u00bb25px\u00a0\u00bb global_colors_info=\u00a0\u00bb{}\u00a0\u00bb]<\/p>\n<div id=\"ultimate-heading-27965fb2b39fc2621\" class=\"uvc-heading ult-adjust-bottom-margin ultimate-heading-27965fb2b39fc2621 uvc-1925 titre_episode\" data-hspacer=\"no_spacer\" data-halign=\"center\">\n<div class=\"uvc-main-heading ult-responsive\" data-ultimate-target=\".uvc-heading.ultimate-heading-27965fb2b39fc2621 h3\" data-responsive-json-new=\"{&quot;font-size&quot;:&quot;&quot;,&quot;line-height&quot;:&quot;&quot;}\">\n<div id=\"ultimate-heading-4305fb2b39fc3c69\" class=\"uvc-heading ult-adjust-bottom-margin ultimate-heading-4305fb2b39fc3c69 uvc-5522 titre_episode\" data-hspacer=\"no_spacer\" data-halign=\"center\">\n<div class=\"uvc-main-heading ult-responsive\" data-ultimate-target=\".uvc-heading.ultimate-heading-4305fb2b39fc3c69 h3\" data-responsive-json-new=\"{&quot;font-size&quot;:&quot;&quot;,&quot;line-height&quot;:&quot;&quot;}\">\n<div id=\"ultimate-heading-27965fb2b39fc2621\" class=\"uvc-heading ult-adjust-bottom-margin ultimate-heading-27965fb2b39fc2621 uvc-1925 titre_episode\" data-hspacer=\"no_spacer\" data-halign=\"center\">\n<div class=\"uvc-main-heading ult-responsive\" data-ultimate-target=\".uvc-heading.ultimate-heading-27965fb2b39fc2621 h3\" data-responsive-json-new=\"{&quot;font-size&quot;:&quot;&quot;,&quot;line-height&quot;:&quot;&quot;}\">\n<div id=\"ultimate-heading-4305fb2b39fc3c69\" class=\"uvc-heading ult-adjust-bottom-margin ultimate-heading-4305fb2b39fc3c69 uvc-5522 titre_episode\" data-hspacer=\"no_spacer\" data-halign=\"center\">\n<div class=\"uvc-main-heading ult-responsive\" data-ultimate-target=\".uvc-heading.ultimate-heading-4305fb2b39fc3c69 h3\" data-responsive-json-new=\"{&quot;font-size&quot;:&quot;&quot;,&quot;line-height&quot;:&quot;&quot;}\">\n<div id=\"ultimate-heading-97465fb2b39fc6922\" class=\"uvc-heading ult-adjust-bottom-margin ultimate-heading-97465fb2b39fc6922 uvc-6180 titre_episode\" data-hspacer=\"no_spacer\" data-halign=\"center\">\n<div class=\"uvc-main-heading ult-responsive\" data-ultimate-target=\".uvc-heading.ultimate-heading-97465fb2b39fc6922 h3\" data-responsive-json-new=\"{&quot;font-size&quot;:&quot;&quot;,&quot;line-height&quot;:&quot;&quot;}\">\n<h3>Episode 4 : Interface<\/h3>\n<p>&nbsp;<\/p>\n<\/div>\n<\/div>\n<div class=\"wpb_text_column wpb_content_element  texte_episode\">\n<div class=\"wpb_wrapper\">\n<p style=\"text-align: justify;\">Dans cette quatri\u00e8me Belle Histoire de la Chaire Entrepreneuriat et Innovation \u00e0 Impact de l\u2019ESSEC, d\u00e9couvrez, \u00e0 travers le t\u00e9moignage de Paule Gu\u00e9rin, designer chez Interface, comment l\u2019entreprise se fixe et atteint des objectifs ambitieux pour produire des dalles de moquette neutres en carbone.<\/p>\n<\/div>\n<\/div>\n<\/div>\n<\/div>\n<\/div>\n<\/div>\n<\/div>\n<\/div>\n<\/div>\n<\/div>\n<p>[\/et_pb_text][et_pb_video src=\u00a0\u00bbhttps:\/\/www.youtube.com\/watch?v=LkcJ43bRYSE\u00a0\u00bb _builder_version=\u00a0\u00bb4.16&Prime; _module_preset=\u00a0\u00bbdefault\u00a0\u00bb custom_css_main_element=\u00a0\u00bbmargin-top: auto;\u00a0\u00bb global_colors_info=\u00a0\u00bb{}\u00a0\u00bb][\/et_pb_video][\/et_pb_column][\/et_pb_row][et_pb_row column_structure=\u00a0\u00bb1_2,1_2&Prime; make_equal=\u00a0\u00bbon\u00a0\u00bb module_class=\u00a0\u00bbalign-bottom-column\u00a0\u00bb _builder_version=\u00a0\u00bb4.16&Prime; _module_preset=\u00a0\u00bbdefault\u00a0\u00bb max_width=\u00a0\u00bb100%\u00a0\u00bb global_colors_info=\u00a0\u00bb{}\u00a0\u00bb][et_pb_column type=\u00a0\u00bb1_2&Prime; _builder_version=\u00a0\u00bb4.16&Prime; _module_preset=\u00a0\u00bbdefault\u00a0\u00bb custom_padding=\u00a0\u00bb20px|20px|20px|20px|true|true\u00a0\u00bb custom_css_main_element=\u00a0\u00bbdisplay: flex;||flex-flow: column;\u00a0\u00bb box_shadow_style=\u00a0\u00bbpreset1&Prime; box_shadow_color=\u00a0\u00bb#ececec\u00a0\u00bb global_colors_info=\u00a0\u00bb{}\u00a0\u00bb][et_pb_text admin_label=\u00a0\u00bbHumando\u00a0\u00bb _builder_version=\u00a0\u00bb4.16&Prime; _module_preset=\u00a0\u00bbdefault\u00a0\u00bb header_3_font=\u00a0\u00bb|700|||||||\u00a0\u00bb header_3_font_size=\u00a0\u00bb25px\u00a0\u00bb global_colors_info=\u00a0\u00bb{}\u00a0\u00bb]<\/p>\n<div id=\"ultimate-heading-27965fb2b39fc2621\" class=\"uvc-heading ult-adjust-bottom-margin ultimate-heading-27965fb2b39fc2621 uvc-1925 titre_episode\" data-hspacer=\"no_spacer\" data-halign=\"center\">\n<div class=\"uvc-main-heading ult-responsive\" data-ultimate-target=\".uvc-heading.ultimate-heading-27965fb2b39fc2621 h3\" data-responsive-json-new=\"{&quot;font-size&quot;:&quot;&quot;,&quot;line-height&quot;:&quot;&quot;}\">\n<div id=\"ultimate-heading-27965fb2b39fc2621\" class=\"uvc-heading ult-adjust-bottom-margin ultimate-heading-27965fb2b39fc2621 uvc-1925 titre_episode\" data-hspacer=\"no_spacer\" data-halign=\"center\">\n<div class=\"uvc-main-heading ult-responsive\" data-ultimate-target=\".uvc-heading.ultimate-heading-27965fb2b39fc2621 h3\" data-responsive-json-new=\"{&quot;font-size&quot;:&quot;&quot;,&quot;line-height&quot;:&quot;&quot;}\">\n<div id=\"ultimate-heading-44635fb2b39fc53dd\" class=\"uvc-heading ult-adjust-bottom-margin ultimate-heading-44635fb2b39fc53dd uvc-3912 titre_episode\" data-hspacer=\"no_spacer\" data-halign=\"center\">\n<div class=\"uvc-main-heading ult-responsive\" data-ultimate-target=\".uvc-heading.ultimate-heading-44635fb2b39fc53dd h3\" data-responsive-json-new=\"{&quot;font-size&quot;:&quot;&quot;,&quot;line-height&quot;:&quot;&quot;}\">\n<h3>Episode 5 : Humando<\/h3>\n<p>&nbsp;<\/p>\n<\/div>\n<\/div>\n<div class=\"wpb_text_column wpb_content_element  texte_episode\">\n<div class=\"wpb_wrapper\">\n<p>Dans cette cinqui\u00e8me Belle Histoire de la Chaire Entrepreneuriat et Innovation \u00e0 Impact de l\u2019ESSEC, d\u00e9couvrez, \u00e0 travers le t\u00e9moignage de Jean-Fran\u00e7ois Connan, Pr\u00e9sident d\u2019Humando,\u00a0comment cette entreprise \u00e0 double performance \u00e9conomique et sociale est n\u00e9e d\u2019un projet intrapreneurial au sein du leader de l\u2019int\u00e9rim Adecco.\u00a0<\/p>\n<\/div>\n<\/div>\n<\/div>\n<\/div>\n<\/div>\n<\/div>\n<p>[\/et_pb_text][et_pb_video src=\u00a0\u00bbhttps:\/\/www.youtube.com\/watch?v=GBOtI6Kdjqw&#038;t=15s\u00a0\u00bb _builder_version=\u00a0\u00bb4.16&Prime; _module_preset=\u00a0\u00bbdefault\u00a0\u00bb custom_margin=\u00a0\u00bb||2px|||\u00a0\u00bb custom_css_main_element=\u00a0\u00bbmargin-top: auto;||||\u00a0\u00bb global_colors_info=\u00a0\u00bb{}\u00a0\u00bb][\/et_pb_video][\/et_pb_column][et_pb_column type=\u00a0\u00bb1_2&Prime; _builder_version=\u00a0\u00bb4.16&Prime; _module_preset=\u00a0\u00bbdefault\u00a0\u00bb custom_padding=\u00a0\u00bb20px|20px|20px|20px|true|true\u00a0\u00bb custom_css_main_element=\u00a0\u00bbdisplay: flex;||flex-flow: column;\u00a0\u00bb box_shadow_style=\u00a0\u00bbpreset1&Prime; box_shadow_color=\u00a0\u00bb#ececec\u00a0\u00bb global_colors_info=\u00a0\u00bb{}\u00a0\u00bb][et_pb_text admin_label=\u00a0\u00bbCamif\u00a0\u00bb _builder_version=\u00a0\u00bb4.16&Prime; _module_preset=\u00a0\u00bbdefault\u00a0\u00bb header_3_font=\u00a0\u00bb|700|||||||\u00a0\u00bb header_3_font_size=\u00a0\u00bb25px\u00a0\u00bb global_colors_info=\u00a0\u00bb{}\u00a0\u00bb]<\/p>\n<div id=\"ultimate-heading-27965fb2b39fc2621\" class=\"uvc-heading ult-adjust-bottom-margin ultimate-heading-27965fb2b39fc2621 uvc-1925 titre_episode\" data-hspacer=\"no_spacer\" data-halign=\"center\">\n<div class=\"uvc-main-heading ult-responsive\" data-ultimate-target=\".uvc-heading.ultimate-heading-27965fb2b39fc2621 h3\" data-responsive-json-new=\"{&quot;font-size&quot;:&quot;&quot;,&quot;line-height&quot;:&quot;&quot;}\">\n<div id=\"ultimate-heading-4305fb2b39fc3c69\" class=\"uvc-heading ult-adjust-bottom-margin ultimate-heading-4305fb2b39fc3c69 uvc-5522 titre_episode\" data-hspacer=\"no_spacer\" data-halign=\"center\">\n<div class=\"uvc-main-heading ult-responsive\" data-ultimate-target=\".uvc-heading.ultimate-heading-4305fb2b39fc3c69 h3\" data-responsive-json-new=\"{&quot;font-size&quot;:&quot;&quot;,&quot;line-height&quot;:&quot;&quot;}\">\n<div id=\"ultimate-heading-27965fb2b39fc2621\" class=\"uvc-heading ult-adjust-bottom-margin ultimate-heading-27965fb2b39fc2621 uvc-1925 titre_episode\" data-hspacer=\"no_spacer\" data-halign=\"center\">\n<div class=\"uvc-main-heading ult-responsive\" data-ultimate-target=\".uvc-heading.ultimate-heading-27965fb2b39fc2621 h3\" data-responsive-json-new=\"{&quot;font-size&quot;:&quot;&quot;,&quot;line-height&quot;:&quot;&quot;}\">\n<div id=\"ultimate-heading-4305fb2b39fc3c69\" class=\"uvc-heading ult-adjust-bottom-margin ultimate-heading-4305fb2b39fc3c69 uvc-5522 titre_episode\" data-hspacer=\"no_spacer\" data-halign=\"center\">\n<div class=\"uvc-main-heading ult-responsive\" data-ultimate-target=\".uvc-heading.ultimate-heading-4305fb2b39fc3c69 h3\" data-responsive-json-new=\"{&quot;font-size&quot;:&quot;&quot;,&quot;line-height&quot;:&quot;&quot;}\">\n<div id=\"ultimate-heading-97465fb2b39fc6922\" class=\"uvc-heading ult-adjust-bottom-margin ultimate-heading-97465fb2b39fc6922 uvc-6180 titre_episode\" data-hspacer=\"no_spacer\" data-halign=\"center\">\n<div class=\"uvc-main-heading ult-responsive\" data-ultimate-target=\".uvc-heading.ultimate-heading-97465fb2b39fc6922 h3\" data-responsive-json-new=\"{&quot;font-size&quot;:&quot;&quot;,&quot;line-height&quot;:&quot;&quot;}\">\n<h3>Episode 6 : CAMIF<\/h3>\n<\/div>\n<\/div>\n<div class=\"wpb_text_column wpb_content_element  texte_episode\">\n<div class=\"wpb_wrapper\">\n<p style=\"text-align: justify;\">Dans cette cinqui\u00e8me Belle Histoire de la Chaire Entrepreneuriat et Innovation \u00e0 Impact de l\u2019ESSEC, d\u00e9couvrez, \u00e0 travers le t\u00e9moignage d&rsquo;Emery Jacquillat, Pr\u00e9sident de la CAMIF, comment cette marque a su trouver un nouvel \u00e9lan autour d&rsquo;un projet d&rsquo;\u00e9conomie responsable.\u00a0<\/p>\n<\/div>\n<\/div>\n<\/div>\n<\/div>\n<\/div>\n<\/div>\n<\/div>\n<\/div>\n<\/div>\n<\/div>\n<p>[\/et_pb_text][et_pb_video src=\u00a0\u00bbhttps:\/\/www.youtube.com\/watch?v=YpyjMkTlp4Y&#038;t=195s&#038;ab_channel=ESSECImpactInitiative\u00a0\u00bb _builder_version=\u00a0\u00bb4.16&Prime; _module_preset=\u00a0\u00bbdefault\u00a0\u00bb custom_css_main_element=\u00a0\u00bbmargin-top: auto;\u00a0\u00bb global_colors_info=\u00a0\u00bb{}\u00a0\u00bb][\/et_pb_video][\/et_pb_column][\/et_pb_row][et_pb_row column_structure=\u00a0\u00bb1_2,1_2&Prime; make_equal=\u00a0\u00bbon\u00a0\u00bb module_class=\u00a0\u00bbalign-bottom-column\u00a0\u00bb _builder_version=\u00a0\u00bb4.16&Prime; _module_preset=\u00a0\u00bbdefault\u00a0\u00bb max_width=\u00a0\u00bb100%\u00a0\u00bb global_colors_info=\u00a0\u00bb{}\u00a0\u00bb][et_pb_column type=\u00a0\u00bb1_2&Prime; _builder_version=\u00a0\u00bb4.16&Prime; _module_preset=\u00a0\u00bbdefault\u00a0\u00bb custom_padding=\u00a0\u00bb20px|20px|20px|20px|true|true\u00a0\u00bb custom_css_main_element=\u00a0\u00bbdisplay: flex;||flex-flow: column;\u00a0\u00bb box_shadow_style=\u00a0\u00bbpreset1&Prime; box_shadow_color=\u00a0\u00bb#ececec\u00a0\u00bb global_colors_info=\u00a0\u00bb{}\u00a0\u00bb][et_pb_text admin_label=\u00a0\u00bbCitizen Capital\u00a0\u00bb _builder_version=\u00a0\u00bb4.16&Prime; _module_preset=\u00a0\u00bbdefault\u00a0\u00bb header_3_font=\u00a0\u00bb|700|||||||\u00a0\u00bb header_3_font_size=\u00a0\u00bb25px\u00a0\u00bb global_colors_info=\u00a0\u00bb{}\u00a0\u00bb]<\/p>\n<div id=\"ultimate-heading-27965fb2b39fc2621\" class=\"uvc-heading ult-adjust-bottom-margin ultimate-heading-27965fb2b39fc2621 uvc-1925 titre_episode\" data-hspacer=\"no_spacer\" data-halign=\"center\">\n<div class=\"uvc-main-heading ult-responsive\" data-ultimate-target=\".uvc-heading.ultimate-heading-27965fb2b39fc2621 h3\" data-responsive-json-new=\"{&quot;font-size&quot;:&quot;&quot;,&quot;line-height&quot;:&quot;&quot;}\">\n<div id=\"ultimate-heading-27965fb2b39fc2621\" class=\"uvc-heading ult-adjust-bottom-margin ultimate-heading-27965fb2b39fc2621 uvc-1925 titre_episode\" data-hspacer=\"no_spacer\" data-halign=\"center\">\n<div class=\"uvc-main-heading ult-responsive\" data-ultimate-target=\".uvc-heading.ultimate-heading-27965fb2b39fc2621 h3\" data-responsive-json-new=\"{&quot;font-size&quot;:&quot;&quot;,&quot;line-height&quot;:&quot;&quot;}\">\n<div id=\"ultimate-heading-44635fb2b39fc53dd\" class=\"uvc-heading ult-adjust-bottom-margin ultimate-heading-44635fb2b39fc53dd uvc-3912 titre_episode\" data-hspacer=\"no_spacer\" data-halign=\"center\">\n<div class=\"uvc-main-heading ult-responsive\" data-ultimate-target=\".uvc-heading.ultimate-heading-44635fb2b39fc53dd h3\" data-responsive-json-new=\"{&quot;font-size&quot;:&quot;&quot;,&quot;line-height&quot;:&quot;&quot;}\">\n<h3>Episode 7 : Citizen Capital<\/h3>\n<p>&nbsp;<\/p>\n<\/div>\n<\/div>\n<div class=\"wpb_text_column wpb_content_element texte_episode\">\n<div class=\"wpb_wrapper\">\n<p style=\"text-align: justify;\">Dans cette septi\u00e8me Belle Histoire de la Chaire Entrepreneuriat et Innovation \u00e0 Impact de l\u2019ESSEC, d\u00e9couvrez, \u00e0 travers le t\u00e9moignage de Laurence M\u00e9haignerie, co-fondatrice de Citizen Capital, comment cette entreprise d\u00e9cid\u00e9 de faire de l&rsquo;Impact Investing.\u00a0<\/p>\n<\/div>\n<\/div>\n<\/div>\n<\/div>\n<\/div>\n<\/div>\n<p>[\/et_pb_text][et_pb_video src=\u00a0\u00bbhttps:\/\/www.youtube.com\/watch?v=ogfw9-w9Q9Y&#038;ab_channel=ESSECImpactInitiative\u00a0\u00bb _builder_version=\u00a0\u00bb4.16&Prime; _module_preset=\u00a0\u00bbdefault\u00a0\u00bb global_colors_info=\u00a0\u00bb{}\u00a0\u00bb][\/et_pb_video][\/et_pb_column][et_pb_column type=\u00a0\u00bb1_2&Prime; _builder_version=\u00a0\u00bb4.16&Prime; _module_preset=\u00a0\u00bbdefault\u00a0\u00bb custom_padding=\u00a0\u00bb20px|20px|20px|20px|true|true\u00a0\u00bb custom_css_main_element=\u00a0\u00bbdisplay: flex;||flex-flow: column;\u00a0\u00bb box_shadow_style=\u00a0\u00bbpreset1&Prime; box_shadow_color=\u00a0\u00bb#ececec\u00a0\u00bb global_colors_info=\u00a0\u00bb{}\u00a0\u00bb][\/et_pb_column][\/et_pb_row][\/et_pb_section][et_pb_section fb_built=\u00a0\u00bb1&Prime; admin_label=\u00a0\u00bbNos autres MOOCs\u00a0\u00bb _builder_version=\u00a0\u00bb4.9.4&Prime; _module_preset=\u00a0\u00bbdefault\u00a0\u00bb custom_padding=\u00a0\u00bb||0px|||\u00a0\u00bb global_module=\u00a0\u00bb821&Prime; saved_tabs=\u00a0\u00bball\u00a0\u00bb global_colors_info=\u00a0\u00bb{}\u00a0\u00bb][et_pb_row admin_label=\u00a0\u00bbNos autres MOOCs\u00a0\u00bb _builder_version=\u00a0\u00bb4.16&Prime; _module_preset=\u00a0\u00bbdefault\u00a0\u00bb max_width=\u00a0\u00bb100%\u00a0\u00bb custom_margin=\u00a0\u00bb0px|auto||auto||\u00a0\u00bb custom_padding=\u00a0\u00bb||0px|||\u00a0\u00bb global_colors_info=\u00a0\u00bb{}\u00a0\u00bb][et_pb_column type=\u00a0\u00bb4_4&Prime; _builder_version=\u00a0\u00bb4.16&Prime; _module_preset=\u00a0\u00bbdefault\u00a0\u00bb global_colors_info=\u00a0\u00bb{}\u00a0\u00bb][et_pb_code _builder_version=\u00a0\u00bb4.16&Prime; _module_preset=\u00a0\u00bbdefault\u00a0\u00bb global_colors_info=\u00a0\u00bb{}\u00a0\u00bb]<script><!-- [et_pb_line_break_holder] -->jQuery(function($){<!-- [et_pb_line_break_holder] -->var backButton = $('.back-button');<!-- [et_pb_line_break_holder] -->var nextButton = $('.next-button');<!-- [et_pb_line_break_holder] -->$('.trombi-items').slick({<!-- [et_pb_line_break_holder] -->slidesToShow: 4,<!-- [et_pb_line_break_holder] -->slidesToScroll: 1,<!-- [et_pb_line_break_holder] -->autoplay: true,<!-- [et_pb_line_break_holder] -->autoplaySpeed: 1500,<!-- [et_pb_line_break_holder] -->prevArrow: backButton,<!-- [et_pb_line_break_holder] -->nextArrow: nextButton,<!-- [et_pb_line_break_holder] -->pauseOnHover: true,<!-- [et_pb_line_break_holder] -->responsive: [{<!-- [et_pb_line_break_holder] -->breakpoint: 1079,<!-- [et_pb_line_break_holder] -->settings: {<!-- [et_pb_line_break_holder] -->slidesToShow: 2<!-- [et_pb_line_break_holder] -->}<!-- [et_pb_line_break_holder] -->}]<!-- [et_pb_line_break_holder] -->});<!-- [et_pb_line_break_holder] -->});<!-- [et_pb_line_break_holder] --><\/script>[\/et_pb_code][et_pb_code _builder_version=\u00a0\u00bb4.16&Prime; _module_preset=\u00a0\u00bbdefault\u00a0\u00bb global_colors_info=\u00a0\u00bb{}\u00a0\u00bb]<\/p>\n<style> <!-- [et_pb_line_break_holder] -->.slick-slide<!-- [et_pb_line_break_holder] -->{<!-- [et_pb_line_break_holder] -->float: left;<!-- [et_pb_line_break_holder] -->}<!-- [et_pb_line_break_holder] --><\/style>\n<p>[\/et_pb_code][\/et_pb_column][\/et_pb_row][et_pb_row admin_label=\u00a0\u00bbCarrousel nos autres MOOCs\u00a0\u00bb _builder_version=\u00a0\u00bb4.16&Prime; _module_preset=\u00a0\u00bbdefault\u00a0\u00bb width=\u00a0\u00bb90%\u00a0\u00bb max_width=\u00a0\u00bb100%\u00a0\u00bb custom_padding=\u00a0\u00bb||0px|||\u00a0\u00bb global_colors_info=\u00a0\u00bb{}\u00a0\u00bb][et_pb_column type=\u00a0\u00bb4_4&Prime; module_class=\u00a0\u00bbtrombi-items slider\u00a0\u00bb _builder_version=\u00a0\u00bb4.16&Prime; _module_preset=\u00a0\u00bbdefault\u00a0\u00bb overflow-x=\u00a0\u00bbhidden\u00a0\u00bb overflow-y=\u00a0\u00bbhidden\u00a0\u00bb global_colors_info=\u00a0\u00bb{}\u00a0\u00bb][et_pb_text admin_label=\u00a0\u00bbL&rsquo;entrepreneuriat social : de l&rsquo;envie au projet\u00a0\u00bb _builder_version=\u00a0\u00bb4.16&Prime; _dynamic_attributes=\u00a0\u00bblink_option_url\u00a0\u00bb _module_preset=\u00a0\u00bbdefault\u00a0\u00bb header_3_font=\u00a0\u00bb|700|||||||\u00a0\u00bb header_4_font=\u00a0\u00bb|700|||||||\u00a0\u00bb header_4_text_color=\u00a0\u00bb#44a2a4&Prime; header_4_font_size=\u00a0\u00bb16px\u00a0\u00bb background_enable_color=\u00a0\u00bboff\u00a0\u00bb width=\u00a0\u00bb21vw\u00a0\u00bb custom_margin=\u00a0\u00bb0px|1vw|0px|1vw|true|true\u00a0\u00bb link_option_url=\u00a0\u00bb@ET-DC@eyJkeW5hbWljIjp0cnVlLCJjb250ZW50IjoicG9zdF9saW5rX3VybF9wYWdlIiwic2V0dGluZ3MiOnsicG9zdF9pZCI6IjUzMiJ9fQ==@\u00a0\u00bb global_colors_info=\u00a0\u00bb{}\u00a0\u00bb background__hover_enabled=\u00a0\u00bbon|hover\u00a0\u00bb background_color__hover=\u00a0\u00bb#ececec\u00a0\u00bb background_enable_color__hover=\u00a0\u00bbon\u00a0\u00bb]<\/p>\n<p style=\"text-align: justify;\"><img decoding=\"async\" loading=\"lazy\" class=\"wp-image-662 alignnone size-medium\" src=\"https:\/\/www.impactinitiative.essec.edu\/wp-content\/uploads\/2020\/11\/ES-De-lenvie-au-projet-346x346-1-300x300.png\" alt=\"\" width=\"300\" height=\"300\" srcset=\"https:\/\/centre-innovation-sociale-ecologique.essec.edu\/wp-content\/uploads\/2020\/11\/ES-De-lenvie-au-projet-346x346-1-300x300.png 300w, https:\/\/centre-innovation-sociale-ecologique.essec.edu\/wp-content\/uploads\/2020\/11\/ES-De-lenvie-au-projet-346x346-1-150x150.png 150w, https:\/\/centre-innovation-sociale-ecologique.essec.edu\/wp-content\/uploads\/2020\/11\/ES-De-lenvie-au-projet-346x346-1.png 346w\" sizes=\"(max-width: 300px) 100vw, 300px\" \/><\/p>\n<h3 style=\"text-align: center;\">L&rsquo;entrepreneuriat social : de l&rsquo;envie au projet<\/h3>\n<p style=\"text-align: justify;\">4 ans apr\u00e8s sa premi\u00e8re \u00e9dition, le MOOC fait peau neuve et revient avec une vingtaine de nouveaux t\u00e9moignages inspirants !<\/p>\n<p>[\/et_pb_text][et_pb_text admin_label=\u00a0\u00bbL&rsquo;entrepreneuriat social : faire son business plan\u00a0\u00bb _builder_version=\u00a0\u00bb4.16&Prime; _dynamic_attributes=\u00a0\u00bblink_option_url\u00a0\u00bb _module_preset=\u00a0\u00bbdefault\u00a0\u00bb header_3_font=\u00a0\u00bb|700|||||||\u00a0\u00bb header_4_font=\u00a0\u00bb|700|||||||\u00a0\u00bb header_4_text_color=\u00a0\u00bb#44a2a4&Prime; header_4_font_size=\u00a0\u00bb16px\u00a0\u00bb background_enable_color=\u00a0\u00bboff\u00a0\u00bb width=\u00a0\u00bb21vw\u00a0\u00bb custom_margin=\u00a0\u00bb0px|1vw|0px|1vw|true|true\u00a0\u00bb link_option_url=\u00a0\u00bb@ET-DC@eyJkeW5hbWljIjp0cnVlLCJjb250ZW50IjoicG9zdF9saW5rX3VybF9wYWdlIiwic2V0dGluZ3MiOnsicG9zdF9pZCI6IjUzNCJ9fQ==@\u00a0\u00bb global_colors_info=\u00a0\u00bb{}\u00a0\u00bb background_color__hover=\u00a0\u00bb#ececec\u00a0\u00bb background_enable_color__hover=\u00a0\u00bbon\u00a0\u00bb background__hover_enabled=\u00a0\u00bbon|hover\u00a0\u00bb]<\/p>\n<p><img decoding=\"async\" loading=\"lazy\" class=\"wp-image-661 alignnone size-medium\" style=\"display: block; margin-left: auto; margin-right: auto;\" src=\"https:\/\/www.impactinitiative.essec.edu\/wp-content\/uploads\/2020\/11\/MOOC-changer-le-monde-1-e1595322902763-346x346-1-300x300.png\" alt=\"\" width=\"300\" height=\"300\" srcset=\"https:\/\/centre-innovation-sociale-ecologique.essec.edu\/wp-content\/uploads\/2020\/11\/MOOC-changer-le-monde-1-e1595322902763-346x346-1-300x300.png 300w, https:\/\/centre-innovation-sociale-ecologique.essec.edu\/wp-content\/uploads\/2020\/11\/MOOC-changer-le-monde-1-e1595322902763-346x346-1-150x150.png 150w, https:\/\/centre-innovation-sociale-ecologique.essec.edu\/wp-content\/uploads\/2020\/11\/MOOC-changer-le-monde-1-e1595322902763-346x346-1.png 346w\" sizes=\"(max-width: 300px) 100vw, 300px\" \/><\/p>\n<h3 style=\"text-align: center;\">L&rsquo;entrepreneuriat social : faire son business plan<\/h3>\n<p>D\u00e9couvrez l\u2019outil du Business Plan Social formalis\u00e9 par l\u2019ESSEC en partenariat avec Ashoka et McKinsey.<\/p>\n<p>[\/et_pb_text][et_pb_text admin_label=\u00a0\u00bbL&rsquo;entrepreneuriat social : changer d&rsquo;\u00e9chelle\u00a0\u00bb _builder_version=\u00a0\u00bb4.16&Prime; _dynamic_attributes=\u00a0\u00bblink_option_url\u00a0\u00bb _module_preset=\u00a0\u00bbdefault\u00a0\u00bb header_3_font=\u00a0\u00bb|700|||||||\u00a0\u00bb header_4_font=\u00a0\u00bb|700|||||||\u00a0\u00bb header_4_text_color=\u00a0\u00bb#44a2a4&Prime; header_4_font_size=\u00a0\u00bb16px\u00a0\u00bb background_enable_color=\u00a0\u00bboff\u00a0\u00bb width=\u00a0\u00bb21vw\u00a0\u00bb custom_margin=\u00a0\u00bb0px|1vw|0px|1vw|true|true\u00a0\u00bb link_option_url=\u00a0\u00bb@ET-DC@eyJkeW5hbWljIjp0cnVlLCJjb250ZW50IjoicG9zdF9saW5rX3VybF9wYWdlIiwic2V0dGluZ3MiOnsicG9zdF9pZCI6IjU0NyJ9fQ==@\u00a0\u00bb global_colors_info=\u00a0\u00bb{}\u00a0\u00bb background_color__hover=\u00a0\u00bb#ececec\u00a0\u00bb background_enable_color__hover=\u00a0\u00bbon\u00a0\u00bb background__hover_enabled=\u00a0\u00bbon|hover\u00a0\u00bb]<\/p>\n<p><img decoding=\"async\" loading=\"lazy\" class=\"alignnone wp-image-1503 size-medium\" style=\"display: block; margin-left: auto; margin-right: auto;\" src=\"https:\/\/impactinitiative.essec.edu\/wp-content\/uploads\/2021\/04\/visuel_coursera1_changer_echelle-3-346x346-e1618584019419-300x300.png\" alt=\"changer d'\u00e9chelle\" width=\"300\" height=\"300\" srcset=\"https:\/\/centre-innovation-sociale-ecologique.essec.edu\/wp-content\/uploads\/2021\/04\/visuel_coursera1_changer_echelle-3-346x346-e1618584019419-300x300.png 300w, https:\/\/centre-innovation-sociale-ecologique.essec.edu\/wp-content\/uploads\/2021\/04\/visuel_coursera1_changer_echelle-3-346x346-e1618584019419-150x150.png 150w, https:\/\/centre-innovation-sociale-ecologique.essec.edu\/wp-content\/uploads\/2021\/04\/visuel_coursera1_changer_echelle-3-346x346-e1618584019419.png 346w\" sizes=\"(max-width: 300px) 100vw, 300px\" \/><\/p>\n<h3 style=\"text-align: center;\">L&rsquo;entrepreneuriat social : changer d&rsquo;\u00e9chelle<\/h3>\n<p style=\"text-align: justify;\">Si vous cherchez \u00e0 d\u00e9velopper l\u2019activit\u00e9 de votre organisation pour changer d\u2019\u00e9chelle et maximiser son impact social ce MOOC est pour vous !<\/p>\n<p>[\/et_pb_text][et_pb_text admin_label=\u00a0\u00bbL&rsquo;impact investing : comprendre les fondamentaux\u00a0\u00bb _builder_version=\u00a0\u00bb4.16&Prime; _dynamic_attributes=\u00a0\u00bblink_option_url\u00a0\u00bb _module_preset=\u00a0\u00bbdefault\u00a0\u00bb header_3_font=\u00a0\u00bb|700|||||||\u00a0\u00bb header_4_font=\u00a0\u00bb|700|||||||\u00a0\u00bb header_4_text_color=\u00a0\u00bb#44a2a4&Prime; header_4_font_size=\u00a0\u00bb16px\u00a0\u00bb background_enable_color=\u00a0\u00bboff\u00a0\u00bb width=\u00a0\u00bb21vw\u00a0\u00bb custom_margin=\u00a0\u00bb0px|1vw|0px|1vw|true|true\u00a0\u00bb link_option_url=\u00a0\u00bb@ET-DC@eyJkeW5hbWljIjp0cnVlLCJjb250ZW50IjoicG9zdF9saW5rX3VybF9wYWdlIiwic2V0dGluZ3MiOnsicG9zdF9pZCI6IjUzMiJ9fQ==@\u00a0\u00bb global_colors_info=\u00a0\u00bb{}\u00a0\u00bb background_color__hover=\u00a0\u00bb#ececec\u00a0\u00bb background_enable_color__hover=\u00a0\u00bbon\u00a0\u00bb background__hover_enabled=\u00a0\u00bbon|hover\u00a0\u00bb]<\/p>\n<p><img decoding=\"async\" loading=\"lazy\" src=\"https:\/\/impactinitiative.essec.edu\/wp-content\/uploads\/2020\/11\/Impact-investing-346x346-1-300x300.png\" width=\"300\" height=\"300\" alt=\"Logo MOOC Impact Investing\" class=\"wp-image-663 aligncenter size-medium\" srcset=\"https:\/\/centre-innovation-sociale-ecologique.essec.edu\/wp-content\/uploads\/2020\/11\/Impact-investing-346x346-1-300x300.png 300w, https:\/\/centre-innovation-sociale-ecologique.essec.edu\/wp-content\/uploads\/2020\/11\/Impact-investing-346x346-1-150x150.png 150w, https:\/\/centre-innovation-sociale-ecologique.essec.edu\/wp-content\/uploads\/2020\/11\/Impact-investing-346x346-1.png 346w\" sizes=\"(max-width: 300px) 100vw, 300px\" \/><\/p>\n<h3 style=\"text-align: center;\">L&rsquo;impact investing : comprendre les fondamentaux<\/h3>\n<p style=\"text-align: justify;\">S\u00e9rie de 3 MOOCs sur le th\u00e8me de l\u2019impact investing pour former les entrepreneurs sociaux et financeurs \u201c\u00e0 impact\u201d.<\/p>\n<p>[\/et_pb_text][et_pb_text admin_label=\u00a0\u00bbL&rsquo;impact investing : \u00eatre acteur\u00a0\u00bb _builder_version=\u00a0\u00bb4.16&Prime; _dynamic_attributes=\u00a0\u00bblink_option_url\u00a0\u00bb _module_preset=\u00a0\u00bbdefault\u00a0\u00bb header_3_font=\u00a0\u00bb|700|||||||\u00a0\u00bb header_4_font=\u00a0\u00bb|700|||||||\u00a0\u00bb header_4_text_color=\u00a0\u00bb#44a2a4&Prime; header_4_font_size=\u00a0\u00bb16px\u00a0\u00bb background_enable_color=\u00a0\u00bboff\u00a0\u00bb width=\u00a0\u00bb21vw\u00a0\u00bb custom_margin=\u00a0\u00bb0px|1vw|0px|1vw|true|true\u00a0\u00bb link_option_url=\u00a0\u00bb@ET-DC@eyJkeW5hbWljIjp0cnVlLCJjb250ZW50IjoicG9zdF9saW5rX3VybF9wYWdlIiwic2V0dGluZ3MiOnsicG9zdF9pZCI6IjU3MCJ9fQ==@\u00a0\u00bb global_colors_info=\u00a0\u00bb{}\u00a0\u00bb background_color__hover=\u00a0\u00bb#ececec\u00a0\u00bb background_enable_color__hover=\u00a0\u00bbon\u00a0\u00bb background__hover_enabled=\u00a0\u00bbon|hover\u00a0\u00bb]<\/p>\n<p><img decoding=\"async\" loading=\"lazy\" class=\"wp-image-663 alignnone size-medium\" style=\"display: block; margin-left: auto; margin-right: auto;\" src=\"https:\/\/www.impactinitiative.essec.edu\/wp-content\/uploads\/2020\/11\/Impact-investing-346x346-1-300x300.png\" alt=\"\" width=\"300\" height=\"300\" srcset=\"https:\/\/centre-innovation-sociale-ecologique.essec.edu\/wp-content\/uploads\/2020\/11\/Impact-investing-346x346-1-300x300.png 300w, https:\/\/centre-innovation-sociale-ecologique.essec.edu\/wp-content\/uploads\/2020\/11\/Impact-investing-346x346-1-150x150.png 150w, https:\/\/centre-innovation-sociale-ecologique.essec.edu\/wp-content\/uploads\/2020\/11\/Impact-investing-346x346-1.png 346w\" sizes=\"(max-width: 300px) 100vw, 300px\" \/><\/p>\n<h3 style=\"text-align: center;\">L&rsquo;impact investing : \u00eatre acteur<\/h3>\n<p style=\"text-align: justify;\">Pr\u00e9parez votre lev\u00e9e de fonds \u00e0 impact gr\u00e2ce \u00e0 ce deuxi\u00e8me MOOC indispensable pour les financeurs, entrepreneurs sociaux ou incubateurs !<\/p>\n<p>[\/et_pb_text][et_pb_text admin_label=\u00a0\u00bbL&rsquo;impact investing : innover\u00a0\u00bb _builder_version=\u00a0\u00bb4.16&Prime; _dynamic_attributes=\u00a0\u00bblink_option_url\u00a0\u00bb _module_preset=\u00a0\u00bbdefault\u00a0\u00bb header_3_font=\u00a0\u00bb|700|||||||\u00a0\u00bb header_4_font=\u00a0\u00bb|700|||||||\u00a0\u00bb header_4_text_color=\u00a0\u00bb#44a2a4&Prime; header_4_font_size=\u00a0\u00bb16px\u00a0\u00bb background_enable_color=\u00a0\u00bboff\u00a0\u00bb width=\u00a0\u00bb21vw\u00a0\u00bb custom_margin=\u00a0\u00bb0px|1vw|0px|1vw|true|true\u00a0\u00bb link_option_url=\u00a0\u00bb@ET-DC@eyJkeW5hbWljIjp0cnVlLCJjb250ZW50IjoicG9zdF9saW5rX3VybF9wYWdlIiwic2V0dGluZ3MiOnsicG9zdF9pZCI6IjY0MCJ9fQ==@\u00a0\u00bb global_colors_info=\u00a0\u00bb{}\u00a0\u00bb background_color__hover=\u00a0\u00bb#ececec\u00a0\u00bb background_enable_color__hover=\u00a0\u00bbon\u00a0\u00bb background__hover_enabled=\u00a0\u00bbon|hover\u00a0\u00bb]<\/p>\n<p><img decoding=\"async\" loading=\"lazy\" class=\"wp-image-663 alignnone size-medium\" style=\"display: block; margin-left: auto; margin-right: auto;\" src=\"https:\/\/www.impactinitiative.essec.edu\/wp-content\/uploads\/2020\/11\/Impact-investing-346x346-1-300x300.png\" alt=\"\" width=\"300\" height=\"300\" srcset=\"https:\/\/centre-innovation-sociale-ecologique.essec.edu\/wp-content\/uploads\/2020\/11\/Impact-investing-346x346-1-300x300.png 300w, https:\/\/centre-innovation-sociale-ecologique.essec.edu\/wp-content\/uploads\/2020\/11\/Impact-investing-346x346-1-150x150.png 150w, https:\/\/centre-innovation-sociale-ecologique.essec.edu\/wp-content\/uploads\/2020\/11\/Impact-investing-346x346-1.png 346w\" sizes=\"(max-width: 300px) 100vw, 300px\" \/><\/p>\n<h3 style=\"text-align: center;\">L&rsquo;impact investing : innover<\/h3>\n<p style=\"text-align: justify;\">Ce dernier MOOC sur le th\u00e8me de l\u2019impact investing s\u2019int\u00e9resse au d\u00e9veloppement et au perfectionnement des outils de financement.<\/p>\n<p>[\/et_pb_text][et_pb_text admin_label=\u00a0\u00bbLes partenariats qui changent le monde\u00a0\u00bb _builder_version=\u00a0\u00bb4.16&Prime; _dynamic_attributes=\u00a0\u00bblink_option_url\u00a0\u00bb _module_preset=\u00a0\u00bbdefault\u00a0\u00bb header_3_font=\u00a0\u00bb|700|||||||\u00a0\u00bb header_4_font=\u00a0\u00bb|700|||||||\u00a0\u00bb header_4_text_color=\u00a0\u00bb#44a2a4&Prime; header_4_font_size=\u00a0\u00bb16px\u00a0\u00bb background_enable_color=\u00a0\u00bboff\u00a0\u00bb width=\u00a0\u00bb21vw\u00a0\u00bb custom_margin=\u00a0\u00bb0px|1vw|0px|1vw|true|true\u00a0\u00bb link_option_url=\u00a0\u00bb@ET-DC@eyJkeW5hbWljIjp0cnVlLCJjb250ZW50IjoicG9zdF9saW5rX3VybF9wYWdlIiwic2V0dGluZ3MiOnsicG9zdF9pZCI6IjUzMiJ9fQ==@\u00a0\u00bb global_colors_info=\u00a0\u00bb{}\u00a0\u00bb background_color__hover=\u00a0\u00bb#ececec\u00a0\u00bb background_enable_color__hover=\u00a0\u00bbon\u00a0\u00bb background__hover_enabled=\u00a0\u00bbon|hover\u00a0\u00bb]<\/p>\n<p><img decoding=\"async\" loading=\"lazy\" class=\"wp-image-667 alignnone size-medium\" style=\"display: block; margin-left: auto; margin-right: auto;\" src=\"https:\/\/www.impactinitiative.essec.edu\/wp-content\/uploads\/2020\/11\/Partenariats-qui-changent-le-monde-346x346-1-300x300.png\" alt=\"\" width=\"300\" height=\"300\" srcset=\"https:\/\/centre-innovation-sociale-ecologique.essec.edu\/wp-content\/uploads\/2020\/11\/Partenariats-qui-changent-le-monde-346x346-1-300x300.png 300w, https:\/\/centre-innovation-sociale-ecologique.essec.edu\/wp-content\/uploads\/2020\/11\/Partenariats-qui-changent-le-monde-346x346-1-150x150.png 150w, https:\/\/centre-innovation-sociale-ecologique.essec.edu\/wp-content\/uploads\/2020\/11\/Partenariats-qui-changent-le-monde-346x346-1.png 346w\" sizes=\"(max-width: 300px) 100vw, 300px\" \/><\/p>\n<h3 style=\"text-align: center;\">Les partenariats qui changent le monde<\/h3>\n<p style=\"text-align: justify;\">Cr\u00e9\u00e9 en partenariat avec Le RAMEAU pour appr\u00e9hender la dynamique des partenariats entre entreprises et associations.<\/p>\n<p>[\/et_pb_text][et_pb_text admin_label=\u00a0\u00bbLes alliances qui changent les territoires\u00a0\u00bb _builder_version=\u00a0\u00bb4.16&Prime; _dynamic_attributes=\u00a0\u00bblink_option_url\u00a0\u00bb _module_preset=\u00a0\u00bbdefault\u00a0\u00bb header_3_font=\u00a0\u00bb|700|||||||\u00a0\u00bb header_4_font=\u00a0\u00bb|700|||||||\u00a0\u00bb header_4_text_color=\u00a0\u00bb#44a2a4&Prime; header_4_font_size=\u00a0\u00bb16px\u00a0\u00bb background_enable_color=\u00a0\u00bboff\u00a0\u00bb width=\u00a0\u00bb21vw\u00a0\u00bb custom_margin=\u00a0\u00bb0px|1vw|0px|1vw|true|true\u00a0\u00bb link_option_url=\u00a0\u00bb@ET-DC@eyJkeW5hbWljIjp0cnVlLCJjb250ZW50IjoicG9zdF9saW5rX3VybF9wYWdlIiwic2V0dGluZ3MiOnsicG9zdF9pZCI6IjY0NCJ9fQ==@\u00a0\u00bb global_colors_info=\u00a0\u00bb{}\u00a0\u00bb background_color__hover=\u00a0\u00bb#ececec\u00a0\u00bb background_enable_color__hover=\u00a0\u00bbon\u00a0\u00bb background__hover_enabled=\u00a0\u00bbon|hover\u00a0\u00bb]<\/p>\n<p><img decoding=\"async\" loading=\"lazy\" class=\"wp-image-666 alignnone size-medium\" style=\"display: block; margin-left: auto; margin-right: auto;\" src=\"https:\/\/www.impactinitiative.essec.edu\/wp-content\/uploads\/2020\/11\/Alliances-qui-changent-les-territoires-346x346-1-300x300.png\" alt=\"\" width=\"300\" height=\"300\" srcset=\"https:\/\/centre-innovation-sociale-ecologique.essec.edu\/wp-content\/uploads\/2020\/11\/Alliances-qui-changent-les-territoires-346x346-1-300x300.png 300w, https:\/\/centre-innovation-sociale-ecologique.essec.edu\/wp-content\/uploads\/2020\/11\/Alliances-qui-changent-les-territoires-346x346-1-150x150.png 150w, https:\/\/centre-innovation-sociale-ecologique.essec.edu\/wp-content\/uploads\/2020\/11\/Alliances-qui-changent-les-territoires-346x346-1.png 346w\" sizes=\"(max-width: 300px) 100vw, 300px\" \/><\/p>\n<h3 style=\"text-align: center;\">Les alliances qui changent les territoires<\/h3>\n<p style=\"text-align: justify;\">Instaurez une alliance territoriale pour r\u00e9pondre \u00e0 des besoins sociaux et environnementaux et d\u00e9multiplier votre impact.<\/p>\n<p>[\/et_pb_text][et_pb_text admin_label=\u00a0\u00bbNouveaux mod\u00e8les \u00e9conomiques des associations\u00a0\u00bb _builder_version=\u00a0\u00bb4.16&Prime; _dynamic_attributes=\u00a0\u00bblink_option_url\u00a0\u00bb _module_preset=\u00a0\u00bbdefault\u00a0\u00bb header_3_font=\u00a0\u00bb|700|||||||\u00a0\u00bb header_4_font=\u00a0\u00bb|700|||||||\u00a0\u00bb header_4_text_color=\u00a0\u00bb#44a2a4&Prime; header_4_font_size=\u00a0\u00bb16px\u00a0\u00bb background_enable_color=\u00a0\u00bboff\u00a0\u00bb width=\u00a0\u00bb21vw\u00a0\u00bb custom_margin=\u00a0\u00bb0px|1vw|0px|1vw|true|true\u00a0\u00bb link_option_url=\u00a0\u00bb@ET-DC@eyJkeW5hbWljIjp0cnVlLCJjb250ZW50IjoicG9zdF9saW5rX3VybF9wYWdlIiwic2V0dGluZ3MiOnsicG9zdF9pZCI6IjYzNiJ9fQ==@\u00a0\u00bb global_colors_info=\u00a0\u00bb{}\u00a0\u00bb background_color__hover=\u00a0\u00bb#ececec\u00a0\u00bb background_enable_color__hover=\u00a0\u00bbon\u00a0\u00bb background__hover_enabled=\u00a0\u00bbon|hover\u00a0\u00bb]<\/p>\n<p><img decoding=\"async\" loading=\"lazy\" class=\"wp-image-660 alignnone size-medium\" style=\"display: block; margin-left: auto; margin-right: auto;\" src=\"https:\/\/www.impactinitiative.essec.edu\/wp-content\/uploads\/2020\/11\/Nouveaux-modeles-economiques-346x346-1-300x300.png\" alt=\"\" width=\"300\" height=\"300\" srcset=\"https:\/\/centre-innovation-sociale-ecologique.essec.edu\/wp-content\/uploads\/2020\/11\/Nouveaux-modeles-economiques-346x346-1-300x300.png 300w, https:\/\/centre-innovation-sociale-ecologique.essec.edu\/wp-content\/uploads\/2020\/11\/Nouveaux-modeles-economiques-346x346-1-150x150.png 150w, https:\/\/centre-innovation-sociale-ecologique.essec.edu\/wp-content\/uploads\/2020\/11\/Nouveaux-modeles-economiques-346x346-1.png 346w\" sizes=\"(max-width: 300px) 100vw, 300px\" \/><\/p>\n<h3 style=\"text-align: center;\">Nouveaux mod\u00e8les \u00e9conomiques des associations<\/h3>\n<p style=\"text-align: justify;\">Hybridez le mod\u00e8le \u00e9conomique de votre association pour rendre votre action p\u00e9renne et maximiser votre impact;<\/p>\n<p>[\/et_pb_text][et_pb_text admin_label=\u00a0\u00bbInnovation publique et pens\u00e9e design\u00a0\u00bb _builder_version=\u00a0\u00bb4.16&Prime; _dynamic_attributes=\u00a0\u00bblink_option_url\u00a0\u00bb _module_preset=\u00a0\u00bbdefault\u00a0\u00bb header_3_font=\u00a0\u00bb|700|||||||\u00a0\u00bb header_4_font=\u00a0\u00bb|700|||||||\u00a0\u00bb header_4_text_color=\u00a0\u00bb#44a2a4&Prime; header_4_font_size=\u00a0\u00bb16px\u00a0\u00bb background_enable_color=\u00a0\u00bboff\u00a0\u00bb width=\u00a0\u00bb21vw\u00a0\u00bb custom_margin=\u00a0\u00bb0px|1vw|0px|1vw|true|true\u00a0\u00bb link_option_url=\u00a0\u00bb@ET-DC@eyJkeW5hbWljIjp0cnVlLCJjb250ZW50IjoicG9zdF9saW5rX3VybF9wYWdlIiwic2V0dGluZ3MiOnsicG9zdF9pZCI6IjY1MCJ9fQ==@\u00a0\u00bb global_colors_info=\u00a0\u00bb{}\u00a0\u00bb background_color__hover=\u00a0\u00bb#ececec\u00a0\u00bb background_enable_color__hover=\u00a0\u00bbon\u00a0\u00bb background__hover_enabled=\u00a0\u00bbon|hover\u00a0\u00bb]<\/p>\n<p><img decoding=\"async\" loading=\"lazy\" class=\"wp-image-672 alignnone size-medium\" style=\"display: block; margin-left: auto; margin-right: auto;\" src=\"https:\/\/www.impactinitiative.essec.edu\/wp-content\/uploads\/2020\/11\/MOOC-innovation-publique-et-pense\u0301e-design-e1595324946384-346x346-1-300x300.png\" alt=\"\" width=\"300\" height=\"300\" srcset=\"https:\/\/centre-innovation-sociale-ecologique.essec.edu\/wp-content\/uploads\/2020\/11\/MOOC-innovation-publique-et-pense\u0301e-design-e1595324946384-346x346-1-300x300.png 300w, https:\/\/centre-innovation-sociale-ecologique.essec.edu\/wp-content\/uploads\/2020\/11\/MOOC-innovation-publique-et-pense\u0301e-design-e1595324946384-346x346-1-150x150.png 150w, https:\/\/centre-innovation-sociale-ecologique.essec.edu\/wp-content\/uploads\/2020\/11\/MOOC-innovation-publique-et-pense\u0301e-design-e1595324946384-346x346-1.png 346w\" sizes=\"(max-width: 300px) 100vw, 300px\" \/><\/p>\n<h3 style=\"text-align: center;\">Innovation publique et pens\u00e9e design<\/h3>\n<p style=\"text-align: justify;\">Obtenez les comp\u00e9tences pour coordonner un projet d\u2019innovation s\u2019appuyant sur une approche design de service.<\/p>\n<p>[\/et_pb_text][et_pb_text admin_label=\u00a0\u00bbEvaluation et mesure d&rsquo;impact social\u00a0\u00bb _builder_version=\u00a0\u00bb4.16&Prime; _dynamic_attributes=\u00a0\u00bblink_option_url\u00a0\u00bb _module_preset=\u00a0\u00bbdefault\u00a0\u00bb header_3_font=\u00a0\u00bb|700|||||||\u00a0\u00bb header_4_font=\u00a0\u00bb|700|||||||\u00a0\u00bb header_4_text_color=\u00a0\u00bb#44a2a4&Prime; header_4_font_size=\u00a0\u00bb16px\u00a0\u00bb background_enable_color=\u00a0\u00bboff\u00a0\u00bb width=\u00a0\u00bb21vw\u00a0\u00bb custom_margin=\u00a0\u00bb0px|1vw|0px|1vw|true|true\u00a0\u00bb link_option_url=\u00a0\u00bb@ET-DC@eyJkeW5hbWljIjp0cnVlLCJjb250ZW50IjoicG9zdF9saW5rX3VybF9wYWdlIiwic2V0dGluZ3MiOnsicG9zdF9pZCI6IjU1NyJ9fQ==@\u00a0\u00bb global_colors_info=\u00a0\u00bb{}\u00a0\u00bb background_color__hover=\u00a0\u00bb#ececec\u00a0\u00bb background_enable_color__hover=\u00a0\u00bbon\u00a0\u00bb background__hover_enabled=\u00a0\u00bbon|hover\u00a0\u00bb]<\/p>\n<p><img decoding=\"async\" loading=\"lazy\" class=\"wp-image-668 alignnone size-medium\" style=\"display: block; margin-left: auto; margin-right: auto;\" src=\"https:\/\/www.impactinitiative.essec.edu\/wp-content\/uploads\/2020\/11\/MOOC-Evaluation-et-mesure-dimpact-e1595323928435-300x300.png\" alt=\"\" width=\"300\" height=\"300\" srcset=\"https:\/\/centre-innovation-sociale-ecologique.essec.edu\/wp-content\/uploads\/2020\/11\/MOOC-Evaluation-et-mesure-dimpact-e1595323928435-300x300.png 300w, https:\/\/centre-innovation-sociale-ecologique.essec.edu\/wp-content\/uploads\/2020\/11\/MOOC-Evaluation-et-mesure-dimpact-e1595323928435-150x150.png 150w, https:\/\/centre-innovation-sociale-ecologique.essec.edu\/wp-content\/uploads\/2020\/11\/MOOC-Evaluation-et-mesure-dimpact-e1595323928435.png 346w\" sizes=\"(max-width: 300px) 100vw, 300px\" \/><\/p>\n<h3 style=\"text-align: center;\">Evaluation et mesure d&rsquo;impact social<\/h3>\n<p style=\"text-align: justify;\">D\u00e9couvrez pourquoi et comment utiliser les outils de mesure d&rsquo;impact, et comment en interpr\u00e9ter les r\u00e9sultats.<\/p>\n<p>[\/et_pb_text][et_pb_text admin_label=\u00a0\u00bbReporting extra-financier et strat\u00e9gie RSE\u00a0\u00bb _builder_version=\u00a0\u00bb4.16&Prime; _dynamic_attributes=\u00a0\u00bblink_option_url\u00a0\u00bb _module_preset=\u00a0\u00bbdefault\u00a0\u00bb header_3_font=\u00a0\u00bb|700|||||||\u00a0\u00bb header_4_font=\u00a0\u00bb|700|||||||\u00a0\u00bb header_4_text_color=\u00a0\u00bb#44a2a4&Prime; header_4_font_size=\u00a0\u00bb16px\u00a0\u00bb background_enable_color=\u00a0\u00bboff\u00a0\u00bb width=\u00a0\u00bb21vw\u00a0\u00bb custom_margin=\u00a0\u00bb0px|1vw|0px|1vw|true|true\u00a0\u00bb link_option_url=\u00a0\u00bb@ET-DC@eyJkeW5hbWljIjp0cnVlLCJjb250ZW50IjoicG9zdF9saW5rX3VybF9wYWdlIiwic2V0dGluZ3MiOnsicG9zdF9pZCI6IjY0NiJ9fQ==@\u00a0\u00bb global_colors_info=\u00a0\u00bb{}\u00a0\u00bb background_color__hover=\u00a0\u00bb#ececec\u00a0\u00bb background_enable_color__hover=\u00a0\u00bbon\u00a0\u00bb background__hover_enabled=\u00a0\u00bbon|hover\u00a0\u00bb]<\/p>\n<p><img decoding=\"async\" loading=\"lazy\" class=\"wp-image-669 alignnone size-medium\" style=\"display: block; margin-left: auto; margin-right: auto;\" src=\"https:\/\/www.impactinitiative.essec.edu\/wp-content\/uploads\/2020\/11\/Reporting-extra-financier-346x346-1-300x300.png\" alt=\"\" width=\"300\" height=\"300\" srcset=\"https:\/\/centre-innovation-sociale-ecologique.essec.edu\/wp-content\/uploads\/2020\/11\/Reporting-extra-financier-346x346-1-300x300.png 300w, https:\/\/centre-innovation-sociale-ecologique.essec.edu\/wp-content\/uploads\/2020\/11\/Reporting-extra-financier-346x346-1-150x150.png 150w, https:\/\/centre-innovation-sociale-ecologique.essec.edu\/wp-content\/uploads\/2020\/11\/Reporting-extra-financier-346x346-1.png 346w\" sizes=\"(max-width: 300px) 100vw, 300px\" \/><\/p>\n<h3 style=\"text-align: center;\">Reporting extra-financier et strat\u00e9gie RSE<\/h3>\n<p style=\"text-align: justify;\">S&rsquo;adresse aux salari\u00e9s d\u2019entreprise d\u00e9sireux d&rsquo;obtenir un socle de connaissances solides sur la RSE.<\/p>\n<p>[\/et_pb_text][et_pb_text admin_label=\u00a0\u00bbOriginalit\u00e9 et modernit\u00e9 du mutualisme\u00a0\u00bb _builder_version=\u00a0\u00bb4.16&Prime; _dynamic_attributes=\u00a0\u00bblink_option_url\u00a0\u00bb _module_preset=\u00a0\u00bbdefault\u00a0\u00bb header_3_font=\u00a0\u00bb|700|||||||\u00a0\u00bb header_4_font=\u00a0\u00bb|700|||||||\u00a0\u00bb header_4_text_color=\u00a0\u00bb#44a2a4&Prime; header_4_font_size=\u00a0\u00bb16px\u00a0\u00bb background_enable_color=\u00a0\u00bboff\u00a0\u00bb width=\u00a0\u00bb21vw\u00a0\u00bb custom_margin=\u00a0\u00bb0px|1vw|0px|1vw|true|true\u00a0\u00bb link_option_url=\u00a0\u00bb@ET-DC@eyJkeW5hbWljIjp0cnVlLCJjb250ZW50IjoicG9zdF9saW5rX3VybF9wYWdlIiwic2V0dGluZ3MiOnsicG9zdF9pZCI6IjY1MiJ9fQ==@\u00a0\u00bb global_colors_info=\u00a0\u00bb{}\u00a0\u00bb background_color__hover=\u00a0\u00bb#ececec\u00a0\u00bb background_enable_color__hover=\u00a0\u00bbon\u00a0\u00bb background__hover_enabled=\u00a0\u00bbon|hover\u00a0\u00bb]<\/p>\n<p><img decoding=\"async\" loading=\"lazy\" class=\"wp-image-673 alignnone size-medium\" style=\"display: block; margin-left: auto; margin-right: auto;\" src=\"https:\/\/www.impactinitiative.essec.edu\/wp-content\/uploads\/2020\/11\/Mutualisme-346x346-1-300x300.png\" alt=\"\" width=\"300\" height=\"300\" srcset=\"https:\/\/centre-innovation-sociale-ecologique.essec.edu\/wp-content\/uploads\/2020\/11\/Mutualisme-346x346-1-300x300.png 300w, https:\/\/centre-innovation-sociale-ecologique.essec.edu\/wp-content\/uploads\/2020\/11\/Mutualisme-346x346-1-150x150.png 150w, https:\/\/centre-innovation-sociale-ecologique.essec.edu\/wp-content\/uploads\/2020\/11\/Mutualisme-346x346-1.png 346w\" sizes=\"(max-width: 300px) 100vw, 300px\" \/><\/p>\n<h3 style=\"text-align: center;\">Originalit\u00e9 et modernit\u00e9 du mutualisme<\/h3>\n<p style=\"text-align: justify;\">D\u00e9couvrez les mod\u00e8les des mutuelles qui sont plus que jamais des vecteurs privil\u00e9gi\u00e9s d\u2019innovation sociale.<\/p>\n<p>[\/et_pb_text][et_pb_text admin_label=\u00a0\u00bbPhilanthropie : Comprendre et Agir\u00a0\u00bb _builder_version=\u00a0\u00bb4.16&Prime; _dynamic_attributes=\u00a0\u00bblink_option_url\u00a0\u00bb _module_preset=\u00a0\u00bbdefault\u00a0\u00bb header_3_font=\u00a0\u00bb|700|||||||\u00a0\u00bb header_4_font=\u00a0\u00bb|700|||||||\u00a0\u00bb header_4_text_color=\u00a0\u00bb#44a2a4&Prime; header_4_font_size=\u00a0\u00bb16px\u00a0\u00bb background_enable_color=\u00a0\u00bboff\u00a0\u00bb width=\u00a0\u00bb21vw\u00a0\u00bb custom_margin=\u00a0\u00bb0px|1vw|0px|1vw|true|true\u00a0\u00bb link_option_url=\u00a0\u00bb@ET-DC@eyJkeW5hbWljIjp0cnVlLCJjb250ZW50IjoicG9zdF9saW5rX3VybF9wYWdlIiwic2V0dGluZ3MiOnsicG9zdF9pZCI6IjY1NCJ9fQ==@\u00a0\u00bb global_colors_info=\u00a0\u00bb{}\u00a0\u00bb background_color__hover=\u00a0\u00bb#ececec\u00a0\u00bb background_enable_color__hover=\u00a0\u00bbon\u00a0\u00bb background__hover_enabled=\u00a0\u00bbon|hover\u00a0\u00bb]<\/p>\n<p><img decoding=\"async\" loading=\"lazy\" class=\"wp-image-674 alignnone size-medium\" style=\"display: block; margin-left: auto; margin-right: auto;\" src=\"https:\/\/www.impactinitiative.essec.edu\/wp-content\/uploads\/2020\/11\/MOOC-philanthropie-e1595325280551-346x346-1-300x300.png\" alt=\"\" width=\"300\" height=\"300\" srcset=\"https:\/\/centre-innovation-sociale-ecologique.essec.edu\/wp-content\/uploads\/2020\/11\/MOOC-philanthropie-e1595325280551-346x346-1-300x300.png 300w, https:\/\/centre-innovation-sociale-ecologique.essec.edu\/wp-content\/uploads\/2020\/11\/MOOC-philanthropie-e1595325280551-346x346-1-150x150.png 150w, https:\/\/centre-innovation-sociale-ecologique.essec.edu\/wp-content\/uploads\/2020\/11\/MOOC-philanthropie-e1595325280551-346x346-1.png 346w\" sizes=\"(max-width: 300px) 100vw, 300px\" \/><\/p>\n<h3 style=\"text-align: center;\">Philanthropie : Comprendre et Agir<\/h3>\n<p style=\"text-align: justify;\">R\u00e9alis\u00e9 avec la Fondation de France, ce MOOC vous donne toutes les cl\u00e9s en main pour comprendre et agir en faveur d\u2019un monde meilleur !<\/p>\n<p>[\/et_pb_text][et_pb_text admin_label=\u00a0\u00bbEntreprises et changement climatique\u00a0\u00bb _builder_version=\u00a0\u00bb4.16&Prime; _dynamic_attributes=\u00a0\u00bblink_option_url\u00a0\u00bb _module_preset=\u00a0\u00bbdefault\u00a0\u00bb header_3_font=\u00a0\u00bb|700|||||||\u00a0\u00bb header_4_font=\u00a0\u00bb|700|||||||\u00a0\u00bb header_4_text_color=\u00a0\u00bb#44a2a4&Prime; header_4_font_size=\u00a0\u00bb16px\u00a0\u00bb background_enable_color=\u00a0\u00bboff\u00a0\u00bb width=\u00a0\u00bb21vw\u00a0\u00bb custom_margin=\u00a0\u00bb0px|1vw|0px|1vw|true|true\u00a0\u00bb link_option_url=\u00a0\u00bb@ET-DC@eyJkeW5hbWljIjp0cnVlLCJjb250ZW50IjoicG9zdF9saW5rX3VybF9wYWdlIiwic2V0dGluZ3MiOnsicG9zdF9pZCI6IjEzNTYifX0=@\u00a0\u00bb global_colors_info=\u00a0\u00bb{}\u00a0\u00bb background_color__hover=\u00a0\u00bb#ececec\u00a0\u00bb background_enable_color__hover=\u00a0\u00bbon\u00a0\u00bb background__hover_enabled=\u00a0\u00bbon|hover\u00a0\u00bb]<\/p>\n<p><img decoding=\"async\" loading=\"lazy\" class=\"alignnone wp-image-1479 size-medium\" src=\"https:\/\/impactinitiative.essec.edu\/wp-content\/uploads\/2021\/04\/Climat-300x300.png\" alt=\"Entreprises et changement climatique\" width=\"300\" height=\"300\" srcset=\"https:\/\/centre-innovation-sociale-ecologique.essec.edu\/wp-content\/uploads\/2021\/04\/Climat-300x300.png 300w, https:\/\/centre-innovation-sociale-ecologique.essec.edu\/wp-content\/uploads\/2021\/04\/Climat-150x150.png 150w, https:\/\/centre-innovation-sociale-ecologique.essec.edu\/wp-content\/uploads\/2021\/04\/Climat.png 346w\" sizes=\"(max-width: 300px) 100vw, 300px\" \/><\/p>\n<h3 style=\"text-align: center;\">Entreprise et changement climatique<\/h3>\n<p style=\"text-align: justify;\">Comment les entreprises peuvent-elles agir dans la lutte contre le r\u00e9chauffement climatique ? Voil\u00e0 la question \u00e0 laquelle ce MOOC, r\u00e9alis\u00e9 en collaboration avec Carbone 4, tente de r\u00e9pondre.<\/p>\n<p>[\/et_pb_text][et_pb_text admin_label=\u00a0\u00bbLes Belles Histoires\u00a0\u00bb _builder_version=\u00a0\u00bb4.16&Prime; _dynamic_attributes=\u00a0\u00bblink_option_url\u00a0\u00bb _module_preset=\u00a0\u00bbdefault\u00a0\u00bb header_3_font=\u00a0\u00bb|700|||||||\u00a0\u00bb header_4_font=\u00a0\u00bb|700|||||||\u00a0\u00bb header_4_text_color=\u00a0\u00bb#44a2a4&Prime; header_4_font_size=\u00a0\u00bb16px\u00a0\u00bb background_enable_color=\u00a0\u00bboff\u00a0\u00bb width=\u00a0\u00bb21vw\u00a0\u00bb custom_margin=\u00a0\u00bb0px|1vw|0px|1vw|true|true\u00a0\u00bb link_option_url=\u00a0\u00bb@ET-DC@eyJkeW5hbWljIjp0cnVlLCJjb250ZW50IjoicG9zdF9saW5rX3VybF9wYWdlIiwic2V0dGluZ3MiOnsicG9zdF9pZCI6IjEzNjQifX0=@\u00a0\u00bb global_colors_info=\u00a0\u00bb{}\u00a0\u00bb background_color__hover=\u00a0\u00bb#ececec\u00a0\u00bb background_enable_color__hover=\u00a0\u00bbon\u00a0\u00bb background__hover_enabled=\u00a0\u00bbon|hover\u00a0\u00bb]<\/p>\n<p><img decoding=\"async\" loading=\"lazy\" class=\"alignnone wp-image-1558 size-medium\" style=\"display: block; margin-left: auto; margin-right: auto;\" src=\"https:\/\/impactinitiative.essec.edu\/wp-content\/uploads\/2021\/04\/visuel_belles_histoires_essec-1-300x300.jpeg\" alt=\"Les belles histoires d'entreprises \u00e0 impact\" width=\"300\" height=\"300\" \/><\/p>\n<p style=\"text-align: center;\">\u00a0<span style=\"color: #333333; font-size: 22px; font-weight: bold; text-align: center;\">Belles Histoires d&rsquo;entreprises \u00e0 impact<\/span><\/p>\n<p style=\"text-align: justify;\"><span style=\"font-size: 14px; text-align: justify;\">Prenez une bouff\u00e9e d&rsquo;optimisme et plongez dans des histoires inspirantes d&rsquo;entreprises \u00e0 impact !<\/span><\/p>\n<p>&nbsp;<\/p>\n<p>[\/et_pb_text][\/et_pb_column][\/et_pb_row][et_pb_row column_structure=\u00a0\u00bb1_2,1_2&Prime; admin_label=\u00a0\u00bbFl\u00e8ches\u00a0\u00bb _builder_version=\u00a0\u00bb4.16&Prime; _module_preset=\u00a0\u00bbdefault\u00a0\u00bb position_origin_r=\u00a0\u00bbbottom_right\u00a0\u00bb width=\u00a0\u00bb250px\u00a0\u00bb custom_margin=\u00a0\u00bb20px||||false|false\u00a0\u00bb custom_padding=\u00a0\u00bb0px|||||\u00a0\u00bb global_colors_info=\u00a0\u00bb{}\u00a0\u00bb][et_pb_column type=\u00a0\u00bb1_2&Prime; _builder_version=\u00a0\u00bb4.16&Prime; _module_preset=\u00a0\u00bbdefault\u00a0\u00bb global_colors_info=\u00a0\u00bb{}\u00a0\u00bb][et_pb_blurb use_icon=\u00a0\u00bbon\u00a0\u00bb font_icon=\u00a0\u00bb&#x23;||divi||400&Prime; image_icon_background_color=\u00a0\u00bb#f2f2f2&Prime; image_icon_width=\u00a0\u00bb48px\u00a0\u00bb module_class=\u00a0\u00bbback-button\u00a0\u00bb _builder_version=\u00a0\u00bb4.16&Prime; _module_preset=\u00a0\u00bbdefault\u00a0\u00bb image_icon_custom_padding=\u00a0\u00bb25px|25px|25px|25px|false|false\u00a0\u00bb custom_css_main_element=\u00a0\u00bbcursor: pointer;\u00a0\u00bb border_radii_image=\u00a0\u00bbon|100%|100%|100%|100%\u00a0\u00bb use_circle=\u00a0\u00bbon\u00a0\u00bb circle_color=\u00a0\u00bb#f2f2f2&Prime; global_colors_info=\u00a0\u00bb{}\u00a0\u00bb image_icon_background_color__sticky_enabled=\u00a0\u00bb#2ea3f2&Prime; image_icon_background_color__sticky=\u00a0\u00bb#2ea3f2&Prime;][\/et_pb_blurb][\/et_pb_column][et_pb_column type=\u00a0\u00bb1_2&Prime; _builder_version=\u00a0\u00bb4.16&Prime; _module_preset=\u00a0\u00bbdefault\u00a0\u00bb global_colors_info=\u00a0\u00bb{}\u00a0\u00bb][et_pb_blurb use_icon=\u00a0\u00bbon\u00a0\u00bb font_icon=\u00a0\u00bb&#x24;||divi||400&Prime; image_icon_background_color=\u00a0\u00bb#f2f2f2&Prime; image_icon_width=\u00a0\u00bb48px\u00a0\u00bb module_class=\u00a0\u00bbnext-button\u00a0\u00bb _builder_version=\u00a0\u00bb4.16&Prime; _module_preset=\u00a0\u00bbdefault\u00a0\u00bb image_icon_custom_padding=\u00a0\u00bb25px|25px|25px|25px|false|false\u00a0\u00bb custom_css_main_element=\u00a0\u00bbcursor: pointer;\u00a0\u00bb border_radii_image=\u00a0\u00bbon|100%|100%|100%|100%\u00a0\u00bb use_circle=\u00a0\u00bbon\u00a0\u00bb circle_color=\u00a0\u00bb#f2f2f2&Prime; global_colors_info=\u00a0\u00bb{}\u00a0\u00bb image_icon_background_color__sticky_enabled=\u00a0\u00bb#2ea3f2&Prime; image_icon_background_color__sticky=\u00a0\u00bb#2ea3f2&Prime;][\/et_pb_blurb][\/et_pb_column][\/et_pb_row][\/et_pb_section]<\/p>\n","protected":false},"excerpt":{"rendered":"<p>Belles histoires d&rsquo;entreprises \u00e0 impact Un MOOC qui permet de faire le plein d\u2019inspiration et de connaissances ! Un parcours bien construit qui permet \u00e0 la fois de d\u00e9couvrir le monde des entreprises \u00e0 impact gr\u00e2ce \u00e0 des t\u00e9moignages d\u00e9taill\u00e9s et enrichissants et d\u2019approfondir les concepts et th\u00e9matiques auxquels ces entreprises sont confront\u00e9es gr\u00e2ce \u00e0 [&hellip;]<\/p>\n","protected":false},"author":2,"featured_media":1558,"parent":0,"menu_order":0,"comment_status":"closed","ping_status":"closed","template":"","meta":{"_et_pb_use_builder":"on","_et_pb_old_content":"","_et_gb_content_width":"","inline_featured_image":false},"yoast_head":"<!-- This site is optimized with the Yoast SEO plugin v20.11 - https:\/\/yoast.com\/wordpress\/plugins\/seo\/ -->\n<title>Entreprises \u00e0 impact : le MOOC des Belles Histoires<\/title>\n<meta name=\"description\" content=\"Ce MOOC retrace les projets r\u00e9alis\u00e9s par 7 entreprises g\u00e9n\u00e9rant un impact soci\u00e9tal positif au-del\u00e0 d\u2019un simple b\u00e9n\u00e9fice financier.\" \/>\n<meta name=\"robots\" content=\"index, follow, max-snippet:-1, max-image-preview:large, max-video-preview:-1\" \/>\n<link rel=\"canonical\" href=\"https:\/\/centre-innovation-sociale-ecologique.essec.edu\/index.php\/belles-histoires-d-entreprises-a-impact\/\" \/>\n<meta property=\"og:locale\" content=\"fr_FR\" \/>\n<meta property=\"og:type\" content=\"article\" \/>\n<meta property=\"og:title\" content=\"Entreprises \u00e0 impact : le MOOC des Belles Histoires\" \/>\n<meta property=\"og:description\" content=\"Ce MOOC retrace les projets r\u00e9alis\u00e9s par 7 entreprises g\u00e9n\u00e9rant un impact soci\u00e9tal positif au-del\u00e0 d\u2019un simple b\u00e9n\u00e9fice financier.\" \/>\n<meta property=\"og:url\" content=\"https:\/\/centre-innovation-sociale-ecologique.essec.edu\/index.php\/belles-histoires-d-entreprises-a-impact\/\" \/>\n<meta property=\"og:site_name\" content=\"Centre Innovation Sociale et Ecologique\" \/>\n<meta property=\"article:modified_time\" content=\"2023-01-30T11:34:45+00:00\" \/>\n<meta property=\"og:image\" content=\"https:\/\/centre-innovation-sociale-ecologique.essec.edu\/wp-content\/uploads\/2021\/04\/visuel_belles_histoires_essec-1.jpeg\" \/>\n\t<meta property=\"og:image:width\" content=\"1047\" \/>\n\t<meta property=\"og:image:height\" content=\"1047\" \/>\n\t<meta property=\"og:image:type\" content=\"image\/jpeg\" \/>\n<meta name=\"twitter:card\" content=\"summary_large_image\" \/>\n<meta name=\"twitter:label1\" content=\"Dur\u00e9e de lecture estim\u00e9e\" \/>\n\t<meta name=\"twitter:data1\" content=\"18 minutes\" \/>\n<script type=\"application\/ld+json\" class=\"yoast-schema-graph\">{\"@context\":\"https:\/\/schema.org\",\"@graph\":[{\"@type\":\"WebPage\",\"@id\":\"https:\/\/centre-innovation-sociale-ecologique.essec.edu\/index.php\/belles-histoires-d-entreprises-a-impact\/\",\"url\":\"https:\/\/centre-innovation-sociale-ecologique.essec.edu\/index.php\/belles-histoires-d-entreprises-a-impact\/\",\"name\":\"Entreprises \u00e0 impact : le MOOC des Belles Histoires\",\"isPartOf\":{\"@id\":\"https:\/\/centre-innovation-sociale-ecologique.essec.edu\/#website\"},\"datePublished\":\"2021-04-23T13:20:04+00:00\",\"dateModified\":\"2023-01-30T11:34:45+00:00\",\"description\":\"Ce MOOC retrace les projets r\u00e9alis\u00e9s par 7 entreprises g\u00e9n\u00e9rant un impact soci\u00e9tal positif au-del\u00e0 d\u2019un simple b\u00e9n\u00e9fice financier.\",\"breadcrumb\":{\"@id\":\"https:\/\/centre-innovation-sociale-ecologique.essec.edu\/index.php\/belles-histoires-d-entreprises-a-impact\/#breadcrumb\"},\"inLanguage\":\"fr-FR\",\"potentialAction\":[{\"@type\":\"ReadAction\",\"target\":[\"https:\/\/centre-innovation-sociale-ecologique.essec.edu\/index.php\/belles-histoires-d-entreprises-a-impact\/\"]}]},{\"@type\":\"BreadcrumbList\",\"@id\":\"https:\/\/centre-innovation-sociale-ecologique.essec.edu\/index.php\/belles-histoires-d-entreprises-a-impact\/#breadcrumb\",\"itemListElement\":[{\"@type\":\"ListItem\",\"position\":1,\"name\":\"Home\",\"item\":\"https:\/\/centre-innovation-sociale-ecologique.essec.edu\/\"},{\"@type\":\"ListItem\",\"position\":2,\"name\":\"Belles Histoires d&rsquo;entreprises \u00e0 impact\"}]},{\"@type\":\"WebSite\",\"@id\":\"https:\/\/centre-innovation-sociale-ecologique.essec.edu\/#website\",\"url\":\"https:\/\/centre-innovation-sociale-ecologique.essec.edu\/\",\"name\":\"Centre Innovation Sociale et Ecologique\",\"description\":\"\",\"publisher\":{\"@id\":\"https:\/\/centre-innovation-sociale-ecologique.essec.edu\/#organization\"},\"potentialAction\":[{\"@type\":\"SearchAction\",\"target\":{\"@type\":\"EntryPoint\",\"urlTemplate\":\"https:\/\/centre-innovation-sociale-ecologique.essec.edu\/?s={search_term_string}\"},\"query-input\":\"required name=search_term_string\"}],\"inLanguage\":\"fr-FR\"},{\"@type\":\"Organization\",\"@id\":\"https:\/\/centre-innovation-sociale-ecologique.essec.edu\/#organization\",\"name\":\"Essec Business School\",\"url\":\"https:\/\/centre-innovation-sociale-ecologique.essec.edu\/\",\"logo\":{\"@type\":\"ImageObject\",\"inLanguage\":\"fr-FR\",\"@id\":\"https:\/\/centre-innovation-sociale-ecologique.essec.edu\/#\/schema\/logo\/image\/\",\"url\":\"https:\/\/impactinitiative.essec.edu\/wp-content\/uploads\/2020\/11\/ESSEC_BS_logo_BLANC.png\",\"contentUrl\":\"https:\/\/impactinitiative.essec.edu\/wp-content\/uploads\/2020\/11\/ESSEC_BS_logo_BLANC.png\",\"width\":546,\"height\":509,\"caption\":\"Essec Business School\"},\"image\":{\"@id\":\"https:\/\/centre-innovation-sociale-ecologique.essec.edu\/#\/schema\/logo\/image\/\"}}]}<\/script>\n<!-- \/ Yoast SEO plugin. -->","yoast_head_json":{"title":"Entreprises \u00e0 impact : le MOOC des Belles Histoires","description":"Ce MOOC retrace les projets r\u00e9alis\u00e9s par 7 entreprises g\u00e9n\u00e9rant un impact soci\u00e9tal positif au-del\u00e0 d\u2019un simple b\u00e9n\u00e9fice financier.","robots":{"index":"index","follow":"follow","max-snippet":"max-snippet:-1","max-image-preview":"max-image-preview:large","max-video-preview":"max-video-preview:-1"},"canonical":"https:\/\/centre-innovation-sociale-ecologique.essec.edu\/index.php\/belles-histoires-d-entreprises-a-impact\/","og_locale":"fr_FR","og_type":"article","og_title":"Entreprises \u00e0 impact : le MOOC des Belles Histoires","og_description":"Ce MOOC retrace les projets r\u00e9alis\u00e9s par 7 entreprises g\u00e9n\u00e9rant un impact soci\u00e9tal positif au-del\u00e0 d\u2019un simple b\u00e9n\u00e9fice financier.","og_url":"https:\/\/centre-innovation-sociale-ecologique.essec.edu\/index.php\/belles-histoires-d-entreprises-a-impact\/","og_site_name":"Centre Innovation Sociale et Ecologique","article_modified_time":"2023-01-30T11:34:45+00:00","og_image":[{"width":1047,"height":1047,"url":"https:\/\/centre-innovation-sociale-ecologique.essec.edu\/wp-content\/uploads\/2021\/04\/visuel_belles_histoires_essec-1.jpeg","type":"image\/jpeg"}],"twitter_card":"summary_large_image","twitter_misc":{"Dur\u00e9e de lecture estim\u00e9e":"18 minutes"},"schema":{"@context":"https:\/\/schema.org","@graph":[{"@type":"WebPage","@id":"https:\/\/centre-innovation-sociale-ecologique.essec.edu\/index.php\/belles-histoires-d-entreprises-a-impact\/","url":"https:\/\/centre-innovation-sociale-ecologique.essec.edu\/index.php\/belles-histoires-d-entreprises-a-impact\/","name":"Entreprises \u00e0 impact : le MOOC des Belles Histoires","isPartOf":{"@id":"https:\/\/centre-innovation-sociale-ecologique.essec.edu\/#website"},"datePublished":"2021-04-23T13:20:04+00:00","dateModified":"2023-01-30T11:34:45+00:00","description":"Ce MOOC retrace les projets r\u00e9alis\u00e9s par 7 entreprises g\u00e9n\u00e9rant un impact soci\u00e9tal positif au-del\u00e0 d\u2019un simple b\u00e9n\u00e9fice financier.","breadcrumb":{"@id":"https:\/\/centre-innovation-sociale-ecologique.essec.edu\/index.php\/belles-histoires-d-entreprises-a-impact\/#breadcrumb"},"inLanguage":"fr-FR","potentialAction":[{"@type":"ReadAction","target":["https:\/\/centre-innovation-sociale-ecologique.essec.edu\/index.php\/belles-histoires-d-entreprises-a-impact\/"]}]},{"@type":"BreadcrumbList","@id":"https:\/\/centre-innovation-sociale-ecologique.essec.edu\/index.php\/belles-histoires-d-entreprises-a-impact\/#breadcrumb","itemListElement":[{"@type":"ListItem","position":1,"name":"Home","item":"https:\/\/centre-innovation-sociale-ecologique.essec.edu\/"},{"@type":"ListItem","position":2,"name":"Belles Histoires d&rsquo;entreprises \u00e0 impact"}]},{"@type":"WebSite","@id":"https:\/\/centre-innovation-sociale-ecologique.essec.edu\/#website","url":"https:\/\/centre-innovation-sociale-ecologique.essec.edu\/","name":"Centre Innovation Sociale et Ecologique","description":"","publisher":{"@id":"https:\/\/centre-innovation-sociale-ecologique.essec.edu\/#organization"},"potentialAction":[{"@type":"SearchAction","target":{"@type":"EntryPoint","urlTemplate":"https:\/\/centre-innovation-sociale-ecologique.essec.edu\/?s={search_term_string}"},"query-input":"required name=search_term_string"}],"inLanguage":"fr-FR"},{"@type":"Organization","@id":"https:\/\/centre-innovation-sociale-ecologique.essec.edu\/#organization","name":"Essec Business School","url":"https:\/\/centre-innovation-sociale-ecologique.essec.edu\/","logo":{"@type":"ImageObject","inLanguage":"fr-FR","@id":"https:\/\/centre-innovation-sociale-ecologique.essec.edu\/#\/schema\/logo\/image\/","url":"https:\/\/impactinitiative.essec.edu\/wp-content\/uploads\/2020\/11\/ESSEC_BS_logo_BLANC.png","contentUrl":"https:\/\/impactinitiative.essec.edu\/wp-content\/uploads\/2020\/11\/ESSEC_BS_logo_BLANC.png","width":546,"height":509,"caption":"Essec Business School"},"image":{"@id":"https:\/\/centre-innovation-sociale-ecologique.essec.edu\/#\/schema\/logo\/image\/"}}]}},"_links":{"self":[{"href":"https:\/\/centre-innovation-sociale-ecologique.essec.edu\/index.php\/wp-json\/wp\/v2\/pages\/1364"}],"collection":[{"href":"https:\/\/centre-innovation-sociale-ecologique.essec.edu\/index.php\/wp-json\/wp\/v2\/pages"}],"about":[{"href":"https:\/\/centre-innovation-sociale-ecologique.essec.edu\/index.php\/wp-json\/wp\/v2\/types\/page"}],"author":[{"embeddable":true,"href":"https:\/\/centre-innovation-sociale-ecologique.essec.edu\/index.php\/wp-json\/wp\/v2\/users\/2"}],"replies":[{"embeddable":true,"href":"https:\/\/centre-innovation-sociale-ecologique.essec.edu\/index.php\/wp-json\/wp\/v2\/comments?post=1364"}],"version-history":[{"count":45,"href":"https:\/\/centre-innovation-sociale-ecologique.essec.edu\/index.php\/wp-json\/wp\/v2\/pages\/1364\/revisions"}],"predecessor-version":[{"id":6040,"href":"https:\/\/centre-innovation-sociale-ecologique.essec.edu\/index.php\/wp-json\/wp\/v2\/pages\/1364\/revisions\/6040"}],"wp:featuredmedia":[{"embeddable":true,"href":"https:\/\/centre-innovation-sociale-ecologique.essec.edu\/index.php\/wp-json\/wp\/v2\/media\/1558"}],"wp:attachment":[{"href":"https:\/\/centre-innovation-sociale-ecologique.essec.edu\/index.php\/wp-json\/wp\/v2\/media?parent=1364"}],"curies":[{"name":"wp","href":"https:\/\/api.w.org\/{rel}","templated":true}]}}